{"id":228178,"date":"2016-09-28T10:40:36","date_gmt":"2016-09-28T14:40:36","guid":{"rendered":"https:\/\/policyoptions.irpp.org\/podcast\/public-policy-and-young-canadians-a-policy-options-podcast-2\/"},"modified":"2025-08-26T01:04:36","modified_gmt":"2025-08-26T05:04:36","slug":"public-policy-and-young-canadians-a-policy-options-podcast-2","status":"publish","type":"podcast","link":"https:\/\/policyoptions.irpp.org\/fr\/podcast\/public-policy-and-young-canadians-a-policy-options-podcast-2\/","title":{"rendered":"Les politiques publiques et les jeunes"},"content":{"rendered":"<p>Le premier ministre Justin Trudeau est \u00e9galement ministre de la Jeunesse, et c\u2019est la premi\u00e8re fois qu\u2019on accorde \u00e0 ce portefeuille une telle importance au Cabinet. Selon quelle vision le chef de l\u2019\u00c9tat entend-il mobiliser les jeunes du pays\u00a0? Quelles politiques proposera-t-il pour les aider \u00e0 relever les d\u00e9fis qu\u2019ils doivent affronter\u00a0? \u00c9tudiante en journalisme \u00e0 l\u2019Universit\u00e9 Carleton, Anna Desmarais a r\u00e9alis\u00e9 une entrevue en baladodiffusion avec le premier ministre dans son bureau de la colline du Parlement, avec le soutien de notre coll\u00e8gue de l\u2019IRPP Alex Shadeed (lui-m\u00eame \u00e9tudiant dipl\u00f4m\u00e9 de l\u2019Universit\u00e9 Concordia).<\/p>\n<div id='gallery-1' class='gallery galleryid-228178 gallery-columns-3 gallery-size-large'><figure class='gallery-item'>\n\t\t\t<div class='gallery-icon landscape'>\n\t\t\t\t<a href='https:\/\/policyoptions.irpp.org\/fr\/podcast\/public-policy-and-young-canadians-a-policy-options-podcast\/attachment\/trudeau-1-2\/'><img fetchpriority=\"high\" decoding=\"async\" width=\"800\" height=\"488\" src=\"https:\/\/policyoptions.irpp.org\/wp-content\/uploads\/2025\/08\/trudeau-1.jpg\" class=\"attachment-large size-large\" alt=\"\" srcset=\"https:\/\/policyoptions.irpp.org\/wp-content\/uploads\/2025\/08\/trudeau-1.jpg 1000w, https:\/\/policyoptions.irpp.org\/wp-content\/uploads\/2025\/08\/trudeau-1-640x390.jpg 640w, https:\/\/policyoptions.irpp.org\/wp-content\/uploads\/2025\/08\/trudeau-1-768x468.jpg 768w\" sizes=\"(max-width: 800px) 100vw, 800px\" \/><\/a>\n\t\t\t<\/div><\/figure><figure class='gallery-item'>\n\t\t\t<div class='gallery-icon landscape'>\n\t\t\t\t<a href='https:\/\/policyoptions.irpp.org\/fr\/podcast\/public-policy-and-young-canadians-a-policy-options-podcast\/attachment\/trudeau-2-2\/'><img decoding=\"async\" width=\"800\" height=\"488\" src=\"https:\/\/policyoptions.irpp.org\/wp-content\/uploads\/2025\/08\/trudeau-2.jpg\" class=\"attachment-large size-large\" alt=\"\" srcset=\"https:\/\/policyoptions.irpp.org\/wp-content\/uploads\/2025\/08\/trudeau-2.jpg 1000w, https:\/\/policyoptions.irpp.org\/wp-content\/uploads\/2025\/08\/trudeau-2-640x390.jpg 640w, https:\/\/policyoptions.irpp.org\/wp-content\/uploads\/2025\/08\/trudeau-2-768x468.jpg 768w\" sizes=\"(max-width: 800px) 100vw, 800px\" \/><\/a>\n\t\t\t<\/div><\/figure><figure class='gallery-item'>\n\t\t\t<div class='gallery-icon landscape'>\n\t\t\t\t<a href='https:\/\/policyoptions.irpp.org\/fr\/podcast\/public-policy-and-young-canadians-a-policy-options-podcast\/attachment\/trudeau-3-2\/'><img decoding=\"async\" width=\"800\" height=\"488\" src=\"https:\/\/policyoptions.irpp.org\/wp-content\/uploads\/2025\/08\/trudeau-3.jpg\" class=\"attachment-large size-large\" alt=\"\" srcset=\"https:\/\/policyoptions.irpp.org\/wp-content\/uploads\/2025\/08\/trudeau-3.jpg 1000w, https:\/\/policyoptions.irpp.org\/wp-content\/uploads\/2025\/08\/trudeau-3-640x390.jpg 640w, https:\/\/policyoptions.irpp.org\/wp-content\/uploads\/2025\/08\/trudeau-3-768x468.jpg 768w\" sizes=\"(max-width: 800px) 100vw, 800px\" \/><\/a>\n\t\t\t<\/div><\/figure><figure class='gallery-item'>\n\t\t\t<div class='gallery-icon landscape'>\n\t\t\t\t<a href='https:\/\/policyoptions.irpp.org\/fr\/podcast\/public-policy-and-young-canadians-a-policy-options-podcast\/attachment\/trudeau-4-2\/'><img loading=\"lazy\" decoding=\"async\" width=\"800\" height=\"488\" src=\"https:\/\/policyoptions.irpp.org\/wp-content\/uploads\/2025\/08\/trudeau-4.jpg\" class=\"attachment-large size-large\" alt=\"\" srcset=\"https:\/\/policyoptions.irpp.org\/wp-content\/uploads\/2025\/08\/trudeau-4.jpg 1000w, https:\/\/policyoptions.irpp.org\/wp-content\/uploads\/2025\/08\/trudeau-4-640x390.jpg 640w, https:\/\/policyoptions.irpp.org\/wp-content\/uploads\/2025\/08\/trudeau-4-768x468.jpg 768w\" sizes=\"(max-width: 800px) 100vw, 800px\" \/><\/a>\n\t\t\t<\/div><\/figure><figure class='gallery-item'>\n\t\t\t<div class='gallery-icon landscape'>\n\t\t\t\t<a href='https:\/\/policyoptions.irpp.org\/fr\/podcast\/public-policy-and-young-canadians-a-policy-options-podcast\/attachment\/trudeau-5-2\/'><img loading=\"lazy\" decoding=\"async\" width=\"800\" height=\"488\" src=\"https:\/\/policyoptions.irpp.org\/wp-content\/uploads\/2025\/08\/trudeau-5.jpg\" class=\"attachment-large size-large\" alt=\"\" srcset=\"https:\/\/policyoptions.irpp.org\/wp-content\/uploads\/2025\/08\/trudeau-5.jpg 1000w, https:\/\/policyoptions.irpp.org\/wp-content\/uploads\/2025\/08\/trudeau-5-640x390.jpg 640w, https:\/\/policyoptions.irpp.org\/wp-content\/uploads\/2025\/08\/trudeau-5-768x468.jpg 768w\" sizes=\"(max-width: 800px) 100vw, 800px\" \/><\/a>\n\t\t\t<\/div><\/figure>\n\t\t<\/div>\n\n<p>Ce balado fait partie de notre dossier <a href=\"https:\/\/policyoptions.irpp.org\/fr\/magazines\/septembre-2016\/la-jeunesse-du-pays-face-aux-politiques-publiquesdossier-options-politiques\/\">La jeunesse du pays face aux politiques publiques<\/a>.<\/p>\n<p>Photos: Patrick Doyle<\/p>\n","protected":false},"excerpt":{"rendered":"<p>Le premier ministre Justin Trudeau est \u00e9galement ministre de la Jeunesse, et c\u2019est la premi\u00e8re fois qu\u2019on accorde \u00e0 ce portefeuille une telle importance au Cabinet. Selon quelle vision le chef de l\u2019\u00c9tat entend-il mobiliser les jeunes du pays\u00a0? Quelles politiques proposera-t-il pour les aider \u00e0 relever les d\u00e9fis qu\u2019ils doivent affronter\u00a0? \u00c9tudiante en journalisme [&hellip;]<\/p>\n","protected":false},"featured_media":228164,"template":"","meta":{"_acf_changed":false,"content-type":"","ep_exclude_from_search":false},"categories":[9368,9358,9357],"tags":[9132],"irpp-category":[4295,4251],"section":[],"irpp-tag":[],"class_list":["post-228178","podcast","type-podcast","status-publish","has-post-thumbnail","hentry","category-podcasts-fr","category-politique","category-politiques-sociales","tag-politique-canadienne","irpp-category-politique","irpp-category-politique-sociale"],"acf":[],"yoast_head":"<!-- This site is optimized with the Yoast SEO plugin v27.4 - https:\/\/yoast.com\/product\/yoast-seo-wordpress\/ -->\n<title>Les politiques publiques et les jeunes - Policy Options<\/title>\n<meta name=\"robots\" content=\"index, follow, max-snippet:-1, max-image-preview:large, max-video-preview:-1\" \/>\n<link rel=\"canonical\" href=\"https:\/\/policyoptions.irpp.org\/fr\/podcast\/public-policy-and-young-canadians-a-policy-options-podcast-2\/\" \/>\n<meta property=\"og:locale\" content=\"fr_FR\" \/>\n<meta property=\"og:type\" content=\"article\" \/>\n<meta property=\"og:title\" content=\"Les politiques publiques et les jeunes - Policy Options\" \/>\n<meta property=\"og:description\" content=\"Le premier ministre Justin Trudeau est \u00e9galement ministre de la Jeunesse, et c\u2019est la premi\u00e8re fois qu\u2019on accorde \u00e0 ce portefeuille une telle importance au Cabinet. Selon quelle vision le chef de l\u2019\u00c9tat entend-il mobiliser les jeunes du pays\u00a0? Quelles politiques proposera-t-il pour les aider \u00e0 relever les d\u00e9fis qu\u2019ils doivent affronter\u00a0? \u00c9tudiante en journalisme [&hellip;]\" \/>\n<meta property=\"og:url\" content=\"https:\/\/policyoptions.irpp.org\/fr\/podcast\/public-policy-and-young-canadians-a-policy-options-podcast-2\/\" \/>\n<meta property=\"og:site_name\" content=\"Policy Options\" \/>\n<meta property=\"article:publisher\" content=\"https:\/\/www.facebook.com\/IRPP.org\" \/>\n<meta property=\"article:modified_time\" content=\"2025-08-26T05:04:36+00:00\" \/>\n<meta property=\"og:image\" content=\"https:\/\/policyoptions.irpp.org\/wp-content\/uploads\/2025\/08\/WordPress-Image-PM-Trudeau-podcast.png\" \/>\n\t<meta property=\"og:image:width\" content=\"2000\" \/>\n\t<meta property=\"og:image:height\" content=\"700\" \/>\n\t<meta property=\"og:image:type\" content=\"image\/png\" \/>\n<meta name=\"twitter:card\" content=\"summary_large_image\" \/>\n<meta name=\"twitter:site\" content=\"@irpp\" \/>\n<meta name=\"twitter:label1\" content=\"Est. reading time\" \/>\n\t<meta name=\"twitter:data1\" content=\"1 minute\" \/>\n<script type=\"application\/ld+json\" class=\"yoast-schema-graph\">{\"@context\":\"https:\\\/\\\/schema.org\",\"@graph\":[{\"@type\":\"WebPage\",\"@id\":\"https:\\\/\\\/policyoptions.irpp.org\\\/fr\\\/podcast\\\/public-policy-and-young-canadians-a-policy-options-podcast-2\\\/\",\"url\":\"https:\\\/\\\/policyoptions.irpp.org\\\/fr\\\/podcast\\\/public-policy-and-young-canadians-a-policy-options-podcast-2\\\/\",\"name\":\"Les politiques publiques et les jeunes - Policy Options\",\"isPartOf\":{\"@id\":\"https:\\\/\\\/policyoptions.irpp.org\\\/fr\\\/#website\"},\"primaryImageOfPage\":{\"@id\":\"https:\\\/\\\/policyoptions.irpp.org\\\/fr\\\/podcast\\\/public-policy-and-young-canadians-a-policy-options-podcast-2\\\/#primaryimage\"},\"image\":{\"@id\":\"https:\\\/\\\/policyoptions.irpp.org\\\/fr\\\/podcast\\\/public-policy-and-young-canadians-a-policy-options-podcast-2\\\/#primaryimage\"},\"thumbnailUrl\":\"https:\\\/\\\/policyoptions.irpp.org\\\/wp-content\\\/uploads\\\/2025\\\/08\\\/WordPress-Image-PM-Trudeau-podcast.png\",\"datePublished\":\"2016-09-28T14:40:36+00:00\",\"dateModified\":\"2025-08-26T05:04:36+00:00\",\"breadcrumb\":{\"@id\":\"https:\\\/\\\/policyoptions.irpp.org\\\/fr\\\/podcast\\\/public-policy-and-young-canadians-a-policy-options-podcast-2\\\/#breadcrumb\"},\"inLanguage\":\"fr-FR\",\"potentialAction\":[{\"@type\":\"ReadAction\",\"target\":[\"https:\\\/\\\/policyoptions.irpp.org\\\/fr\\\/podcast\\\/public-policy-and-young-canadians-a-policy-options-podcast-2\\\/\"]}]},{\"@type\":\"ImageObject\",\"inLanguage\":\"fr-FR\",\"@id\":\"https:\\\/\\\/policyoptions.irpp.org\\\/fr\\\/podcast\\\/public-policy-and-young-canadians-a-policy-options-podcast-2\\\/#primaryimage\",\"url\":\"https:\\\/\\\/policyoptions.irpp.org\\\/wp-content\\\/uploads\\\/2025\\\/08\\\/WordPress-Image-PM-Trudeau-podcast.png\",\"contentUrl\":\"https:\\\/\\\/policyoptions.irpp.org\\\/wp-content\\\/uploads\\\/2025\\\/08\\\/WordPress-Image-PM-Trudeau-podcast.png\",\"width\":2000,\"height\":700},{\"@type\":\"BreadcrumbList\",\"@id\":\"https:\\\/\\\/policyoptions.irpp.org\\\/fr\\\/podcast\\\/public-policy-and-young-canadians-a-policy-options-podcast-2\\\/#breadcrumb\",\"itemListElement\":[{\"@type\":\"ListItem\",\"position\":1,\"name\":\"Home\",\"item\":\"https:\\\/\\\/policyoptions.irpp.org\\\/fr\\\/\"},{\"@type\":\"ListItem\",\"position\":2,\"name\":\"Les politiques publiques et les jeunes\"}]},{\"@type\":\"WebSite\",\"@id\":\"https:\\\/\\\/policyoptions.irpp.org\\\/fr\\\/#website\",\"url\":\"https:\\\/\\\/policyoptions.irpp.org\\\/fr\\\/\",\"name\":\"Policy Options\",\"description\":\"Institute for Research on Public Policy\",\"potentialAction\":[{\"@type\":\"SearchAction\",\"target\":{\"@type\":\"EntryPoint\",\"urlTemplate\":\"https:\\\/\\\/policyoptions.irpp.org\\\/fr\\\/?s={search_term_string}\"},\"query-input\":{\"@type\":\"PropertyValueSpecification\",\"valueRequired\":true,\"valueName\":\"search_term_string\"}}],\"inLanguage\":\"fr-FR\"}]}<\/script>\n<!-- \/ Yoast SEO plugin. -->","yoast_head_json":{"title":"Les politiques publiques et les jeunes - Policy Options","robots":{"index":"index","follow":"follow","max-snippet":"max-snippet:-1","max-image-preview":"max-image-preview:large","max-video-preview":"max-video-preview:-1"},"canonical":"https:\/\/policyoptions.irpp.org\/fr\/podcast\/public-policy-and-young-canadians-a-policy-options-podcast-2\/","og_locale":"fr_FR","og_type":"article","og_title":"Les politiques publiques et les jeunes - Policy Options","og_description":"Le premier ministre Justin Trudeau est \u00e9galement ministre de la Jeunesse, et c\u2019est la premi\u00e8re fois qu\u2019on accorde \u00e0 ce portefeuille une telle importance au Cabinet. Selon quelle vision le chef de l\u2019\u00c9tat entend-il mobiliser les jeunes du pays\u00a0? Quelles politiques proposera-t-il pour les aider \u00e0 relever les d\u00e9fis qu\u2019ils doivent affronter\u00a0? \u00c9tudiante en journalisme [&hellip;]","og_url":"https:\/\/policyoptions.irpp.org\/fr\/podcast\/public-policy-and-young-canadians-a-policy-options-podcast-2\/","og_site_name":"Policy Options","article_publisher":"https:\/\/www.facebook.com\/IRPP.org","article_modified_time":"2025-08-26T05:04:36+00:00","og_image":[{"width":2000,"height":700,"url":"https:\/\/policyoptions.irpp.org\/wp-content\/uploads\/2025\/08\/WordPress-Image-PM-Trudeau-podcast.png","type":"image\/png"}],"twitter_card":"summary_large_image","twitter_site":"@irpp","twitter_misc":{"Est. reading time":"1 minute"},"schema":{"@context":"https:\/\/schema.org","@graph":[{"@type":"WebPage","@id":"https:\/\/policyoptions.irpp.org\/fr\/podcast\/public-policy-and-young-canadians-a-policy-options-podcast-2\/","url":"https:\/\/policyoptions.irpp.org\/fr\/podcast\/public-policy-and-young-canadians-a-policy-options-podcast-2\/","name":"Les politiques publiques et les jeunes - Policy Options","isPartOf":{"@id":"https:\/\/policyoptions.irpp.org\/fr\/#website"},"primaryImageOfPage":{"@id":"https:\/\/policyoptions.irpp.org\/fr\/podcast\/public-policy-and-young-canadians-a-policy-options-podcast-2\/#primaryimage"},"image":{"@id":"https:\/\/policyoptions.irpp.org\/fr\/podcast\/public-policy-and-young-canadians-a-policy-options-podcast-2\/#primaryimage"},"thumbnailUrl":"https:\/\/policyoptions.irpp.org\/wp-content\/uploads\/2025\/08\/WordPress-Image-PM-Trudeau-podcast.png","datePublished":"2016-09-28T14:40:36+00:00","dateModified":"2025-08-26T05:04:36+00:00","breadcrumb":{"@id":"https:\/\/policyoptions.irpp.org\/fr\/podcast\/public-policy-and-young-canadians-a-policy-options-podcast-2\/#breadcrumb"},"inLanguage":"fr-FR","potentialAction":[{"@type":"ReadAction","target":["https:\/\/policyoptions.irpp.org\/fr\/podcast\/public-policy-and-young-canadians-a-policy-options-podcast-2\/"]}]},{"@type":"ImageObject","inLanguage":"fr-FR","@id":"https:\/\/policyoptions.irpp.org\/fr\/podcast\/public-policy-and-young-canadians-a-policy-options-podcast-2\/#primaryimage","url":"https:\/\/policyoptions.irpp.org\/wp-content\/uploads\/2025\/08\/WordPress-Image-PM-Trudeau-podcast.png","contentUrl":"https:\/\/policyoptions.irpp.org\/wp-content\/uploads\/2025\/08\/WordPress-Image-PM-Trudeau-podcast.png","width":2000,"height":700},{"@type":"BreadcrumbList","@id":"https:\/\/policyoptions.irpp.org\/fr\/podcast\/public-policy-and-young-canadians-a-policy-options-podcast-2\/#breadcrumb","itemListElement":[{"@type":"ListItem","position":1,"name":"Home","item":"https:\/\/policyoptions.irpp.org\/fr\/"},{"@type":"ListItem","position":2,"name":"Les politiques publiques et les jeunes"}]},{"@type":"WebSite","@id":"https:\/\/policyoptions.irpp.org\/fr\/#website","url":"https:\/\/policyoptions.irpp.org\/fr\/","name":"Policy Options","description":"Institute for Research on Public Policy","potentialAction":[{"@type":"SearchAction","target":{"@type":"EntryPoint","urlTemplate":"https:\/\/policyoptions.irpp.org\/fr\/?s={search_term_string}"},"query-input":{"@type":"PropertyValueSpecification","valueRequired":true,"valueName":"search_term_string"}}],"inLanguage":"fr-FR"}]}},"_links":{"self":[{"href":"https:\/\/policyoptions.irpp.org\/fr\/wp-json\/wp\/v2\/podcast\/228178","targetHints":{"allow":["GET"]}}],"collection":[{"href":"https:\/\/policyoptions.irpp.org\/fr\/wp-json\/wp\/v2\/podcast"}],"about":[{"href":"https:\/\/policyoptions.irpp.org\/fr\/wp-json\/wp\/v2\/types\/podcast"}],"wp:featuredmedia":[{"embeddable":true,"href":"https:\/\/policyoptions.irpp.org\/fr\/wp-json\/wp\/v2\/media\/228164"}],"wp:attachment":[{"href":"https:\/\/policyoptions.irpp.org\/fr\/wp-json\/wp\/v2\/media?parent=228178"}],"wp:term":[{"taxonomy":"category","embeddable":true,"href":"https:\/\/policyoptions.irpp.org\/fr\/wp-json\/wp\/v2\/categories?post=228178"},{"taxonomy":"post_tag","embeddable":true,"href":"https:\/\/policyoptions.irpp.org\/fr\/wp-json\/wp\/v2\/tags?post=228178"},{"taxonomy":"irpp-category","embeddable":true,"href":"https:\/\/policyoptions.irpp.org\/fr\/wp-json\/wp\/v2\/irpp-category?post=228178"},{"taxonomy":"section","embeddable":true,"href":"https:\/\/policyoptions.irpp.org\/fr\/wp-json\/wp\/v2\/section?post=228178"},{"taxonomy":"irpp-tag","embeddable":true,"href":"https:\/\/policyoptions.irpp.org\/fr\/wp-json\/wp\/v2\/irpp-tag?post=228178"}],"curies":[{"name":"wp","href":"https:\/\/api.w.org\/{rel}","templated":true}]}}