{"id":305897,"date":"2026-09-01T06:30:00","date_gmt":"2026-09-01T10:30:00","guid":{"rendered":"https:\/\/policyoptions.irpp.org\/?post_type=issues&#038;p=305897"},"modified":"2026-09-01T07:56:30","modified_gmt":"2026-09-01T11:56:30","slug":"marketing-politique-voter-citoyen","status":"publish","type":"issues","link":"https:\/\/policyoptions.irpp.org\/fr\/2026\/09\/marketing-politique-voter-citoyen\/","title":{"rendered":"Voter en citoyen plut\u00f4t qu\u2019en consommateur"},"content":{"rendered":"\n<p>Le jour du scrutin, vous croirez choisir un parti politique ou un candidat. Mais bien avant de d\u00e9poser votre bulletin, vous aurez d\u00e9j\u00e0 \u00e9t\u00e9 cibl\u00e9, profil\u00e9, s\u00e9duit, provoqu\u00e9 et, dans certains cas, m\u00eame manipul\u00e9. Comme les marques qui cherchent \u00e0 vendre un produit, les partis politiques utilisent d\u00e9sormais les r\u00e9seaux socio num\u00e9riques, les algorithmes, le ciblage publicitaire et les ressorts de l\u2019\u00e9motion pour capter l\u2019attention des membres de l\u2019\u00e9lectorat et influencer leurs choix.<\/p>\n\n\n\n<p>\u00c0 l\u2019approche des \u00e9lections qu\u00e9b\u00e9coises du 5&nbsp;octobre 2026, la campagne ne se jouera donc pas seulement dans les d\u00e9bats, les assembl\u00e9es publiques et les programmes \u00e9lectoraux. Elle se jouera aussi dans les fils d\u2019actualit\u00e9, o\u00f9 chaque \u00e9lecteur est susceptible de recevoir des messages diff\u00e9rents selon son profil, ses int\u00e9r\u00eats et ses r\u00e9actions en ligne.<\/p>\n\n\n\n<p>Dans un contexte o\u00f9 la politique emprunte de plus en plus les <a href=\"https:\/\/policyoptions.irpp.org\/fr\/2025\/04\/marketing-politique\/\">codes du marketing<\/a>, les \u00e9lecteurs deviendront les cibles d\u2019op\u00e9rations de marketing sophistiqu\u00e9es, mobilisant une diversit\u00e9 de contenus et d\u2019outils de communication de masse, dont les r\u00e9seaux socionum\u00e9riques.<\/p>\n\n\n\n<p>Si la politique est de plus en plus pr\u00e9sent\u00e9e comme un produit de consommation, comment \u00eatre un consommateur politique averti et \u00e9clair\u00e9 ? Voici cinq r\u00e9flexes pour d\u00e9coder les strat\u00e9gies et conserver un sens critique face aux messages qui cherchent \u00e0 influencer notre choix.<\/p>\n\n\n\n<h2 class=\"wp-block-heading\">1. <strong>Ne pas confondre viralit\u00e9 et importance<\/strong><\/h2>\n\n\n\n<p>Les plateformes num\u00e9riques carburent \u00e0 l\u2019\u00e9motivit\u00e9, au conflit et \u00e0 l\u2019indignation, puisqu\u2019il s\u2019agit d\u2019\u00e9l\u00e9ments qui, bien souvent, retiennent l\u2019attention et suscitent l\u2019engagement des usagers. <a href=\"https:\/\/pubsonline.informs.org\/doi\/abs\/10.1287\/isre.2022.0611\">Plusieurs<\/a> <a href=\"https:\/\/www.pnas.org\/doi\/10.1073\/pnas.1618923114\">\u00e9tudes<\/a> montrent que les messages politiques qui utilisent un langage moralisateur et \u00e9motif sont davantage partag\u00e9s en ligne et suscitent plus de discussions.&nbsp;<\/p>\n\n\n\n<p>De plus, <a href=\"https:\/\/dl.acm.org\/doi\/abs\/10.1145\/3665450\">une \u00e9tude<\/a> sur la campagne f\u00e9d\u00e9rale de 2021 a r\u00e9v\u00e9l\u00e9 que les publications n\u00e9gatives sur la plateforme X \u00e9taient plus susceptibles de devenir virales.<\/p>\n\n\n\n<p>Lorsque confront\u00e9 \u00e0 de l\u2019information politique, la premi\u00e8re r\u00e8gle \u00e0 suivre est de bien \u00e9valuer sa pertinence et sa port\u00e9e. Si un contenu politique devient viral, est-ce parce qu\u2019il rev\u00eat une importance particuli\u00e8re ou parce qu\u2019il est con\u00e7u pour susciter une r\u00e9action ?<\/p>\n\n\n\n<p>R\u00e8gle de base&nbsp;: m\u00e9fiez-vous de vos premi\u00e8res r\u00e9actions. Plus un contenu provoque une r\u00e9action \u00e9motive imm\u00e9diate, plus il m\u00e9rite d\u2019\u00eatre examin\u00e9 avec attention.<\/p>\n\n\n\n<h2 class=\"wp-block-heading\">2. <strong>Comprendre pourquoi vous voyez ce message<\/strong><\/h2>\n\n\n\n<p>Votre fil d\u2019actualit\u00e9 n\u2019est pas le m\u00eame que celui de votre voisin. Et c\u2019est pr\u00e9cis\u00e9ment le probl\u00e8me.<\/p>\n\n\n\n<p>Lorsqu\u2019un message \u00e0 saveur politique appara\u00eet sur une plateforme socionum\u00e9rique, il faut se demander pourquoi il se retrouve sur le fil d\u2019actualit\u00e9. Qui cible-t-il au juste\u2009? Le m\u00eame contenu est-il offert \u00e0 d\u2019autres usagers de la m\u00eame plateforme ?<\/p>\n\n\n\n<p>La <a href=\"https:\/\/www.facebook.com\/ads\/library\/\">biblioth\u00e8que publicitaire de Meta<\/a> est un outil gratuit et accessible au grand public qui peut aider \u00e0 r\u00e9pondre \u00e0 ces questions. Elle recense les publicit\u00e9s diffus\u00e9es sur Facebook, Instagram et d\u2019autres plateformes socionum\u00e9riques et fournit des renseignements sur les contenus politiques, notamment l\u2019identit\u00e9 de la personne ou de l\u2019organisation ayant financ\u00e9 la publicit\u00e9, les montants investis ainsi que les audiences atteintes. Elle permet d\u2019\u00eatre inform\u00e9 sur les strat\u00e9gies de diffusion des contenus politiques qui sont utilis\u00e9es sur plusieurs plateformes socionum\u00e9riques <a href=\"https:\/\/transformation-numerique.ulaval.ca\/enquetes-et-mesures\/netendances\/reseaux-sociaux-et-divertissement-en-ligne-2025\/\">populaires au Qu\u00e9bec<\/a>.<\/p>\n\n\n\n<p>Les messages politiques qui apparaissent sur le fil d\u2019actualit\u00e9 d\u2019un usager diff\u00e8rent sans doute de ceux qui sont diffus\u00e9s sur celui d\u2019un autre usager. Les tactiques de marketing et de communication politique peuvent \u00eatre ajust\u00e9es en fonction du profil sociod\u00e9mographique des membres du public (ex.&nbsp;: \u00e2ge, lieu de r\u00e9sidence, genre, degr\u00e9 d\u2019attachement et d\u2019engagement politique) ainsi que de leurs pr\u00e9f\u00e9rences.<\/p>\n\n\n\n<p>L\u2019efficacit\u00e9 du microciblage politique fait encore l\u2019objet de d\u00e9bats scientifiques. Des <a href=\"https:\/\/link.springer.com\/content\/pdf\/10.1007\/s41358-025-00410-3.pdf\">travaux<\/a> <a href=\"https:\/\/academic.oup.com\/pnasnexus\/article\/3\/2\/pgae035\/7591134\">r\u00e9cents<\/a> sugg\u00e8rent n\u00e9anmoins que certains messages cibl\u00e9s peuvent \u00eatre plus persuasifs que des messages g\u00e9n\u00e9riques.<\/p>\n\n\n\n<h2 class=\"wp-block-heading\">3. <strong>Retrouver la source et v\u00e9rifier les faits<\/strong><\/h2>\n\n\n\n<p>Il faut se m\u00e9fier \u00e9galement de ce qui peut para\u00eetre comme ayant un fort appui populaire \u00e0 premi\u00e8re vue. Des activistes politiques fictifs, cach\u00e9s derri\u00e8re de faux comptes ou aliment\u00e9s par des robots logiciels ou des agents d\u2019intelligence artificielle, peuvent g\u00e9n\u00e9rer l\u2019illusion d\u2019un engouement pour une id\u00e9e, une proposition politique ou un candidat.<\/p>\n\n\n\n<p>Les contenus des messages politiques doivent \u00eatre contre-v\u00e9rifi\u00e9s. L\u2019intelligence artificielle, qui joue un r\u00f4le politique de <a href=\"https:\/\/www.tandfonline.com\/doi\/abs\/10.1080\/23736992.2025.2583349\">plus en plus important<\/a>, accentue le probl\u00e8me&nbsp;: les <a href=\"https:\/\/www.emerald.com\/insight\/content\/doi\/10.1108\/intr-07-2022-0563\/full\/html\">hypertrucages<\/a>, ou <em>deepfakes<\/em>, brouillent la distinction entre ce qui est r\u00e9el et ce qui est fictif.<\/p>\n\n\n\n<p>Le fardeau de la v\u00e9rification se d\u00e9place donc vers \u00ab\u2009l\u2019\u00e9lecteur consommateur\u2009\u00bb. Le r\u00e9flexe est simple&nbsp;: retrouver la source, v\u00e9rifier l\u2019information et, avant de partager, chercher une confirmation aupr\u00e8s d\u2019une source fiable. ll est important de se m\u00e9fier des comptes anonymes qui commentent ou qui \u00ab\u2009aiment\u2009\u00bb les contenus.<\/p>\n\n\n\n<h2 class=\"wp-block-heading\">4. <strong>Sortir de sa chambre d\u2019\u00e9cho<\/strong><\/h2>\n\n\n\n<p>L\u2019exposition \u00e0 des sources d\u2019information offrant des perspectives divergentes est \u00e9galement essentielle \u00e0 une compr\u00e9hension critique du politique. La lecture des engagements d\u2019un parti politique ayant des perspectives divergentes ou encore, la consultation d\u2019analyses de commentateurs politiques ayant des positions diff\u00e9rentes permettent d\u2019aiguiser son sens critique.<\/p>\n\n\n\n<p>\u00c0 force de lire des contenus politiques consensuels, les \u00e9lecteurs peuvent \u00eatre amen\u00e9s \u00e0 croire que ces opinions sont universellement partag\u00e9es. L\u2019acc\u00e8s \u00e0 des points de vue diff\u00e9rents augmente le champ de vision de l\u2019\u00e9lecteur et, dans certains cas, permet l\u2019adoption de nouvelles perspectives. Le choix du vote n\u2019en devient que plus \u00e9clair\u00e9.<\/p>\n\n\n\n<p>Les plateformes socionum\u00e9riques tendent \u00e0 regrouper leurs usagers avec d\u2019autres ayant une perspective similaire. Une <a href=\"https:\/\/www.pnas.org\/doi\/10.1073\/pnas.2023301118\">analyse de plus de cent millions de contenus<\/a> sur quatre r\u00e9seaux num\u00e9riques a d\u00e9montr\u00e9 que ce type de regroupement structure fortement les interactions en ligne, limitant ainsi l\u2019exposition aux points de vue divergents.<\/p>\n\n\n\n<h2 class=\"wp-block-heading\">5. <strong>D\u00e9coder l\u2019histoire qui est racont\u00e9e<\/strong><\/h2>\n\n\n\n<p>Les partis politiques ne font pas que pr\u00e9senter des propositions ou construire des programmes \u00e9lectoraux. Ils utilisent le marketing politique pour cr\u00e9er des histoires captivantes et pour construire une image de marque qui peut plaire \u00e0 diff\u00e9rents segments du public.<\/p>\n\n\n\n<figure class=\"wp-block-image size-large\"><img fetchpriority=\"high\" decoding=\"async\" width=\"1920\" height=\"1244\" src=\"https:\/\/policyoptions.irpp.org\/wp-content\/uploads\/2026\/08\/Legault-poings-1920x1244.jpg\" alt=\"\" class=\"wp-image-305900\" srcset=\"https:\/\/policyoptions.irpp.org\/wp-content\/uploads\/2026\/08\/Legault-poings-1920x1244.jpg 1920w, https:\/\/policyoptions.irpp.org\/wp-content\/uploads\/2026\/08\/Legault-poings-640x415.jpg 640w, https:\/\/policyoptions.irpp.org\/wp-content\/uploads\/2026\/08\/Legault-poings-768x498.jpg 768w, https:\/\/policyoptions.irpp.org\/wp-content\/uploads\/2026\/08\/Legault-poings.jpg 1940w\" sizes=\"(max-width: 1920px) 100vw, 1920px\" \/><figcaption class=\"wp-element-caption\"><em>Le premier ministre du Qu\u00e9bec, Fran\u00e7ois Legault, adopte une posture de boxeur en montant sur sc\u00e8ne au son de la musique th\u00e8me du film Rocky, lors du congr\u00e8s de la CAQ \u00e0 Gatineau, le dimanche 28 septembre 2025. LA PRESSE CANADIENNE\/Adrian Wyld.<\/em><br>&nbsp;<\/figcaption><\/figure>\n\n\n\n<p>Au congr\u00e8s de la Coalition avenir Qu\u00e9bec \u00e0 l\u2019automne&nbsp;2025, Fran\u00e7ois Legault a fait son entr\u00e9e sur sc\u00e8ne sur la trame sonore <em>Eye of the Tiger<\/em>, montrant les poings comme <a href=\"https:\/\/www.ledevoir.com\/politique\/quebec\/920754\/comme-rocky-legault-veut-relancer-parti-mais-leadership-vacille\">Rocky Balboa<\/a>, figure populaire repr\u00e9sentant la combativit\u00e9. L\u2019analogie a \u00e9t\u00e9 <a href=\"https:\/\/www.lapresse.ca\/actualites\/chroniques\/2025-09-28\/congres-de-la-caq\/rocky-cherche-son-scenariste.php\">reprise, comment\u00e9e et caricatur\u00e9e<\/a> dans les m\u00e9dias traditionnels ainsi que sur les r\u00e9seaux sociaux. Voil\u00e0 un exemple de marketing politique qui repose sur l\u2019appropriation de valeurs auxquelles les \u00e9lecteurs s\u2019identifient.<\/p>\n\n\n\n<p>Ainsi, les politiciens sont de plus en plus associ\u00e9s \u00e0 certaines qualit\u00e9s qui sont appr\u00e9ci\u00e9es de la part du public, que ce soit la combativit\u00e9, la proximit\u00e9, l\u2019autorit\u00e9, le changement ou encore la comp\u00e9tence. La proximit\u00e9 identitaire du politicien avec l\u2019image qu\u2019il veut projeter est plus persuasive, finalement, que de s\u2019en tenir aux slogans partisans d\u2019usage.<\/p>\n\n\n\n<h2 class=\"wp-block-heading\"><strong>Reprendre une part de contr\u00f4le<\/strong><\/h2>\n\n\n\n<p>Les \u00e9lecteurs ne sont pas des consommateurs comme les autres. Ils font plus que choisir un \u00ab\u2009produit\u2009\u00bb, ils confient le pouvoir. Ils se doivent donc de demeurer alertes, remettre en question leurs instincts et exercer un jugement politique critique.<\/p>\n\n\n\n<p>Lorsque les logiques marchandes prennent le pas sur la d\u00e9lib\u00e9ration, il peut y avoir un co\u00fbt d\u00e9mocratique \u00e0 payer. La nuance et les d\u00e9bats politiques de fond, qui devraient constituer le socle d\u2019une conversation d\u00e9mocratique saine, r\u00e9tr\u00e9cissent au profit des algorithmes et du ciblage.<\/p>\n\n\n\n<p>Les \u00e9lecteurs ne sont pas des cibles passives. Sans \u00eatre compl\u00e8tement ferm\u00e9s ou imperm\u00e9ables \u00e0 la communication politique durant les campagnes \u00e9lectorales, qui demeure une importante source d\u2019information, ils peuvent \u00eatre conscients des dynamiques \u00e0 l\u2019\u0153uvre et conserver une perspective critique. La d\u00e9mocratie requiert un processu<s>s<\/s> d\u2019analyse des contenus politiques afin de pouvoir faire un choix \u00e9clair\u00e9 le jour du vote.<\/p>\n\n\n\n<p>Ces r\u00e9flexes constituent un outil indispensable pour tout consommateur politique averti. Voter en citoyen, c\u2019est aussi prendre une part de contr\u00f4le.<\/p>\n","protected":false},"excerpt":{"rendered":"<p>Le jour du scrutin, vous croirez choisir un parti politique ou un candidat. Mais bien avant de d\u00e9poser votre bulletin, vous aurez d\u00e9j\u00e0 \u00e9t\u00e9 cibl\u00e9, profil\u00e9, s\u00e9duit, provoqu\u00e9 et, dans certains cas, m\u00eame manipul\u00e9. Comme les marques qui cherchent \u00e0 vendre un produit, les partis politiques utilisent d\u00e9sormais les r\u00e9seaux socio num\u00e9riques, les algorithmes, le [&hellip;]<\/p>\n","protected":false},"featured_media":305898,"template":"","meta":{"_acf_changed":false,"content-type":"","ep_exclude_from_search":false,"apple_news_api_created_at":"2026-09-01T10:30:06Z","apple_news_api_id":"39deebb8-6c8f-4aca-a087-ea2b54579588","apple_news_api_modified_at":"2026-09-01T11:56:29Z","apple_news_api_revision":"AAAAAAAAAAAAAAAAAAAAAg==","apple_news_api_share_url":"https:\/\/apple.news\/AOd7ruGyPSsqgh-orVFeViA","apple_news_cover_media_provider":"image","apple_news_coverimage":0,"apple_news_coverimage_caption":"","apple_news_cover_video_id":0,"apple_news_cover_video_url":"","apple_news_cover_embedwebvideo_url":"","apple_news_is_hidden":"","apple_news_is_paid":"","apple_news_is_preview":"","apple_news_is_sponsored":"","apple_news_maturity_rating":"","apple_news_metadata":"\"\"","apple_news_pullquote":"","apple_news_pullquote_position":"","apple_news_slug":"","apple_news_sections":[],"apple_news_suppress_video_url":false,"apple_news_use_image_component":false},"categories":[],"tags":[],"article-status":[9493],"irpp-category":[4250,4249,4295],"section":[],"irpp-tag":[7096,7136,7164],"class_list":["post-305897","issues","type-issues","status-publish","has-post-thumbnail","hentry","irpp-category-democratie","irpp-category-donnees","irpp-category-politique","irpp-tag-coalition-avenir-quebec","irpp-tag-medias-et-culture","irpp-tag-quebec"],"acf":[],"apple_news_notices":[],"yoast_head":"<!-- This site is optimized with the Yoast SEO plugin v28.1 - https:\/\/yoast.com\/product\/yoast-seo-wordpress\/ -->\n<title>Marketing politique : 5 r\u00e9flexes pour voter en citoyen<\/title>\n<meta name=\"description\" content=\"\u00c0 l\u2019approche des \u00e9lections qu\u00e9b\u00e9coises, cinq r\u00e9flexes pour d\u00e9coder le marketing politique, les r\u00e9seaux sociaux et les strat\u00e9gies de ciblage.\" \/>\n<meta name=\"robots\" content=\"index, follow, max-snippet:-1, max-image-preview:large, max-video-preview:-1\" \/>\n<link rel=\"canonical\" href=\"https:\/\/policyoptions.irpp.org\/fr\/2026\/09\/marketing-politique-voter-citoyen\/\" \/>\n<meta property=\"og:locale\" content=\"fr_FR\" \/>\n<meta property=\"og:type\" content=\"article\" \/>\n<meta property=\"og:title\" content=\"Marketing politique : 5 r\u00e9flexes pour voter en citoyen\" \/>\n<meta property=\"og:description\" content=\"\u00c0 l\u2019approche des \u00e9lections qu\u00e9b\u00e9coises, cinq r\u00e9flexes pour d\u00e9coder le marketing politique, les r\u00e9seaux sociaux et les strat\u00e9gies de ciblage.\" \/>\n<meta property=\"og:url\" content=\"https:\/\/policyoptions.irpp.org\/fr\/2026\/09\/marketing-politique-voter-citoyen\/\" \/>\n<meta property=\"og:site_name\" content=\"Policy Options\" \/>\n<meta property=\"article:publisher\" content=\"https:\/\/www.facebook.com\/IRPP.org\" \/>\n<meta property=\"article:modified_time\" content=\"2026-09-01T11:56:30+00:00\" \/>\n<meta property=\"og:image\" content=\"https:\/\/policyoptions.irpp.org\/wp-content\/uploads\/2026\/08\/Elections-Quebec.jpg\" \/>\n\t<meta property=\"og:image:width\" content=\"1940\" \/>\n\t<meta property=\"og:image:height\" content=\"1678\" \/>\n\t<meta property=\"og:image:type\" content=\"image\/jpeg\" \/>\n<meta name=\"twitter:card\" content=\"summary_large_image\" \/>\n<meta name=\"twitter:site\" content=\"@irpp\" \/>\n<meta name=\"twitter:label1\" content=\"Est. reading time\" \/>\n\t<meta name=\"twitter:data1\" content=\"6 minutes\" \/>\n<script type=\"application\/ld+json\" class=\"yoast-schema-graph\">{\"@context\":\"https:\\\/\\\/schema.org\",\"@graph\":[{\"@type\":\"WebPage\",\"@id\":\"https:\\\/\\\/policyoptions.irpp.org\\\/fr\\\/2026\\\/09\\\/marketing-politique-voter-citoyen\\\/\",\"url\":\"https:\\\/\\\/policyoptions.irpp.org\\\/fr\\\/2026\\\/09\\\/marketing-politique-voter-citoyen\\\/\",\"name\":\"Marketing politique : 5 r\u00e9flexes pour voter en citoyen\",\"isPartOf\":{\"@id\":\"https:\\\/\\\/policyoptions.irpp.org\\\/fr\\\/#website\"},\"primaryImageOfPage\":{\"@id\":\"https:\\\/\\\/policyoptions.irpp.org\\\/fr\\\/2026\\\/09\\\/marketing-politique-voter-citoyen\\\/#primaryimage\"},\"image\":{\"@id\":\"https:\\\/\\\/policyoptions.irpp.org\\\/fr\\\/2026\\\/09\\\/marketing-politique-voter-citoyen\\\/#primaryimage\"},\"thumbnailUrl\":\"https:\\\/\\\/policyoptions.irpp.org\\\/wp-content\\\/uploads\\\/2026\\\/08\\\/Elections-Quebec.jpg\",\"datePublished\":\"2026-09-01T10:30:00+00:00\",\"dateModified\":\"2026-09-01T11:56:30+00:00\",\"description\":\"\u00c0 l\u2019approche des \u00e9lections qu\u00e9b\u00e9coises, cinq r\u00e9flexes pour d\u00e9coder le marketing politique, les r\u00e9seaux sociaux et les strat\u00e9gies de ciblage.\",\"breadcrumb\":{\"@id\":\"https:\\\/\\\/policyoptions.irpp.org\\\/fr\\\/2026\\\/09\\\/marketing-politique-voter-citoyen\\\/#breadcrumb\"},\"inLanguage\":\"fr-FR\",\"potentialAction\":[{\"@type\":\"ReadAction\",\"target\":[\"https:\\\/\\\/policyoptions.irpp.org\\\/fr\\\/2026\\\/09\\\/marketing-politique-voter-citoyen\\\/\"]}]},{\"@type\":\"ImageObject\",\"inLanguage\":\"fr-FR\",\"@id\":\"https:\\\/\\\/policyoptions.irpp.org\\\/fr\\\/2026\\\/09\\\/marketing-politique-voter-citoyen\\\/#primaryimage\",\"url\":\"https:\\\/\\\/policyoptions.irpp.org\\\/wp-content\\\/uploads\\\/2026\\\/08\\\/Elections-Quebec.jpg\",\"contentUrl\":\"https:\\\/\\\/policyoptions.irpp.org\\\/wp-content\\\/uploads\\\/2026\\\/08\\\/Elections-Quebec.jpg\",\"width\":1940,\"height\":1678,\"caption\":\"Un \u00e9lecteur d\u00e9pose son bulletin de vote lors de la derni\u00e8re \u00e9lection provinciale qu\u00e9b\u00e9coise, le lundi 3 octobre 2022, \u00e0 Montr\u00e9al. LA PRESSE CANADIENNE\\\/Ryan Remiorz.\"},{\"@type\":\"BreadcrumbList\",\"@id\":\"https:\\\/\\\/policyoptions.irpp.org\\\/fr\\\/2026\\\/09\\\/marketing-politique-voter-citoyen\\\/#breadcrumb\",\"itemListElement\":[{\"@type\":\"ListItem\",\"position\":1,\"name\":\"Home\",\"item\":\"https:\\\/\\\/policyoptions.irpp.org\\\/\"},{\"@type\":\"ListItem\",\"position\":2,\"name\":\"Voter en citoyen plut\u00f4t qu\u2019en consommateur\"}]},{\"@type\":\"WebSite\",\"@id\":\"https:\\\/\\\/policyoptions.irpp.org\\\/fr\\\/#website\",\"url\":\"https:\\\/\\\/policyoptions.irpp.org\\\/fr\\\/\",\"name\":\"Policy Options\",\"description\":\"Institute for Research on Public Policy\",\"potentialAction\":[{\"@type\":\"SearchAction\",\"target\":{\"@type\":\"EntryPoint\",\"urlTemplate\":\"https:\\\/\\\/policyoptions.irpp.org\\\/fr\\\/?s={search_term_string}\"},\"query-input\":{\"@type\":\"PropertyValueSpecification\",\"valueRequired\":true,\"valueName\":\"search_term_string\"}}],\"inLanguage\":\"fr-FR\"}]}<\/script>\n<!-- \/ Yoast SEO plugin. -->","yoast_head_json":{"title":"Marketing politique : 5 r\u00e9flexes pour voter en citoyen","description":"\u00c0 l\u2019approche des \u00e9lections qu\u00e9b\u00e9coises, cinq r\u00e9flexes pour d\u00e9coder le marketing politique, les r\u00e9seaux sociaux et les strat\u00e9gies de ciblage.","robots":{"index":"index","follow":"follow","max-snippet":"max-snippet:-1","max-image-preview":"max-image-preview:large","max-video-preview":"max-video-preview:-1"},"canonical":"https:\/\/policyoptions.irpp.org\/fr\/2026\/09\/marketing-politique-voter-citoyen\/","og_locale":"fr_FR","og_type":"article","og_title":"Marketing politique : 5 r\u00e9flexes pour voter en citoyen","og_description":"\u00c0 l\u2019approche des \u00e9lections qu\u00e9b\u00e9coises, cinq r\u00e9flexes pour d\u00e9coder le marketing politique, les r\u00e9seaux sociaux et les strat\u00e9gies de ciblage.","og_url":"https:\/\/policyoptions.irpp.org\/fr\/2026\/09\/marketing-politique-voter-citoyen\/","og_site_name":"Policy Options","article_publisher":"https:\/\/www.facebook.com\/IRPP.org","article_modified_time":"2026-09-01T11:56:30+00:00","og_image":[{"width":1940,"height":1678,"url":"https:\/\/policyoptions.irpp.org\/wp-content\/uploads\/2026\/08\/Elections-Quebec.jpg","type":"image\/jpeg"}],"twitter_card":"summary_large_image","twitter_site":"@irpp","twitter_misc":{"Est. reading time":"6 minutes"},"schema":{"@context":"https:\/\/schema.org","@graph":[{"@type":"WebPage","@id":"https:\/\/policyoptions.irpp.org\/fr\/2026\/09\/marketing-politique-voter-citoyen\/","url":"https:\/\/policyoptions.irpp.org\/fr\/2026\/09\/marketing-politique-voter-citoyen\/","name":"Marketing politique : 5 r\u00e9flexes pour voter en citoyen","isPartOf":{"@id":"https:\/\/policyoptions.irpp.org\/fr\/#website"},"primaryImageOfPage":{"@id":"https:\/\/policyoptions.irpp.org\/fr\/2026\/09\/marketing-politique-voter-citoyen\/#primaryimage"},"image":{"@id":"https:\/\/policyoptions.irpp.org\/fr\/2026\/09\/marketing-politique-voter-citoyen\/#primaryimage"},"thumbnailUrl":"https:\/\/policyoptions.irpp.org\/wp-content\/uploads\/2026\/08\/Elections-Quebec.jpg","datePublished":"2026-09-01T10:30:00+00:00","dateModified":"2026-09-01T11:56:30+00:00","description":"\u00c0 l\u2019approche des \u00e9lections qu\u00e9b\u00e9coises, cinq r\u00e9flexes pour d\u00e9coder le marketing politique, les r\u00e9seaux sociaux et les strat\u00e9gies de ciblage.","breadcrumb":{"@id":"https:\/\/policyoptions.irpp.org\/fr\/2026\/09\/marketing-politique-voter-citoyen\/#breadcrumb"},"inLanguage":"fr-FR","potentialAction":[{"@type":"ReadAction","target":["https:\/\/policyoptions.irpp.org\/fr\/2026\/09\/marketing-politique-voter-citoyen\/"]}]},{"@type":"ImageObject","inLanguage":"fr-FR","@id":"https:\/\/policyoptions.irpp.org\/fr\/2026\/09\/marketing-politique-voter-citoyen\/#primaryimage","url":"https:\/\/policyoptions.irpp.org\/wp-content\/uploads\/2026\/08\/Elections-Quebec.jpg","contentUrl":"https:\/\/policyoptions.irpp.org\/wp-content\/uploads\/2026\/08\/Elections-Quebec.jpg","width":1940,"height":1678,"caption":"Un \u00e9lecteur d\u00e9pose son bulletin de vote lors de la derni\u00e8re \u00e9lection provinciale qu\u00e9b\u00e9coise, le lundi 3 octobre 2022, \u00e0 Montr\u00e9al. LA PRESSE CANADIENNE\/Ryan Remiorz."},{"@type":"BreadcrumbList","@id":"https:\/\/policyoptions.irpp.org\/fr\/2026\/09\/marketing-politique-voter-citoyen\/#breadcrumb","itemListElement":[{"@type":"ListItem","position":1,"name":"Home","item":"https:\/\/policyoptions.irpp.org\/"},{"@type":"ListItem","position":2,"name":"Voter en citoyen plut\u00f4t qu\u2019en consommateur"}]},{"@type":"WebSite","@id":"https:\/\/policyoptions.irpp.org\/fr\/#website","url":"https:\/\/policyoptions.irpp.org\/fr\/","name":"Policy Options","description":"Institute for Research on Public Policy","potentialAction":[{"@type":"SearchAction","target":{"@type":"EntryPoint","urlTemplate":"https:\/\/policyoptions.irpp.org\/fr\/?s={search_term_string}"},"query-input":{"@type":"PropertyValueSpecification","valueRequired":true,"valueName":"search_term_string"}}],"inLanguage":"fr-FR"}]}},"_links":{"self":[{"href":"https:\/\/policyoptions.irpp.org\/fr\/wp-json\/wp\/v2\/issues\/305897","targetHints":{"allow":["GET"]}}],"collection":[{"href":"https:\/\/policyoptions.irpp.org\/fr\/wp-json\/wp\/v2\/issues"}],"about":[{"href":"https:\/\/policyoptions.irpp.org\/fr\/wp-json\/wp\/v2\/types\/issues"}],"wp:featuredmedia":[{"embeddable":true,"href":"https:\/\/policyoptions.irpp.org\/fr\/wp-json\/wp\/v2\/media\/305898"}],"wp:attachment":[{"href":"https:\/\/policyoptions.irpp.org\/fr\/wp-json\/wp\/v2\/media?parent=305897"}],"wp:term":[{"taxonomy":"category","embeddable":true,"href":"https:\/\/policyoptions.irpp.org\/fr\/wp-json\/wp\/v2\/categories?post=305897"},{"taxonomy":"post_tag","embeddable":true,"href":"https:\/\/policyoptions.irpp.org\/fr\/wp-json\/wp\/v2\/tags?post=305897"},{"taxonomy":"article-status","embeddable":true,"href":"https:\/\/policyoptions.irpp.org\/fr\/wp-json\/wp\/v2\/article-status?post=305897"},{"taxonomy":"irpp-category","embeddable":true,"href":"https:\/\/policyoptions.irpp.org\/fr\/wp-json\/wp\/v2\/irpp-category?post=305897"},{"taxonomy":"section","embeddable":true,"href":"https:\/\/policyoptions.irpp.org\/fr\/wp-json\/wp\/v2\/section?post=305897"},{"taxonomy":"irpp-tag","embeddable":true,"href":"https:\/\/policyoptions.irpp.org\/fr\/wp-json\/wp\/v2\/irpp-tag?post=305897"}],"curies":[{"name":"wp","href":"https:\/\/api.w.org\/{rel}","templated":true}]}}