{"id":304060,"date":"2026-04-09T16:30:00","date_gmt":"2026-04-09T20:30:00","guid":{"rendered":"https:\/\/policyoptions.irpp.org\/issues\/oil-spike-myth\/"},"modified":"2026-04-09T17:16:41","modified_gmt":"2026-04-09T21:16:41","slug":"guerre-prix-petrole","status":"publish","type":"issues","link":"https:\/\/policyoptions.irpp.org\/fr\/2026\/03\/guerre-prix-petrole\/","title":{"rendered":"La guerre dans le Golfe ne fera qu\u2019acc\u00e9l\u00e9rer le d\u00e9clin du p\u00e9trole"},"content":{"rendered":"<p><!-wp:paragraph {\"align\":\"right\"} --><\/p>\n<p class=\"has-text-align-right\"><em>(English version <a href=\"https:\/\/policyoptions.irpp.org\/2026\/03\/oil-spike-myth\/\">available here.<\/a>) <\/em><\/p>\n<p><!-\/wp:paragraph --><\/p>\n<p><!-wp:paragraph --><\/p>\n<p>La guerre au Moyen-Orient, d\u00e9clench\u00e9e par une <a href=\"https:\/\/ici.radio-canada.ca\/info\/videos\/1-10605724\/iran-attaque-par-etats-unis-et-israel-voici-ce-qui-s-est-passe\">attaque<\/a> contre l\u2019Iran men\u00e9e par les \u00c9tats-Unis et Isra\u00ebl, a relanc\u00e9 les d\u00e9bats au Canada sur les exportations de p\u00e9trole, les r\u00e9serves strat\u00e9giques mondiales et les impacts potentiels sur notre secteur \u00e9nerg\u00e9tique.<\/p>\n<p><!-\/wp:paragraph --><\/p>\n<p><!-wp:paragraph --><\/p>\n<p>Le co\u00fbt humain devrait toujours \u00eatre la premi\u00e8re consid\u00e9ration en temps de guerre, mais les r\u00e9percussions de ce conflit sur l\u2019approvisionnement en p\u00e9trole ne peuvent \u00eatre ignor\u00e9es. Certains y voient une occasion de d\u00e9velopper l\u2019industrie canadienne, mais ils confondent un choc temporaire des prix avec un signal durable du march\u00e9. En r\u00e9alit\u00e9, la guerre met en lumi\u00e8re la vuln\u00e9rabilit\u00e9 du secteur p\u00e9trolier canadien aux risques mondiaux ainsi que les dangers de fonder notre avenir \u00e9conomique sur les perspectives \u00e0 long terme de cette industrie.<\/p>\n<p><!-\/wp:paragraph --><\/p>\n<p><!-wp:paragraph --><\/p>\n<p>Les n\u00e9gociations en cours entre le Canada, l\u2019Alberta et les producteurs de sables bitumineux portent sur des enjeux majeurs en mati\u00e8re de politiques \u00e9nerg\u00e9tique et climatique. Certains se servent des conflits en Ukraine, au Venezuela et au Moyen-Orient pour faire valoir leurs int\u00e9r\u00eats dans ces discussions.<\/p>\n<p><!-\/wp:paragraph --><\/p>\n<p><!-wp:paragraph --><\/p>\n<p>Tel qu\u2019anticip\u00e9, ce conflit a provoqu\u00e9 une <a href=\"https:\/\/www.lerevenu.com\/reussir-bourse\/coeur-operations\/le-petrole-pourrait-atteindre-200-dollars-le-scenario-extreme-qui-inquiete-desormais-les-marches\/\">flamb\u00e9e<\/a> des prix du baril de p\u00e9trole, bien au-del\u00e0 des 100&nbsp;dollars US. La <a href=\"https:\/\/fr.euronews.com\/2026\/04\/08\/liran-ferme-le-detroit-dormuz-en-reponse-aux-frappes-israeliennes-sur-le-liban\">fermeture<\/a> du d\u00e9troit d\u2019Ormuz a restreint l\u2019offre \u00e0 court terme, ce qui a fait grimper les prix \u00e0 la pompe.<\/p>\n<p><!-\/wp:paragraph --><\/p>\n<p><!-wp:paragraph --><\/p>\n<p>D\u2019ailleurs, il y a quatre ans, nous avons \u00e9galement assist\u00e9 \u00e0 une hausse des prix lorsque la Russie, grand producteur de p\u00e9trole et de gaz, a envahi l\u2019Ukraine. &nbsp;&nbsp;<\/p>\n<p><!-\/wp:paragraph --><\/p>\n<p><!-wp:paragraph --><\/p>\n<p>Les hausses de prix li\u00e9es \u00e0 la guerre sont une manne pour les producteurs, les entreprises canadiennes ainsi que pour les gouvernements, dont celui de l\u2019Alberta, qui per\u00e7oivent des redevances. Ces flamb\u00e9es de prix ont g\u00e9n\u00e9ralement une dur\u00e9e limit\u00e9e, puisqu\u2019ils se stabilisent au fur et \u00e0 mesure que les acteurs du march\u00e9 trouvent des solutions de rechange. Parmi les options possibles, on peut citer l\u2019augmentation de la production par d\u2019autres fournisseurs, la r\u00e9organisation des itin\u00e9raires de transport, le recours des gouvernements \u00e0 leurs r\u00e9serves p\u00e9troli\u00e8res ou, dans le cas de la Russie, le contournement des sanctions.<\/p>\n<p><!-\/wp:paragraph --><\/p>\n<p><!-wp:heading --><\/p>\n<h2 class=\"wp-block-heading\">Flamb\u00e9es de prix temporaires, volatilit\u00e9 permanente<\/h2>\n<p><!-\/wp:heading --><\/p>\n<p><!-wp:paragraph --><\/p>\n<p>Les chocs p\u00e9troliers n\u2019agissent pas seulement \u00e0 la hausse&nbsp;: leurs effets se font aussi sentir lorsque les prix reculent.<\/p>\n<p><!-\/wp:paragraph --><\/p>\n<p><!-wp:paragraph --><\/p>\n<p>En 2014, un <a href=\"https:\/\/cepr.org\/voxeu\/columns\/why-did-price-oil-fall-after-june-2014\">effondrement<\/a> des prix, provoqu\u00e9 par une conjoncture de facteurs, a men\u00e9 \u00e0 la restructuration de l\u2019industrie des sables bitumineux de l\u2019Alberta. La consommation mondiale de p\u00e9trole n\u2019avait pas diminu\u00e9 et la demande augmentait r\u00e9guli\u00e8rement. Or, la croissance \u00e9conomique de la Chine s\u2019\u00e9tait av\u00e9r\u00e9e plus lente que pr\u00e9vu. Au lieu de r\u00e9duire la production pour maintenir les prix \u00e0 un niveau \u00e9lev\u00e9, l\u2019Organisation des pays exportateurs de p\u00e9trole (OPEP) a d\u00e9cid\u00e9 de maintenir le cap et de se battre pour conserver ses parts de march\u00e9. Une grande partie de la nouvelle production am\u00e9ricaine avait alors \u00e9t\u00e9 mise sur le march\u00e9 tr\u00e8s rapidement en guise de solution.<\/p>\n<p><!-\/wp:paragraph --><\/p>\n<p><!-wp:paragraph --><\/p>\n<p>Le baril de <a href=\"https:\/\/www.oilsandsmagazine.com\/technical\/western-canadian-select-wcs\">Western Canadian Select<\/a> (WCS), l\u2019indice de r\u00e9f\u00e9rence du p\u00e9trole brut lourd au Canada, a perdu 80&nbsp;% de sa valeur en moins de deux ans. Cela a entra\u00een\u00e9 une r\u00e9cession en Alberta et un d\u00e9ficit provincial colossal. L\u2019industrie en a tir\u00e9 une le\u00e7on importante sur la volatilit\u00e9 des march\u00e9s p\u00e9troliers, m\u00eame si on ne peut pas en dire autant des gouvernements albertains qui se sont succ\u00e9d\u00e9 par la suite.<\/p>\n<p><!-\/wp:paragraph --><\/p>\n<p><!-wp:paragraph --><\/p>\n<p>Depuis, les producteurs de sables bitumineux se prot\u00e8gent contre de futurs effondrements des prix en r\u00e9duisant leurs co\u00fbts (licenciements, automatisation de proc\u00e9d\u00e9s, fusions d\u2019entreprises pour r\u00e9aliser des \u00e9conomies d\u2019\u00e9chelle). Le nombre d\u2019emplois dans le secteur p\u00e9trolier et gazier pour chaque millier de barils produits par jour est pass\u00e9 de 38 en 2012 \u00e0 22 en 2023. Cela repr\u00e9sente une baisse de 42&nbsp;%, alors m\u00eame que la production a augment\u00e9 de 47&nbsp;% au cours de la m\u00eame p\u00e9riode.<\/p>\n<p><!-\/wp:paragraph --><\/p>\n<p><!-wp:paragraph --><\/p>\n<p>La crise de 2014 a boulevers\u00e9 la mani\u00e8re dont les producteurs de sables bitumineux g\u00e8rent le risque de leurs investissements en capital. Elles ont brusquement cess\u00e9 d\u2019investir dans de nouveaux m\u00e9gaprojets destin\u00e9s \u00e0 accro\u00eetre la production p\u00e9troli\u00e8re, au d\u00e9triment de la cr\u00e9ation de nombreux emplois dans les secteurs de la construction et de l\u2019ing\u00e9nierie. Bien que des installations enti\u00e8rement nouvelles, appel\u00e9es projets <em>greenfield<\/em>, aient re\u00e7u l\u2019autorisation r\u00e9glementaire, aucun projet n\u2019a vu le jour depuis des ann\u00e9es. L\u2019Alberta Energy Regulator <a href=\"https:\/\/www.aer.ca\/data-and-performance-reports\/statistical-reports\/alberta-energy-outlook-st98\/prices-and-capital-expenditure\/capital-expenditures\">pr\u00e9voit<\/a> que, de 2025 \u00e0 2030, les investissements dans les sables bitumineux repr\u00e9senteront environ 45&nbsp;% du sommet atteint en 2014.<\/p>\n<p><!-\/wp:paragraph --><\/p>\n<p><!-wp:heading --><\/p>\n<h2 class=\"wp-block-heading\">Un sommet de la demande mondiale en 2030?<\/h2>\n<p><!-\/wp:heading --><\/p>\n<p><!-wp:paragraph --><\/p>\n<p>Au-del\u00e0 des grands titres sur les bouleversements g\u00e9opolitiques, des tendances de fond se dessinent dans la consommation mondiale d\u2019\u00e9nergie. Celles-ci devraient nourrir la r\u00e9flexion des investisseurs du secteur p\u00e9trolier en Alberta, notamment quant \u00e0 l\u2019opportunit\u00e9 de s\u2019engager dans un projet de nouvel ol\u00e9oduc vers la c\u00f4te ouest.<\/p>\n<p><!-\/wp:paragraph --><\/p>\n<p><!-wp:paragraph --><\/p>\n<p>Les projections publi\u00e9es en 2025 par deux grandes multinationales, BP et Shell, examinent l\u2019\u00e9volution pr\u00e9vue du march\u00e9 mondial de l\u2019\u00e9nergie.<\/p>\n<p><!-\/wp:paragraph --><\/p>\n<p><!-wp:paragraph --><\/p>\n<p>Le mod\u00e8le de BP estime que, malgr\u00e9 la forte demande chinoise des dix derni\u00e8res ann\u00e9es, la croissance mondiale de la consommation de p\u00e9trole atteindra un sommet de 103,4&nbsp;millions de barils par jour en 2030. La consommation sera l\u00e9g\u00e8rement inf\u00e9rieure d\u2019ici 2035, puis diminuera consid\u00e9rablement pour passer sous la barre des 85&nbsp;millions de barils par jour en 2050.<\/p>\n<p><!-\/wp:paragraph --><\/p>\n<p><!-wp:paragraph --><\/p>\n<p>Shell a publi\u00e9 trois sc\u00e9narios diff\u00e9rents : l\u2019un est ax\u00e9 sur la r\u00e9duction des \u00e9missions de carbone. Un autre privil\u00e9gie l\u2019isolationnisme et les pr\u00e9occupations li\u00e9es \u00e0 la s\u00e9curit\u00e9 \u00e9nerg\u00e9tique. Le troisi\u00e8me met en jeu l\u2019intelligence artificielle (IA) et l\u2019informatique quantique, qui entra\u00eenent des besoins extr\u00eames en production d\u2019\u00e9lectricit\u00e9. Dans les trois cas, les v\u00e9hicules \u00e9lectriques (VE) constituent la principale raison pour laquelle la demande mondiale de p\u00e9trole atteint un pic au cours des prochaines ann\u00e9es, tandis qu\u2019une offre croissante de carburants \u00e0 faibles \u00e9missions de carbone contribue au d\u00e9clin qui s\u2019ensuit.<\/p>\n<p><!-\/wp:paragraph --><\/p>\n<p><!-wp:paragraph --><\/p>\n<p>Selon les estimations de l\u2019<a href=\"https:\/\/www.unccd.int\/resources\/knowledge-sharing-system\/economist-intelligence-unit-eiu\">Economist Intelligence Unit<\/a>, les ventes de v\u00e9hicules \u00e9lectriques en Chine devraient atteindre 13,8&nbsp;millions d\u2019unit\u00e9s en 2025, soit plus de 37\u2009000&nbsp;v\u00e9hicules par jour. Selon BP et Shell, cela entra\u00eene un d\u00e9ficit permanent et croissant de la demande mondiale de p\u00e9trole, notamment en raison des exportations importantes de voitures \u00e9lectriques par la Chine.<\/p>\n<p><!-\/wp:paragraph --><\/p>\n<p><!-wp:heading --><\/p>\n<h2 class=\"wp-block-heading\">Pression \u00e0 la baisse sur les prix <\/h2>\n<p><!-\/wp:heading --><\/p>\n<p><!-wp:paragraph --><\/p>\n<p>Peu importe les soubresauts \u00e0 court terme, on peut s\u2019attendre \u00e0 une pression \u00e0 la baisse sur le prix du p\u00e9trole. Au d\u00e9but du mois, le gouvernement chinois a publi\u00e9 son dernier plan <a href=\"https:\/\/www.lapresse.ca\/international\/asie-et-oceanie\/2025-10-26\/15e-plan-quinquennal\/la-chine-voit-son-avenir-dans-les-hautes-technologies.php\">quinquennal.<\/a> Il pr\u00e9voit l\u2019atteinte d\u2019un sommet de consommation de p\u00e9trole entre 2026 et 2030 suivie d\u2019une r\u00e9duction de la d\u00e9pendance de la Chine au p\u00e9trole gr\u00e2ce au recours accru aux \u00e9nergies vertes.<\/p>\n<p><!-\/wp:paragraph --><\/p>\n<p><!-wp:paragraph --><\/p>\n<p>La strat\u00e9gie de la Chine repose sur des consid\u00e9rations \u00e9conomiques et g\u00e9opolitiques. Pour assurer les d\u00e9placements de la population (1,4&nbsp;milliard de personnes), le gouvernement chinois mise sur les v\u00e9hicules \u00e9lectriques, \u00e0 majorit\u00e9 aliment\u00e9e par l\u2019\u00e9nergie \u00e9olienne et solaire produite localement, et ce, \u00e0 faible co\u00fbt.<\/p>\n<p><!-\/wp:paragraph --><\/p>\n<p><!-wp:paragraph --><\/p>\n<p>La Chine n\u2019est pas la seule \u00e0 vouloir r\u00e9duire sa d\u00e9pendance vis-\u00e0-vis des march\u00e9s \u00e9nerg\u00e9tiques mondiaux. Les gouvernements europ\u00e9ens se sont empress\u00e9s de trouver d\u2019autres sources d\u2019approvisionnement en gaz naturel apr\u00e8s l\u2019invasion de l\u2019Ukraine par la Russie. Quatre ans plus tard, l\u2019Europe a m\u00eame fait le choix de miser davantage sur une transition durable vers les \u00e9nergies renouvelables plut\u00f4t que de voir celles-ci comme une solution temporaire.<\/p>\n<p><!-\/wp:paragraph --><\/p>\n<p><!-wp:paragraph --><\/p>\n<p>Dans un contexte marqu\u00e9 par l\u2019impr\u00e9visibilit\u00e9 de la politique commerciale am\u00e9ricaine et les risques de perturbations des cha\u00eenes d\u2019approvisionnement, les \u00e9nergies \u00e9olienne et solaire produites localement repr\u00e9sentent des options int\u00e9ressantes, en particulier avec un parc de v\u00e9hicules \u00e9lectrifi\u00e9s. Il s\u2019agit d\u2019une alternative qui a <a href=\"https:\/\/ember-energy.org\/latest-insights\/wind-and-solar-growth-save-e12-billion-since-russia-invaded-ukraine\/\">fait ses preuves<\/a> et qui s\u2019av\u00e8re peu co\u00fbteuse pour les d\u00e9cideurs politiques pr\u00e9occup\u00e9s par la flamb\u00e9e des prix du p\u00e9trole. Le conflit au Moyen-Orient a donc eu pour cons\u00e9quence de mettre en lumi\u00e8re l\u2019urgence de r\u00e9duire la d\u00e9pendance vis-\u00e0-vis des march\u00e9s mondiaux du p\u00e9trole et du gaz en d\u00e9veloppant une production d\u2019\u00e9lectricit\u00e9 propre et \u00e0 faible co\u00fbt.<\/p>\n<p><!-\/wp:paragraph --><\/p>\n<p><!-wp:paragraph --><\/p>\n<p>Le monde ne va pas cesser de consommer du p\u00e9trole de sit\u00f4t, mais la viabilit\u00e9 \u00e9conomique des projets d\u2019exploitation des sables bitumineux, dont la valeur se chiffre en milliards de dollars et qui s\u2019\u00e9tendent sur plusieurs d\u00e9cennies, s\u2019\u00e9rode rapidement. C\u2019est pour cette raison que le premier ministre Mark Carney doit tenir sa promesse maintes fois r\u00e9it\u00e9r\u00e9e&nbsp;: aucun argent des contribuables ne sera consacr\u00e9 \u00e0 la construction d\u2019un nouvel ol\u00e9oduc. On ne devrait pas demander aux Canadiens de prendre en charge un investissement risqu\u00e9 que le secteur priv\u00e9 refuse d\u2019assumer.<\/p>\n<p><!-\/wp:paragraph --><\/p>\n<p><!-wp:paragraph --><\/p>\n<p>Les politiciens et les lobbyistes ne manqueront jamais une occasion de pr\u00e9senter l\u2019actualit\u00e9 du jour comme un argument de plus pour faire avancer leur cause, qu\u2019il s\u2019agisse du conflit au Moyen-Orient ou de l\u2019intervention am\u00e9ricaine au Venezuela. En revanche, les Canadiens devraient consid\u00e9rer la situation dans son ensemble. \u00c0 long terme, l\u2019industrie des sables bitumineux canadiens d\u00e9pend davantage des tendances de la demande mondiale que des perturbations \u00e0 court terme de l\u2019offre. L\u2019industrie p\u00e9troli\u00e8re semble d\u00e9j\u00e0 en avoir pris conscience. Les d\u00e9cideurs devraient, eux aussi, en tenir compte.<\/p>\n<p><!-\/wp:paragraph --><\/p>\n<p><!-wp:paragraph --><\/p>\n<p><!-\/wp:paragraph --><\/p>\n","protected":false},"excerpt":{"rendered":"<p>(English version available here.) La guerre au Moyen-Orient, d\u00e9clench\u00e9e par une attaque contre l\u2019Iran men\u00e9e par les \u00c9tats-Unis et Isra\u00ebl, a relanc\u00e9 les d\u00e9bats au Canada sur les exportations de p\u00e9trole, les r\u00e9serves strat\u00e9giques mondiales et les impacts potentiels sur notre secteur \u00e9nerg\u00e9tique. Le co\u00fbt humain devrait toujours \u00eatre la premi\u00e8re consid\u00e9ration en temps de [&hellip;]<\/p>\n","protected":false},"featured_media":303898,"template":"","meta":{"_acf_changed":false,"content-type":"","ep_exclude_from_search":false,"apple_news_api_created_at":"2026-04-09T19:47:32Z","apple_news_api_id":"d5d39dd7-5461-4d3a-a0ab-a60f6557b2e5","apple_news_api_modified_at":"2026-04-09T21:16:44Z","apple_news_api_revision":"AAAAAAAAAAAAAAAAAAAAAw==","apple_news_api_share_url":"https:\/\/apple.news\/A1dOd11RhTTqgq6YPZVey5Q","apple_news_cover_media_provider":"image","apple_news_coverimage":0,"apple_news_coverimage_caption":"","apple_news_cover_video_id":0,"apple_news_cover_video_url":"","apple_news_cover_embedwebvideo_url":"","apple_news_is_hidden":"","apple_news_is_paid":"","apple_news_is_preview":"","apple_news_is_sponsored":"","apple_news_maturity_rating":"","apple_news_metadata":"\"\"","apple_news_pullquote":"","apple_news_pullquote_position":"","apple_news_slug":"","apple_news_sections":[],"apple_news_suppress_video_url":false,"apple_news_use_image_component":false},"categories":[],"tags":[],"article-status":[9449],"irpp-category":[4327,4404],"section":[],"irpp-tag":[7183,7116,7095],"class_list":["post-304060","issues","type-issues","status-publish","has-post-thumbnail","hentry","irpp-category-energie","irpp-category-politique-industrielle","irpp-tag-commerce","irpp-tag-energie-fossile","irpp-tag-energie-propre"],"acf":[],"apple_news_notices":[],"yoast_head":"<!-- This site is optimized with the Yoast SEO plugin v27.4 - https:\/\/yoast.com\/product\/yoast-seo-wordpress\/ -->\n<title>Guerre dans le Golfe : un catalyseur du d\u00e9clin du p\u00e9trole<\/title>\n<meta name=\"description\" content=\"Les hausses des prix du p\u00e9trole sont temporaires. Les tendances \u00e0 long terme indiquent une baisse de la demande et des risques croissants.\" \/>\n<meta name=\"robots\" content=\"index, follow, max-snippet:-1, max-image-preview:large, max-video-preview:-1\" \/>\n<link rel=\"canonical\" href=\"https:\/\/policyoptions.irpp.org\/fr\/2026\/03\/guerre-prix-petrole\/\" \/>\n<meta property=\"og:locale\" content=\"fr_FR\" \/>\n<meta property=\"og:type\" content=\"article\" \/>\n<meta property=\"og:title\" content=\"Guerre dans le Golfe : un catalyseur du d\u00e9clin du p\u00e9trole\" \/>\n<meta property=\"og:description\" content=\"Les hausses des prix du p\u00e9trole sont temporaires. Les tendances \u00e0 long terme indiquent une baisse de la demande et des risques croissants.\" \/>\n<meta property=\"og:url\" content=\"https:\/\/policyoptions.irpp.org\/fr\/2026\/03\/guerre-prix-petrole\/\" \/>\n<meta property=\"og:site_name\" content=\"Policy Options\" \/>\n<meta property=\"article:publisher\" content=\"https:\/\/www.facebook.com\/IRPP.org\" \/>\n<meta property=\"article:modified_time\" content=\"2026-04-09T21:16:41+00:00\" \/>\n<meta property=\"og:image\" content=\"https:\/\/policyoptions.irpp.org\/wp-content\/uploads\/2023\/07\/oil-fire.jpg\" \/>\n\t<meta property=\"og:image:width\" content=\"1920\" \/>\n\t<meta property=\"og:image:height\" content=\"1280\" \/>\n\t<meta property=\"og:image:type\" content=\"image\/jpeg\" \/>\n<meta name=\"twitter:card\" content=\"summary_large_image\" \/>\n<meta name=\"twitter:site\" content=\"@irpp\" \/>\n<meta name=\"twitter:label1\" content=\"Est. reading time\" \/>\n\t<meta name=\"twitter:data1\" content=\"7 minutes\" \/>\n<script type=\"application\/ld+json\" class=\"yoast-schema-graph\">{\"@context\":\"https:\\\/\\\/schema.org\",\"@graph\":[{\"@type\":\"WebPage\",\"@id\":\"https:\\\/\\\/policyoptions.irpp.org\\\/fr\\\/2026\\\/03\\\/guerre-prix-petrole\\\/\",\"url\":\"https:\\\/\\\/policyoptions.irpp.org\\\/fr\\\/2026\\\/03\\\/guerre-prix-petrole\\\/\",\"name\":\"Guerre dans le Golfe : un catalyseur du d\u00e9clin du p\u00e9trole\",\"isPartOf\":{\"@id\":\"https:\\\/\\\/policyoptions.irpp.org\\\/fr\\\/#website\"},\"primaryImageOfPage\":{\"@id\":\"https:\\\/\\\/policyoptions.irpp.org\\\/fr\\\/2026\\\/03\\\/guerre-prix-petrole\\\/#primaryimage\"},\"image\":{\"@id\":\"https:\\\/\\\/policyoptions.irpp.org\\\/fr\\\/2026\\\/03\\\/guerre-prix-petrole\\\/#primaryimage\"},\"thumbnailUrl\":\"https:\\\/\\\/policyoptions.irpp.org\\\/wp-content\\\/uploads\\\/2023\\\/07\\\/oil-fire.jpg\",\"datePublished\":\"2026-04-09T20:30:00+00:00\",\"dateModified\":\"2026-04-09T21:16:41+00:00\",\"description\":\"Les hausses des prix du p\u00e9trole sont temporaires. Les tendances \u00e0 long terme indiquent une baisse de la demande et des risques croissants.\",\"breadcrumb\":{\"@id\":\"https:\\\/\\\/policyoptions.irpp.org\\\/fr\\\/2026\\\/03\\\/guerre-prix-petrole\\\/#breadcrumb\"},\"inLanguage\":\"fr-FR\",\"potentialAction\":[{\"@type\":\"ReadAction\",\"target\":[\"https:\\\/\\\/policyoptions.irpp.org\\\/fr\\\/2026\\\/03\\\/guerre-prix-petrole\\\/\"]}]},{\"@type\":\"ImageObject\",\"inLanguage\":\"fr-FR\",\"@id\":\"https:\\\/\\\/policyoptions.irpp.org\\\/fr\\\/2026\\\/03\\\/guerre-prix-petrole\\\/#primaryimage\",\"url\":\"https:\\\/\\\/policyoptions.irpp.org\\\/wp-content\\\/uploads\\\/2023\\\/07\\\/oil-fire.jpg\",\"contentUrl\":\"https:\\\/\\\/policyoptions.irpp.org\\\/wp-content\\\/uploads\\\/2023\\\/07\\\/oil-fire.jpg\",\"width\":1920,\"height\":1280,\"caption\":\"Des panaches de fum\u00e9e et de feu s\u2019\u00e9l\u00e8vent apr\u00e8s que des d\u00e9bris d\u2019un drone iranien intercept\u00e9 aient frapp\u00e9 une installation p\u00e9troli\u00e8re, selon les autorit\u00e9s, \u00e0 Fuja\u00efrah, aux \u00c9mirats arabes unis, le samedi 14 mars 2026. Photo AP\\\/Altaf Qadri\"},{\"@type\":\"BreadcrumbList\",\"@id\":\"https:\\\/\\\/policyoptions.irpp.org\\\/fr\\\/2026\\\/03\\\/guerre-prix-petrole\\\/#breadcrumb\",\"itemListElement\":[{\"@type\":\"ListItem\",\"position\":1,\"name\":\"Home\",\"item\":\"https:\\\/\\\/policyoptions.irpp.org\\\/fr\\\/\"},{\"@type\":\"ListItem\",\"position\":2,\"name\":\"La guerre dans le Golfe ne fera qu\u2019acc\u00e9l\u00e9rer le d\u00e9clin du p\u00e9trole\"}]},{\"@type\":\"WebSite\",\"@id\":\"https:\\\/\\\/policyoptions.irpp.org\\\/fr\\\/#website\",\"url\":\"https:\\\/\\\/policyoptions.irpp.org\\\/fr\\\/\",\"name\":\"Policy Options\",\"description\":\"Institute for Research on Public Policy\",\"potentialAction\":[{\"@type\":\"SearchAction\",\"target\":{\"@type\":\"EntryPoint\",\"urlTemplate\":\"https:\\\/\\\/policyoptions.irpp.org\\\/fr\\\/?s={search_term_string}\"},\"query-input\":{\"@type\":\"PropertyValueSpecification\",\"valueRequired\":true,\"valueName\":\"search_term_string\"}}],\"inLanguage\":\"fr-FR\"}]}<\/script>\n<!-- \/ Yoast SEO plugin. -->","yoast_head_json":{"title":"Guerre dans le Golfe : un catalyseur du d\u00e9clin du p\u00e9trole","description":"Les hausses des prix du p\u00e9trole sont temporaires. Les tendances \u00e0 long terme indiquent une baisse de la demande et des risques croissants.","robots":{"index":"index","follow":"follow","max-snippet":"max-snippet:-1","max-image-preview":"max-image-preview:large","max-video-preview":"max-video-preview:-1"},"canonical":"https:\/\/policyoptions.irpp.org\/fr\/2026\/03\/guerre-prix-petrole\/","og_locale":"fr_FR","og_type":"article","og_title":"Guerre dans le Golfe : un catalyseur du d\u00e9clin du p\u00e9trole","og_description":"Les hausses des prix du p\u00e9trole sont temporaires. Les tendances \u00e0 long terme indiquent une baisse de la demande et des risques croissants.","og_url":"https:\/\/policyoptions.irpp.org\/fr\/2026\/03\/guerre-prix-petrole\/","og_site_name":"Policy Options","article_publisher":"https:\/\/www.facebook.com\/IRPP.org","article_modified_time":"2026-04-09T21:16:41+00:00","og_image":[{"width":1920,"height":1280,"url":"https:\/\/policyoptions.irpp.org\/wp-content\/uploads\/2023\/07\/oil-fire.jpg","type":"image\/jpeg"}],"twitter_card":"summary_large_image","twitter_site":"@irpp","twitter_misc":{"Est. reading time":"7 minutes"},"schema":{"@context":"https:\/\/schema.org","@graph":[{"@type":"WebPage","@id":"https:\/\/policyoptions.irpp.org\/fr\/2026\/03\/guerre-prix-petrole\/","url":"https:\/\/policyoptions.irpp.org\/fr\/2026\/03\/guerre-prix-petrole\/","name":"Guerre dans le Golfe : un catalyseur du d\u00e9clin du p\u00e9trole","isPartOf":{"@id":"https:\/\/policyoptions.irpp.org\/fr\/#website"},"primaryImageOfPage":{"@id":"https:\/\/policyoptions.irpp.org\/fr\/2026\/03\/guerre-prix-petrole\/#primaryimage"},"image":{"@id":"https:\/\/policyoptions.irpp.org\/fr\/2026\/03\/guerre-prix-petrole\/#primaryimage"},"thumbnailUrl":"https:\/\/policyoptions.irpp.org\/wp-content\/uploads\/2023\/07\/oil-fire.jpg","datePublished":"2026-04-09T20:30:00+00:00","dateModified":"2026-04-09T21:16:41+00:00","description":"Les hausses des prix du p\u00e9trole sont temporaires. Les tendances \u00e0 long terme indiquent une baisse de la demande et des risques croissants.","breadcrumb":{"@id":"https:\/\/policyoptions.irpp.org\/fr\/2026\/03\/guerre-prix-petrole\/#breadcrumb"},"inLanguage":"fr-FR","potentialAction":[{"@type":"ReadAction","target":["https:\/\/policyoptions.irpp.org\/fr\/2026\/03\/guerre-prix-petrole\/"]}]},{"@type":"ImageObject","inLanguage":"fr-FR","@id":"https:\/\/policyoptions.irpp.org\/fr\/2026\/03\/guerre-prix-petrole\/#primaryimage","url":"https:\/\/policyoptions.irpp.org\/wp-content\/uploads\/2023\/07\/oil-fire.jpg","contentUrl":"https:\/\/policyoptions.irpp.org\/wp-content\/uploads\/2023\/07\/oil-fire.jpg","width":1920,"height":1280,"caption":"Des panaches de fum\u00e9e et de feu s\u2019\u00e9l\u00e8vent apr\u00e8s que des d\u00e9bris d\u2019un drone iranien intercept\u00e9 aient frapp\u00e9 une installation p\u00e9troli\u00e8re, selon les autorit\u00e9s, \u00e0 Fuja\u00efrah, aux \u00c9mirats arabes unis, le samedi 14 mars 2026. Photo AP\/Altaf Qadri"},{"@type":"BreadcrumbList","@id":"https:\/\/policyoptions.irpp.org\/fr\/2026\/03\/guerre-prix-petrole\/#breadcrumb","itemListElement":[{"@type":"ListItem","position":1,"name":"Home","item":"https:\/\/policyoptions.irpp.org\/fr\/"},{"@type":"ListItem","position":2,"name":"La guerre dans le Golfe ne fera qu\u2019acc\u00e9l\u00e9rer le d\u00e9clin du p\u00e9trole"}]},{"@type":"WebSite","@id":"https:\/\/policyoptions.irpp.org\/fr\/#website","url":"https:\/\/policyoptions.irpp.org\/fr\/","name":"Policy Options","description":"Institute for Research on Public Policy","potentialAction":[{"@type":"SearchAction","target":{"@type":"EntryPoint","urlTemplate":"https:\/\/policyoptions.irpp.org\/fr\/?s={search_term_string}"},"query-input":{"@type":"PropertyValueSpecification","valueRequired":true,"valueName":"search_term_string"}}],"inLanguage":"fr-FR"}]}},"_links":{"self":[{"href":"https:\/\/policyoptions.irpp.org\/fr\/wp-json\/wp\/v2\/issues\/304060","targetHints":{"allow":["GET"]}}],"collection":[{"href":"https:\/\/policyoptions.irpp.org\/fr\/wp-json\/wp\/v2\/issues"}],"about":[{"href":"https:\/\/policyoptions.irpp.org\/fr\/wp-json\/wp\/v2\/types\/issues"}],"wp:featuredmedia":[{"embeddable":true,"href":"https:\/\/policyoptions.irpp.org\/fr\/wp-json\/wp\/v2\/media\/303898"}],"wp:attachment":[{"href":"https:\/\/policyoptions.irpp.org\/fr\/wp-json\/wp\/v2\/media?parent=304060"}],"wp:term":[{"taxonomy":"category","embeddable":true,"href":"https:\/\/policyoptions.irpp.org\/fr\/wp-json\/wp\/v2\/categories?post=304060"},{"taxonomy":"post_tag","embeddable":true,"href":"https:\/\/policyoptions.irpp.org\/fr\/wp-json\/wp\/v2\/tags?post=304060"},{"taxonomy":"article-status","embeddable":true,"href":"https:\/\/policyoptions.irpp.org\/fr\/wp-json\/wp\/v2\/article-status?post=304060"},{"taxonomy":"irpp-category","embeddable":true,"href":"https:\/\/policyoptions.irpp.org\/fr\/wp-json\/wp\/v2\/irpp-category?post=304060"},{"taxonomy":"section","embeddable":true,"href":"https:\/\/policyoptions.irpp.org\/fr\/wp-json\/wp\/v2\/section?post=304060"},{"taxonomy":"irpp-tag","embeddable":true,"href":"https:\/\/policyoptions.irpp.org\/fr\/wp-json\/wp\/v2\/irpp-tag?post=304060"}],"curies":[{"name":"wp","href":"https:\/\/api.w.org\/{rel}","templated":true}]}}