{"id":302116,"date":"2025-11-17T09:08:55","date_gmt":"2025-11-17T14:08:55","guid":{"rendered":"https:\/\/policyoptions.irpp.org\/?post_type=issues&#038;p=302116"},"modified":"2025-11-17T09:15:37","modified_gmt":"2025-11-17T14:15:37","slug":"changement-chef","status":"publish","type":"issues","link":"https:\/\/policyoptions.irpp.org\/fr\/2025\/11\/leader-swap\/","title":{"rendered":"Changer de chef peut-il influencer le vote\u2009?"},"content":{"rendered":"<p><!-wp:paragraph {\"align\":\"right\"} --><\/p>\n<p class=\"has-text-align-right\">(English version <a href=\"https:\/\/policyoptions.irpp.org\/2025\/11\/leader-swap\/\">available here<\/a>)<\/p>\n<p><!-\/wp:paragraph --><\/p>\n<p><!-wp:paragraph --><\/p>\n<p>Le r\u00e9sultat des \u00e9lections f\u00e9d\u00e9rales d\u2019avril a \u00e9t\u00e9 radicalement diff\u00e9rent de ce que beaucoup avaient pr\u00e9dit quelques mois plus t\u00f4t. Ce qui devait \u00eatre un couronnement pour le chef conservateur Pierre Poilievre s\u2019est finalement transform\u00e9 en une course serr\u00e9e et \u00e2prement disput\u00e9e, qui a conduit \u00e0 la formation d\u2019un nouveau gouvernement lib\u00e9ral minoritaire.<\/p>\n<p><!-\/wp:paragraph --><\/p>\n<p><!-wp:paragraph --><\/p>\n<p>Une diff\u00e9rence fondamentale s\u00e9parait les deux partis. Les lib\u00e9raux avaient un nouveau chef, Mark Carney, qui avait remport\u00e9 une victoire \u00e9crasante lors de la course \u00e0 la direction apr\u00e8s que son pr\u00e9d\u00e9cesseur, Justin Trudeau, profond\u00e9ment impopulaire, ait annonc\u00e9 en janvier sa d\u00e9mission.<\/p>\n<p><!-\/wp:paragraph --><\/p>\n<p><!-wp:paragraph --><\/p>\n<p>Carney semblait changer la donne. Combin\u00e9 \u00e0 un environnement international en rapide \u00e9volution, notamment \u00e0 cause des actions du pr\u00e9sident Trump, son leadership a s\u00e9duit suffisamment de Canadiens pour permettre aux lib\u00e9raux de remporter encore plus de si\u00e8ges en avril qu\u2019ils n\u2019en d\u00e9tenaient avant la dissolution du Parlement.<\/p>\n<p><!-\/wp:paragraph --><\/p>\n<p><!-wp:paragraph --><\/p>\n<p>L\u2019id\u00e9e que les dirigeants jouent un r\u00f4le dans le succ\u00e8s ou l\u2019\u00e9chec de leur parti n\u2019est pas nouvelle. Des mod\u00e8les <a href=\"https:\/\/press.uchicago.edu\/ucp\/books\/book\/chicago\/A\/bo24047989.html\">classiques<\/a> aux approches <a href=\"https:\/\/utppublishing.com\/doi\/book\/10.3138\/9781442603899\">plus contemporains<\/a> du comportement \u00e9lectoral, les dirigeants, tout comme l\u2019identification au parti et les pr\u00e9f\u00e9rences en mati\u00e8re de politique, restent parmi les facteurs les plus d\u00e9terminants pour pr\u00e9dire le vote.<\/p>\n<p><!-\/wp:paragraph --><\/p>\n<p><!-wp:paragraph --><\/p>\n<p>D\u2019importantes recherches ont \u00e9t\u00e9 men\u00e9es pour d\u00e9terminer quel aspect du leadership influence le plus les pr\u00e9f\u00e9rences des \u00e9lecteurs&nbsp;: <a href=\"https:\/\/academic.oup.com\/book\/26024\">la comp\u00e9tence ou la personnalit\u00e9<\/a>. D\u2019autres travaux ont examin\u00e9 comment l\u2019influence des dirigeants peut s\u2019accro\u00eetre avec le temps \u2014 <a href=\"https:\/\/www.sciencedirect.com\/science\/article\/abs\/pii\/S0261379417301865\">la th\u00e8se de la pr\u00e9sidentialisation<\/a>.<\/p>\n<p><!-\/wp:paragraph --><\/p>\n<p><!-wp:paragraph --><\/p>\n<p>Cependant, m\u00eame si les dirigeants exercent souvent une influence d\u00e9cisive sur le choix \u00e9lectoral, leur impact r\u00e9el sur le r\u00e9sultat d\u2019une \u00e9lection peut \u00eatre limit\u00e9. Parfois, comme dans le cas de Carney, un changement de dirigeant b\u00e9n\u00e9ficie r\u00e9ellement au parti. Parfois, c\u2019est le contraire qui se produit. C\u2019est arriv\u00e9 \u00e0 John Turner apr\u00e8s Pierre Trudeau en 1984, ainsi qu\u2019\u00e0 Kim Campbell apr\u00e8s Brian Mulroney en 1993.<\/p>\n<p><!-\/wp:paragraph --><\/p>\n<p><!-wp:paragraph --><\/p>\n<p>Cela soul\u00e8ve une question&nbsp;: les dirigeants peuvent-ils vraiment influencer le vote autant qu\u2019il y para\u00eet\u202f? Ou y a-t-il un \u00e9cart entre perception et r\u00e9alit\u00e9\u202f?<\/p>\n<p><!-\/wp:paragraph --><\/p>\n<p><!-wp:paragraph --><\/p>\n<p>Nous soutenons que l\u2019impact des dirigeants sur la part des voix que recueille un parti tient principalement \u00e0 la mani\u00e8re dont ils influencent l\u2019image de marque du parti. Partant du principe que l\u2019image de marque est cruciale pour attirer et fid\u00e9liser les partisans, nous affirmons que les dirigeants fa\u00e7onnent la perception qu\u2019ont les \u00e9lecteurs des partis eux-m\u00eames.<\/p>\n<p><!-\/wp:paragraph --><\/p>\n<p><!-wp:paragraph --><\/p>\n<p>Dans le cas de Carney, le programme pr\u00e9sent\u00e9 par les lib\u00e9raux en 2025 diff\u00e9rait grandement de celui que Justin Trudeau avait propos\u00e9 lors de sa premi\u00e8re \u00e9lection en 2015. Les \u00ab\u202fm\u00e9thodes optimistes\u202f\u00bb avaient laiss\u00e9 place \u00e0 l\u2019image d\u2019un Carney per\u00e7u comme un gestionnaire prudent.<\/p>\n<p><!-\/wp:paragraph --><\/p>\n<p><!-wp:paragraph --><\/p>\n<p>Nous formulons l\u2019hypoth\u00e8se que c\u2019est au moins en partie par cet impact sur l\u2019image de marque que les dirigeants influencent les choix \u00e9lectoraux. Pour la tester, nous avons utilis\u00e9 les donn\u00e9es du Bilan de la d\u00e9mocratie men\u00e9 par le Consortium de la d\u00e9mocratie \u00e9lectorale du 21&nbsp;mai au 12&nbsp;juin 2024.<\/p>\n<p><!-\/wp:paragraph --><\/p>\n<p><!-wp:paragraph --><\/p>\n<p>Nous avons pos\u00e9 des questions hypoth\u00e9tiques \u00e0 plus de 1000&nbsp;r\u00e9pondants&nbsp;: comment \u00e9valueraient-ils les partis politiques (lib\u00e9ral, conservateur, NPD) sur une \u00e9chelle de 0 \u00e0 100 si ceux-ci avaient un dirigeant diff\u00e9rent\u202f?<\/p>\n<p><!-\/wp:paragraph --><\/p>\n<p><!-wp:paragraph --><\/p>\n<p>Pour le Parti conservateur, nous avons interrog\u00e9 les participants sur Leslyn Lewis et Jean Charest, qui s\u2019\u00e9taient tous deux pr\u00e9sent\u00e9s \u00e0 la course \u00e0 la direction contre Poilievre en 2022. Pour le NPD, nous avons pos\u00e9 des questions sur Charlie Angus et Nikki Ashton, deux des d\u00e9put\u00e9s les plus en vue du parti. Pour les lib\u00e9raux, nous avons interrog\u00e9 sur Carney (en r\u00e9f\u00e9rence aux rumeurs de 2024 selon lesquelles il pourrait se pr\u00e9senter) et Chrystia Freeland, vice-premi\u00e8re ministre de 2019 \u00e0 2024.<\/p>\n<p><!-\/wp:paragraph --><\/p>\n<p><!-wp:paragraph --><\/p>\n<p>Nous nous concentrons ici sur les \u00e9lecteurs hors Qu\u00e9bec, car la force et le caract\u00e8re r\u00e9gional du Bloc Qu\u00e9b\u00e9cois (ainsi que les enjeux propres au Qu\u00e9bec qu\u2019il a tendance \u00e0 d\u00e9fendre) compliquent les comparaisons entre les choix offerts par les partis nationaux et leurs candidats \u00e0 travers les provinces.&nbsp;Nous pouvons ainsi comparer ces r\u00e9sultats aux cotes de popularit\u00e9 des partis avec leur chef r\u00e9el \u00e0 l\u2019\u00e9poque, pour estimer l\u2019effet qu\u2019un changement hypoth\u00e9tique de dirigeant aurait pu avoir, m\u00eame sans modification du programme des partis.<a id=\"_msocom_1\"><\/a><\/p>\n<p><!-\/wp:paragraph --><\/p>\n<div style=\"position: relative; width: 100%; height: 0px; padding: 66.64% 0px 0px; overflow: hidden; will-change: transform;\"><iframe loading=\"lazy\" src=\"https:\/\/e.infogram.com\/024e7405-3a62-4a76-91ef-42af37bc8bda?src=embed&amp;embed_type=responsive_iframe\" title=\"FR 2025-11 Stephenson figure 1\" allowfullscreen=\"\" allow=\"fullscreen\" style=\"position: absolute; width: 100%; height: 100%; top: 0px; left: 0px; border: none; padding: 0px; margin: 0px;\"><\/iframe><\/div>\n<p><!-wp:paragraph --><\/p>\n<p>Le graphique 1 montre que l\u2019effet d\u2019un changement de dirigeant serait consid\u00e9rable, entra\u00eenant dans de nombreux cas une variation importante de la cote de popularit\u00e9 globale d\u2019un parti. Cependant, l\u2019ampleur et la direction de l\u2019effet varient.<\/p>\n<p><!-\/wp:paragraph --><\/p>\n<p><!-wp:paragraph --><\/p>\n<p>Les partis conservateur et n\u00e9o-d\u00e9mocrate obtenaient leurs meilleures notes sous la direction de leurs chefs r\u00e9els \u00e0 l\u2019\u00e9poque. Les lib\u00e9raux, en revanche, obtenaient leurs pires r\u00e9sultats sous Trudeau et auraient vu leur cote augmenter de mani\u00e8re significative (+ 4,5&nbsp;points) si Carney avait \u00e9t\u00e9 \u00e0 leur t\u00eate \u00e0 ce moment-l\u00e0 (Carney n\u2019\u00e9tait alors pas encore un candidat s\u00e9rieux \u00e0 la direction).<\/p>\n<p><!-\/wp:paragraph --><\/p>\n<p><!-wp:paragraph --><\/p>\n<p>Ces r\u00e9sultats incluent tous les r\u00e9pondants, y compris les non-partisans.<\/p>\n<p><!-\/wp:paragraph --><\/p>\n<p><!-wp:paragraph --><\/p>\n<p>Pour que le r\u00e9sultat \u00e9lectoral change autant qu\u2019en 2025, un parti doit s\u00e9duire des \u00e9lecteurs au-del\u00e0 de sa base traditionnelle.<\/p>\n<p><!-\/wp:paragraph --><\/p>\n<p><!-wp:paragraph --><\/p>\n<p>Pour \u00e9valuer cela avec un changement hypoth\u00e9tique de chef, nous avons ventil\u00e9 les r\u00e9sultats selon l\u2019affiliation partisane des r\u00e9pondants, examinant l\u2019effet du changement sur les partisans du parti concern\u00e9, mais aussi sur ceux des autres partis et sur les non-partisans.<\/p>\n<p><!-\/wp:paragraph --><\/p>\n<div style=\"position: relative; width: 100%; height: 0px; padding: 66.12% 0px 0px; overflow: hidden; will-change: transform;\"><iframe loading=\"lazy\" src=\"https:\/\/e.infogram.com\/0fd2258b-eacc-4e6b-bdc6-264f3bd218b8?src=embed&amp;embed_type=responsive_iframe\" title=\"FR 2025-11 Stephenson figure 2\" allowfullscreen=\"\" allow=\"fullscreen\" style=\"position: absolute; width: 100%; height: 100%; top: 0px; left: 0px; border: none; padding: 0px; margin: 0px;\"><\/iframe><\/div>\n<p><!-wp:paragraph --><\/p>\n<p>Le graphique 2 montre que les partisans lib\u00e9raux pr\u00e9f\u00e9raient Trudeau \u00e0 Carney ou Freeland. Les conservateurs et les non-partisans, en revanche, pr\u00e9f\u00e9raient largement le parti dirig\u00e9 par Carney. Les partisans n\u00e9o-d\u00e9mocrates montraient une l\u00e9g\u00e8re pr\u00e9f\u00e9rence pour Freeland.<\/p>\n<p><!-\/wp:paragraph --><\/p>\n<p><!-wp:paragraph --><\/p>\n<p>Il est notable que les cotes des lib\u00e9raux doublent quasiment parmi les partisans conservateurs dans ce sc\u00e9nario hypoth\u00e9tique de 2024 avec Carney \u00e0 leur t\u00eate. Cela sugg\u00e8re qu\u2019un changement de Trudeau \u00e0 Carney aurait pu entra\u00eener une l\u00e9g\u00e8re perte aupr\u00e8s de la base lib\u00e9rale tout en augmentant l\u2019attrait du parti aupr\u00e8s d\u2019autres \u00e9lecteurs.<\/p>\n<p><!-\/wp:paragraph --><\/p>\n<div style=\"position: relative; width: 100%; height: 0px; padding: 66.12% 0px 0px; overflow: hidden; will-change: transform;\"><iframe loading=\"lazy\" src=\"https:\/\/e.infogram.com\/ec93abab-a862-4386-86b3-a9a62ab6fbef?src=embed&amp;embed_type=responsive_iframe\" title=\"FR 2025-11 Stephenson figure 3\" allowfullscreen=\"\" allow=\"fullscreen\" style=\"position: absolute; width: 100%; height: 100%; top: 0px; left: 0px; border: none; padding: 0px; margin: 0px;\"><\/iframe><\/div>\n<p><!-wp:paragraph --><\/p>\n<p>Le graphique 3 montre que le Parti conservateur serait mieux not\u00e9 par les lib\u00e9raux et les n\u00e9o-d\u00e9mocrates si Charest en \u00e9tait le chef, mais beaucoup moins par les conservateurs. Contrairement aux r\u00e9sultats lib\u00e9raux, aucun effet significatif n\u2019est observ\u00e9 chez les non-partisans. Les conservateurs pr\u00e9f\u00e9raient Poilievre.<\/p>\n<p><!-\/wp:paragraph --><\/p>\n<div style=\"position: relative; width: 100%; height: 0px; padding: 66.12% 0px 0px; overflow: hidden; will-change: transform;\"><iframe loading=\"lazy\" src=\"https:\/\/e.infogram.com\/108ee901-79b4-4f70-946b-25845dde24f0?src=embed&amp;embed_type=responsive_iframe\" title=\"FR 2025-11 Stephenson figure 4\" allowfullscreen=\"\" allow=\"fullscreen\" style=\"position: absolute; width: 100%; height: 100%; top: 0px; left: 0px; border: none; padding: 0px; margin: 0px;\"><\/iframe><\/div>\n<p><!-wp:paragraph --><\/p>\n<p>Le graphique 4 montre que les partisans du NPD attribuaient la note la plus \u00e9lev\u00e9e \u00e0 Singh. Lib\u00e9raux et non-partisans pr\u00e9f\u00e9raient \u00e9galement Singh, tandis que les conservateurs optaient l\u00e9g\u00e8rement pour Angus. L\u2019ampleur des diff\u00e9rences restait faible parmi les non-partisans.<\/p>\n<p><!-\/wp:paragraph --><\/p>\n<p><!-wp:paragraph --><\/p>\n<p>Ces r\u00e9sultats confirment que les dirigeants peuvent fortement influencer la perception d\u2019un parti, tant chez ses partisans que chez les \u00e9lecteurs d\u2019autres partis.<\/p>\n<p><!-\/wp:paragraph --><\/p>\n<p><!-wp:paragraph --><\/p>\n<p>Cela a une importance particuli\u00e8re dans une \u00e9lection serr\u00e9e comme celle de 2025&nbsp;: un parti capable de s\u00e9duire les partisans d\u2019autres partis dispose d\u2019un avantage consid\u00e9rable, malgr\u00e9 une \u00e9ventuelle baisse du soutien de sa propre base.<\/p>\n<p><!-\/wp:paragraph --><\/p>\n<p><!-wp:paragraph --><\/p>\n<p>Nos donn\u00e9es sugg\u00e8rent que, m\u00eame un an avant les \u00e9lections de 2025, il existait d\u00e9j\u00e0 des indices laissant penser que les lib\u00e9raux pourraient am\u00e9liorer leurs r\u00e9sultats aupr\u00e8s de certains partisans de l\u2019opposition et des non-partisans sous la direction de Carney.<\/p>\n<p><!-\/wp:paragraph --><\/p>\n<p><!-wp:paragraph --><\/p>\n<p>Bien qu\u2019un tel changement puisse r\u00e9duire le soutien de la base lib\u00e9rale, il serait largement compens\u00e9 par un gain significatif aupr\u00e8s d\u2019autres \u00e9lecteurs.<\/p>\n<p><!-\/wp:paragraph --><\/p>\n<p><!-wp:paragraph --><\/p>\n<p>Pour les conservateurs, un changement de chef aurait produit l\u2019effet inverse&nbsp;: gains mod\u00e9r\u00e9s aupr\u00e8s des partisans d\u2019autres partis et pertes importantes chez les conservateurs. Pour le NPD, un changement aurait surtout nui au parti parmi ses partisans, sans attirer de nouveaux \u00e9lecteurs.<\/p>\n<p><!-\/wp:paragraph --><\/p>\n<p><!-wp:paragraph --><\/p>\n<p>Si un tigre ne peut pas changer ses rayures, un parti politique peut, semble-t-il, gagner en flexibilit\u00e9 gr\u00e2ce \u00e0 un nouveau chef \u2014 du moins dans certaines circonstances.<\/p>\n<p><!-\/wp:paragraph --><\/p>\n","protected":false},"excerpt":{"rendered":"<p>(English version available here) Le r\u00e9sultat des \u00e9lections f\u00e9d\u00e9rales d\u2019avril a \u00e9t\u00e9 radicalement diff\u00e9rent de ce que beaucoup avaient pr\u00e9dit quelques mois plus t\u00f4t. Ce qui devait \u00eatre un couronnement pour le chef conservateur Pierre Poilievre s\u2019est finalement transform\u00e9 en une course serr\u00e9e et \u00e2prement disput\u00e9e, qui a conduit \u00e0 la formation d\u2019un nouveau gouvernement [&hellip;]<\/p>\n","protected":false},"featured_media":302055,"template":"","meta":{"_acf_changed":false,"content-type":"","ep_exclude_from_search":false,"apple_news_api_created_at":"","apple_news_api_id":"","apple_news_api_modified_at":"","apple_news_api_revision":"","apple_news_api_share_url":"","apple_news_cover_media_provider":"image","apple_news_coverimage":0,"apple_news_coverimage_caption":"","apple_news_cover_video_id":0,"apple_news_cover_video_url":"","apple_news_cover_embedwebvideo_url":"","apple_news_is_hidden":"","apple_news_is_paid":"","apple_news_is_preview":"","apple_news_is_sponsored":"","apple_news_maturity_rating":"","apple_news_metadata":"\"\"","apple_news_pullquote":"","apple_news_pullquote_position":"","apple_news_slug":"","apple_news_sections":[],"apple_news_suppress_video_url":false,"apple_news_use_image_component":false},"categories":[],"tags":[],"article-status":[9449],"irpp-category":[4250,4212,4295],"section":[],"irpp-tag":[7145,7098,7134],"class_list":["post-302116","issues","type-issues","status-publish","has-post-thumbnail","hentry","irpp-category-democratie","irpp-category-gouvernement","irpp-category-politique","irpp-tag-npd","irpp-tag-parti-conservateur-du-canada","irpp-tag-parti-liberal-du-canada"],"acf":[],"apple_news_notices":[],"yoast_head":"<!-- This site is optimized with the Yoast SEO plugin v27.4 - https:\/\/yoast.com\/product\/yoast-seo-wordpress\/ -->\n<title>Changer de chef peut-il influencer le vote?<\/title>\n<meta name=\"description\" content=\"Changer le chef peut redorer l\u2019image d\u2019un parti. Les derni\u00e8res \u00e9lections f\u00e9d\u00e9rales l&#039;ont bien montr\u00e9. Mais ce n&#039;est pas syst\u00e9matique.\" \/>\n<meta name=\"robots\" content=\"index, follow, max-snippet:-1, max-image-preview:large, max-video-preview:-1\" \/>\n<link rel=\"canonical\" href=\"https:\/\/policyoptions.irpp.org\/fr\/2025\/11\/leader-swap\/\" \/>\n<meta property=\"og:locale\" content=\"fr_FR\" \/>\n<meta property=\"og:type\" content=\"article\" \/>\n<meta property=\"og:title\" content=\"Changer de chef peut-il influencer le vote?\" \/>\n<meta property=\"og:description\" content=\"Changer le chef peut redorer l\u2019image d\u2019un parti. Les derni\u00e8res \u00e9lections f\u00e9d\u00e9rales l&#039;ont bien montr\u00e9. Mais ce n&#039;est pas syst\u00e9matique.\" \/>\n<meta property=\"og:url\" content=\"https:\/\/policyoptions.irpp.org\/fr\/2025\/11\/leader-swap\/\" \/>\n<meta property=\"og:site_name\" content=\"Policy Options\" \/>\n<meta property=\"article:publisher\" content=\"https:\/\/www.facebook.com\/IRPP.org\" \/>\n<meta property=\"article:modified_time\" content=\"2025-11-17T14:15:37+00:00\" \/>\n<meta property=\"og:image\" content=\"https:\/\/policyoptions.irpp.org\/wp-content\/uploads\/2025\/11\/Carney-Trudeau.jpg\" \/>\n\t<meta property=\"og:image:width\" content=\"1920\" \/>\n\t<meta property=\"og:image:height\" content=\"1318\" \/>\n\t<meta property=\"og:image:type\" content=\"image\/jpeg\" \/>\n<meta name=\"twitter:card\" content=\"summary_large_image\" \/>\n<meta name=\"twitter:site\" content=\"@irpp\" \/>\n<meta name=\"twitter:label1\" content=\"Est. reading time\" \/>\n\t<meta name=\"twitter:data1\" content=\"6 minutes\" \/>\n<script type=\"application\/ld+json\" class=\"yoast-schema-graph\">{\"@context\":\"https:\\\/\\\/schema.org\",\"@graph\":[{\"@type\":\"WebPage\",\"@id\":\"https:\\\/\\\/policyoptions.irpp.org\\\/fr\\\/2025\\\/11\\\/leader-swap\\\/\",\"url\":\"https:\\\/\\\/policyoptions.irpp.org\\\/fr\\\/2025\\\/11\\\/leader-swap\\\/\",\"name\":\"Changer de chef peut-il influencer le vote?\",\"isPartOf\":{\"@id\":\"https:\\\/\\\/policyoptions.irpp.org\\\/fr\\\/#website\"},\"primaryImageOfPage\":{\"@id\":\"https:\\\/\\\/policyoptions.irpp.org\\\/fr\\\/2025\\\/11\\\/leader-swap\\\/#primaryimage\"},\"image\":{\"@id\":\"https:\\\/\\\/policyoptions.irpp.org\\\/fr\\\/2025\\\/11\\\/leader-swap\\\/#primaryimage\"},\"thumbnailUrl\":\"https:\\\/\\\/policyoptions.irpp.org\\\/wp-content\\\/uploads\\\/2025\\\/11\\\/Carney-Trudeau.jpg\",\"datePublished\":\"2025-11-17T14:08:55+00:00\",\"dateModified\":\"2025-11-17T14:15:37+00:00\",\"description\":\"Changer le chef peut redorer l\u2019image d\u2019un parti. Les derni\u00e8res \u00e9lections f\u00e9d\u00e9rales l'ont bien montr\u00e9. Mais ce n'est pas syst\u00e9matique.\",\"breadcrumb\":{\"@id\":\"https:\\\/\\\/policyoptions.irpp.org\\\/fr\\\/2025\\\/11\\\/leader-swap\\\/#breadcrumb\"},\"inLanguage\":\"fr-FR\",\"potentialAction\":[{\"@type\":\"ReadAction\",\"target\":[\"https:\\\/\\\/policyoptions.irpp.org\\\/fr\\\/2025\\\/11\\\/leader-swap\\\/\"]}]},{\"@type\":\"ImageObject\",\"inLanguage\":\"fr-FR\",\"@id\":\"https:\\\/\\\/policyoptions.irpp.org\\\/fr\\\/2025\\\/11\\\/leader-swap\\\/#primaryimage\",\"url\":\"https:\\\/\\\/policyoptions.irpp.org\\\/wp-content\\\/uploads\\\/2025\\\/11\\\/Carney-Trudeau.jpg\",\"contentUrl\":\"https:\\\/\\\/policyoptions.irpp.org\\\/wp-content\\\/uploads\\\/2025\\\/11\\\/Carney-Trudeau.jpg\",\"width\":1920,\"height\":1318,\"caption\":\"Mark Carney, chef du Parti lib\u00e9ral du Canada, enlace le premier ministre Justin Trudeau apr\u00e8s l\u2019annonce de sa victoire lors de l\u2019\u00e9v\u00e9nement de la course \u00e0 la direction du Parti lib\u00e9ral, \u00e0 Ottawa, le dimanche 9 mars 2025. LA PRESSE CANADIENNE\\\/Justin Tang\"},{\"@type\":\"BreadcrumbList\",\"@id\":\"https:\\\/\\\/policyoptions.irpp.org\\\/fr\\\/2025\\\/11\\\/leader-swap\\\/#breadcrumb\",\"itemListElement\":[{\"@type\":\"ListItem\",\"position\":1,\"name\":\"Home\",\"item\":\"https:\\\/\\\/policyoptions.irpp.org\\\/fr\\\/\"},{\"@type\":\"ListItem\",\"position\":2,\"name\":\"Changer de chef peut-il influencer le vote\u2009?\"}]},{\"@type\":\"WebSite\",\"@id\":\"https:\\\/\\\/policyoptions.irpp.org\\\/fr\\\/#website\",\"url\":\"https:\\\/\\\/policyoptions.irpp.org\\\/fr\\\/\",\"name\":\"Policy Options\",\"description\":\"Institute for Research on Public Policy\",\"potentialAction\":[{\"@type\":\"SearchAction\",\"target\":{\"@type\":\"EntryPoint\",\"urlTemplate\":\"https:\\\/\\\/policyoptions.irpp.org\\\/fr\\\/?s={search_term_string}\"},\"query-input\":{\"@type\":\"PropertyValueSpecification\",\"valueRequired\":true,\"valueName\":\"search_term_string\"}}],\"inLanguage\":\"fr-FR\"}]}<\/script>\n<!-- \/ Yoast SEO plugin. -->","yoast_head_json":{"title":"Changer de chef peut-il influencer le vote?","description":"Changer le chef peut redorer l\u2019image d\u2019un parti. Les derni\u00e8res \u00e9lections f\u00e9d\u00e9rales l'ont bien montr\u00e9. Mais ce n'est pas syst\u00e9matique.","robots":{"index":"index","follow":"follow","max-snippet":"max-snippet:-1","max-image-preview":"max-image-preview:large","max-video-preview":"max-video-preview:-1"},"canonical":"https:\/\/policyoptions.irpp.org\/fr\/2025\/11\/leader-swap\/","og_locale":"fr_FR","og_type":"article","og_title":"Changer de chef peut-il influencer le vote?","og_description":"Changer le chef peut redorer l\u2019image d\u2019un parti. Les derni\u00e8res \u00e9lections f\u00e9d\u00e9rales l'ont bien montr\u00e9. Mais ce n'est pas syst\u00e9matique.","og_url":"https:\/\/policyoptions.irpp.org\/fr\/2025\/11\/leader-swap\/","og_site_name":"Policy Options","article_publisher":"https:\/\/www.facebook.com\/IRPP.org","article_modified_time":"2025-11-17T14:15:37+00:00","og_image":[{"width":1920,"height":1318,"url":"https:\/\/policyoptions.irpp.org\/wp-content\/uploads\/2025\/11\/Carney-Trudeau.jpg","type":"image\/jpeg"}],"twitter_card":"summary_large_image","twitter_site":"@irpp","twitter_misc":{"Est. reading time":"6 minutes"},"schema":{"@context":"https:\/\/schema.org","@graph":[{"@type":"WebPage","@id":"https:\/\/policyoptions.irpp.org\/fr\/2025\/11\/leader-swap\/","url":"https:\/\/policyoptions.irpp.org\/fr\/2025\/11\/leader-swap\/","name":"Changer de chef peut-il influencer le vote?","isPartOf":{"@id":"https:\/\/policyoptions.irpp.org\/fr\/#website"},"primaryImageOfPage":{"@id":"https:\/\/policyoptions.irpp.org\/fr\/2025\/11\/leader-swap\/#primaryimage"},"image":{"@id":"https:\/\/policyoptions.irpp.org\/fr\/2025\/11\/leader-swap\/#primaryimage"},"thumbnailUrl":"https:\/\/policyoptions.irpp.org\/wp-content\/uploads\/2025\/11\/Carney-Trudeau.jpg","datePublished":"2025-11-17T14:08:55+00:00","dateModified":"2025-11-17T14:15:37+00:00","description":"Changer le chef peut redorer l\u2019image d\u2019un parti. Les derni\u00e8res \u00e9lections f\u00e9d\u00e9rales l'ont bien montr\u00e9. Mais ce n'est pas syst\u00e9matique.","breadcrumb":{"@id":"https:\/\/policyoptions.irpp.org\/fr\/2025\/11\/leader-swap\/#breadcrumb"},"inLanguage":"fr-FR","potentialAction":[{"@type":"ReadAction","target":["https:\/\/policyoptions.irpp.org\/fr\/2025\/11\/leader-swap\/"]}]},{"@type":"ImageObject","inLanguage":"fr-FR","@id":"https:\/\/policyoptions.irpp.org\/fr\/2025\/11\/leader-swap\/#primaryimage","url":"https:\/\/policyoptions.irpp.org\/wp-content\/uploads\/2025\/11\/Carney-Trudeau.jpg","contentUrl":"https:\/\/policyoptions.irpp.org\/wp-content\/uploads\/2025\/11\/Carney-Trudeau.jpg","width":1920,"height":1318,"caption":"Mark Carney, chef du Parti lib\u00e9ral du Canada, enlace le premier ministre Justin Trudeau apr\u00e8s l\u2019annonce de sa victoire lors de l\u2019\u00e9v\u00e9nement de la course \u00e0 la direction du Parti lib\u00e9ral, \u00e0 Ottawa, le dimanche 9 mars 2025. LA PRESSE CANADIENNE\/Justin Tang"},{"@type":"BreadcrumbList","@id":"https:\/\/policyoptions.irpp.org\/fr\/2025\/11\/leader-swap\/#breadcrumb","itemListElement":[{"@type":"ListItem","position":1,"name":"Home","item":"https:\/\/policyoptions.irpp.org\/fr\/"},{"@type":"ListItem","position":2,"name":"Changer de chef peut-il influencer le vote\u2009?"}]},{"@type":"WebSite","@id":"https:\/\/policyoptions.irpp.org\/fr\/#website","url":"https:\/\/policyoptions.irpp.org\/fr\/","name":"Policy Options","description":"Institute for Research on Public Policy","potentialAction":[{"@type":"SearchAction","target":{"@type":"EntryPoint","urlTemplate":"https:\/\/policyoptions.irpp.org\/fr\/?s={search_term_string}"},"query-input":{"@type":"PropertyValueSpecification","valueRequired":true,"valueName":"search_term_string"}}],"inLanguage":"fr-FR"}]}},"_links":{"self":[{"href":"https:\/\/policyoptions.irpp.org\/fr\/wp-json\/wp\/v2\/issues\/302116","targetHints":{"allow":["GET"]}}],"collection":[{"href":"https:\/\/policyoptions.irpp.org\/fr\/wp-json\/wp\/v2\/issues"}],"about":[{"href":"https:\/\/policyoptions.irpp.org\/fr\/wp-json\/wp\/v2\/types\/issues"}],"wp:featuredmedia":[{"embeddable":true,"href":"https:\/\/policyoptions.irpp.org\/fr\/wp-json\/wp\/v2\/media\/302055"}],"wp:attachment":[{"href":"https:\/\/policyoptions.irpp.org\/fr\/wp-json\/wp\/v2\/media?parent=302116"}],"wp:term":[{"taxonomy":"category","embeddable":true,"href":"https:\/\/policyoptions.irpp.org\/fr\/wp-json\/wp\/v2\/categories?post=302116"},{"taxonomy":"post_tag","embeddable":true,"href":"https:\/\/policyoptions.irpp.org\/fr\/wp-json\/wp\/v2\/tags?post=302116"},{"taxonomy":"article-status","embeddable":true,"href":"https:\/\/policyoptions.irpp.org\/fr\/wp-json\/wp\/v2\/article-status?post=302116"},{"taxonomy":"irpp-category","embeddable":true,"href":"https:\/\/policyoptions.irpp.org\/fr\/wp-json\/wp\/v2\/irpp-category?post=302116"},{"taxonomy":"section","embeddable":true,"href":"https:\/\/policyoptions.irpp.org\/fr\/wp-json\/wp\/v2\/section?post=302116"},{"taxonomy":"irpp-tag","embeddable":true,"href":"https:\/\/policyoptions.irpp.org\/fr\/wp-json\/wp\/v2\/irpp-tag?post=302116"}],"curies":[{"name":"wp","href":"https:\/\/api.w.org\/{rel}","templated":true}]}}