{"id":271844,"date":"2025-05-21T10:30:16","date_gmt":"2025-05-21T14:30:16","guid":{"rendered":"https:\/\/policyoptions.irpp.org\/issues\/medias-desinformation-trump\/"},"modified":"2025-10-08T00:13:18","modified_gmt":"2025-10-08T04:13:18","slug":"medias-desinformation-trump","status":"publish","type":"issues","link":"https:\/\/policyoptions.irpp.org\/fr\/2025\/05\/medias-desinformation-trump\/","title":{"rendered":"Le d\u00e9fi des m\u00e9dias face \u00e0 Trump : informer sans amplifier"},"content":{"rendered":"<p>Dans une d\u00e9mocratie en sant\u00e9, les m\u00e9dias jouent un r\u00f4le de garde-fou : ils exposent le favoritisme, forcent les politiciens \u00e0 rendre des comptes et permettent au public de rester bien inform\u00e9. Mais lorsqu\u2019ils relaient sans recul des messages trompeurs, ils cessent d\u2019\u00eatre le contre-pouvoir attendu et parfois, bien malgr\u00e9 eux, deviennent complices de la d\u00e9sinformation.<\/p>\n<p>Les exemples sont particuli\u00e8rement nombreux depuis que Donald Trump est apparu dans le paysage politique. Un cas survenu peu apr\u00e8s le d\u00e9but de son deuxi\u00e8me mandat illustre bien ce ph\u00e9nom\u00e8ne.<\/p>\n<p>Dans un texte repris par <a href=\"https:\/\/www.lapresse.ca\/international\/etats-unis\/2025-03-05\/discours-de-trump-au-congres\/trump-s-en-prend-au-manque-de-respect-des-democrates.php\">La Presse<\/a> et <a href=\"https:\/\/www.journaldemontreal.com\/2025\/03\/05\/trump-sen-prend-au-manque-de-respect-des-democrates-apres-son-discours-au-congres\">Le Journal de Montr\u00e9al<\/a>, le 5 mars 2025, l\u2019Agence France Presse rapportait les propos de la porte-parole de la Maison-Blanche accusant les d\u00e9mocrates d\u2019\u00eatre le \u00ab parti de la d\u00e9mence et de la haine \u00bb. Ces propos faisaient suite au discours de Donald Trump le 4 mars 2025 au Congr\u00e8s, alors que la plupart des d\u00e9mocrates avaient protest\u00e9 en silence, refusant de se lever ou d\u2019applaudir, ce qui, aux dires du pr\u00e9sident am\u00e9ricain, avait \u00e9t\u00e9 un \u00ab manque total de respect \u00bb.<\/p>\n<h3><strong>Rapporter ou relayer : une ligne \u00e0 tracer<\/strong><\/h3>\n<p>Quel \u00e9tait l\u2019int\u00e9r\u00eat public de rapporter de tels propos ? La question se pose d\u2019autant plus lorsqu\u2019on sait qu\u2019ils proviennent d\u2019une administration dont le pr\u00e9sident utilise l\u2019insulte et l\u2019injure au quotidien, \u00e9pouse des discours extr\u00eames et pardonne des criminels violents. Ce genre de propos <a href=\"https:\/\/journals.sagepub.com\/doi\/10.1177\/1065912920938143\">portent atteinte aux institutions d\u00e9mocratiques<\/a> et mobilisent un espace qui pourrait \u00eatre consacr\u00e9 \u00e0 de v\u00e9ritables enjeux.<\/p>\n<p>Imaginons un instant que, sur X (anciennement Twitter), l\u2019influenceur masculiniste Andrew Tate accusait des organismes de protection contre le trafic humain de manquer de respect envers les femmes sur la base d\u2019une anecdote non fond\u00e9e. Pourrait-on accorder une quelconque cr\u00e9dibilit\u00e9 \u00e0 ses accusations? Non. Mais la nouvelle ferait sans doute un \u00ab bon titre \u00bb et g\u00e9n\u00e8rerait des vues et des clics. En la relayant publiquement, les m\u00e9dias d\u00e9cupleraient sa visibilit\u00e9. Elle serait vue par des millions de personnes qui, autrement, ne l\u2019auraient peut-\u00eatre jamais vue.<\/p>\n<p>\u00c9videmment, il est attendu que les propos du pr\u00e9sident am\u00e9ricain, l\u2019homme \u00e0 la t\u00eate d\u2019une puissance mondiale, soient surveill\u00e9s. Mais o\u00f9 se trouve la ligne entre ce qui devrait \u00eatre rapport\u00e9 et ce qui ne devrait pas l\u2019\u00eatre, afin de ne pas contribuer \u00e0 la d\u00e9sinformation ? Quand les messages trompeurs sont-ils d\u2019int\u00e9r\u00eat public ? Le fait qu\u2019ils proviennent de personnalit\u00e9s publiques ou politiques, \u00e0 lui seul, n\u2019est pas suffisant.<\/p>\n<h3><strong>L\u2019impact de la d\u00e9sinformation est d\u00e9cupl\u00e9 <\/strong><\/h3>\n<p>L\u2019impact des m\u00e9dias traditionnels \u00e0 cet effet n\u2019est pas \u00e0 n\u00e9gliger. Attention : il n\u2019est pas question des balados qui, volontairement, offrent des tribunes \u00e0 <a href=\"https:\/\/www.npr.org\/2022\/01\/21\/1074442185\/joe-rogan-doctor-covid-podcast-spotify-misinformation\">des n\u00e9gationnistes de la science<\/a> et <a href=\"https:\/\/www.npr.org\/2024\/12\/09\/nx-s1-5213692\/kash-patel-conspiracy-theories-fbi\">des promoteurs de th\u00e9ories du complot<\/a>. Il est question ici des m\u00e9dias traditionnels qui, de bonne foi, rapportent des messages trompeurs, croyant qu\u2019ils sont d\u2019int\u00e9r\u00eat public, sans proc\u00e9der d\u2019abord \u00e0 une v\u00e9rification des faits. La visibilit\u00e9 des messages trompeurs est alors d\u00e9cupl\u00e9e. Puis m\u00eame lorsqu\u2019ils font l\u2019objet d\u2019une v\u00e9rification des faits, <a href=\"https:\/\/www.tandfonline.com\/doi\/full\/10.1080\/23808985.2020.1759443\">les messages trompeurs peuvent \u00eatre dommageables<\/a>.<\/p>\n<p>En effet, lorsque des individus entendent ou lisent des messages (trompeurs), l\u2019effort mental n\u00e9cessaire pour les ignorer ou les \u00e9carter peut \u00eatre plus important que l\u2019effort n\u00e9cessaire pour les adopter sur le champ. Le d\u00e9fi est d\u2019autant plus important quand ces messages rel\u00e8vent du sens commun, confirment des croyances, ou appellent \u00e0 l\u2019\u00e9motion. La v\u00e9rification des faits, en revanche, peut impliquer des explications contre-intuitives et plus complexes.<\/p>\n<p>Voil\u00e0 qui, entre autres, explique pourquoi <a href=\"https:\/\/www.vox.com\/2023\/6\/22\/23768539\/rogan-rfk-hotez-debate-vaccine-deniers-better\">des chercheurs<\/a> refusent les d\u00e9bats m\u00e9diatiques avec des charlatans. D\u2019une part, cela les met sur un m\u00eame pied d\u2019\u00e9galit\u00e9. Les acteurs peu l\u00e9gitimes peuvent alors utiliser la pr\u00e9sence de chercheurs \u00e0 la m\u00eame table comme argument d\u2019autorit\u00e9. D\u2019autre part, les propos des charlatans sont g\u00e9n\u00e9ralement plus \u00ab sexy \u00bb que ceux des chercheurs qui, sans arr\u00eat, les corrigent, les nuancent, et passent pour des rabat-joies.<\/p>\n<h3><strong>Les m\u00e9dias doivent faire preuve de courage<\/strong><\/h3>\n<p>Bien entendu, parfois, la distinction entre la v\u00e9rit\u00e9 et le mensonge n\u00e9cessite des nuances.<\/p>\n<p>Par exemple, deux t\u00e9moins peuvent rapporter diff\u00e9remment un m\u00eame \u00e9v\u00e8nement. <a href=\"https:\/\/repository.law.umich.edu\/mlr\/vol87\/iss8\/2\/\">Leurs propos peuvent \u00eatre honn\u00eates, mais contradictoires, chacun rapportant le m\u00eame \u00e9v\u00e8nement selon son propre point de vue<\/a>. Mais il en est autrement pour un politicien comme Donald Trump qui normalise le mensonge \u00e0 l\u2019\u00e9chelle mondiale. Certes, la v\u00e9rification des faits demeure importante, mais elle devient probl\u00e9matique si elle a l\u2019effet contraire \u00e0 celui recherch\u00e9. Parfois, il vaudrait mieux simplement \u00e9viter de rapporter les messages trompeurs.<\/p>\n<p>L&#8217;exercice demande du temps (et des ressources), ce qui, \u00e0 l&#8217;heure de la tyrannie des vues et des clics, avantage les g\u00e9ants du Web au d\u00e9triment des m\u00e9dias traditionnels. Mais, en ce moment de l\u2019histoire o\u00f9 la politique am\u00e9ricaine a une influence sur les orientations de nos gouvernements, les m\u00e9dias traditionnels ne devraient pas relayer sans recul, et amplifier les messages trompeurs d\u2019un politicien qui domine d\u00e9j\u00e0 l\u2019espace m\u00e9diatique. Cela ne rel\u00e8verait pas de la censure, mais d\u2019un engagement \u00e0 remplir leur r\u00f4le essentiel pour la d\u00e9mocratie : celui de ne pas contribuer \u00e0 une vague de d\u00e9sinformation qui la met en p\u00e9ril.<\/p>\n","protected":false},"excerpt":{"rendered":"<p>Dans une d\u00e9mocratie en sant\u00e9, les m\u00e9dias jouent un r\u00f4le de garde-fou : ils exposent le favoritisme, forcent les politiciens \u00e0 rendre des comptes et permettent au public de rester bien inform\u00e9. Mais lorsqu\u2019ils relaient sans recul des messages trompeurs, ils cessent d\u2019\u00eatre le contre-pouvoir attendu et parfois, bien malgr\u00e9 eux, deviennent complices de la [&hellip;]<\/p>\n","protected":false},"featured_media":273269,"template":"","meta":{"_acf_changed":false,"content-type":"","ep_exclude_from_search":false,"apple_news_api_created_at":"2025-08-30T12:05:50Z","apple_news_api_id":"c0d94557-1687-4287-a68f-66cb3e7ab1fd","apple_news_api_modified_at":"2025-08-30T12:05:50Z","apple_news_api_revision":"AAAAAAAAAAD\/\/\/\/\/\/\/\/\/\/w==","apple_news_api_share_url":"https:\/\/apple.news\/AwNlFVxaHQoemj2bLPnqx_Q","apple_news_cover_media_provider":"image","apple_news_coverimage":0,"apple_news_coverimage_caption":"","apple_news_cover_video_id":0,"apple_news_cover_video_url":"","apple_news_cover_embedwebvideo_url":"","apple_news_is_hidden":"","apple_news_is_paid":"","apple_news_is_preview":"","apple_news_is_sponsored":"","apple_news_maturity_rating":"","apple_news_metadata":"\"\"","apple_news_pullquote":"","apple_news_pullquote_position":"","apple_news_slug":"","apple_news_sections":[],"apple_news_suppress_video_url":false,"apple_news_use_image_component":false},"categories":[9399,9385,9372],"tags":[9187,8844],"article-status":[],"irpp-category":[4250],"section":[],"irpp-tag":[7136],"class_list":["post-271844","issues","type-issues","status-publish","has-post-thumbnail","hentry","category-democratie","category-medias-et-culture","category-recent-stories-fr","tag-desinformation","tag-medias-et-culture","irpp-category-democratie","irpp-tag-medias-et-culture"],"acf":[],"apple_news_notices":[],"yoast_head":"<!-- This site is optimized with the Yoast SEO plugin v27.4 - https:\/\/yoast.com\/product\/yoast-seo-wordpress\/ -->\n<title>Le d\u00e9fi des m\u00e9dias face \u00e0 Trump : informer sans amplifier<\/title>\n<meta name=\"robots\" content=\"index, follow, max-snippet:-1, max-image-preview:large, max-video-preview:-1\" \/>\n<link rel=\"canonical\" href=\"https:\/\/policyoptions.irpp.org\/fr\/2025\/05\/medias-desinformation-trump\/\" \/>\n<meta property=\"og:locale\" content=\"fr_FR\" \/>\n<meta property=\"og:type\" content=\"article\" \/>\n<meta property=\"og:title\" content=\"Le d\u00e9fi des m\u00e9dias face \u00e0 Trump : informer sans amplifier\" \/>\n<meta property=\"og:description\" content=\"Dans une d\u00e9mocratie en sant\u00e9, les m\u00e9dias jouent un r\u00f4le de garde-fou : ils exposent le favoritisme, forcent les politiciens \u00e0 rendre des comptes et permettent au public de rester bien inform\u00e9. Mais lorsqu\u2019ils relaient sans recul des messages trompeurs, ils cessent d\u2019\u00eatre le contre-pouvoir attendu et parfois, bien malgr\u00e9 eux, deviennent complices de la [&hellip;]\" \/>\n<meta property=\"og:url\" content=\"https:\/\/policyoptions.irpp.org\/fr\/2025\/05\/medias-desinformation-trump\/\" \/>\n<meta property=\"og:site_name\" content=\"Policy Options\" \/>\n<meta property=\"article:publisher\" content=\"https:\/\/www.facebook.com\/IRPP.org\" \/>\n<meta property=\"article:modified_time\" content=\"2025-10-08T04:13:18+00:00\" \/>\n<meta property=\"og:image\" content=\"https:\/\/policyoptions.irpp.org\/wp-content\/uploads\/2025\/08\/Wordpress-Le-defi-des-medias-face-a-Trump.jpg\" \/>\n\t<meta property=\"og:image:width\" content=\"1920\" \/>\n\t<meta property=\"og:image:height\" content=\"1080\" \/>\n\t<meta property=\"og:image:type\" content=\"image\/jpeg\" \/>\n<meta name=\"twitter:card\" content=\"summary_large_image\" \/>\n<meta name=\"twitter:site\" content=\"@irpp\" \/>\n<meta name=\"twitter:label1\" content=\"Est. reading time\" \/>\n\t<meta name=\"twitter:data1\" content=\"5 minutes\" \/>\n<script type=\"application\/ld+json\" class=\"yoast-schema-graph\">{\"@context\":\"https:\\\/\\\/schema.org\",\"@graph\":[{\"@type\":\"WebPage\",\"@id\":\"https:\\\/\\\/policyoptions.irpp.org\\\/fr\\\/2025\\\/05\\\/medias-desinformation-trump\\\/\",\"url\":\"https:\\\/\\\/policyoptions.irpp.org\\\/fr\\\/2025\\\/05\\\/medias-desinformation-trump\\\/\",\"name\":\"Le d\u00e9fi des m\u00e9dias face \u00e0 Trump : informer sans amplifier\",\"isPartOf\":{\"@id\":\"https:\\\/\\\/policyoptions.irpp.org\\\/fr\\\/#website\"},\"primaryImageOfPage\":{\"@id\":\"https:\\\/\\\/policyoptions.irpp.org\\\/fr\\\/2025\\\/05\\\/medias-desinformation-trump\\\/#primaryimage\"},\"image\":{\"@id\":\"https:\\\/\\\/policyoptions.irpp.org\\\/fr\\\/2025\\\/05\\\/medias-desinformation-trump\\\/#primaryimage\"},\"thumbnailUrl\":\"https:\\\/\\\/policyoptions.irpp.org\\\/wp-content\\\/uploads\\\/2025\\\/08\\\/Wordpress-Le-defi-des-medias-face-a-Trump.jpg\",\"datePublished\":\"2025-05-21T14:30:16+00:00\",\"dateModified\":\"2025-10-08T04:13:18+00:00\",\"breadcrumb\":{\"@id\":\"https:\\\/\\\/policyoptions.irpp.org\\\/fr\\\/2025\\\/05\\\/medias-desinformation-trump\\\/#breadcrumb\"},\"inLanguage\":\"fr-FR\",\"potentialAction\":[{\"@type\":\"ReadAction\",\"target\":[\"https:\\\/\\\/policyoptions.irpp.org\\\/fr\\\/2025\\\/05\\\/medias-desinformation-trump\\\/\"]}]},{\"@type\":\"ImageObject\",\"inLanguage\":\"fr-FR\",\"@id\":\"https:\\\/\\\/policyoptions.irpp.org\\\/fr\\\/2025\\\/05\\\/medias-desinformation-trump\\\/#primaryimage\",\"url\":\"https:\\\/\\\/policyoptions.irpp.org\\\/wp-content\\\/uploads\\\/2025\\\/08\\\/Wordpress-Le-defi-des-medias-face-a-Trump.jpg\",\"contentUrl\":\"https:\\\/\\\/policyoptions.irpp.org\\\/wp-content\\\/uploads\\\/2025\\\/08\\\/Wordpress-Le-defi-des-medias-face-a-Trump.jpg\",\"width\":1920,\"height\":1080,\"caption\":\"Des membres du Parti d\u00e9mocrate, assis dans la salle du Congr\u00e8s am\u00e9ricain, tiennent des pancartes noires avec les messages \u00e9crits en blanc \u00abSAVE MEDICAID\u00bb, \u00abFALSE\u00bb et \u00abMUSK KILLS\u00bb. Une \u00e9lue au premier plan brandit un tableau blanc sur lequel est \u00e9crit \u00abThat's a LIE!\u00bb en lettres rouges et noires. Les visages des \u00e9lus sont s\u00e9rieux ou r\u00e9probateurs, illustrant une protestation silencieuse pendant une allocution pr\u00e9sidentielle.\"},{\"@type\":\"BreadcrumbList\",\"@id\":\"https:\\\/\\\/policyoptions.irpp.org\\\/fr\\\/2025\\\/05\\\/medias-desinformation-trump\\\/#breadcrumb\",\"itemListElement\":[{\"@type\":\"ListItem\",\"position\":1,\"name\":\"Home\",\"item\":\"https:\\\/\\\/policyoptions.irpp.org\\\/fr\\\/\"},{\"@type\":\"ListItem\",\"position\":2,\"name\":\"Le d\u00e9fi des m\u00e9dias face \u00e0 Trump : informer sans amplifier\"}]},{\"@type\":\"WebSite\",\"@id\":\"https:\\\/\\\/policyoptions.irpp.org\\\/fr\\\/#website\",\"url\":\"https:\\\/\\\/policyoptions.irpp.org\\\/fr\\\/\",\"name\":\"Policy Options\",\"description\":\"Institute for Research on Public Policy\",\"potentialAction\":[{\"@type\":\"SearchAction\",\"target\":{\"@type\":\"EntryPoint\",\"urlTemplate\":\"https:\\\/\\\/policyoptions.irpp.org\\\/fr\\\/?s={search_term_string}\"},\"query-input\":{\"@type\":\"PropertyValueSpecification\",\"valueRequired\":true,\"valueName\":\"search_term_string\"}}],\"inLanguage\":\"fr-FR\"}]}<\/script>\n<!-- \/ Yoast SEO plugin. -->","yoast_head_json":{"title":"Le d\u00e9fi des m\u00e9dias face \u00e0 Trump : informer sans amplifier","robots":{"index":"index","follow":"follow","max-snippet":"max-snippet:-1","max-image-preview":"max-image-preview:large","max-video-preview":"max-video-preview:-1"},"canonical":"https:\/\/policyoptions.irpp.org\/fr\/2025\/05\/medias-desinformation-trump\/","og_locale":"fr_FR","og_type":"article","og_title":"Le d\u00e9fi des m\u00e9dias face \u00e0 Trump : informer sans amplifier","og_description":"Dans une d\u00e9mocratie en sant\u00e9, les m\u00e9dias jouent un r\u00f4le de garde-fou : ils exposent le favoritisme, forcent les politiciens \u00e0 rendre des comptes et permettent au public de rester bien inform\u00e9. Mais lorsqu\u2019ils relaient sans recul des messages trompeurs, ils cessent d\u2019\u00eatre le contre-pouvoir attendu et parfois, bien malgr\u00e9 eux, deviennent complices de la [&hellip;]","og_url":"https:\/\/policyoptions.irpp.org\/fr\/2025\/05\/medias-desinformation-trump\/","og_site_name":"Policy Options","article_publisher":"https:\/\/www.facebook.com\/IRPP.org","article_modified_time":"2025-10-08T04:13:18+00:00","og_image":[{"width":1920,"height":1080,"url":"https:\/\/policyoptions.irpp.org\/wp-content\/uploads\/2025\/08\/Wordpress-Le-defi-des-medias-face-a-Trump.jpg","type":"image\/jpeg"}],"twitter_card":"summary_large_image","twitter_site":"@irpp","twitter_misc":{"Est. reading time":"5 minutes"},"schema":{"@context":"https:\/\/schema.org","@graph":[{"@type":"WebPage","@id":"https:\/\/policyoptions.irpp.org\/fr\/2025\/05\/medias-desinformation-trump\/","url":"https:\/\/policyoptions.irpp.org\/fr\/2025\/05\/medias-desinformation-trump\/","name":"Le d\u00e9fi des m\u00e9dias face \u00e0 Trump : informer sans amplifier","isPartOf":{"@id":"https:\/\/policyoptions.irpp.org\/fr\/#website"},"primaryImageOfPage":{"@id":"https:\/\/policyoptions.irpp.org\/fr\/2025\/05\/medias-desinformation-trump\/#primaryimage"},"image":{"@id":"https:\/\/policyoptions.irpp.org\/fr\/2025\/05\/medias-desinformation-trump\/#primaryimage"},"thumbnailUrl":"https:\/\/policyoptions.irpp.org\/wp-content\/uploads\/2025\/08\/Wordpress-Le-defi-des-medias-face-a-Trump.jpg","datePublished":"2025-05-21T14:30:16+00:00","dateModified":"2025-10-08T04:13:18+00:00","breadcrumb":{"@id":"https:\/\/policyoptions.irpp.org\/fr\/2025\/05\/medias-desinformation-trump\/#breadcrumb"},"inLanguage":"fr-FR","potentialAction":[{"@type":"ReadAction","target":["https:\/\/policyoptions.irpp.org\/fr\/2025\/05\/medias-desinformation-trump\/"]}]},{"@type":"ImageObject","inLanguage":"fr-FR","@id":"https:\/\/policyoptions.irpp.org\/fr\/2025\/05\/medias-desinformation-trump\/#primaryimage","url":"https:\/\/policyoptions.irpp.org\/wp-content\/uploads\/2025\/08\/Wordpress-Le-defi-des-medias-face-a-Trump.jpg","contentUrl":"https:\/\/policyoptions.irpp.org\/wp-content\/uploads\/2025\/08\/Wordpress-Le-defi-des-medias-face-a-Trump.jpg","width":1920,"height":1080,"caption":"Des membres du Parti d\u00e9mocrate, assis dans la salle du Congr\u00e8s am\u00e9ricain, tiennent des pancartes noires avec les messages \u00e9crits en blanc \u00abSAVE MEDICAID\u00bb, \u00abFALSE\u00bb et \u00abMUSK KILLS\u00bb. Une \u00e9lue au premier plan brandit un tableau blanc sur lequel est \u00e9crit \u00abThat's a LIE!\u00bb en lettres rouges et noires. Les visages des \u00e9lus sont s\u00e9rieux ou r\u00e9probateurs, illustrant une protestation silencieuse pendant une allocution pr\u00e9sidentielle."},{"@type":"BreadcrumbList","@id":"https:\/\/policyoptions.irpp.org\/fr\/2025\/05\/medias-desinformation-trump\/#breadcrumb","itemListElement":[{"@type":"ListItem","position":1,"name":"Home","item":"https:\/\/policyoptions.irpp.org\/fr\/"},{"@type":"ListItem","position":2,"name":"Le d\u00e9fi des m\u00e9dias face \u00e0 Trump : informer sans amplifier"}]},{"@type":"WebSite","@id":"https:\/\/policyoptions.irpp.org\/fr\/#website","url":"https:\/\/policyoptions.irpp.org\/fr\/","name":"Policy Options","description":"Institute for Research on Public Policy","potentialAction":[{"@type":"SearchAction","target":{"@type":"EntryPoint","urlTemplate":"https:\/\/policyoptions.irpp.org\/fr\/?s={search_term_string}"},"query-input":{"@type":"PropertyValueSpecification","valueRequired":true,"valueName":"search_term_string"}}],"inLanguage":"fr-FR"}]}},"_links":{"self":[{"href":"https:\/\/policyoptions.irpp.org\/fr\/wp-json\/wp\/v2\/issues\/271844","targetHints":{"allow":["GET"]}}],"collection":[{"href":"https:\/\/policyoptions.irpp.org\/fr\/wp-json\/wp\/v2\/issues"}],"about":[{"href":"https:\/\/policyoptions.irpp.org\/fr\/wp-json\/wp\/v2\/types\/issues"}],"wp:featuredmedia":[{"embeddable":true,"href":"https:\/\/policyoptions.irpp.org\/fr\/wp-json\/wp\/v2\/media\/273269"}],"wp:attachment":[{"href":"https:\/\/policyoptions.irpp.org\/fr\/wp-json\/wp\/v2\/media?parent=271844"}],"wp:term":[{"taxonomy":"category","embeddable":true,"href":"https:\/\/policyoptions.irpp.org\/fr\/wp-json\/wp\/v2\/categories?post=271844"},{"taxonomy":"post_tag","embeddable":true,"href":"https:\/\/policyoptions.irpp.org\/fr\/wp-json\/wp\/v2\/tags?post=271844"},{"taxonomy":"article-status","embeddable":true,"href":"https:\/\/policyoptions.irpp.org\/fr\/wp-json\/wp\/v2\/article-status?post=271844"},{"taxonomy":"irpp-category","embeddable":true,"href":"https:\/\/policyoptions.irpp.org\/fr\/wp-json\/wp\/v2\/irpp-category?post=271844"},{"taxonomy":"section","embeddable":true,"href":"https:\/\/policyoptions.irpp.org\/fr\/wp-json\/wp\/v2\/section?post=271844"},{"taxonomy":"irpp-tag","embeddable":true,"href":"https:\/\/policyoptions.irpp.org\/fr\/wp-json\/wp\/v2\/irpp-tag?post=271844"}],"curies":[{"name":"wp","href":"https:\/\/api.w.org\/{rel}","templated":true}]}}