{"id":270613,"date":"2022-11-02T12:45:04","date_gmt":"2022-11-02T16:45:04","guid":{"rendered":"https:\/\/policyoptions.irpp.org\/issues\/trois-mesures-reparer-elections\/"},"modified":"2025-10-08T00:02:45","modified_gmt":"2025-10-08T04:02:45","slug":"trois-mesures-reparer-elections","status":"publish","type":"issues","link":"https:\/\/policyoptions.irpp.org\/fr\/2022\/11\/trois-mesures-reparer-elections\/","title":{"rendered":"Trois mesures pour r\u00e9parer le syst\u00e8me \u00e9lectoral canadien"},"content":{"rendered":"<p style=\"text-align: right;\"><em>(English version available <a href=\"https:\/\/policyoptions.irpp.org\/magazines\/november-2022\/three-ways-to-fix-the-canadian-electoral-system\/\">here<\/a>)<\/em><\/p>\n<p>Une c\u00e9l\u00e8bre philosophe du 20<sup>e\u00a0<\/sup>si\u00e8cle qui en avait beaucoup \u00e0 dire sur la fa\u00e7on dont les individus deviennent des proies faciles pour les dirigeants autoritaires, Hannah Arendt, a d\u00e9j\u00e0 fait remarquer que la violence politique d\u00e9coule de l\u2019impuissance.<\/p>\n<p>\u00ab\u2009C\u2019est l\u2019espoir, disait-elle, <a href=\"https:\/\/books.google.ca\/books?id=WVaRUV7jOzUC&amp;pg=PA413&amp;lpg=PA413&amp;dq=arendt+Generally+speaking,+violence+always+arises+out+of+impotence.+It+is+the+hope+of+those+who+have+no+power&amp;source=bl&amp;ots=kmJPd6eKHb&amp;sig=ACfU3U1FieHYf5r_PYw4kg3a-apx8tcpxA&amp;hl=en&amp;sa=X&amp;ved=2ahUKEwiBsNbFzvv6AhWqg4kEHSjhCvEQ6AF6BAgREAM#v=onepage&amp;q=arendt%20Generally%20speaking%2C%20violence%20always%20arises%20out%20of%20impotence.%20It%20is%20the%20hope%20of%20those%20who%20have%20no%20power&amp;f=false\">de ceux qui n\u2019ont pas de pouvoir<\/a>.\u2009\u00bb<\/p>\n<p>En f\u00e9vrier dernier, nous avons constat\u00e9 \u00e0 quoi pouvait ressembler l\u2019<a href=\"https:\/\/www.cbc.ca\/news\/canada\/pandemic-mandate-protests-feb12-2022-1.6349468\">impuissance politique<\/a> quand un convoi form\u00e9 de camionneurs, d\u2019opposants \u00e0 la vaccination obligatoire, de gens qui d\u00e9testent le premier ministre Trudeau et de partisans de l\u2019extr\u00eame droite a pris d\u2019assaut le centre-ville d\u2019Ottawa et bloqu\u00e9 des postes frontaliers un peu partout au pays.<\/p>\n<p>M\u00eame si les manifestations n\u2019ont pas \u00e9t\u00e9 ouvertement violentes, elles n\u2019ont pas \u00e9t\u00e9 anodines. Un des leaders du convoi, Pat King, a lanc\u00e9 un avertissement troublant selon lequel que les manifestations ne se termineraient que \u00ab\u2009par des balles\u2009\u00bb. Des pi\u00e9tons ont \u00e9t\u00e9 <a href=\"https:\/\/ottawa.ctvnews.ca\/ottawa-homeless-shelter-staff-harassed-by-convoy-protesters-demanding-food-1.5760423\">harcel\u00e9s<\/a>, des travailleurs de refuges pour sans-abri ont \u00e9t\u00e9 intimid\u00e9s, des fusils ont \u00e9t\u00e9 <a href=\"https:\/\/www.cbc.ca\/news\/canada\/calgary\/coutts-protest-blockade-arrests-rcmp-monday-1.6351112\">saisis<\/a> et des r\u00e9sidants ont eu <a href=\"https:\/\/www.theglobeandmail.com\/politics\/article-emergencies-act-inquiry-testimony-convoy-protest\/\">tr\u00e8s peur<\/a> pour leur s\u00e9curit\u00e9 personnelle.<\/p>\n<h3><strong>L\u2019\u00e9lection de la division<\/strong><\/h3>\n<p>Toute cette col\u00e8re a \u00e9clat\u00e9 malgr\u00e9 le fait que, quelques mois plus t\u00f4t, le Parti lib\u00e9ral avait remport\u00e9 l\u2019\u00e9lection et formait depuis un gouvernement minoritaire l\u00e9gitime. Avec le recul, cette \u00e9lection a probablement contribu\u00e9 davantage au sentiment de division \u00e0 l\u2019\u00e9chelle nationale qu\u2019au processus de gu\u00e9rison dont nous avions besoin apr\u00e8s 18\u00a0mois de pand\u00e9mie.<\/p>\n<p>En r\u00e8gle g\u00e9n\u00e9rale, les partis qui remportent une \u00e9lection peuvent affirmer l\u00e9gitimement que les \u00e9lecteurs leur ont donn\u00e9 au moins un certain mandat de gouverner.<\/p>\n<p>Or, ce n\u2019est pas ce qui s\u2019est pass\u00e9 apr\u00e8s les \u00e9lections de 2021.<\/p>\n<p>Au lieu de pouvoir profiter d\u2019une lune de miel, aussi br\u00e8ve soit-elle, le nouveau gouvernement a \u00e9t\u00e9 confront\u00e9 aux doutes soulev\u00e9s par ceux qui \u00e9taient d\u2019avis que sa l\u00e9gitimit\u00e9 \u00e9tait compromise, du fait qu\u2019il avait remport\u00e9 <a href=\"https:\/\/www.elections.ca\/enr\/help\/national_f.htm\">47\u00a0% des si\u00e8ges<\/a> avec 33\u00a0% des votes.<\/p>\n<p>La m\u00e9fiance de la population canadienne \u00e0 l\u2019\u00e9gard de nos institutions a \u00e9galement pris de l\u2019ampleur. Le convoi lui-m\u00eame en est t\u00e9moin, mais aussi le m\u00e9contentement exprim\u00e9 par bon nombre de ceux qui l\u2019ont appuy\u00e9. Fait peut-\u00eatre encore plus surprenant, les manifestants ont d\u00e9montr\u00e9 une m\u00e9connaissance \u00e9tonnante de la fa\u00e7on dont nous sommes gouvern\u00e9s (comme le montre la proposition de former une coalition avec le S\u00e9nat et la gouverneure g\u00e9n\u00e9rale en vue de remplacer le gouvernement d\u00fbment \u00e9lu).<\/p>\n<p>Il serait peut-\u00eatre exag\u00e9r\u00e9 d\u2019\u00e9tablir un lien direct entre les r\u00e9sultats des \u00e9lections et la col\u00e8re qui a aliment\u00e9 l\u2019occupation d\u2019Ottawa\u2009; par contre, nous aurions avantage \u00e0 nous demander si nous pouvons apporter des changements \u00e0 syst\u00e8me d\u00e9mocratique afin de nous attaquer \u00e0 <a href=\"https:\/\/globalnews.ca\/news\/8605841\/canada-government-covid-trust-poll\/\">l\u2019ali\u00e9nation g\u00e9n\u00e9ralis\u00e9e<\/a> que ressentent tant de Canadiens.<\/p>\n<p>Selon moi, la r\u00e9ponse \u00e0 cette question est qu\u2019il est possible de le faire.<\/p>\n<p>Il existe au moins trois mesures qui peuvent aider \u00e0 r\u00e9duire en partie le caract\u00e8re toxique de notre syst\u00e8me et \u00e0 renforcer la confiance envers nos institutions.<\/p>\n<h3><strong>Premi\u00e8re id\u00e9e\u00a0: un tour de plus<\/strong><\/h3>\n<p>Premi\u00e8rement, nous devons remplacer le mode de scrutin uninominal \u00e0 un tour par un autre qui accorde une plus grande l\u00e9gitimit\u00e9 au vainqueur. Deuxi\u00e8mement, nous devrions adopter le vote obligatoire, ce qui contribue aussi \u00e0 rendre les victoires plus l\u00e9gitimes et \u00e0 accro\u00eetre l\u2019engagement civique. Troisi\u00e8mement, nous devrions obliger les \u00e9lecteurs \u00e0 s\u2019inscrire aupr\u00e8s d\u2019un parti politique (ou \u00e0 s\u2019inscrire en tant qu\u2019\u00e9lecteurs ind\u00e9pendants) afin de renforcer la transparence des processus souvent obscurs qui m\u00e8nent \u00e0 l\u2019investiture des chefs de partis et des candidats.<\/p>\n<p>Le caract\u00e8re inad\u00e9quat du mode de scrutin uninominal \u00e0 un tour a \u00e9t\u00e9 clairement d\u00e9montr\u00e9 dans la foul\u00e9e des \u00e9lections f\u00e9d\u00e9rales et des \u00e9lections tenues r\u00e9cemment au Qu\u00e9bec, notamment par <a href=\"https:\/\/www.theglobeandmail.com\/opinion\/article-winner-take-all-elections-can-erode-trust-in-democracy\/\">Sanjay\u00a0Ruperalia<\/a>, titulaire de la Chaire Jarislowsky sur la d\u00e9mocratie de l\u2019Universit\u00e9 m\u00e9tropolitaine de Toronto. Selon M.\u00a0Ruperalia, ce mode de scrutin est pr\u00e9cis\u00e9ment la raison qui fait que trop de Canadiens ont l\u2019impression que leur vote ne compte pas.<\/p>\n<p>J\u2019estime que, pour que ce vote compte, on doit concevoir un mode de scrutin selon lequel un d\u00e9put\u00e9 gagnant est \u00e9lu par une v\u00e9ritable majorit\u00e9 d\u2019\u00e9lecteurs d\u2019une circonscription. Cela att\u00e9nuerait les critiques sur la l\u00e9gitimit\u00e9 des gagnants du mode de scrutin uninominal \u00e0 un tour. En effet, la plupart du temps, les gagnants ont \u00e9t\u00e9 rejet\u00e9s par une majorit\u00e9 d\u2019\u00e9lecteurs, qui n\u2019ont pas vot\u00e9 pour eux.<\/p>\n<p>Dans un pays aussi grand et diversifi\u00e9 que le Canada, on trouve un large \u00e9ventail de points de vue personnels dans chacune des circonscriptions. Ces points de vue ont plus de poids si les d\u00e9put\u00e9s sont \u00e9lus par une majorit\u00e9.<\/p>\n<p>\u00c0 mon avis, le meilleur outil pour atteindre cet objectif est le mode de scrutin \u00e0 deux tours pr\u00e9sentement utilis\u00e9 en France et <a href=\"https:\/\/aceproject.org\/main\/francais\/es\/esd01.htm\">dans d\u2019autres pays<\/a>.<\/p>\n<p>Avec un tel syst\u00e8me, les \u00e9lecteurs pourraient \u00eatre appel\u00e9s \u00e0 aller voter deux fois avant que l\u2019on ne puisse d\u00e9signer un vainqueur majoritaire. Au premier tour, il peut y avoir autant de candidats qui tentent de se faire \u00e9lire que ce que la loi permet. Si personne n\u2019obtient la majorit\u00e9, un scrutin de ballottage a lieu entre les deux candidats ayant obtenu le plus de votes au premier tour. Le gagnant est celui qui obtient plus de 50\u00a0% des votes.<\/p>\n<p>Au Canada, cela pourrait vouloir dire que des candidats du Parti lib\u00e9ral, du Parti conservateur, du NPD, du Bloc qu\u00e9b\u00e9cois, du Parti vert et du Parti populaire, ainsi que des candidats ind\u00e9pendants pourraient s\u2019affronter au premier tour. Si personne n\u2019obtient la majorit\u00e9, un deuxi\u00e8me scrutin a lieu peu de temps apr\u00e8s.<\/p>\n<p>Ce syst\u00e8me pr\u00e9sente un certain nombre d\u2019avantages, le premier \u00e9tant de rehausser la l\u00e9gitimit\u00e9 du processus.<\/p>\n<p>De plus, la tenue \u00e9ventuelle d\u2019un second tour motiverait les candidats \u00e0 chercher \u00e0 recueillir des appuis hors de leur \u00e9lectorat habituel, afin de pouvoir remporter une majorit\u00e9. Par exemple, les conservateurs, qui pr\u00f4nent l\u2019abolition compl\u00e8te de la taxe sur le carbone, pourraient adopter une attitude plus mod\u00e9r\u00e9e s\u2019ils savaient qu\u2019il leur faudrait l\u2019appui de certains partisans du Parti vert pour atteindre la majorit\u00e9. Les n\u00e9o-d\u00e9mocrates, dont la priorit\u00e9 est de renforcer les services sociaux, pourraient eux aussi d\u00e9cider finalement de temp\u00e9rer leurs pr\u00e9f\u00e9rences.<\/p>\n<p>Le scrutin de ballottage procure \u00e9galement un plus grand sentiment de contr\u00f4le aux \u00e9lecteurs, car leur vote exerce une plus grande influence que dans le contexte du syst\u00e8me uninominal \u00e0 un tour.<\/p>\n<p>On pourrait aussi examiner d\u2019autres id\u00e9es pour raffermir la confiance dans le syst\u00e8me, comme la repr\u00e9sentation proportionnelle, qui attribue \u00e0 un parti un nombre de si\u00e8ges \u00e9quivalant au pourcentage de votes obtenus. Ce n\u2019est pas mon option pr\u00e9f\u00e9r\u00e9e, car la liste des repr\u00e9sentants \u00e9ventuels est alors contr\u00f4l\u00e9e par le parti ou son chef\u2009; les \u00e9lecteurs ne peuvent donc plus \u00e9lire directement une personne.<\/p>\n<h3><strong>Deuxi\u00e8me id\u00e9e\u00a0: tout le monde doit voter<\/strong><\/h3>\n<p>La deuxi\u00e8me notion visant \u00e0 accro\u00eetre l\u2019engagement est un simple changement qui rendrait le <a href=\"https:\/\/legalanswers.sl.nsw.gov.au\/hot-topics-voting-and-elections\/compulsory-voting-and-against\">vote obligatoire<\/a>, comme c\u2019est le cas dans certains pays, dont l\u2019Australie.<\/p>\n<p>En combinant le vote obligatoire au scrutin \u00e0 deux tours, on s\u2019assurerait que le vainqueur obtienne une majorit\u00e9 des votes exprim\u00e9s, mais aussi une majorit\u00e9 de l\u2019ensemble des \u00e9lecteurs. Encore une fois, les candidats devront obtenir les votes d\u2019un plus large \u00e9ventail d\u2019\u00e9lecteurs, en courtisant des groupes qui votent moins de fa\u00e7on g\u00e9n\u00e9rale.<\/p>\n<p>Le vote obligatoire encourage les gens \u00e0 pr\u00eater davantage attention \u00e0 ce qui se passe, renfor\u00e7ant par le fait m\u00eame l\u2019engagement civique. Si nous avons r\u00e9ussi \u00e0 rendre le versement des imp\u00f4ts et la fonction de jur\u00e9 obligatoires, nous pouvons s\u00fbrement faire de m\u00eame avec le vote.<\/p>\n<h3><strong>Troisi\u00e8me id\u00e9e\u00a0: d\u00e9clarer notre affiliation politique<\/strong><\/h3>\n<p>La troisi\u00e8me notion qui pourrait rendre notre syst\u00e8me plus d\u00e9mocratique consiste \u00e0 convaincre les Canadiens de l\u2019int\u00e9grit\u00e9 des processus d\u2019investiture et de course \u00e0 la direction que m\u00e8ne chaque parti. Pour ce faire, il faudrait s\u2019assurer que tous les Canadiens en \u00e2ge de voter s\u2019inscrivent officiellement en tant que sympathisant d\u2019un parti ou en tant qu\u2019\u00e9lecteur ind\u00e9pendant, sans affiliation partisane.<\/p>\n<p>Les membres de longue date d\u2019un parti politique se sentent souvent exclus quand ils prennent part \u00e0 un processus d\u2019investiture, puisque leur fid\u00e9lit\u00e9 ne signifie pas grand-chose lorsqu\u2019ils voient des individus devenir soudainement membres du parti pendant une course \u00e0 la direction, afin de pouvoir voter pour un candidat en particulier.<\/p>\n<p>Les membres de longue date qui sont d\u00e9vou\u00e9s et qui veulent soumettre leur propre candidature peuvent aussi se sentir exclus si des nouveaux venus ont la possibilit\u00e9 de recruter des membres \u00e0 la derni\u00e8re minute. Ils s\u2019estiment alors mis de c\u00f4t\u00e9 par des candidats \u00ab\u2009\u00e0 projet unique\u2009\u00bb, qui recrutent des membres sans d\u00e9montrer d\u2019int\u00e9r\u00eat particulier pour l\u2019id\u00e9ologie du parti, sauf en ce qui concerne leur projet f\u00e9tiche. Cette atteinte aux r\u00e8gles a \u00e9t\u00e9 observ\u00e9e r\u00e9cemment lors de la campagne visant \u00e0 remplacer le premier ministre sortant de la Colombie-Britannique, le <a href=\"https:\/\/vancouver.citynews.ca\/2022\/10\/20\/bc-ndp-john-horgan-appadurai-disqualification\/\">n\u00e9o-d\u00e9mocrate John\u00a0Horgan<\/a>.<\/p>\n<p>Gr\u00e2ce \u00e0 un syst\u00e8me d\u2019inscription administr\u00e9 par \u00c9lections Canada, on cr\u00e9erait une stabilit\u00e9 en ce qui a trait aux adh\u00e9sions, et on renforcerait la confiance \u00e0 l\u2019\u00e9gard des proc\u00e9dures des partis.<\/p>\n<p>\u00c0 mes yeux, ces trois id\u00e9es pourraient contribuer \u00e0 r\u00e9tablir la confiance dans le processus \u00e9lectoral. Les gens doivent sentir que leur vote compte et qu\u2019il ne s\u2019agit pas d\u2019un exercice vain, qui les m\u00e8ne \u00e0 d\u2019autres comportements plus regrettables.<\/p>\n","protected":false},"excerpt":{"rendered":"<p>(English version available here) Une c\u00e9l\u00e8bre philosophe du 20e\u00a0si\u00e8cle qui en avait beaucoup \u00e0 dire sur la fa\u00e7on dont les individus deviennent des proies faciles pour les dirigeants autoritaires, Hannah Arendt, a d\u00e9j\u00e0 fait remarquer que la violence politique d\u00e9coule de l\u2019impuissance. \u00ab\u2009C\u2019est l\u2019espoir, disait-elle, de ceux qui n\u2019ont pas de pouvoir.\u2009\u00bb En f\u00e9vrier dernier, [&hellip;]<\/p>\n","protected":false},"featured_media":281245,"template":"","meta":{"_acf_changed":false,"content-type":"","ep_exclude_from_search":false,"apple_news_api_created_at":"2025-08-30T10:54:43Z","apple_news_api_id":"80d5564d-fed2-4541-864d-f89450c9f6d3","apple_news_api_modified_at":"2025-08-30T10:54:43Z","apple_news_api_revision":"AAAAAAAAAAD\/\/\/\/\/\/\/\/\/\/w==","apple_news_api_share_url":"https:\/\/apple.news\/AgNVWTf7SRUGGTfiUUMn20w","apple_news_cover_media_provider":"image","apple_news_coverimage":0,"apple_news_coverimage_caption":"","apple_news_cover_video_id":0,"apple_news_cover_video_url":"","apple_news_cover_embedwebvideo_url":"","apple_news_is_hidden":"","apple_news_is_paid":"","apple_news_is_preview":"","apple_news_is_sponsored":"","apple_news_maturity_rating":"","apple_news_metadata":"\"\"","apple_news_pullquote":"","apple_news_pullquote_position":"","apple_news_slug":"","apple_news_sections":[],"apple_news_suppress_video_url":false,"apple_news_use_image_component":false},"categories":[9399,9358,9372],"tags":[8936,8854],"article-status":[],"irpp-category":[4234,4250,4229,4295],"section":[],"irpp-tag":[],"class_list":["post-270613","issues","type-issues","status-publish","has-post-thumbnail","hentry","category-democratie","category-politique","category-recent-stories-fr","tag-mode-de-scrutin","tag-vote-obligatoire","irpp-category-democracy","irpp-category-democratie","irpp-category-politics","irpp-category-politique"],"acf":[],"apple_news_notices":[],"yoast_head":"<!-- This site is optimized with the Yoast SEO plugin v27.4 - https:\/\/yoast.com\/product\/yoast-seo-wordpress\/ -->\n<title>Trois mesures pour r\u00e9parer le syst\u00e8me \u00e9lectoral canadien<\/title>\n<meta name=\"robots\" content=\"index, follow, max-snippet:-1, max-image-preview:large, max-video-preview:-1\" \/>\n<link rel=\"canonical\" href=\"https:\/\/policyoptions.irpp.org\/fr\/2022\/11\/trois-mesures-reparer-elections\/\" \/>\n<meta property=\"og:locale\" content=\"fr_FR\" \/>\n<meta property=\"og:type\" content=\"article\" \/>\n<meta property=\"og:title\" content=\"Trois mesures pour r\u00e9parer le syst\u00e8me \u00e9lectoral canadien\" \/>\n<meta property=\"og:description\" content=\"(English version available here) Une c\u00e9l\u00e8bre philosophe du 20e\u00a0si\u00e8cle qui en avait beaucoup \u00e0 dire sur la fa\u00e7on dont les individus deviennent des proies faciles pour les dirigeants autoritaires, Hannah Arendt, a d\u00e9j\u00e0 fait remarquer que la violence politique d\u00e9coule de l\u2019impuissance. \u00ab\u2009C\u2019est l\u2019espoir, disait-elle, de ceux qui n\u2019ont pas de pouvoir.\u2009\u00bb En f\u00e9vrier dernier, [&hellip;]\" \/>\n<meta property=\"og:url\" content=\"https:\/\/policyoptions.irpp.org\/fr\/2022\/11\/trois-mesures-reparer-elections\/\" \/>\n<meta property=\"og:site_name\" content=\"Policy Options\" \/>\n<meta property=\"article:publisher\" content=\"https:\/\/www.facebook.com\/IRPP.org\" \/>\n<meta property=\"article:modified_time\" content=\"2025-10-08T04:02:45+00:00\" \/>\n<meta property=\"og:image\" content=\"https:\/\/policyoptions.irpp.org\/wp-content\/uploads\/2025\/08\/Three-ways-to-fix-the-Canadian-electoral-system.jpg\" \/>\n\t<meta property=\"og:image:width\" content=\"1920\" \/>\n\t<meta property=\"og:image:height\" content=\"1080\" \/>\n\t<meta property=\"og:image:type\" content=\"image\/jpeg\" \/>\n<meta name=\"twitter:card\" content=\"summary_large_image\" \/>\n<meta name=\"twitter:site\" content=\"@irpp\" \/>\n<meta name=\"twitter:label1\" content=\"Est. reading time\" \/>\n\t<meta name=\"twitter:data1\" content=\"9 minutes\" \/>\n<script type=\"application\/ld+json\" class=\"yoast-schema-graph\">{\"@context\":\"https:\\\/\\\/schema.org\",\"@graph\":[{\"@type\":\"WebPage\",\"@id\":\"https:\\\/\\\/policyoptions.irpp.org\\\/fr\\\/2022\\\/11\\\/trois-mesures-reparer-elections\\\/\",\"url\":\"https:\\\/\\\/policyoptions.irpp.org\\\/fr\\\/2022\\\/11\\\/trois-mesures-reparer-elections\\\/\",\"name\":\"Trois mesures pour r\u00e9parer le syst\u00e8me \u00e9lectoral canadien\",\"isPartOf\":{\"@id\":\"https:\\\/\\\/policyoptions.irpp.org\\\/fr\\\/#website\"},\"primaryImageOfPage\":{\"@id\":\"https:\\\/\\\/policyoptions.irpp.org\\\/fr\\\/2022\\\/11\\\/trois-mesures-reparer-elections\\\/#primaryimage\"},\"image\":{\"@id\":\"https:\\\/\\\/policyoptions.irpp.org\\\/fr\\\/2022\\\/11\\\/trois-mesures-reparer-elections\\\/#primaryimage\"},\"thumbnailUrl\":\"https:\\\/\\\/policyoptions.irpp.org\\\/wp-content\\\/uploads\\\/2025\\\/08\\\/Three-ways-to-fix-the-Canadian-electoral-system.jpg\",\"datePublished\":\"2022-11-02T16:45:04+00:00\",\"dateModified\":\"2025-10-08T04:02:45+00:00\",\"breadcrumb\":{\"@id\":\"https:\\\/\\\/policyoptions.irpp.org\\\/fr\\\/2022\\\/11\\\/trois-mesures-reparer-elections\\\/#breadcrumb\"},\"inLanguage\":\"fr-FR\",\"potentialAction\":[{\"@type\":\"ReadAction\",\"target\":[\"https:\\\/\\\/policyoptions.irpp.org\\\/fr\\\/2022\\\/11\\\/trois-mesures-reparer-elections\\\/\"]}]},{\"@type\":\"ImageObject\",\"inLanguage\":\"fr-FR\",\"@id\":\"https:\\\/\\\/policyoptions.irpp.org\\\/fr\\\/2022\\\/11\\\/trois-mesures-reparer-elections\\\/#primaryimage\",\"url\":\"https:\\\/\\\/policyoptions.irpp.org\\\/wp-content\\\/uploads\\\/2025\\\/08\\\/Three-ways-to-fix-the-Canadian-electoral-system.jpg\",\"contentUrl\":\"https:\\\/\\\/policyoptions.irpp.org\\\/wp-content\\\/uploads\\\/2025\\\/08\\\/Three-ways-to-fix-the-Canadian-electoral-system.jpg\",\"width\":1920,\"height\":1080,\"caption\":\"A woman walks with a grey bin while another works at a table with seven smaller sorting bins in front of her.\"},{\"@type\":\"BreadcrumbList\",\"@id\":\"https:\\\/\\\/policyoptions.irpp.org\\\/fr\\\/2022\\\/11\\\/trois-mesures-reparer-elections\\\/#breadcrumb\",\"itemListElement\":[{\"@type\":\"ListItem\",\"position\":1,\"name\":\"Home\",\"item\":\"https:\\\/\\\/policyoptions.irpp.org\\\/fr\\\/\"},{\"@type\":\"ListItem\",\"position\":2,\"name\":\"Trois mesures pour r\u00e9parer le syst\u00e8me \u00e9lectoral canadien\"}]},{\"@type\":\"WebSite\",\"@id\":\"https:\\\/\\\/policyoptions.irpp.org\\\/fr\\\/#website\",\"url\":\"https:\\\/\\\/policyoptions.irpp.org\\\/fr\\\/\",\"name\":\"Policy Options\",\"description\":\"Institute for Research on Public Policy\",\"potentialAction\":[{\"@type\":\"SearchAction\",\"target\":{\"@type\":\"EntryPoint\",\"urlTemplate\":\"https:\\\/\\\/policyoptions.irpp.org\\\/fr\\\/?s={search_term_string}\"},\"query-input\":{\"@type\":\"PropertyValueSpecification\",\"valueRequired\":true,\"valueName\":\"search_term_string\"}}],\"inLanguage\":\"fr-FR\"}]}<\/script>\n<!-- \/ Yoast SEO plugin. -->","yoast_head_json":{"title":"Trois mesures pour r\u00e9parer le syst\u00e8me \u00e9lectoral canadien","robots":{"index":"index","follow":"follow","max-snippet":"max-snippet:-1","max-image-preview":"max-image-preview:large","max-video-preview":"max-video-preview:-1"},"canonical":"https:\/\/policyoptions.irpp.org\/fr\/2022\/11\/trois-mesures-reparer-elections\/","og_locale":"fr_FR","og_type":"article","og_title":"Trois mesures pour r\u00e9parer le syst\u00e8me \u00e9lectoral canadien","og_description":"(English version available here) Une c\u00e9l\u00e8bre philosophe du 20e\u00a0si\u00e8cle qui en avait beaucoup \u00e0 dire sur la fa\u00e7on dont les individus deviennent des proies faciles pour les dirigeants autoritaires, Hannah Arendt, a d\u00e9j\u00e0 fait remarquer que la violence politique d\u00e9coule de l\u2019impuissance. \u00ab\u2009C\u2019est l\u2019espoir, disait-elle, de ceux qui n\u2019ont pas de pouvoir.\u2009\u00bb En f\u00e9vrier dernier, [&hellip;]","og_url":"https:\/\/policyoptions.irpp.org\/fr\/2022\/11\/trois-mesures-reparer-elections\/","og_site_name":"Policy Options","article_publisher":"https:\/\/www.facebook.com\/IRPP.org","article_modified_time":"2025-10-08T04:02:45+00:00","og_image":[{"width":1920,"height":1080,"url":"https:\/\/policyoptions.irpp.org\/wp-content\/uploads\/2025\/08\/Three-ways-to-fix-the-Canadian-electoral-system.jpg","type":"image\/jpeg"}],"twitter_card":"summary_large_image","twitter_site":"@irpp","twitter_misc":{"Est. reading time":"9 minutes"},"schema":{"@context":"https:\/\/schema.org","@graph":[{"@type":"WebPage","@id":"https:\/\/policyoptions.irpp.org\/fr\/2022\/11\/trois-mesures-reparer-elections\/","url":"https:\/\/policyoptions.irpp.org\/fr\/2022\/11\/trois-mesures-reparer-elections\/","name":"Trois mesures pour r\u00e9parer le syst\u00e8me \u00e9lectoral canadien","isPartOf":{"@id":"https:\/\/policyoptions.irpp.org\/fr\/#website"},"primaryImageOfPage":{"@id":"https:\/\/policyoptions.irpp.org\/fr\/2022\/11\/trois-mesures-reparer-elections\/#primaryimage"},"image":{"@id":"https:\/\/policyoptions.irpp.org\/fr\/2022\/11\/trois-mesures-reparer-elections\/#primaryimage"},"thumbnailUrl":"https:\/\/policyoptions.irpp.org\/wp-content\/uploads\/2025\/08\/Three-ways-to-fix-the-Canadian-electoral-system.jpg","datePublished":"2022-11-02T16:45:04+00:00","dateModified":"2025-10-08T04:02:45+00:00","breadcrumb":{"@id":"https:\/\/policyoptions.irpp.org\/fr\/2022\/11\/trois-mesures-reparer-elections\/#breadcrumb"},"inLanguage":"fr-FR","potentialAction":[{"@type":"ReadAction","target":["https:\/\/policyoptions.irpp.org\/fr\/2022\/11\/trois-mesures-reparer-elections\/"]}]},{"@type":"ImageObject","inLanguage":"fr-FR","@id":"https:\/\/policyoptions.irpp.org\/fr\/2022\/11\/trois-mesures-reparer-elections\/#primaryimage","url":"https:\/\/policyoptions.irpp.org\/wp-content\/uploads\/2025\/08\/Three-ways-to-fix-the-Canadian-electoral-system.jpg","contentUrl":"https:\/\/policyoptions.irpp.org\/wp-content\/uploads\/2025\/08\/Three-ways-to-fix-the-Canadian-electoral-system.jpg","width":1920,"height":1080,"caption":"A woman walks with a grey bin while another works at a table with seven smaller sorting bins in front of her."},{"@type":"BreadcrumbList","@id":"https:\/\/policyoptions.irpp.org\/fr\/2022\/11\/trois-mesures-reparer-elections\/#breadcrumb","itemListElement":[{"@type":"ListItem","position":1,"name":"Home","item":"https:\/\/policyoptions.irpp.org\/fr\/"},{"@type":"ListItem","position":2,"name":"Trois mesures pour r\u00e9parer le syst\u00e8me \u00e9lectoral canadien"}]},{"@type":"WebSite","@id":"https:\/\/policyoptions.irpp.org\/fr\/#website","url":"https:\/\/policyoptions.irpp.org\/fr\/","name":"Policy Options","description":"Institute for Research on Public Policy","potentialAction":[{"@type":"SearchAction","target":{"@type":"EntryPoint","urlTemplate":"https:\/\/policyoptions.irpp.org\/fr\/?s={search_term_string}"},"query-input":{"@type":"PropertyValueSpecification","valueRequired":true,"valueName":"search_term_string"}}],"inLanguage":"fr-FR"}]}},"_links":{"self":[{"href":"https:\/\/policyoptions.irpp.org\/fr\/wp-json\/wp\/v2\/issues\/270613","targetHints":{"allow":["GET"]}}],"collection":[{"href":"https:\/\/policyoptions.irpp.org\/fr\/wp-json\/wp\/v2\/issues"}],"about":[{"href":"https:\/\/policyoptions.irpp.org\/fr\/wp-json\/wp\/v2\/types\/issues"}],"wp:featuredmedia":[{"embeddable":true,"href":"https:\/\/policyoptions.irpp.org\/fr\/wp-json\/wp\/v2\/media\/281245"}],"wp:attachment":[{"href":"https:\/\/policyoptions.irpp.org\/fr\/wp-json\/wp\/v2\/media?parent=270613"}],"wp:term":[{"taxonomy":"category","embeddable":true,"href":"https:\/\/policyoptions.irpp.org\/fr\/wp-json\/wp\/v2\/categories?post=270613"},{"taxonomy":"post_tag","embeddable":true,"href":"https:\/\/policyoptions.irpp.org\/fr\/wp-json\/wp\/v2\/tags?post=270613"},{"taxonomy":"article-status","embeddable":true,"href":"https:\/\/policyoptions.irpp.org\/fr\/wp-json\/wp\/v2\/article-status?post=270613"},{"taxonomy":"irpp-category","embeddable":true,"href":"https:\/\/policyoptions.irpp.org\/fr\/wp-json\/wp\/v2\/irpp-category?post=270613"},{"taxonomy":"section","embeddable":true,"href":"https:\/\/policyoptions.irpp.org\/fr\/wp-json\/wp\/v2\/section?post=270613"},{"taxonomy":"irpp-tag","embeddable":true,"href":"https:\/\/policyoptions.irpp.org\/fr\/wp-json\/wp\/v2\/irpp-tag?post=270613"}],"curies":[{"name":"wp","href":"https:\/\/api.w.org\/{rel}","templated":true}]}}