{"id":270599,"date":"2022-10-25T10:30:48","date_gmt":"2022-10-25T14:30:48","guid":{"rendered":"https:\/\/policyoptions.irpp.org\/issues\/seniors-ptsd-ltc\/"},"modified":"2025-10-08T00:02:35","modified_gmt":"2025-10-08T04:02:35","slug":"seniors-ptsd-ltc","status":"publish","type":"issues","link":"https:\/\/policyoptions.irpp.org\/fr\/2022\/10\/seniors-ptsd-ltc\/","title":{"rendered":"Les soins en foyers pour a\u00een\u00e9s doivent tenir compte des traumatismes des r\u00e9sidents"},"content":{"rendered":"<p style=\"text-align: right;\"><em>(English version available <a href=\"https:\/\/policyoptions.irpp.org\/magazines\/october-2022\/seniors-ptsd-ltc\/\">here<\/a>) <\/em><\/p>\n<p>Le Canada doit mettre en place dans les foyers pour a\u00een\u00e9s \u2013 au Qu\u00e9bec, les CHSLD \u2013 des soins, de la formation et des strat\u00e9gies qui tiennent compte des traumatismes lointains ou r\u00e9cents v\u00e9cus par les personnes \u00e2g\u00e9es.<\/p>\n<p>Oui, \u00ab\u00a0traumatismes\u00a0\u00bb est un terme lourd de sens, mais c\u2019est bien le mot juste.<\/p>\n<p>Il d\u00e9crit exactement l\u2019impact de la pand\u00e9mie de COVID-19 dans les foyers pour a\u00een\u00e9s, o\u00f9 sont survenus la majorit\u00e9 des d\u00e9c\u00e8s et o\u00f9 les r\u00e9sidents ont v\u00e9cu de l\u2019isolement et des privations extr\u00eames en raison de la restriction draconienne des visites de proches aidants et de la p\u00e9nurie de personnel.<\/p>\n<p>Cela \u00e9tant dit, les personnes h\u00e9berg\u00e9es dans ces \u00e9tablissements pr\u00e9sentent souvent deux niveaux de traumatismes.<\/p>\n<p>En effet, on oublie de consid\u00e9rer que la pand\u00e9mie peut avoir d\u00e9clench\u00e9 ou r\u00e9activ\u00e9 des sympt\u00f4mes de trouble de stress post-traumatique (TSPT) chez les personnes \u00e2g\u00e9es ayant d\u00e9j\u00e0 subi des traumatismes psychologiques, comme un accident de la route, des s\u00e9vices physiques ou sexuels ou un conflit arm\u00e9.<\/p>\n<h3><strong>Le stress post-traumatique tr\u00e8s pr\u00e9sent dans les foyers<\/strong><\/h3>\n<p>Dans un <a href=\"https:\/\/secure.jbs.elsevierhealth.com\/action\/getSharedSiteSession?redirect=https%3A%2F%2Fwww.jamda.com%2Farticle%2FS1525-8610%2822%2900190-6%2Ffulltext&amp;rc=0\">article<\/a> publi\u00e9 r\u00e9cemment, mes coauteurs et moi d\u00e9montrons que la pr\u00e9valence du TSPT chez les r\u00e9sidents des centres de soins de longue dur\u00e9e est beaucoup plus \u00e9lev\u00e9e qu\u2019on pourrait le croire et que la pand\u00e9mie a exacerb\u00e9 ces sympt\u00f4mes chez certaines personnes. De plus, nous formulons des recommandations sur la fa\u00e7on dont les foyers pour a\u00een\u00e9s pourraient s\u2019ajuster aux cons\u00e9quences de ces traumatismes.<\/p>\n<p>Un traumatisme ne m\u00e8ne pas forc\u00e9ment \u00e0 un TSPT, mais les personnes qui en d\u00e9veloppent sont plus susceptibles de conna\u00eetre une r\u00e9surgence des sympt\u00f4mes en vieillissant, de souffrir de d\u00e9mence ou d\u2019\u00eatre admises dans un foyer pour ain\u00e9s, ce qui peut constituer en soi un \u00e9v\u00e9nement traumatisant. Pour les a\u00een\u00e9s vuln\u00e9rables vivant dans ces \u00e9tablissements, la propagation d\u2019un virus mortel peut aussi d\u00e9clencher des sympt\u00f4mes s\u00e9v\u00e8res de TSPT, comme des pens\u00e9es intrusives, des cauchemars et des sentiments de panique.<\/p>\n<p>Plus du deux tiers des personnes \u00e2g\u00e9es h\u00e9berg\u00e9es dans un centre de soins de longue dur\u00e9e sont atteintes d\u2019une forme quelconque de d\u00e9mence. Les proc\u00e9dures de soins ou l\u2019environnement visuel et sonore de ces \u00e9tablissements peuvent \u00e0 eux seuls provoquer des sympt\u00f4mes de TSPT qui peuvent conduire \u00e0 des comportements extr\u00eames lorsqu\u2019ils s\u2019ajoutent \u00e0 la d\u00e9mence.<\/p>\n<p>En outre, certains sympt\u00f4mes associ\u00e9s \u00e0 ce trouble, comme la col\u00e8re, l\u2019agressivit\u00e9 et l\u2019agitation, s\u2019apparentent \u00e0 ceux de la d\u00e9mence. Comme le d\u00e9pistage des traumatismes psychologiques n\u2019est pas une pratique courante dans les foyers pour a\u00een\u00e9s, le personnel peut avoir de la difficult\u00e9 \u00e0 faire la distinction entre les comportements li\u00e9s au TSPT ou \u00e0 la d\u00e9mence.<\/p>\n<p>Tout cela d\u00e9montre l\u2019urgence de mettre en place des soins centr\u00e9s sur la personne et de former le personnel pour r\u00e9pondre ad\u00e9quatement aux besoins de chaque r\u00e9sident.<\/p>\n<h3><strong>Un manque criant de ressources et de formation<\/strong><\/h3>\n<p>Gr\u00e2ce \u00e0 l\u2019adoption de pratiques tenant compte des traumatismes, gr\u00e2ce aussi \u00e0 des ressources et \u00e0 une formation ad\u00e9quates, on peut assurer la qualit\u00e9 de vie des r\u00e9sidents et offrir des soins appropri\u00e9s \u00e0 ceux vivant avec un TSPT. Alors, \u00e0 quoi peut ressembler un centre de soins de longue dur\u00e9e o\u00f9 les soins tiennent compte des traumatismes\u00a0?<\/p>\n<p>Dans un tel \u00e9tablissement, l\u2019environnement est rassurant et les employ\u00e9s sont bien form\u00e9s et en nombre suffisant. Lors de l\u2019admission d\u2019une personne, on d\u00e9piste les traumatismes et on dresse son historique pour \u00e9tablir la base de son plan de soins. La direction implique les r\u00e9sidents, leurs proches et le personnel dans tous les aspects de la planification des soins, en plus de fournir aux employ\u00e9s la possibilit\u00e9 de s\u2019adjoindre des services sp\u00e9cialis\u00e9s, notamment en sant\u00e9 mentale.<\/p>\n<p>Tenir compte des TSPT, c\u2019est aussi traiter les sympt\u00f4mes et les probl\u00e8mes de comportement associ\u00e9s qui leur sont associ\u00e9s au moyen de strat\u00e9gies ax\u00e9es sur les sensations corporelles. Les couvertures lest\u00e9es, la musique, les exercices de respiration ou la zooth\u00e9rapie, par exemple, peuvent rehausser la qualit\u00e9 du sommeil, am\u00e9liorer la sant\u00e9 mentale et diminuer la douleur et l\u2019agitation.<\/p>\n<p>Enfin, une approche tenant compte des traumatismes exige aussi de s\u2019occuper du bien-\u00eatre du personnel.<\/p>\n<h3><strong>Des soins ax\u00e9s sur les TSPT pour att\u00e9nuer les crises<\/strong><\/h3>\n<p>Durant la pand\u00e9mie, le personnel qui manquait d\u00e9j\u00e0 de temps pour soigner ad\u00e9quatement les r\u00e9sidentes et les r\u00e9sidents s\u2019est retrouv\u00e9 compl\u00e8tement d\u00e9bord\u00e9 \u00e0 la suite de la restriction s\u00e9v\u00e8re des visites des proches aidants. Ce sentiment d\u2019impuissance a \u00e9t\u00e9 multipli\u00e9 par la <a href=\"https:\/\/www.ualberta.ca\/folio\/2020\/04\/how-covid-19-overwhelmed-canadas-long-term-care-system.html\">douleur morale<\/a> de voir les gens souffrir et mourir seuls.<\/p>\n<p>Les cas d\u2019\u00e9puisement professionnel atteignent actuellement des <a href=\"https:\/\/www.theglobeandmail.com\/opinion\/article-canadas-nursing-home-workers-are-nearing-catastrophic-levels-of\/\">niveaux catastrophique<\/a>s. Pour soutenir les employ\u00e9s traumatis\u00e9s, on doit leur proposer des approches cognitives, qui permettent de r\u00e9guler l\u2019attention et de formuler une intention, ou encore des approches somatiques, comme des th\u00e9rapies de yoga adapt\u00e9es, de la dance, de la m\u00e9ditation, des techniques de respiration et d\u2019autres strat\u00e9gies pour r\u00e9duire le stress.<\/p>\n<p>En attendant que nos d\u00e9cideurs publics \u00e9laborent un important cadre de normes et de pratiques pour l\u2019ensemble de l\u2019industrie, nous devons travailler \u00e0 l\u2019\u00e9chelle locale afin que les m\u00e9thodes tenant compte des traumatismes soient parfaitement int\u00e9gr\u00e9es dans endroits qui prennent soin de nos a\u00een\u00e9s.<\/p>\n<p>La pand\u00e9mie de COVID-19 a repr\u00e9sent\u00e9 un v\u00e9ritable boulet de d\u00e9molition psychologique et seules des pratiques et des politiques tenant compte des traumatismes peuvent contribuer \u00e0 renforcer le syst\u00e8me de soins de longue dur\u00e9e afin qu\u2019il r\u00e9siste aux assauts d\u2019une pand\u00e9mie ou d\u2019une autre catastrophe.<\/p>\n<p>Le personnel doit poss\u00e9der une formation de base sur les effets des traumatismes et sur la fa\u00e7on d\u2019en tenir compte dans leur routine de soins quotidiens. De plus, tant les r\u00e9sidents que les employ\u00e9s doivent avoir acc\u00e8s aux services de formateurs, d\u2019infirmi\u00e8res praticiennes sp\u00e9cialis\u00e9s et de sp\u00e9cialistes en sant\u00e9 mentale.<\/p>\n<p>Les a\u00een\u00e9s vuln\u00e9rables h\u00e9berg\u00e9s dans les foyers de soins de longue dur\u00e9e ont assez souffert. Il est temps que les d\u00e9cideurs publics et les gestionnaires des foyers pour a\u00een\u00e9s accordent la priorit\u00e9 aux soins tenant compte des traumatismes.<\/p>\n","protected":false},"excerpt":{"rendered":"<p>(English version available here) Le Canada doit mettre en place dans les foyers pour a\u00een\u00e9s \u2013 au Qu\u00e9bec, les CHSLD \u2013 des soins, de la formation et des strat\u00e9gies qui tiennent compte des traumatismes lointains ou r\u00e9cents v\u00e9cus par les personnes \u00e2g\u00e9es. Oui, \u00ab\u00a0traumatismes\u00a0\u00bb est un terme lourd de sens, mais c\u2019est bien le mot [&hellip;]<\/p>\n","protected":false},"featured_media":281221,"template":"","meta":{"_acf_changed":false,"content-type":"","ep_exclude_from_search":false,"apple_news_api_created_at":"2025-08-30T10:53:56Z","apple_news_api_id":"0ff645f9-9e66-4ce3-af70-810cc9db9d50","apple_news_api_modified_at":"2025-08-30T10:53:56Z","apple_news_api_revision":"AAAAAAAAAAD\/\/\/\/\/\/\/\/\/\/w==","apple_news_api_share_url":"https:\/\/apple.news\/AD_ZF-Z5mTOOvcIEMydudUA","apple_news_cover_media_provider":"image","apple_news_coverimage":0,"apple_news_coverimage_caption":"","apple_news_cover_video_id":0,"apple_news_cover_video_url":"","apple_news_cover_embedwebvideo_url":"","apple_news_is_hidden":"","apple_news_is_paid":"","apple_news_is_preview":"","apple_news_is_sponsored":"","apple_news_maturity_rating":"","apple_news_metadata":"\"\"","apple_news_pullquote":"","apple_news_pullquote_position":"","apple_news_slug":"","apple_news_sections":[],"apple_news_suppress_video_url":false,"apple_news_use_image_component":false},"categories":[9372,9377],"tags":[8847,8369],"article-status":[],"irpp-category":[4286,4331],"section":[],"irpp-tag":[],"class_list":["post-270599","issues","type-issues","status-publish","has-post-thumbnail","hentry","category-recent-stories-fr","category-sante","tag-chsld","tag-soins-longue-duree","irpp-category-sante","irpp-category-soins-de-longue-duree"],"acf":[],"apple_news_notices":[],"yoast_head":"<!-- This site is optimized with the Yoast SEO plugin v27.4 - https:\/\/yoast.com\/product\/yoast-seo-wordpress\/ -->\n<title>Les soins en foyers pour a\u00een\u00e9s doivent tenir compte des traumatismes des r\u00e9sidents<\/title>\n<meta name=\"robots\" content=\"index, follow, max-snippet:-1, max-image-preview:large, max-video-preview:-1\" \/>\n<link rel=\"canonical\" href=\"https:\/\/policyoptions.irpp.org\/fr\/2022\/10\/seniors-ptsd-ltc\/\" \/>\n<meta property=\"og:locale\" content=\"fr_FR\" \/>\n<meta property=\"og:type\" content=\"article\" \/>\n<meta property=\"og:title\" content=\"Les soins en foyers pour a\u00een\u00e9s doivent tenir compte des traumatismes des r\u00e9sidents\" \/>\n<meta property=\"og:description\" content=\"(English version available here) Le Canada doit mettre en place dans les foyers pour a\u00een\u00e9s \u2013 au Qu\u00e9bec, les CHSLD \u2013 des soins, de la formation et des strat\u00e9gies qui tiennent compte des traumatismes lointains ou r\u00e9cents v\u00e9cus par les personnes \u00e2g\u00e9es. Oui, \u00ab\u00a0traumatismes\u00a0\u00bb est un terme lourd de sens, mais c\u2019est bien le mot [&hellip;]\" \/>\n<meta property=\"og:url\" content=\"https:\/\/policyoptions.irpp.org\/fr\/2022\/10\/seniors-ptsd-ltc\/\" \/>\n<meta property=\"og:site_name\" content=\"Policy Options\" \/>\n<meta property=\"article:publisher\" content=\"https:\/\/www.facebook.com\/IRPP.org\" \/>\n<meta property=\"article:modified_time\" content=\"2025-10-08T04:02:35+00:00\" \/>\n<meta property=\"og:image\" content=\"https:\/\/policyoptions.irpp.org\/wp-content\/uploads\/2025\/08\/Wordpress-Seniors-need-trauma-informed-services-in-long-term-care-homes.jpg\" \/>\n\t<meta property=\"og:image:width\" content=\"1920\" \/>\n\t<meta property=\"og:image:height\" content=\"1080\" \/>\n\t<meta property=\"og:image:type\" content=\"image\/jpeg\" \/>\n<meta name=\"twitter:card\" content=\"summary_large_image\" \/>\n<meta name=\"twitter:site\" content=\"@irpp\" \/>\n<meta name=\"twitter:label1\" content=\"Est. reading time\" \/>\n\t<meta name=\"twitter:data1\" content=\"6 minutes\" \/>\n<script type=\"application\/ld+json\" class=\"yoast-schema-graph\">{\"@context\":\"https:\\\/\\\/schema.org\",\"@graph\":[{\"@type\":\"WebPage\",\"@id\":\"https:\\\/\\\/policyoptions.irpp.org\\\/fr\\\/2022\\\/10\\\/seniors-ptsd-ltc\\\/\",\"url\":\"https:\\\/\\\/policyoptions.irpp.org\\\/fr\\\/2022\\\/10\\\/seniors-ptsd-ltc\\\/\",\"name\":\"Les soins en foyers pour a\u00een\u00e9s doivent tenir compte des traumatismes des r\u00e9sidents\",\"isPartOf\":{\"@id\":\"https:\\\/\\\/policyoptions.irpp.org\\\/fr\\\/#website\"},\"primaryImageOfPage\":{\"@id\":\"https:\\\/\\\/policyoptions.irpp.org\\\/fr\\\/2022\\\/10\\\/seniors-ptsd-ltc\\\/#primaryimage\"},\"image\":{\"@id\":\"https:\\\/\\\/policyoptions.irpp.org\\\/fr\\\/2022\\\/10\\\/seniors-ptsd-ltc\\\/#primaryimage\"},\"thumbnailUrl\":\"https:\\\/\\\/policyoptions.irpp.org\\\/wp-content\\\/uploads\\\/2025\\\/08\\\/Wordpress-Seniors-need-trauma-informed-services-in-long-term-care-homes.jpg\",\"datePublished\":\"2022-10-25T14:30:48+00:00\",\"dateModified\":\"2025-10-08T04:02:35+00:00\",\"breadcrumb\":{\"@id\":\"https:\\\/\\\/policyoptions.irpp.org\\\/fr\\\/2022\\\/10\\\/seniors-ptsd-ltc\\\/#breadcrumb\"},\"inLanguage\":\"fr-FR\",\"potentialAction\":[{\"@type\":\"ReadAction\",\"target\":[\"https:\\\/\\\/policyoptions.irpp.org\\\/fr\\\/2022\\\/10\\\/seniors-ptsd-ltc\\\/\"]}]},{\"@type\":\"ImageObject\",\"inLanguage\":\"fr-FR\",\"@id\":\"https:\\\/\\\/policyoptions.irpp.org\\\/fr\\\/2022\\\/10\\\/seniors-ptsd-ltc\\\/#primaryimage\",\"url\":\"https:\\\/\\\/policyoptions.irpp.org\\\/wp-content\\\/uploads\\\/2025\\\/08\\\/Wordpress-Seniors-need-trauma-informed-services-in-long-term-care-homes.jpg\",\"contentUrl\":\"https:\\\/\\\/policyoptions.irpp.org\\\/wp-content\\\/uploads\\\/2025\\\/08\\\/Wordpress-Seniors-need-trauma-informed-services-in-long-term-care-homes.jpg\",\"width\":1920,\"height\":1080},{\"@type\":\"BreadcrumbList\",\"@id\":\"https:\\\/\\\/policyoptions.irpp.org\\\/fr\\\/2022\\\/10\\\/seniors-ptsd-ltc\\\/#breadcrumb\",\"itemListElement\":[{\"@type\":\"ListItem\",\"position\":1,\"name\":\"Home\",\"item\":\"https:\\\/\\\/policyoptions.irpp.org\\\/fr\\\/\"},{\"@type\":\"ListItem\",\"position\":2,\"name\":\"Les soins en foyers pour a\u00een\u00e9s doivent tenir compte des traumatismes des r\u00e9sidents\"}]},{\"@type\":\"WebSite\",\"@id\":\"https:\\\/\\\/policyoptions.irpp.org\\\/fr\\\/#website\",\"url\":\"https:\\\/\\\/policyoptions.irpp.org\\\/fr\\\/\",\"name\":\"Policy Options\",\"description\":\"Institute for Research on Public Policy\",\"potentialAction\":[{\"@type\":\"SearchAction\",\"target\":{\"@type\":\"EntryPoint\",\"urlTemplate\":\"https:\\\/\\\/policyoptions.irpp.org\\\/fr\\\/?s={search_term_string}\"},\"query-input\":{\"@type\":\"PropertyValueSpecification\",\"valueRequired\":true,\"valueName\":\"search_term_string\"}}],\"inLanguage\":\"fr-FR\"}]}<\/script>\n<!-- \/ Yoast SEO plugin. -->","yoast_head_json":{"title":"Les soins en foyers pour a\u00een\u00e9s doivent tenir compte des traumatismes des r\u00e9sidents","robots":{"index":"index","follow":"follow","max-snippet":"max-snippet:-1","max-image-preview":"max-image-preview:large","max-video-preview":"max-video-preview:-1"},"canonical":"https:\/\/policyoptions.irpp.org\/fr\/2022\/10\/seniors-ptsd-ltc\/","og_locale":"fr_FR","og_type":"article","og_title":"Les soins en foyers pour a\u00een\u00e9s doivent tenir compte des traumatismes des r\u00e9sidents","og_description":"(English version available here) Le Canada doit mettre en place dans les foyers pour a\u00een\u00e9s \u2013 au Qu\u00e9bec, les CHSLD \u2013 des soins, de la formation et des strat\u00e9gies qui tiennent compte des traumatismes lointains ou r\u00e9cents v\u00e9cus par les personnes \u00e2g\u00e9es. Oui, \u00ab\u00a0traumatismes\u00a0\u00bb est un terme lourd de sens, mais c\u2019est bien le mot [&hellip;]","og_url":"https:\/\/policyoptions.irpp.org\/fr\/2022\/10\/seniors-ptsd-ltc\/","og_site_name":"Policy Options","article_publisher":"https:\/\/www.facebook.com\/IRPP.org","article_modified_time":"2025-10-08T04:02:35+00:00","og_image":[{"width":1920,"height":1080,"url":"https:\/\/policyoptions.irpp.org\/wp-content\/uploads\/2025\/08\/Wordpress-Seniors-need-trauma-informed-services-in-long-term-care-homes.jpg","type":"image\/jpeg"}],"twitter_card":"summary_large_image","twitter_site":"@irpp","twitter_misc":{"Est. reading time":"6 minutes"},"schema":{"@context":"https:\/\/schema.org","@graph":[{"@type":"WebPage","@id":"https:\/\/policyoptions.irpp.org\/fr\/2022\/10\/seniors-ptsd-ltc\/","url":"https:\/\/policyoptions.irpp.org\/fr\/2022\/10\/seniors-ptsd-ltc\/","name":"Les soins en foyers pour a\u00een\u00e9s doivent tenir compte des traumatismes des r\u00e9sidents","isPartOf":{"@id":"https:\/\/policyoptions.irpp.org\/fr\/#website"},"primaryImageOfPage":{"@id":"https:\/\/policyoptions.irpp.org\/fr\/2022\/10\/seniors-ptsd-ltc\/#primaryimage"},"image":{"@id":"https:\/\/policyoptions.irpp.org\/fr\/2022\/10\/seniors-ptsd-ltc\/#primaryimage"},"thumbnailUrl":"https:\/\/policyoptions.irpp.org\/wp-content\/uploads\/2025\/08\/Wordpress-Seniors-need-trauma-informed-services-in-long-term-care-homes.jpg","datePublished":"2022-10-25T14:30:48+00:00","dateModified":"2025-10-08T04:02:35+00:00","breadcrumb":{"@id":"https:\/\/policyoptions.irpp.org\/fr\/2022\/10\/seniors-ptsd-ltc\/#breadcrumb"},"inLanguage":"fr-FR","potentialAction":[{"@type":"ReadAction","target":["https:\/\/policyoptions.irpp.org\/fr\/2022\/10\/seniors-ptsd-ltc\/"]}]},{"@type":"ImageObject","inLanguage":"fr-FR","@id":"https:\/\/policyoptions.irpp.org\/fr\/2022\/10\/seniors-ptsd-ltc\/#primaryimage","url":"https:\/\/policyoptions.irpp.org\/wp-content\/uploads\/2025\/08\/Wordpress-Seniors-need-trauma-informed-services-in-long-term-care-homes.jpg","contentUrl":"https:\/\/policyoptions.irpp.org\/wp-content\/uploads\/2025\/08\/Wordpress-Seniors-need-trauma-informed-services-in-long-term-care-homes.jpg","width":1920,"height":1080},{"@type":"BreadcrumbList","@id":"https:\/\/policyoptions.irpp.org\/fr\/2022\/10\/seniors-ptsd-ltc\/#breadcrumb","itemListElement":[{"@type":"ListItem","position":1,"name":"Home","item":"https:\/\/policyoptions.irpp.org\/fr\/"},{"@type":"ListItem","position":2,"name":"Les soins en foyers pour a\u00een\u00e9s doivent tenir compte des traumatismes des r\u00e9sidents"}]},{"@type":"WebSite","@id":"https:\/\/policyoptions.irpp.org\/fr\/#website","url":"https:\/\/policyoptions.irpp.org\/fr\/","name":"Policy Options","description":"Institute for Research on Public Policy","potentialAction":[{"@type":"SearchAction","target":{"@type":"EntryPoint","urlTemplate":"https:\/\/policyoptions.irpp.org\/fr\/?s={search_term_string}"},"query-input":{"@type":"PropertyValueSpecification","valueRequired":true,"valueName":"search_term_string"}}],"inLanguage":"fr-FR"}]}},"_links":{"self":[{"href":"https:\/\/policyoptions.irpp.org\/fr\/wp-json\/wp\/v2\/issues\/270599","targetHints":{"allow":["GET"]}}],"collection":[{"href":"https:\/\/policyoptions.irpp.org\/fr\/wp-json\/wp\/v2\/issues"}],"about":[{"href":"https:\/\/policyoptions.irpp.org\/fr\/wp-json\/wp\/v2\/types\/issues"}],"wp:featuredmedia":[{"embeddable":true,"href":"https:\/\/policyoptions.irpp.org\/fr\/wp-json\/wp\/v2\/media\/281221"}],"wp:attachment":[{"href":"https:\/\/policyoptions.irpp.org\/fr\/wp-json\/wp\/v2\/media?parent=270599"}],"wp:term":[{"taxonomy":"category","embeddable":true,"href":"https:\/\/policyoptions.irpp.org\/fr\/wp-json\/wp\/v2\/categories?post=270599"},{"taxonomy":"post_tag","embeddable":true,"href":"https:\/\/policyoptions.irpp.org\/fr\/wp-json\/wp\/v2\/tags?post=270599"},{"taxonomy":"article-status","embeddable":true,"href":"https:\/\/policyoptions.irpp.org\/fr\/wp-json\/wp\/v2\/article-status?post=270599"},{"taxonomy":"irpp-category","embeddable":true,"href":"https:\/\/policyoptions.irpp.org\/fr\/wp-json\/wp\/v2\/irpp-category?post=270599"},{"taxonomy":"section","embeddable":true,"href":"https:\/\/policyoptions.irpp.org\/fr\/wp-json\/wp\/v2\/section?post=270599"},{"taxonomy":"irpp-tag","embeddable":true,"href":"https:\/\/policyoptions.irpp.org\/fr\/wp-json\/wp\/v2\/irpp-tag?post=270599"}],"curies":[{"name":"wp","href":"https:\/\/api.w.org\/{rel}","templated":true}]}}