{"id":270534,"date":"2022-09-14T10:30:52","date_gmt":"2022-09-14T14:30:52","guid":{"rendered":"https:\/\/policyoptions.irpp.org\/issues\/quebec-doit-reconnaitre-le-genocide-grec\/"},"modified":"2025-10-08T00:01:40","modified_gmt":"2025-10-08T04:01:40","slug":"quebec-doit-reconnaitre-le-genocide-grec","status":"publish","type":"issues","link":"https:\/\/policyoptions.irpp.org\/fr\/2022\/09\/quebec-doit-reconnaitre-le-genocide-grec\/","title":{"rendered":"Le Canada et le Qu\u00e9bec doivent reconna\u00eetre le g\u00e9nocide grec"},"content":{"rendered":"<p>Je suis un descendant de survivants du g\u00e9nocide grec. Mon arri\u00e8re-grand-m\u00e8re et ses parents, comme leurs parents et grands-parents avant eux, \u00e9taient des Grecs ottomans n\u00e9s dans ce que l\u2019on appelle aujourd\u2019hui la R\u00e9publique de Turquie. Il y a un si\u00e8cle, le Mouvement national turc a redonn\u00e9 \u00ab\u2009la Turquie aux Turcs\u2009\u00bb en extirpant mes anc\u00eatres et d\u2019autres minorit\u00e9s chr\u00e9tiennes de leur patrie ancestrale, en Anatolie. Malgr\u00e9 le r\u00f4le important que ce g\u00e9nocide a jou\u00e9 dans la cr\u00e9ation de la R\u00e9publique de Turquie, l\u2019\u00c9tat turc d\u00e9forme encore aujourd\u2019hui l\u2019histoire, et nie toujours les crimes qu\u2019il a commis contre mes anc\u00eatres et les populations arm\u00e9niennes, grecques et assyriennes d\u2019Anatolie il y a plus de cent ans.<\/p>\n<p>Le 14 septembre 2022 marque le 100<sup>e<\/sup> anniversaire de la \u00ab\u2009Grande Catastrophe\u2009\u00bb. Comme le souligne l\u2019ouvrage <a href=\"https:\/\/en.wikipedia.org\/wiki\/The_Thirty-Year_Genocide\"><em>The Thirty-Year Genocide<\/em><\/a> (Le g\u00e9nocide de trente ans<em>)<\/em> des professeurs Benny Morris et Dror Ze\u2019evi, la <a href=\"https:\/\/gallica.bnf.fr\/blog\/30122020\/la-grande-catastrophe-un-episode-de-lhistoire-de-la-grece-contemporaine?mode=desktop\">Grande Catastrophe<\/a> s\u2019inscrit dans le cadre de la campagne de d\u00e9christianisation et de turquification de la r\u00e9gion de l\u2019Anatolie. Elle fut d\u2019abord men\u00e9e par l\u2019empire ottoman, puis par l\u2019\u00c9tat turc.<\/p>\n<p>Selon Morris et Ze\u2019evi, jusqu\u2019\u00e0 2,5\u00a0millions de chr\u00e9tiens grecs, arm\u00e9niens et assyriens ont \u00e9t\u00e9 massacr\u00e9s durant cette p\u00e9riode, consid\u00e9r\u00e9e comme l\u2019un des chapitres les plus sombres de l\u2019histoire du peuple hell\u00e9nique, qui remonte \u00e0 plus de 5000\u00a0ans. En tout, plus de 500\u2009000 de Grecs pontiques et anatoliens ont \u00e9t\u00e9 tu\u00e9s entre 1913 et 1922.<\/p>\n<p>Apr\u00e8s des ann\u00e9es de d\u00e9portations forc\u00e9es, d\u2019expulsions, de tortures, de marches de la mort et de massacres, la Grande Catastrophe culmine avec l\u2019incendie de la ville de Smyrne, en septembre 1922. Dans son ouvrage <a href=\"https:\/\/www.hri.org\/docs\/Horton\/HortonBook.htm\"><em>The Blight of Asia<\/em><\/a> (La br\u00fblure de l\u2019Asie), George Horton, alors consul g\u00e9n\u00e9ral des \u00c9tats-Unis au Proche-Orient, d\u00e9crit la campagne turque contre les Grecs et raconte comment les flottes alli\u00e9es ont \u00e9t\u00e9 t\u00e9moins de l\u2019occupation de Smyrne par l\u2019arm\u00e9e turque, au massacre des populations chr\u00e9tiennes grecque et arm\u00e9nienne et \u00e0 l\u2019incendie de leurs quartiers respectifs. \u00c9voquant un sentiment qui sera malheureusement trop familier tout au long du XX<sup>e<\/sup> si\u00e8cle, Horton raconte : \u00ab\u2009l\u2019une des impressions les plus vives que j\u2019ai emport\u00e9es avec moi de Smyrne \u00e9tait un sentiment de honte d\u2019appartenir \u00e0 la race humaine\u2009\u00bb.<\/p>\n<h3><strong>Un nettoyage ethnique sanctionn\u00e9 par l\u2019\u00c9tat<\/strong><\/h3>\n<p>\u00c0 la suite de la conclusion du Trait\u00e9 de Lausanne en 1923, les chr\u00e9tiens ottomans restants ont \u00e9t\u00e9 \u00e9chang\u00e9s contre des musulmans grecs dans le cadre de transferts de population obligatoires entre les \u00c9tats turc et grec. Ce qui constituait un nettoyage ethnique \u2013 sanctionn\u00e9 \u2013 par l\u2019\u00c9tat a entra\u00een\u00e9 le d\u00e9placement forc\u00e9 de plus d\u2019un million de r\u00e9fugi\u00e9s chr\u00e9tiens ottomans de la Turquie vers la Gr\u00e8ce et d\u2019un peu moins d\u2019un demi-million de r\u00e9fugi\u00e9s musulmans grecs de la Gr\u00e8ce vers la Turquie.<\/p>\n<p>Parmi eux se trouvait la famille de mon arri\u00e8re-grand-m\u00e8re, qui a surv\u00e9cu \u00e0 l\u2019incendie de Smyrne et qui s\u2019est r\u00e9fugi\u00e9e sur l\u2019\u00eele grecque de Samos. Exil\u00e9e de la patrie de ses anc\u00eatres, cette fuite a marqu\u00e9 le d\u00e9but de la fin de la pr\u00e9sence hell\u00e9nique en Anatolie, qui datait de plus de 3000\u00a0ans.<\/p>\n<p>La campagne visant \u00e0 obtenir \u00ab\u2009la Turquie pour les Turcs\u2009\u00bb a connu un succ\u00e8s qui a d\u00e9pass\u00e9 les ambitions de ses architectes. Alors que jusqu\u2019\u00e0 deux millions de Grecs ottomans vivaient en Anatolie avant la Premi\u00e8re Guerre mondiale, moins de 2000 Grecs r\u00e9sident aujourd\u2019hui en Turquie. De plus, alors que les minorit\u00e9s chr\u00e9tiennes arm\u00e9nienne, grecque et assyrienne constituaient entre 20 et 25 % de la population anatolienne au d\u00e9but du XX<sup>e<\/sup> si\u00e8cle, elles repr\u00e9sentent moins de 0,5 % de la population turque actuelle. De toute \u00e9vidence, l\u2019Anatolie a \u00e9t\u00e9 d\u00e9christianis\u00e9e et turquifi\u00e9e par la pers\u00e9cution, l\u2019expulsion, et le g\u00e9nocide des minorit\u00e9s chr\u00e9tiennes arm\u00e9niennes, grecques et assyriennes de Turquie.<\/p>\n<h3><strong>L\u2019importance de reconna\u00eetre les erreurs pass\u00e9es<\/strong><\/h3>\n<p>Face aux preuves historiques accablantes qui comprennent des sources primaires, des r\u00e9cits de t\u00e9moins \u2013 incluant ceux de gens responsables des atrocit\u00e9s \u2013 et des souvenirs de survivants, le gouvernement turc continue malgr\u00e9 tout de nier le g\u00e9nocide des chr\u00e9tiens arm\u00e9niens, grecs et assyriens d\u2019Anatolie. Un si\u00e8cle plus tard, le d\u00e9ni du g\u00e9nocide punit les Turcs, diabolise les victimes de la Turquie et nuit \u00e0 la r\u00e9conciliation avec ses minorit\u00e9s et ses voisins. Comme l\u2019a si bien dit <a href=\"https:\/\/fr.wikipedia.org\/wiki\/Taner_Ak%C3%A7am\">Taner Ak\u00e7am<\/a>, le premier historien turc \u00e0 reconna\u00eetre le g\u00e9nocide arm\u00e9nien\u00a0: une soci\u00e9t\u00e9 ou un \u00c9tat qui ne reconna\u00eet pas ses erreurs pass\u00e9es a de fortes chances de les recommencer.<\/p>\n<p>Aujourd\u2019hui, les relations de la Turquie avec la plupart de ses voisins vont de l\u2019hostilit\u00e9 \u00e0 l\u2019inexistence. D\u2019une part, la Turquie a envahi la Syrie et l\u2019Irak, occupe actuellement 37 % de Chypre depuis 48 ans et n\u2019entretient pas de relations diplomatiques avec l\u2019Arm\u00e9nie. D\u2019autre part, la doctrine turque du Mavi Vatan \u2013 la patrie bleue \u2013 exacerbe les tensions avec la Gr\u00e8ce, en contestant sa souverainet\u00e9 sur les \u00eeles grecques de la mer \u00c9g\u00e9e et en revendiquant une zone \u00e9conomique exclusive qui s\u2019\u00e9tend jusqu\u2019\u00e0 mi-chemin du continent grec. Bien qu\u2019un si\u00e8cle se soit \u00e9coul\u00e9 depuis le g\u00e9nocide des chr\u00e9tiens arm\u00e9niens, grecs et assyriens d\u2019Anatolie, le r\u00e9visionnisme expansionniste de la Turquie ne fait qu\u2019ajouter l\u2019insulte \u00e0 la blessure pour ses victimes.<\/p>\n<p>L\u2019Association internationale des sp\u00e9cialistes du g\u00e9nocide a reconnu que la campagne de d\u00e9christianisation et de turquification de l\u2019Anatolie men\u00e9e par l\u2019Empire ottoman, puis par la Turquie, constituait un g\u00e9nocide contre les Arm\u00e9niens, les Assyriens et les Grecs ottomans<\/p>\n<p>Bien que le Parlement du Canada et l\u2019Assembl\u00e9e nationale du Qu\u00e9bec aient reconnu le G\u00e9nocide arm\u00e9nien en 2004, ils n\u2019ont pas encore reconnu le G\u00e9nocide grec. Prenant les choses en main, les villes de Montr\u00e9al et de Laval ont adopt\u00e9 des r\u00e9solutions pour reconna\u00eetre le g\u00e9nocide pontique, respectivement en 2017 et 2018. En tant que promoteurs mondiaux des droits de la personne et foyer de plus de 270\u2009000 Canadiens d\u2019origine hell\u00e9nique, le Canada et le Qu\u00e9bec devraient comm\u00e9morer le 100<sup>e<\/sup>\u00a0anniversaire de la Grande Catastrophe le 14\u00a0septembre 2022, et reconna\u00eetre le g\u00e9nocide grec.<\/p>\n","protected":false},"excerpt":{"rendered":"<p>Je suis un descendant de survivants du g\u00e9nocide grec. Mon arri\u00e8re-grand-m\u00e8re et ses parents, comme leurs parents et grands-parents avant eux, \u00e9taient des Grecs ottomans n\u00e9s dans ce que l\u2019on appelle aujourd\u2019hui la R\u00e9publique de Turquie. Il y a un si\u00e8cle, le Mouvement national turc a redonn\u00e9 \u00ab\u2009la Turquie aux Turcs\u2009\u00bb en extirpant mes anc\u00eatres [&hellip;]<\/p>\n","protected":false},"featured_media":281086,"template":"","meta":{"_acf_changed":false,"content-type":"","ep_exclude_from_search":false,"apple_news_api_created_at":"2025-08-30T10:50:25Z","apple_news_api_id":"9196817c-26d8-451d-8c3c-3a067a3d79f9","apple_news_api_modified_at":"2025-08-30T10:50:25Z","apple_news_api_revision":"AAAAAAAAAAD\/\/\/\/\/\/\/\/\/\/w==","apple_news_api_share_url":"https:\/\/apple.news\/AkZaBfCbYRR2MPDoGej15-Q","apple_news_cover_media_provider":"image","apple_news_coverimage":0,"apple_news_coverimage_caption":"","apple_news_cover_video_id":0,"apple_news_cover_video_url":"","apple_news_cover_embedwebvideo_url":"","apple_news_is_hidden":"","apple_news_is_paid":"","apple_news_is_preview":"","apple_news_is_sponsored":"","apple_news_maturity_rating":"","apple_news_metadata":"\"\"","apple_news_pullquote":"","apple_news_pullquote_position":"","apple_news_slug":"","apple_news_sections":[],"apple_news_suppress_video_url":false,"apple_news_use_image_component":false},"categories":[9360,9358,9372],"tags":[8980,8822],"article-status":[],"irpp-category":[4217,4295],"section":[],"irpp-tag":[],"class_list":["post-270534","issues","type-issues","status-publish","has-post-thumbnail","hentry","category-international","category-politique","category-recent-stories-fr","tag-genocide","tag-politique-quebecoise","irpp-category-affaires-internationales","irpp-category-politique"],"acf":[],"apple_news_notices":[],"yoast_head":"<!-- This site is optimized with the Yoast SEO plugin v27.4 - https:\/\/yoast.com\/product\/yoast-seo-wordpress\/ -->\n<title>Le Canada et le Qu\u00e9bec doivent reconna\u00eetre le g\u00e9nocide grec<\/title>\n<meta name=\"robots\" content=\"index, follow, max-snippet:-1, max-image-preview:large, max-video-preview:-1\" \/>\n<link rel=\"canonical\" href=\"https:\/\/policyoptions.irpp.org\/fr\/2022\/09\/quebec-doit-reconnaitre-le-genocide-grec\/\" \/>\n<meta property=\"og:locale\" content=\"fr_FR\" \/>\n<meta property=\"og:type\" content=\"article\" \/>\n<meta property=\"og:title\" content=\"Le Canada et le Qu\u00e9bec doivent reconna\u00eetre le g\u00e9nocide grec\" \/>\n<meta property=\"og:description\" content=\"Je suis un descendant de survivants du g\u00e9nocide grec. Mon arri\u00e8re-grand-m\u00e8re et ses parents, comme leurs parents et grands-parents avant eux, \u00e9taient des Grecs ottomans n\u00e9s dans ce que l\u2019on appelle aujourd\u2019hui la R\u00e9publique de Turquie. Il y a un si\u00e8cle, le Mouvement national turc a redonn\u00e9 \u00ab\u2009la Turquie aux Turcs\u2009\u00bb en extirpant mes anc\u00eatres [&hellip;]\" \/>\n<meta property=\"og:url\" content=\"https:\/\/policyoptions.irpp.org\/fr\/2022\/09\/quebec-doit-reconnaitre-le-genocide-grec\/\" \/>\n<meta property=\"og:site_name\" content=\"Policy Options\" \/>\n<meta property=\"article:publisher\" content=\"https:\/\/www.facebook.com\/IRPP.org\" \/>\n<meta property=\"article:modified_time\" content=\"2025-10-08T04:01:40+00:00\" \/>\n<meta property=\"og:image\" content=\"https:\/\/policyoptions.irpp.org\/wp-content\/uploads\/2025\/08\/Wordpress-Quebec-doit-reconnaitre-le-genocide-grec.jpg\" \/>\n\t<meta property=\"og:image:width\" content=\"1920\" \/>\n\t<meta property=\"og:image:height\" content=\"1080\" \/>\n\t<meta property=\"og:image:type\" content=\"image\/jpeg\" \/>\n<meta name=\"twitter:card\" content=\"summary_large_image\" \/>\n<meta name=\"twitter:site\" content=\"@irpp\" \/>\n<meta name=\"twitter:label1\" content=\"Est. reading time\" \/>\n\t<meta name=\"twitter:data1\" content=\"6 minutes\" \/>\n<script type=\"application\/ld+json\" class=\"yoast-schema-graph\">{\"@context\":\"https:\\\/\\\/schema.org\",\"@graph\":[{\"@type\":\"WebPage\",\"@id\":\"https:\\\/\\\/policyoptions.irpp.org\\\/fr\\\/2022\\\/09\\\/quebec-doit-reconnaitre-le-genocide-grec\\\/\",\"url\":\"https:\\\/\\\/policyoptions.irpp.org\\\/fr\\\/2022\\\/09\\\/quebec-doit-reconnaitre-le-genocide-grec\\\/\",\"name\":\"Le Canada et le Qu\u00e9bec doivent reconna\u00eetre le g\u00e9nocide grec\",\"isPartOf\":{\"@id\":\"https:\\\/\\\/policyoptions.irpp.org\\\/fr\\\/#website\"},\"primaryImageOfPage\":{\"@id\":\"https:\\\/\\\/policyoptions.irpp.org\\\/fr\\\/2022\\\/09\\\/quebec-doit-reconnaitre-le-genocide-grec\\\/#primaryimage\"},\"image\":{\"@id\":\"https:\\\/\\\/policyoptions.irpp.org\\\/fr\\\/2022\\\/09\\\/quebec-doit-reconnaitre-le-genocide-grec\\\/#primaryimage\"},\"thumbnailUrl\":\"https:\\\/\\\/policyoptions.irpp.org\\\/wp-content\\\/uploads\\\/2025\\\/08\\\/Wordpress-Quebec-doit-reconnaitre-le-genocide-grec.jpg\",\"datePublished\":\"2022-09-14T14:30:52+00:00\",\"dateModified\":\"2025-10-08T04:01:40+00:00\",\"breadcrumb\":{\"@id\":\"https:\\\/\\\/policyoptions.irpp.org\\\/fr\\\/2022\\\/09\\\/quebec-doit-reconnaitre-le-genocide-grec\\\/#breadcrumb\"},\"inLanguage\":\"fr-FR\",\"potentialAction\":[{\"@type\":\"ReadAction\",\"target\":[\"https:\\\/\\\/policyoptions.irpp.org\\\/fr\\\/2022\\\/09\\\/quebec-doit-reconnaitre-le-genocide-grec\\\/\"]}]},{\"@type\":\"ImageObject\",\"inLanguage\":\"fr-FR\",\"@id\":\"https:\\\/\\\/policyoptions.irpp.org\\\/fr\\\/2022\\\/09\\\/quebec-doit-reconnaitre-le-genocide-grec\\\/#primaryimage\",\"url\":\"https:\\\/\\\/policyoptions.irpp.org\\\/wp-content\\\/uploads\\\/2025\\\/08\\\/Wordpress-Quebec-doit-reconnaitre-le-genocide-grec.jpg\",\"contentUrl\":\"https:\\\/\\\/policyoptions.irpp.org\\\/wp-content\\\/uploads\\\/2025\\\/08\\\/Wordpress-Quebec-doit-reconnaitre-le-genocide-grec.jpg\",\"width\":1920,\"height\":1080},{\"@type\":\"BreadcrumbList\",\"@id\":\"https:\\\/\\\/policyoptions.irpp.org\\\/fr\\\/2022\\\/09\\\/quebec-doit-reconnaitre-le-genocide-grec\\\/#breadcrumb\",\"itemListElement\":[{\"@type\":\"ListItem\",\"position\":1,\"name\":\"Home\",\"item\":\"https:\\\/\\\/policyoptions.irpp.org\\\/fr\\\/\"},{\"@type\":\"ListItem\",\"position\":2,\"name\":\"Le Canada et le Qu\u00e9bec doivent reconna\u00eetre le g\u00e9nocide grec\"}]},{\"@type\":\"WebSite\",\"@id\":\"https:\\\/\\\/policyoptions.irpp.org\\\/fr\\\/#website\",\"url\":\"https:\\\/\\\/policyoptions.irpp.org\\\/fr\\\/\",\"name\":\"Policy Options\",\"description\":\"Institute for Research on Public Policy\",\"potentialAction\":[{\"@type\":\"SearchAction\",\"target\":{\"@type\":\"EntryPoint\",\"urlTemplate\":\"https:\\\/\\\/policyoptions.irpp.org\\\/fr\\\/?s={search_term_string}\"},\"query-input\":{\"@type\":\"PropertyValueSpecification\",\"valueRequired\":true,\"valueName\":\"search_term_string\"}}],\"inLanguage\":\"fr-FR\"}]}<\/script>\n<!-- \/ Yoast SEO plugin. -->","yoast_head_json":{"title":"Le Canada et le Qu\u00e9bec doivent reconna\u00eetre le g\u00e9nocide grec","robots":{"index":"index","follow":"follow","max-snippet":"max-snippet:-1","max-image-preview":"max-image-preview:large","max-video-preview":"max-video-preview:-1"},"canonical":"https:\/\/policyoptions.irpp.org\/fr\/2022\/09\/quebec-doit-reconnaitre-le-genocide-grec\/","og_locale":"fr_FR","og_type":"article","og_title":"Le Canada et le Qu\u00e9bec doivent reconna\u00eetre le g\u00e9nocide grec","og_description":"Je suis un descendant de survivants du g\u00e9nocide grec. Mon arri\u00e8re-grand-m\u00e8re et ses parents, comme leurs parents et grands-parents avant eux, \u00e9taient des Grecs ottomans n\u00e9s dans ce que l\u2019on appelle aujourd\u2019hui la R\u00e9publique de Turquie. Il y a un si\u00e8cle, le Mouvement national turc a redonn\u00e9 \u00ab\u2009la Turquie aux Turcs\u2009\u00bb en extirpant mes anc\u00eatres [&hellip;]","og_url":"https:\/\/policyoptions.irpp.org\/fr\/2022\/09\/quebec-doit-reconnaitre-le-genocide-grec\/","og_site_name":"Policy Options","article_publisher":"https:\/\/www.facebook.com\/IRPP.org","article_modified_time":"2025-10-08T04:01:40+00:00","og_image":[{"width":1920,"height":1080,"url":"https:\/\/policyoptions.irpp.org\/wp-content\/uploads\/2025\/08\/Wordpress-Quebec-doit-reconnaitre-le-genocide-grec.jpg","type":"image\/jpeg"}],"twitter_card":"summary_large_image","twitter_site":"@irpp","twitter_misc":{"Est. reading time":"6 minutes"},"schema":{"@context":"https:\/\/schema.org","@graph":[{"@type":"WebPage","@id":"https:\/\/policyoptions.irpp.org\/fr\/2022\/09\/quebec-doit-reconnaitre-le-genocide-grec\/","url":"https:\/\/policyoptions.irpp.org\/fr\/2022\/09\/quebec-doit-reconnaitre-le-genocide-grec\/","name":"Le Canada et le Qu\u00e9bec doivent reconna\u00eetre le g\u00e9nocide grec","isPartOf":{"@id":"https:\/\/policyoptions.irpp.org\/fr\/#website"},"primaryImageOfPage":{"@id":"https:\/\/policyoptions.irpp.org\/fr\/2022\/09\/quebec-doit-reconnaitre-le-genocide-grec\/#primaryimage"},"image":{"@id":"https:\/\/policyoptions.irpp.org\/fr\/2022\/09\/quebec-doit-reconnaitre-le-genocide-grec\/#primaryimage"},"thumbnailUrl":"https:\/\/policyoptions.irpp.org\/wp-content\/uploads\/2025\/08\/Wordpress-Quebec-doit-reconnaitre-le-genocide-grec.jpg","datePublished":"2022-09-14T14:30:52+00:00","dateModified":"2025-10-08T04:01:40+00:00","breadcrumb":{"@id":"https:\/\/policyoptions.irpp.org\/fr\/2022\/09\/quebec-doit-reconnaitre-le-genocide-grec\/#breadcrumb"},"inLanguage":"fr-FR","potentialAction":[{"@type":"ReadAction","target":["https:\/\/policyoptions.irpp.org\/fr\/2022\/09\/quebec-doit-reconnaitre-le-genocide-grec\/"]}]},{"@type":"ImageObject","inLanguage":"fr-FR","@id":"https:\/\/policyoptions.irpp.org\/fr\/2022\/09\/quebec-doit-reconnaitre-le-genocide-grec\/#primaryimage","url":"https:\/\/policyoptions.irpp.org\/wp-content\/uploads\/2025\/08\/Wordpress-Quebec-doit-reconnaitre-le-genocide-grec.jpg","contentUrl":"https:\/\/policyoptions.irpp.org\/wp-content\/uploads\/2025\/08\/Wordpress-Quebec-doit-reconnaitre-le-genocide-grec.jpg","width":1920,"height":1080},{"@type":"BreadcrumbList","@id":"https:\/\/policyoptions.irpp.org\/fr\/2022\/09\/quebec-doit-reconnaitre-le-genocide-grec\/#breadcrumb","itemListElement":[{"@type":"ListItem","position":1,"name":"Home","item":"https:\/\/policyoptions.irpp.org\/fr\/"},{"@type":"ListItem","position":2,"name":"Le Canada et le Qu\u00e9bec doivent reconna\u00eetre le g\u00e9nocide grec"}]},{"@type":"WebSite","@id":"https:\/\/policyoptions.irpp.org\/fr\/#website","url":"https:\/\/policyoptions.irpp.org\/fr\/","name":"Policy Options","description":"Institute for Research on Public Policy","potentialAction":[{"@type":"SearchAction","target":{"@type":"EntryPoint","urlTemplate":"https:\/\/policyoptions.irpp.org\/fr\/?s={search_term_string}"},"query-input":{"@type":"PropertyValueSpecification","valueRequired":true,"valueName":"search_term_string"}}],"inLanguage":"fr-FR"}]}},"_links":{"self":[{"href":"https:\/\/policyoptions.irpp.org\/fr\/wp-json\/wp\/v2\/issues\/270534","targetHints":{"allow":["GET"]}}],"collection":[{"href":"https:\/\/policyoptions.irpp.org\/fr\/wp-json\/wp\/v2\/issues"}],"about":[{"href":"https:\/\/policyoptions.irpp.org\/fr\/wp-json\/wp\/v2\/types\/issues"}],"wp:featuredmedia":[{"embeddable":true,"href":"https:\/\/policyoptions.irpp.org\/fr\/wp-json\/wp\/v2\/media\/281086"}],"wp:attachment":[{"href":"https:\/\/policyoptions.irpp.org\/fr\/wp-json\/wp\/v2\/media?parent=270534"}],"wp:term":[{"taxonomy":"category","embeddable":true,"href":"https:\/\/policyoptions.irpp.org\/fr\/wp-json\/wp\/v2\/categories?post=270534"},{"taxonomy":"post_tag","embeddable":true,"href":"https:\/\/policyoptions.irpp.org\/fr\/wp-json\/wp\/v2\/tags?post=270534"},{"taxonomy":"article-status","embeddable":true,"href":"https:\/\/policyoptions.irpp.org\/fr\/wp-json\/wp\/v2\/article-status?post=270534"},{"taxonomy":"irpp-category","embeddable":true,"href":"https:\/\/policyoptions.irpp.org\/fr\/wp-json\/wp\/v2\/irpp-category?post=270534"},{"taxonomy":"section","embeddable":true,"href":"https:\/\/policyoptions.irpp.org\/fr\/wp-json\/wp\/v2\/section?post=270534"},{"taxonomy":"irpp-tag","embeddable":true,"href":"https:\/\/policyoptions.irpp.org\/fr\/wp-json\/wp\/v2\/irpp-tag?post=270534"}],"curies":[{"name":"wp","href":"https:\/\/api.w.org\/{rel}","templated":true}]}}