{"id":267797,"date":"2020-01-10T11:31:15","date_gmt":"2020-01-10T16:31:15","guid":{"rendered":"https:\/\/policyoptions.irpp.org\/issues\/les-lecons-a-tirer-de-lassurance-maladie-privee-irlandaise\/"},"modified":"2025-10-07T22:47:18","modified_gmt":"2025-10-08T02:47:18","slug":"les-lecons-a-tirer-de-lassurance-maladie-privee-irlandaise","status":"publish","type":"issues","link":"https:\/\/policyoptions.irpp.org\/fr\/2020\/01\/les-lecons-a-tirer-de-lassurance-maladie-privee-irlandaise\/","title":{"rendered":"Les le\u00e7ons \u00e0 tirer de l\u2019assurance-maladie priv\u00e9e irlandaise"},"content":{"rendered":"<p class=\"dropcap-big\">Les tribunaux canadiens s\u2019appr\u00eatent \u00e0 rendre prochainement des d\u00e9cisions cruciales concernant la place \u00e0 accorder au financement et \u00e0 la prestation des soins de sant\u00e9 par le secteur priv\u00e9. L\u2019<a href=\"https:\/\/www.cbc.ca\/news\/canada\/british-columbia\/cambie-surgery-centre-trial-1.5363013\">affaire Cambie<\/a>, entendue ces jours-ci en Colombie-Britannique, n\u2019est que la derni\u00e8re en liste d\u2019une s\u00e9rie de tentatives visant \u00e0 renverser certaines pi\u00e8ces ma\u00eetresses du r\u00e9gime public d\u2019assurance-maladie au Canada.<\/p>\n<p>L\u2019issue de ce proc\u00e8s entra\u00eenera des r\u00e9percussions pendant des d\u00e9cennies et pour des millions de gens. Pouvons-nous tirer des le\u00e7ons d\u2019exp\u00e9riences faites ailleurs dans le monde ?<\/p>\n<p>L\u2019Irlande offre un exemple particuli\u00e8rement \u00e9clairant. En 1957, soucieux d\u2019all\u00e9ger le fardeau du r\u00e9gime public, l\u2019\u00c9tat irlandais mettait sur pied un r\u00e9gime d\u2019assurance-maladie volontaire permettant aux personnes qui en avaient les moyens de payer pour obtenir des soins de sant\u00e9. \u00c0 l\u2019\u00e9poque, la mesure semblait raisonnable. Soixante\u00a0ans plus tard, on constate aujourd\u2019hui que le r\u00e9gime priv\u00e9 couvre quasiment la moiti\u00e9 de la population. Les mieux nantis jouissent ainsi d\u2019un traitement pr\u00e9f\u00e9rentiel alors que les listes d\u2019attente sont tr\u00e8s longues dans le secteur public.<\/p>\n<p>M\u00eame s\u2019il ne repr\u00e9sente que 12\u00a0% des fonds allou\u00e9s \u00e0 la sant\u00e9 en Irlande, le r\u00e9gime priv\u00e9 d\u2019assurance-maladie m\u00e8ne le bal en mati\u00e8re d\u2019acc\u00e8s aux soins hospitaliers. Il occupe une place particuli\u00e8re, puisqu\u2019il permet un acc\u00e8s plus rapide \u00e0 la fois aux soins dispens\u00e9s par le secteur public et aux services du secteur priv\u00e9. Toutefois, il ne rembourse pas syst\u00e9matiquement les soins hospitaliers et ne couvre souvent qu\u2019en partie ou pas du tout les soins non hospitaliers, comme les consultations chez un sp\u00e9cialiste en centre ambulatoire, les visites chez un omnipraticien ou les soins prodigu\u00e9s par d\u2019autres professionnels de la sant\u00e9.<\/p>\n<p>Le r\u00e9gime priv\u00e9 ne couvre pas non plus le co\u00fbt des m\u00e9dicaments, ce qui s\u2019explique peut-\u00eatre par le fait que le gouvernement rembourse les d\u00e9penses des m\u00e9nages pour les m\u00e9dicaments au-del\u00e0 d\u2019un certain seuil.<\/p>\n<p>L\u2019abordabilit\u00e9 des cotisations pose \u00e9videmment aussi probl\u00e8me. Le prix de l\u2019assurance priv\u00e9e varie \u00e9norm\u00e9ment selon l\u2019assureur, et il existe environ 300 diff\u00e9rents r\u00e9gimes d\u2019hospitalisation. Les co\u00fbts de l\u2019assurance pour un adulte qui utilise \u00e0 la fois les services publics et priv\u00e9s sont d\u2019environ 1 900 dollars par ann\u00e9e. Une <a href=\"https:\/\/www.sciencedirect.com\/science\/article\/abs\/pii\/S0168851019301861\">\u00e9tude r\u00e9cente<\/a> a montr\u00e9 qu\u2019en 2015-2016, les d\u00e9penses de l\u2019assurance priv\u00e9e \u00e9taient devenues trop on\u00e9reuses pour environ 19 % des m\u00e9nages, qui n\u2019ont pu y faire face ou se sont retrouv\u00e9s au-dessous du seuil de pauvret\u00e9.<\/p>\n<p>L\u2019Irlande a toujours accus\u00e9 un retard consid\u00e9rable en mati\u00e8re de prestation universelle des soins de sant\u00e9. La portion de son revenu national consacr\u00e9e aux assureurs priv\u00e9s du r\u00e9gime volontaire est l\u2019une des plus \u00e9lev\u00e9es en Europe\u00a0: elle repr\u00e9sentait 13 % en 2017, tandis qu\u2019elle n\u2019\u00e9tait que de 2 % dans l\u2019Union europ\u00e9enne. En r\u00e9sultent un acc\u00e8s \u00e0 deux vitesses aux soins aigus et des r\u00e9sultats tr\u00e8s moyens en mati\u00e8re de sant\u00e9. (La France et la Slov\u00e9nie sont les deux autres pays o\u00f9 l\u2019on trouve de larges secteurs d\u2019assurance-maladie volontaire, mais les assureurs prennent en charge les quotes-parts, et le traitement acc\u00e9l\u00e9r\u00e9 n\u2019est pas autoris\u00e9.)<\/p>\n<p class=\"dropcap\">Plut\u00f4t que d\u2019y rem\u00e9dier, l\u2019assurance-maladie priv\u00e9e pourrait avoir contribu\u00e9 aux probl\u00e8mes du secteur public. Elle a pour effet d\u2019\u00e9roder la solidarit\u00e9 sociale, car elle offre aux riches une \u00e9chappatoire leur permettant de se d\u00e9sengager du syst\u00e8me public. Une situation qui risque d\u2019aggraver le probl\u00e8me du sous-financement, puisque l\u2019id\u00e9e de payer des imp\u00f4ts plus \u00e9lev\u00e9s pour maintenir un syst\u00e8me dont ils ne se servent pas ne pla\u00eet gu\u00e8re aux bien nantis.<\/p>\n<p>Par ailleurs, les fournisseurs de soins qui \u00e9voluent \u00e0 la fois dans les secteurs public et priv\u00e9 ont avantage \u00e0 conserver de longues listes d\u2019attente dans le public afin d\u2019en faire profiter leurs cabinets priv\u00e9s. L\u2019assurance priv\u00e9e entra\u00eene aussi des co\u00fbts sur le plan du financement public et de la r\u00e9glementation.<\/p>\n<p>Pour tenter de se sortir de cette situation, le gouvernement travailliste Fine Gael a propos\u00e9 en 2011 que les assureurs priv\u00e9s irlandais constituent la base d\u2019un r\u00e9gime d\u2019assurance-maladie universel, semblable au syst\u00e8me de concurrence dirig\u00e9e des Pays-Bas. Toutefois, cette solution \u00e0 l\u2019impasse politique s\u2019est av\u00e9r\u00e9e trop on\u00e9reuse et complexe. Elle a \u00e9t\u00e9 abandonn\u00e9e au profit d\u2019une revitalisation plus typique du syst\u00e8me public sous le couvert d\u2019une politique baptis\u00e9e <em>Sl\u00e1intecare<\/em>.<\/p>\n<p>Ce plan a pour principal objectif de mettre en place un service de sant\u00e9 universel \u00e0 une seule vitesse, financ\u00e9 \u00e0 partir du r\u00e9gime d\u2019imposition g\u00e9n\u00e9ral, o\u00f9 les patients sont soign\u00e9s uniquement sur la base de leurs besoins en mati\u00e8re de sant\u00e9. Il n\u2019y aura plus de financement priv\u00e9 des h\u00f4pitaux publics (le retrait se fera sur une p\u00e9riode de 6\u00a0ans), et on mettra en place des garanties en mati\u00e8re de temps d\u2019attente qui reposeront sur des am\u00e9liorations de la reddition des comptes et de l\u2019information.<\/p>\n<p>D\u00e9m\u00ealer un syst\u00e8me public et priv\u00e9 si entrelac\u00e9s ne sera pas une mince t\u00e2che. Il n\u00e9cessitera une planification prudente, un \u00e9ch\u00e9ancier de mise en \u0153uvre, l\u2019\u00e9tablissement d\u2019une coalition et une transformation du discours social sur la nature du syst\u00e8me de sant\u00e9. Ce sont l\u00e0 des d\u00e9fis qui valent la peine d\u2019\u00eatre relev\u00e9s si l\u2019Irlande souhaite se doter d\u2019un syst\u00e8me de sant\u00e9 v\u00e9ritablement universel.<\/p>\n<p>Il est frappant de constater qu\u2019au moment o\u00f9 l\u2019Irlande s\u2019efforce de circonscrire les limites de sa structure \u00e0 deux vitesses, qui a creus\u00e9 les in\u00e9galit\u00e9s, le Canada semble \u00e0 deux doigts de l\u2019embrasser.<\/p>\n<p>Nous envisageons peut-\u00eatre d\u2019\u00e9largir la place accord\u00e9e \u00e0 l\u2019assurance-maladie priv\u00e9e, mais c\u2019est une d\u00e9cision qui doit \u00eatre soupes\u00e9e avec soin, car il ne sera pas facile de revenir en arri\u00e8re. En Irlande, ce genre de r\u00e9gime avait \u00e9t\u00e9 instaur\u00e9 \u00e0 l\u2019origine pour all\u00e9ger le fardeau du gouvernement. Toutefois, son adoption a ralenti le d\u00e9veloppement d\u2019un syst\u00e8me \u00e9quitable, efficace et int\u00e9gr\u00e9, les petits assureurs ayant largement profit\u00e9 de la situation depuis la lib\u00e9ralisation.<\/p>\n<p>Il aura fallu 60 ans pour \u00e9laborer un plan qui d\u00e9partagerait les r\u00e9gimes de financement public et priv\u00e9 irlandais, et sa mise en \u0153uvre exigera encore au moins 10\u00a0ans. Il y a lieu de se demander si le Canada veut vraiment s\u2019engager dans une voie aussi longue et difficile.<\/p>\n<p><span class=\"image-caption\">Photo\u00a0: Shutterstock \/ Kittyfly<\/span><\/p>\n<hr \/>\n<p><em>Souhaitez-vous r\u00e9agir \u00e0 cet article ? <\/em><em>Joignez-vous aux d\u00e9bats d\u2019<\/em>Options politiques\u00a0<em>et soumettez-nous votre texte en suivant ces\u00a0<\/em><a href=\"https:\/\/policyoptions.irpp.org\/fr\/article-submission\/\"><em>directives<\/em><\/a><em>. <\/em><em>| Do you have something to say about the article you just read? Be part of the\u00a0<\/em>Policy Options<em>\u00a0discussion, and send in your own submission.\u00a0Here is a\u00a0<\/em><a href=\"https:\/\/policyoptions.irpp.org\/article-submission\/\"><em>link<\/em><\/a><em>\u00a0on how to do it.\u00a0<\/em><\/p>\n","protected":false},"excerpt":{"rendered":"<p>Les tribunaux canadiens s\u2019appr\u00eatent \u00e0 rendre prochainement des d\u00e9cisions cruciales concernant la place \u00e0 accorder au financement et \u00e0 la prestation des soins de sant\u00e9 par le secteur priv\u00e9. L\u2019affaire Cambie, entendue ces jours-ci en Colombie-Britannique, n\u2019est que la derni\u00e8re en liste d\u2019une s\u00e9rie de tentatives visant \u00e0 renverser certaines pi\u00e8ces ma\u00eetresses du r\u00e9gime public [&hellip;]<\/p>\n","protected":false},"featured_media":276737,"template":"","meta":{"_acf_changed":false,"content-type":"","ep_exclude_from_search":false,"apple_news_api_created_at":"2025-10-08T02:47:20Z","apple_news_api_id":"3d26fcaa-bd91-42b5-bb8e-7e4e16721929","apple_news_api_modified_at":"2025-10-08T02:47:20Z","apple_news_api_revision":"AAAAAAAAAAD\/\/\/\/\/\/\/\/\/\/w==","apple_news_api_share_url":"https:\/\/apple.news\/APSb8qr2RQrW7jn5OFnIZKQ","apple_news_cover_media_provider":"image","apple_news_coverimage":0,"apple_news_coverimage_caption":"","apple_news_cover_video_id":0,"apple_news_cover_video_url":"","apple_news_cover_embedwebvideo_url":"","apple_news_is_hidden":"","apple_news_is_paid":"","apple_news_is_preview":"","apple_news_is_sponsored":"","apple_news_maturity_rating":"","apple_news_metadata":"\"\"","apple_news_pullquote":"","apple_news_pullquote_position":"","apple_news_slug":"","apple_news_sections":[],"apple_news_suppress_video_url":false,"apple_news_use_image_component":false},"categories":[9372,9377],"tags":[8585],"article-status":[],"irpp-category":[4286],"section":[],"irpp-tag":[],"class_list":["post-267797","issues","type-issues","status-publish","has-post-thumbnail","hentry","category-recent-stories-fr","category-sante","tag-health-insurance-fr","irpp-category-sante"],"acf":[],"apple_news_notices":[],"yoast_head":"<!-- This site is optimized with the Yoast SEO plugin v27.4 - https:\/\/yoast.com\/product\/yoast-seo-wordpress\/ -->\n<title>Les le\u00e7ons \u00e0 tirer de l\u2019assurance-maladie priv\u00e9e irlandaise<\/title>\n<meta name=\"robots\" content=\"index, follow, max-snippet:-1, max-image-preview:large, max-video-preview:-1\" \/>\n<link rel=\"canonical\" href=\"https:\/\/policyoptions.irpp.org\/fr\/2020\/01\/les-lecons-a-tirer-de-lassurance-maladie-privee-irlandaise\/\" \/>\n<meta property=\"og:locale\" content=\"fr_FR\" \/>\n<meta property=\"og:type\" content=\"article\" \/>\n<meta property=\"og:title\" content=\"Les le\u00e7ons \u00e0 tirer de l\u2019assurance-maladie priv\u00e9e irlandaise\" \/>\n<meta property=\"og:description\" content=\"Les tribunaux canadiens s\u2019appr\u00eatent \u00e0 rendre prochainement des d\u00e9cisions cruciales concernant la place \u00e0 accorder au financement et \u00e0 la prestation des soins de sant\u00e9 par le secteur priv\u00e9. L\u2019affaire Cambie, entendue ces jours-ci en Colombie-Britannique, n\u2019est que la derni\u00e8re en liste d\u2019une s\u00e9rie de tentatives visant \u00e0 renverser certaines pi\u00e8ces ma\u00eetresses du r\u00e9gime public [&hellip;]\" \/>\n<meta property=\"og:url\" content=\"https:\/\/policyoptions.irpp.org\/fr\/2020\/01\/les-lecons-a-tirer-de-lassurance-maladie-privee-irlandaise\/\" \/>\n<meta property=\"og:site_name\" content=\"Policy Options\" \/>\n<meta property=\"article:publisher\" content=\"https:\/\/www.facebook.com\/IRPP.org\" \/>\n<meta property=\"article:modified_time\" content=\"2025-10-08T02:47:18+00:00\" \/>\n<meta property=\"og:image\" content=\"https:\/\/policyoptions.irpp.org\/wp-content\/uploads\/2025\/08\/thomas-4.jpg\" \/>\n\t<meta property=\"og:image:width\" content=\"2000\" \/>\n\t<meta property=\"og:image:height\" content=\"700\" \/>\n\t<meta property=\"og:image:type\" content=\"image\/jpeg\" \/>\n<meta name=\"twitter:card\" content=\"summary_large_image\" \/>\n<meta name=\"twitter:site\" content=\"@irpp\" \/>\n<meta name=\"twitter:label1\" content=\"Est. reading time\" \/>\n\t<meta name=\"twitter:data1\" content=\"6 minutes\" \/>\n<script type=\"application\/ld+json\" class=\"yoast-schema-graph\">{\"@context\":\"https:\\\/\\\/schema.org\",\"@graph\":[{\"@type\":\"WebPage\",\"@id\":\"https:\\\/\\\/policyoptions.irpp.org\\\/fr\\\/2020\\\/01\\\/les-lecons-a-tirer-de-lassurance-maladie-privee-irlandaise\\\/\",\"url\":\"https:\\\/\\\/policyoptions.irpp.org\\\/fr\\\/2020\\\/01\\\/les-lecons-a-tirer-de-lassurance-maladie-privee-irlandaise\\\/\",\"name\":\"Les le\u00e7ons \u00e0 tirer de l\u2019assurance-maladie priv\u00e9e irlandaise\",\"isPartOf\":{\"@id\":\"https:\\\/\\\/policyoptions.irpp.org\\\/fr\\\/#website\"},\"primaryImageOfPage\":{\"@id\":\"https:\\\/\\\/policyoptions.irpp.org\\\/fr\\\/2020\\\/01\\\/les-lecons-a-tirer-de-lassurance-maladie-privee-irlandaise\\\/#primaryimage\"},\"image\":{\"@id\":\"https:\\\/\\\/policyoptions.irpp.org\\\/fr\\\/2020\\\/01\\\/les-lecons-a-tirer-de-lassurance-maladie-privee-irlandaise\\\/#primaryimage\"},\"thumbnailUrl\":\"https:\\\/\\\/policyoptions.irpp.org\\\/wp-content\\\/uploads\\\/2025\\\/08\\\/thomas-4.jpg\",\"datePublished\":\"2020-01-10T16:31:15+00:00\",\"dateModified\":\"2025-10-08T02:47:18+00:00\",\"breadcrumb\":{\"@id\":\"https:\\\/\\\/policyoptions.irpp.org\\\/fr\\\/2020\\\/01\\\/les-lecons-a-tirer-de-lassurance-maladie-privee-irlandaise\\\/#breadcrumb\"},\"inLanguage\":\"fr-FR\",\"potentialAction\":[{\"@type\":\"ReadAction\",\"target\":[\"https:\\\/\\\/policyoptions.irpp.org\\\/fr\\\/2020\\\/01\\\/les-lecons-a-tirer-de-lassurance-maladie-privee-irlandaise\\\/\"]}]},{\"@type\":\"ImageObject\",\"inLanguage\":\"fr-FR\",\"@id\":\"https:\\\/\\\/policyoptions.irpp.org\\\/fr\\\/2020\\\/01\\\/les-lecons-a-tirer-de-lassurance-maladie-privee-irlandaise\\\/#primaryimage\",\"url\":\"https:\\\/\\\/policyoptions.irpp.org\\\/wp-content\\\/uploads\\\/2025\\\/08\\\/thomas-4.jpg\",\"contentUrl\":\"https:\\\/\\\/policyoptions.irpp.org\\\/wp-content\\\/uploads\\\/2025\\\/08\\\/thomas-4.jpg\",\"width\":2000,\"height\":700},{\"@type\":\"BreadcrumbList\",\"@id\":\"https:\\\/\\\/policyoptions.irpp.org\\\/fr\\\/2020\\\/01\\\/les-lecons-a-tirer-de-lassurance-maladie-privee-irlandaise\\\/#breadcrumb\",\"itemListElement\":[{\"@type\":\"ListItem\",\"position\":1,\"name\":\"Home\",\"item\":\"https:\\\/\\\/policyoptions.irpp.org\\\/fr\\\/\"},{\"@type\":\"ListItem\",\"position\":2,\"name\":\"Les le\u00e7ons \u00e0 tirer de l\u2019assurance-maladie priv\u00e9e irlandaise\"}]},{\"@type\":\"WebSite\",\"@id\":\"https:\\\/\\\/policyoptions.irpp.org\\\/fr\\\/#website\",\"url\":\"https:\\\/\\\/policyoptions.irpp.org\\\/fr\\\/\",\"name\":\"Policy Options\",\"description\":\"Institute for Research on Public Policy\",\"potentialAction\":[{\"@type\":\"SearchAction\",\"target\":{\"@type\":\"EntryPoint\",\"urlTemplate\":\"https:\\\/\\\/policyoptions.irpp.org\\\/fr\\\/?s={search_term_string}\"},\"query-input\":{\"@type\":\"PropertyValueSpecification\",\"valueRequired\":true,\"valueName\":\"search_term_string\"}}],\"inLanguage\":\"fr-FR\"}]}<\/script>\n<!-- \/ Yoast SEO plugin. -->","yoast_head_json":{"title":"Les le\u00e7ons \u00e0 tirer de l\u2019assurance-maladie priv\u00e9e irlandaise","robots":{"index":"index","follow":"follow","max-snippet":"max-snippet:-1","max-image-preview":"max-image-preview:large","max-video-preview":"max-video-preview:-1"},"canonical":"https:\/\/policyoptions.irpp.org\/fr\/2020\/01\/les-lecons-a-tirer-de-lassurance-maladie-privee-irlandaise\/","og_locale":"fr_FR","og_type":"article","og_title":"Les le\u00e7ons \u00e0 tirer de l\u2019assurance-maladie priv\u00e9e irlandaise","og_description":"Les tribunaux canadiens s\u2019appr\u00eatent \u00e0 rendre prochainement des d\u00e9cisions cruciales concernant la place \u00e0 accorder au financement et \u00e0 la prestation des soins de sant\u00e9 par le secteur priv\u00e9. L\u2019affaire Cambie, entendue ces jours-ci en Colombie-Britannique, n\u2019est que la derni\u00e8re en liste d\u2019une s\u00e9rie de tentatives visant \u00e0 renverser certaines pi\u00e8ces ma\u00eetresses du r\u00e9gime public [&hellip;]","og_url":"https:\/\/policyoptions.irpp.org\/fr\/2020\/01\/les-lecons-a-tirer-de-lassurance-maladie-privee-irlandaise\/","og_site_name":"Policy Options","article_publisher":"https:\/\/www.facebook.com\/IRPP.org","article_modified_time":"2025-10-08T02:47:18+00:00","og_image":[{"width":2000,"height":700,"url":"https:\/\/policyoptions.irpp.org\/wp-content\/uploads\/2025\/08\/thomas-4.jpg","type":"image\/jpeg"}],"twitter_card":"summary_large_image","twitter_site":"@irpp","twitter_misc":{"Est. reading time":"6 minutes"},"schema":{"@context":"https:\/\/schema.org","@graph":[{"@type":"WebPage","@id":"https:\/\/policyoptions.irpp.org\/fr\/2020\/01\/les-lecons-a-tirer-de-lassurance-maladie-privee-irlandaise\/","url":"https:\/\/policyoptions.irpp.org\/fr\/2020\/01\/les-lecons-a-tirer-de-lassurance-maladie-privee-irlandaise\/","name":"Les le\u00e7ons \u00e0 tirer de l\u2019assurance-maladie priv\u00e9e irlandaise","isPartOf":{"@id":"https:\/\/policyoptions.irpp.org\/fr\/#website"},"primaryImageOfPage":{"@id":"https:\/\/policyoptions.irpp.org\/fr\/2020\/01\/les-lecons-a-tirer-de-lassurance-maladie-privee-irlandaise\/#primaryimage"},"image":{"@id":"https:\/\/policyoptions.irpp.org\/fr\/2020\/01\/les-lecons-a-tirer-de-lassurance-maladie-privee-irlandaise\/#primaryimage"},"thumbnailUrl":"https:\/\/policyoptions.irpp.org\/wp-content\/uploads\/2025\/08\/thomas-4.jpg","datePublished":"2020-01-10T16:31:15+00:00","dateModified":"2025-10-08T02:47:18+00:00","breadcrumb":{"@id":"https:\/\/policyoptions.irpp.org\/fr\/2020\/01\/les-lecons-a-tirer-de-lassurance-maladie-privee-irlandaise\/#breadcrumb"},"inLanguage":"fr-FR","potentialAction":[{"@type":"ReadAction","target":["https:\/\/policyoptions.irpp.org\/fr\/2020\/01\/les-lecons-a-tirer-de-lassurance-maladie-privee-irlandaise\/"]}]},{"@type":"ImageObject","inLanguage":"fr-FR","@id":"https:\/\/policyoptions.irpp.org\/fr\/2020\/01\/les-lecons-a-tirer-de-lassurance-maladie-privee-irlandaise\/#primaryimage","url":"https:\/\/policyoptions.irpp.org\/wp-content\/uploads\/2025\/08\/thomas-4.jpg","contentUrl":"https:\/\/policyoptions.irpp.org\/wp-content\/uploads\/2025\/08\/thomas-4.jpg","width":2000,"height":700},{"@type":"BreadcrumbList","@id":"https:\/\/policyoptions.irpp.org\/fr\/2020\/01\/les-lecons-a-tirer-de-lassurance-maladie-privee-irlandaise\/#breadcrumb","itemListElement":[{"@type":"ListItem","position":1,"name":"Home","item":"https:\/\/policyoptions.irpp.org\/fr\/"},{"@type":"ListItem","position":2,"name":"Les le\u00e7ons \u00e0 tirer de l\u2019assurance-maladie priv\u00e9e irlandaise"}]},{"@type":"WebSite","@id":"https:\/\/policyoptions.irpp.org\/fr\/#website","url":"https:\/\/policyoptions.irpp.org\/fr\/","name":"Policy Options","description":"Institute for Research on Public Policy","potentialAction":[{"@type":"SearchAction","target":{"@type":"EntryPoint","urlTemplate":"https:\/\/policyoptions.irpp.org\/fr\/?s={search_term_string}"},"query-input":{"@type":"PropertyValueSpecification","valueRequired":true,"valueName":"search_term_string"}}],"inLanguage":"fr-FR"}]}},"_links":{"self":[{"href":"https:\/\/policyoptions.irpp.org\/fr\/wp-json\/wp\/v2\/issues\/267797","targetHints":{"allow":["GET"]}}],"collection":[{"href":"https:\/\/policyoptions.irpp.org\/fr\/wp-json\/wp\/v2\/issues"}],"about":[{"href":"https:\/\/policyoptions.irpp.org\/fr\/wp-json\/wp\/v2\/types\/issues"}],"wp:featuredmedia":[{"embeddable":true,"href":"https:\/\/policyoptions.irpp.org\/fr\/wp-json\/wp\/v2\/media\/276737"}],"wp:attachment":[{"href":"https:\/\/policyoptions.irpp.org\/fr\/wp-json\/wp\/v2\/media?parent=267797"}],"wp:term":[{"taxonomy":"category","embeddable":true,"href":"https:\/\/policyoptions.irpp.org\/fr\/wp-json\/wp\/v2\/categories?post=267797"},{"taxonomy":"post_tag","embeddable":true,"href":"https:\/\/policyoptions.irpp.org\/fr\/wp-json\/wp\/v2\/tags?post=267797"},{"taxonomy":"article-status","embeddable":true,"href":"https:\/\/policyoptions.irpp.org\/fr\/wp-json\/wp\/v2\/article-status?post=267797"},{"taxonomy":"irpp-category","embeddable":true,"href":"https:\/\/policyoptions.irpp.org\/fr\/wp-json\/wp\/v2\/irpp-category?post=267797"},{"taxonomy":"section","embeddable":true,"href":"https:\/\/policyoptions.irpp.org\/fr\/wp-json\/wp\/v2\/section?post=267797"},{"taxonomy":"irpp-tag","embeddable":true,"href":"https:\/\/policyoptions.irpp.org\/fr\/wp-json\/wp\/v2\/irpp-tag?post=267797"}],"curies":[{"name":"wp","href":"https:\/\/api.w.org\/{rel}","templated":true}]}}