{"id":266882,"date":"2019-01-24T11:31:03","date_gmt":"2019-01-24T16:31:03","guid":{"rendered":"https:\/\/policyoptions.irpp.org\/issues\/la-prevention-de-lextremisme-violent-lapproche-quebecoise\/"},"modified":"2025-10-07T22:22:54","modified_gmt":"2025-10-08T02:22:54","slug":"la-prevention-de-lextremisme-violent-lapproche-quebecoise","status":"publish","type":"issues","link":"https:\/\/policyoptions.irpp.org\/fr\/2019\/01\/la-prevention-de-lextremisme-violent-lapproche-quebecoise\/","title":{"rendered":"La pr\u00e9vention de l&#8217;extr\u00e9misme violent : l&#8217;approche qu\u00e9b\u00e9coise"},"content":{"rendered":"<p class=\"dropcap-big\">On apprenait en novembre dernier que le <a href=\"https:\/\/www.journaldemontreal.com\/2018\/11\/29\/explosion-des-crimes-haineux-au-quebec-et-au-canada\">nombre de crimes haineux rapport\u00e9s a augment\u00e9 consid\u00e9rablement \u00e0 Montr\u00e9al en 2017<\/a> comparativement aux autres grandes villes canadiennes. La tendance croissante \u00e0 d\u00e9noncer les comportements discriminants est l\u2019une des cons\u00e9quences de l\u2019attentat \u00e0 la grande mosqu\u00e9e de Qu\u00e9bec perp\u00e9tr\u00e9 en 2017, que l\u2019on comm\u00e9morera le 29 janvier. Le tragique \u00e9v\u00e9nement nous a rappel\u00e9 que la province n\u2019est pas imperm\u00e9able au ph\u00e9nom\u00e8ne de l\u2019extr\u00e9misme violent, et que les autorit\u00e9s locales et nationales doivent continuer d\u2019agir afin de l\u2019endiguer. Au moment o\u00f9 le <a href=\"https:\/\/www.midi.gouv.qc.ca\/fr\/dossiers\/lutte-radicalisation.html\">Plan d\u2019action gouvernemental 2015-2018, \u00ab La radicalisation au Qu\u00e9bec\u00a0: agir, pr\u00e9venir, d\u00e9tecter et vivre ensemble \u00bb<\/a>, est arriv\u00e9 \u00e0 sa fin, il est tout indiqu\u00e9 de revenir sur ses forces et faiblesses \u00e0 la lumi\u00e8re des plus r\u00e9centes recherches sur la pr\u00e9vention de l\u2019extr\u00e9misme violent.<\/p>\n<p>Depuis l\u2019envoi des premiers convois militaires en Irak, le portrait du terrorisme \u2014 surtout tel que v\u00e9cu par les d\u00e9mocraties occidentales \u2014 s\u2019est grandement transform\u00e9. Les multiples attaques perp\u00e9tr\u00e9es par des \u00ab\u00a0loups solitaires\u00a0\u00bb ont plac\u00e9 la lutte contre le terrorisme d\u2019origine int\u00e9rieure parmi les priorit\u00e9s gouvernementales. Conscients des<a href=\"https:\/\/www.tandfonline.com\/doi\/abs\/10.1080\/13876980500513335\"> limites de l\u2019approche dite \u00ab s\u00e9curitaire \u00bb<\/a><u>,<\/u> ou de la \u00ab\u00a0m\u00e9thode forte\u00a0\u00bb, pour faire face \u00e0 ces nouvelles menaces, les gouvernements des quatre coins du globe se sont affair\u00e9s \u00e0 <a href=\"https:\/\/www.un.org\/counterterrorism\/ctitf\/en\/un-global-counter-terrorism-strategy\">concevoir des strat\u00e9gies en amont du ph\u00e9nom\u00e8ne<\/a>. C\u2019est ce qui explique le d\u00e9ferlement au cours des derni\u00e8res ann\u00e9es de \u00ab\u00a0strat\u00e9gies pr\u00e9ventives\u00a0\u00bb, ou de \u00ab\u00a0m\u00e9thodes douces\u00a0\u00bb, de lutte au terrorisme.<\/p>\n<p>Ces nouvelles m\u00e9thodes ont \u00e9t\u00e9 mises sur pied dans un climat politique teint\u00e9 d\u2019anxi\u00e9t\u00e9 populaire auquel le Canada n\u2019a pas \u00e9chapp\u00e9. Les attaques perp\u00e9tr\u00e9es devant le parlement canadien et \u00e0 Saint-Jean-sur-Richelieu en 2014 <a href=\"https:\/\/ici.radio-canada.ca\/nouvelle\/706823\/sondage-terrorisme-canadiens-inquiets-engagement-militaire\">ont en effet alarm\u00e9 la population<\/a> et pouss\u00e9 les d\u00e9cideurs \u00e0 \u00e9laborer rapidement des programmes de pr\u00e9vention du terrorisme. Cette h\u00e2te ainsi que le<a href=\"https:\/\/www.tandfonline.com\/doi\/abs\/10.1080\/18335330.2017.1293281\"> manque de connaissances empiriques<\/a> sur le ph\u00e9nom\u00e8ne peuvent en partie expliquer le lot de critiques qu\u2019ont provoqu\u00e9es ces programmes.<\/p>\n<p>Or le plan d\u2019action du Qu\u00e9bec, bien qu\u2019imparfait, ne semble pas \u00eatre tomb\u00e9 dans les pi\u00e8ges que lui tendait le contexte dans lequel il a pris naissance.<\/p>\n<p><strong>Des objectifs r\u00e9alistes<\/strong><\/p>\n<p>Concr\u00e8tement, la \u00ab\u00a0m\u00e9thode forte\u00a0\u00bb de lutte au terrorisme se charge de poursuivre en justice des individus, de surveiller des suspects et de d\u00e9ployer des troupes militaires dans des pays d\u2019o\u00f9 \u00e9merge une menace. La \u00ab m\u00e9thode douce\u00a0\u00bb a quant \u00e0 elle pour but de s\u2019attaquer aux<a href=\"https:\/\/www.unodc.org\/e4j\/en\/terrorism\/module-2\/key-issues\/drivers-of-violent-extremism.html\"> facteurs rendant une soci\u00e9t\u00e9 davantage vuln\u00e9rable<\/a> \u00e0 l\u2019extr\u00e9misme violent. Ces facteurs touchent \u00e0 des r\u00e9alit\u00e9s diverses et complexes : manque d\u2019opportunit\u00e9s socio\u00e9conomiques, marginalisation et discrimination, mauvaise gouvernance, polarisation du d\u00e9bat politique.<\/p>\n<p>Les programmes de pr\u00e9vention qui ratissent large et cherchent \u00e0 intervenir dans plusieurs sph\u00e8res soul\u00e8vent des doutes <a href=\"https:\/\/www.icct.nl\/wp-content\/uploads\/2016\/05\/J.-M.-Berger-Making-CVE-Work-A-Focused-Approach-Based-on-Process-Disruption-.pdf\">sur le r\u00e9alisme de leurs cibles<\/a>. Peut-on en effet pr\u00e9venir de fa\u00e7on efficace cette violence dont les racines sont aussi nombreuses qu\u2019intangibles\u00a0? Il est certes louable de vouloir s\u2019y atteler, mais on peut quand m\u00eame douter de la <a href=\"https:\/\/www.usnews.com\/opinion\/world-report\/articles\/2016-10-26\/4-counterterrorism-strategies-the-us-must-abandon\">pertinence de recourir \u00e0 un programme de lutte \u00e0 la radicalisation pour ce faire<\/a>.<\/p>\n<p>Le plan d\u2019action qu\u00e9b\u00e9cois, plut\u00f4t que de tenter de r\u00e9gler des probl\u00e8mes sociaux fondamentaux avec des moyens limit\u00e9s sous l\u2019\u00e9tiquette de la pr\u00e9vention du terrorisme, s\u2019en tient \u00e0 des objectifs g\u00e9n\u00e9raux assez mesur\u00e9s. La strat\u00e9gie provinciale vise d\u2019une part \u00e0 \u00ab\u00a0am\u00e9liorer la compr\u00e9hension du ph\u00e9nom\u00e8ne de la radicalisation menant \u00e0 la violence\u00a0\u00bb et d\u2019autre part \u00e0 \u00ab\u00a0renforcer la concertation de divers secteurs et acteurs de la soci\u00e9t\u00e9 en vue de d\u00e9tecter les signes naissants de ce ph\u00e9nom\u00e8ne et de favoriser des interventions rapides pour emp\u00eacher son intensification\u00a0\u00bb.<\/p>\n<p>\u00ab\u00a0Am\u00e9liorer\u00a0\u00bb, \u00ab\u00a0renforcer\u00a0\u00bb et \u00ab\u00a0favoriser\u00a0\u00bb sont des termes qui laissent suffisamment de flexibilit\u00e9 au gouvernement et qui ne t\u00e9moignent pas d\u2019ambitions d\u00e9mesur\u00e9es. En fait, les lacunes du plan d\u2019action ne r\u00e9sident pas dans l\u2019\u00e9tendue des objectifs d\u00e9finis, mais plut\u00f4t dans leur nature.<\/p>\n<p><strong>Les limites de la \u00ab d\u00e9tection \u00bb<\/strong><\/p>\n<p>Au tout <a href=\"https:\/\/www.mfa.gouv.qc.ca\/fr\/publication\/Documents\/PLN_Radicalisation_9juin_FIN_2.pdf\">d\u00e9but du plan d\u2019action<\/a>, on peut lire qu\u2019une table intersectorielle d\u2019\u00e9changes a \u00e9t\u00e9 cr\u00e9\u00e9e afin de discuter de \u00ab\u00a0mesures qui permettraient de d\u00e9pister les comportements pouvant mener \u00e0 la radicalisation\u00a0\u00bb. On mentionne \u00e9galement que de \u00ab\u00a0d\u00e9tecter les signes de comportements radicaux pr\u00f4nant la violence\u00a0\u00bb constitue une partie int\u00e9grante de l\u2019un des quatre axes du plan. Cet objectif peut sembler banal, mais il soul\u00e8ve des probl\u00e8mes lorsqu\u2019il est mis en pratique. Entamer un semblant de \u00ab\u00a0chasse aux sorci\u00e8res\u00a0\u00bb, o\u00f9 enseignants, personnel de la sant\u00e9 et premiers r\u00e9pondants tentent de d\u00e9celer des comportements ou signes menant \u00e0 la radicalisation, peut <a href=\"https:\/\/link.springer.com\/chapter\/10.1007\/978-3-030-01710-1_3\">susciter la marginalisation de certains groupes<\/a>, ainsi qu\u2019exacerber des tensions d\u00e9j\u00e0 existantes.<\/p>\n<p>\u00c0 titre d\u2019exemple, le <a href=\"https:\/\/www.emeraldinsight.com\/doi\/abs\/10.1108\/17578041211271463\">programme Prevent de la Grande-Bretagne<\/a> a \u00e9t\u00e9 reconnu comme ciblant de fa\u00e7on disproportionn\u00e9e les communaut\u00e9s musulmanes, et il fut largement d\u00e9nonc\u00e9 en raison du caract\u00e8re contreproductif de son approche. Aux \u00c9tats-Unis, on a observ\u00e9 que le plan d\u2019action pour pr\u00e9venir l\u2019extr\u00e9misme \u00e9tabli en 2011 a potentiellement suscit\u00e9 un \u00ab\u00a0<a href=\"https:\/\/lawreview.syr.edu\/wp-content\/uploads\/2018\/10\/O-Pinchuk-FINAL-v3.pdf\">effet paralysant<\/a>\u00a0\u00bb dans les salles de classe. Cela est attribuable \u00e0 l\u2019absence de d\u00e9finition claire de la notion de \u00ab\u00a0comportement suspect\u00a0\u00bb et au mandat octroy\u00e9 aux enseignants de d\u00e9celer chez les jeunes des attitudes ou comportements dits inqui\u00e9tants. Redoutant d\u2019\u00eatre \u00e9tiquet\u00e9s comme \u00ab\u00a0radicaux\u00a0\u00bb, les \u00e9l\u00e8ves<a href=\"https:\/\/slate.com\/news-and-politics\/2014\/11\/justice-departments-countering-violent-extremism-program-ripe-for-abuse-american-muslims-shouldnt-be-asked-to-report-on-each-other.html\"> pr\u00e9f\u00e8rent alors ne pas se prononcer sur des sujets jug\u00e9s sensibles<\/a>, comme la remise en question du syst\u00e8me d\u00e9mocratique ou la pr\u00e9sence militaire am\u00e9ricaine \u00e0 l\u2019\u00e9tranger.<\/p>\n<p>Tenter d\u2019associer l\u2019apologie (ou la critique) de certaines valeurs ou id\u00e9es \u00e0 un passage \u00e0 l\u2019acte violent potentiel est une pratique qui a \u00e9t\u00e9<a href=\"https:\/\/policyoptions.irpp.org\/fr\/magazines\/august-2016\/radicalization-and-violence-in-canada-the-aaron-driver-case\/\"> rejet\u00e9e presque unanimement par les chercheurs<\/a>. La radicalisation est un ph\u00e9nom\u00e8ne non lin\u00e9aire, et la transposition d\u2019id\u00e9es radicales en des actions violentes est extr\u00eamement impr\u00e9visible.<\/p>\n<p>Heureusement, bien que le plan qu\u00e9b\u00e9cois parle de former des travailleurs du secteur public en \u00ab\u00a0d\u00e9tection\u00a0\u00bb, on constate, en consultant les <a href=\"https:\/\/sherpa-recherche.com\/wp-content\/uploads\/Guide-La-radicalisation-menant-%C3%A0-la-violence-chez-le-jeunes.pdf\">documents de r\u00e9f\u00e9rence pour les formations sur la radicalisation<\/a><u>,<\/u> que ces pratiques ne sont pas encourag\u00e9es. On sugg\u00e8re plut\u00f4t aux enseignants et travailleurs de la sant\u00e9 et des services sociaux d\u2019\u00e9tablir un climat d\u2019ouverture o\u00f9 tous se sentent \u00e0 l\u2019aise de prendre la parole, ainsi que de mettre en place des activit\u00e9s pr\u00f4nant le vivre-ensemble.<\/p>\n<p>Si ce dernier point est une bonne nouvelle, il serait pertinent qu\u2019un prochain plan d\u2019action gouvernemental mentionne explicitement que de \u00ab\u00a0d\u00e9pister des comportements\u00a0\u00bb ne repr\u00e9sente pas un moyen efficace pour lutter contre l\u2019extr\u00e9misme violent.<\/p>\n<p><strong>Une terminologie d\u00e9faillante<\/strong><\/p>\n<p>Les plus<a href=\"https:\/\/www.organizingagainstve.org\/wp-content\/uploads\/2018\/09\/GCCS_ROADMAP_FNL.pdf\"> r\u00e9cents rapports<\/a> sur l\u2019efficience des programmes visant \u00e0 pr\u00e9venir l\u2019extr\u00e9misme violent ciblent l\u2019absence de d\u00e9finitions claires du probl\u00e8me et des concepts s\u2019y rattachant comme \u00e9tant l\u2019un des plus grands obstacles \u00e0 l\u2019obtention de r\u00e9sultats probants. Non seulement les confusions conceptuelles <a href=\"https:\/\/www.cfr.org\/article\/mail-bombs-hate-crimes-and-meaning-terrorism\">emp\u00eachent d\u2019entreprendre des actions adapt\u00e9e<\/a>s, mais elles nuisent \u00e9galement \u00e0 l\u2019<a href=\"https:\/\/www.undp.org\/content\/dam\/norway\/undp-ogc\/documents\/PVE_ImprovingImpactProgrammingToolkit_2018.pdf\">\u00e9valuation des initiatives mises en place<\/a>. Heureusement, des institutions multilat\u00e9rales <a href=\"https:\/\/www.undp.org\/content\/dam\/norway\/undp-ogc\/documents\/PVE_ImprovingImpactProgrammingToolkit_2018.pdf\">sugg\u00e8rent maintenant des d\u00e9finitions<\/a> dont les gouvernements peuvent s\u2019inspirer.<\/p>\n<p>Le Plan d\u2019action qu\u00e9b\u00e9cois lui aussi para\u00eet souffrir d\u2019un manque de rigueur sur le plan terminologique. Un premier accroc appara\u00eet d\u00e8s la lecture du titre. Le plan ne semble s\u2019int\u00e9resser qu\u2019\u00e0 la notion de radicalisation, et donc de radicalit\u00e9, un ph\u00e9nom\u00e8ne qui, tel que susmentionn\u00e9, n\u2019est pourtant pas probl\u00e9matique en soi.<\/p>\n<p>Le plan sugg\u00e8re par ailleurs que \u00ab radicalisation \u00bb, \u00ab terrorisme \u00bb et \u00ab extr\u00e9misme violent \u00bb sont des notions \u00e9quivalentes et interchangeables. Bien qu\u2019elles puissent \u00eatre li\u00e9es, aucun consensus scientifique n\u2019a \u00e9t\u00e9 atteint quant \u00e0 la nature de leur relation. Certains chercheurs parlent en effet d\u2019une quasi-absence de lien entre pens\u00e9e radicale et violence, alors que d\u2019autres voient dans le dogmatisme la source m\u00eame de l\u2019action violente. \u00c0 l\u2019avenir, le gouvernement devrait ainsi expliciter sa vision quant aux liens qui unissent ces concepts.<\/p>\n<p><strong>\u00a0<\/strong><strong>\u00c9valuer pour mieux progresser <\/strong><\/p>\n<p>Conscient depuis d\u00e9j\u00e0 quelques ann\u00e9es de la difficult\u00e9 de traduire une volont\u00e9 d\u2019agir en des programmes dont les concepts centraux sont bien d\u00e9finis et, surtout, dont les retomb\u00e9es sont \u00e9valuables, le gouvernement du Canada avait tenu en 2013 un <a href=\"https:\/\/www.globalcenter.org\/events\/symposium-on-measuring-the-effectiveness-of-countering-violent-extremism-programming\/\">symposium sur l\u2019\u00e9valuation des programmes visant \u00e0 pr\u00e9venir l\u2019extr\u00e9misme violent<\/a>. Le\u00a0<a href=\"https:\/\/www.globalcenter.org\/wp-content\/uploads\/2013\/07\/Fink_Romaniuk_Barakat_EVALUATING-CVE-PROGRAMMING_20132.pdf\">rapport du symposium<\/a> r\u00e9unissant des experts des quatre coins du globe conclut que les crit\u00e8res d\u2019\u00e9valuation des activit\u00e9s de pr\u00e9vention devraient \u00eatre \u00e9tablis conjointement avec ces activit\u00e9s \u2013 un \u00e9l\u00e9ment absent du Plan qu\u00e9b\u00e9cois \u2013 et que des crit\u00e8res communs internationaux devraient \u00eatre d\u00e9termin\u00e9s.<\/p>\n<p>L\u2019id\u00e9e d\u2019utiliser des balises universelles pour l\u2019\u00e9valuation de ces programmes est encore \u00e0 ce jour au c\u0153ur des d\u00e9bats scientifiques. Bien que de tels indicateurs auraient pour d\u00e9savantage d\u2019ignorer certains aspects plus particuliers des actions locales de pr\u00e9vention, des crit\u00e8res plus standardis\u00e9s ouvriraient la porte \u00e0 des comparaisons entre les pays et \u00e0 la possibilit\u00e9 d\u2019\u00e9changer plus facilement avec des experts et d\u00e9cideurs \u00e9trangers sur les meilleures pratiques. De plus, adopter une mesure d\u2019efficacit\u00e9 bas\u00e9e sur des crit\u00e8res \u00e9tablis par des <a href=\"https:\/\/www.hedayahcenter.org\/Admin\/Content\/File-16720189339.pdf\">groupes de recherches \u0153uvrant \u00e0 l\u2019\u00e9chelle internationale<\/a> n\u2019emp\u00eacherait pas le Qu\u00e9bec de proc\u00e9der aussi \u00e0 un examen plus personnalis\u00e9 de ses initiatives.<\/p>\n<p>Continuer d\u2019\u00e9tablir des objectifs circonscrits et r\u00e9alistes, solidifier les bases s\u00e9mantiques des programmes d\u2019action et adopter une plus grande transparence quant aux modes d\u2019\u00e9valuation des activit\u00e9s de pr\u00e9vention sont ainsi des \u00e9l\u00e9ments \u00e0 garder en t\u00eate pour une strat\u00e9gie future, et esp\u00e9rons am\u00e9lior\u00e9e, en mati\u00e8re de pr\u00e9vention de l\u2019extr\u00e9misme violent au Qu\u00e9bec.<\/p>\n<p><span class=\"image-caption\">Photo\u00a0: Shutterstock \/ Lightspring<\/span><\/p>\n<hr \/>\n<p><em>Souhaitez-vous r\u00e9agir \u00e0 cet article ? <\/em><em>Joignez-vous aux d\u00e9bats d\u2019<\/em>Options politiques\u00a0<em>et soumettez-nous votre texte en suivant ces\u00a0<\/em><a href=\"https:\/\/policyoptions.irpp.org\/fr\/article-submission\/\"><em>directives<\/em><\/a><em>. <\/em><em>| Do you have something to say about the article you just read? Be part of the\u00a0<\/em>Policy Options<em>\u00a0discussion, and send in your own submission.\u00a0Here is a\u00a0<\/em><a href=\"https:\/\/policyoptions.irpp.org\/article-submission\/\"><em>link<\/em><\/a><em>\u00a0on how to do it.\u00a0<\/em><\/p>\n","protected":false},"excerpt":{"rendered":"<p>On apprenait en novembre dernier que le nombre de crimes haineux rapport\u00e9s a augment\u00e9 consid\u00e9rablement \u00e0 Montr\u00e9al en 2017 comparativement aux autres grandes villes canadiennes. La tendance croissante \u00e0 d\u00e9noncer les comportements discriminants est l\u2019une des cons\u00e9quences de l\u2019attentat \u00e0 la grande mosqu\u00e9e de Qu\u00e9bec perp\u00e9tr\u00e9 en 2017, que l\u2019on comm\u00e9morera le 29 janvier. Le [&hellip;]<\/p>\n","protected":false},"featured_media":275115,"template":"","meta":{"_acf_changed":false,"content-type":"","ep_exclude_from_search":false,"apple_news_api_created_at":"2025-10-08T02:22:56Z","apple_news_api_id":"36a85eb9-6857-4778-8047-aa32643e8cf4","apple_news_api_modified_at":"2025-10-08T02:22:57Z","apple_news_api_revision":"AAAAAAAAAAD\/\/\/\/\/\/\/\/\/\/w==","apple_news_api_share_url":"https:\/\/apple.news\/ANqheuWhXR3iAR6oyZD6M9A","apple_news_cover_media_provider":"image","apple_news_coverimage":0,"apple_news_coverimage_caption":"","apple_news_cover_video_id":0,"apple_news_cover_video_url":"","apple_news_cover_embedwebvideo_url":"","apple_news_is_hidden":"","apple_news_is_paid":"","apple_news_is_preview":"","apple_news_is_sponsored":"","apple_news_maturity_rating":"","apple_news_metadata":"\"\"","apple_news_pullquote":"","apple_news_pullquote_position":"","apple_news_slug":"","apple_news_sections":[],"apple_news_suppress_video_url":false,"apple_news_use_image_component":false},"categories":[9358,9372],"tags":[8393],"article-status":[],"irpp-category":[4295,4385],"section":[],"irpp-tag":[7181],"class_list":["post-266882","issues","type-issues","status-publish","has-post-thumbnail","hentry","category-politique","category-recent-stories-fr","tag-terrorism-fr","irpp-category-politique","irpp-category-securite-nationale","irpp-tag-terrorisme"],"acf":[],"apple_news_notices":[],"yoast_head":"<!-- This site is optimized with the Yoast SEO plugin v27.4 - https:\/\/yoast.com\/product\/yoast-seo-wordpress\/ -->\n<title>La pr\u00e9vention de l&#039;extr\u00e9misme violent : l&#039;approche qu\u00e9b\u00e9coise<\/title>\n<meta name=\"robots\" content=\"index, follow, max-snippet:-1, max-image-preview:large, max-video-preview:-1\" \/>\n<link rel=\"canonical\" href=\"https:\/\/policyoptions.irpp.org\/fr\/2019\/01\/la-prevention-de-lextremisme-violent-lapproche-quebecoise\/\" \/>\n<meta property=\"og:locale\" content=\"fr_FR\" \/>\n<meta property=\"og:type\" content=\"article\" \/>\n<meta property=\"og:title\" content=\"La pr\u00e9vention de l&#039;extr\u00e9misme violent : l&#039;approche qu\u00e9b\u00e9coise\" \/>\n<meta property=\"og:description\" content=\"On apprenait en novembre dernier que le nombre de crimes haineux rapport\u00e9s a augment\u00e9 consid\u00e9rablement \u00e0 Montr\u00e9al en 2017 comparativement aux autres grandes villes canadiennes. La tendance croissante \u00e0 d\u00e9noncer les comportements discriminants est l\u2019une des cons\u00e9quences de l\u2019attentat \u00e0 la grande mosqu\u00e9e de Qu\u00e9bec perp\u00e9tr\u00e9 en 2017, que l\u2019on comm\u00e9morera le 29 janvier. Le [&hellip;]\" \/>\n<meta property=\"og:url\" content=\"https:\/\/policyoptions.irpp.org\/fr\/2019\/01\/la-prevention-de-lextremisme-violent-lapproche-quebecoise\/\" \/>\n<meta property=\"og:site_name\" content=\"Policy Options\" \/>\n<meta property=\"article:publisher\" content=\"https:\/\/www.facebook.com\/IRPP.org\" \/>\n<meta property=\"article:modified_time\" content=\"2025-10-08T02:22:54+00:00\" \/>\n<meta property=\"og:image\" content=\"https:\/\/policyoptions.irpp.org\/wp-content\/uploads\/2025\/08\/ducharme.jpg\" \/>\n\t<meta property=\"og:image:width\" content=\"2000\" \/>\n\t<meta property=\"og:image:height\" content=\"700\" \/>\n\t<meta property=\"og:image:type\" content=\"image\/jpeg\" \/>\n<meta name=\"twitter:card\" content=\"summary_large_image\" \/>\n<meta name=\"twitter:site\" content=\"@irpp\" \/>\n<meta name=\"twitter:label1\" content=\"Est. reading time\" \/>\n\t<meta name=\"twitter:data1\" content=\"9 minutes\" \/>\n<script type=\"application\/ld+json\" class=\"yoast-schema-graph\">{\"@context\":\"https:\\\/\\\/schema.org\",\"@graph\":[{\"@type\":\"WebPage\",\"@id\":\"https:\\\/\\\/policyoptions.irpp.org\\\/fr\\\/2019\\\/01\\\/la-prevention-de-lextremisme-violent-lapproche-quebecoise\\\/\",\"url\":\"https:\\\/\\\/policyoptions.irpp.org\\\/fr\\\/2019\\\/01\\\/la-prevention-de-lextremisme-violent-lapproche-quebecoise\\\/\",\"name\":\"La pr\u00e9vention de l'extr\u00e9misme violent : l'approche qu\u00e9b\u00e9coise\",\"isPartOf\":{\"@id\":\"https:\\\/\\\/policyoptions.irpp.org\\\/fr\\\/#website\"},\"primaryImageOfPage\":{\"@id\":\"https:\\\/\\\/policyoptions.irpp.org\\\/fr\\\/2019\\\/01\\\/la-prevention-de-lextremisme-violent-lapproche-quebecoise\\\/#primaryimage\"},\"image\":{\"@id\":\"https:\\\/\\\/policyoptions.irpp.org\\\/fr\\\/2019\\\/01\\\/la-prevention-de-lextremisme-violent-lapproche-quebecoise\\\/#primaryimage\"},\"thumbnailUrl\":\"https:\\\/\\\/policyoptions.irpp.org\\\/wp-content\\\/uploads\\\/2025\\\/08\\\/ducharme.jpg\",\"datePublished\":\"2019-01-24T16:31:03+00:00\",\"dateModified\":\"2025-10-08T02:22:54+00:00\",\"breadcrumb\":{\"@id\":\"https:\\\/\\\/policyoptions.irpp.org\\\/fr\\\/2019\\\/01\\\/la-prevention-de-lextremisme-violent-lapproche-quebecoise\\\/#breadcrumb\"},\"inLanguage\":\"fr-FR\",\"potentialAction\":[{\"@type\":\"ReadAction\",\"target\":[\"https:\\\/\\\/policyoptions.irpp.org\\\/fr\\\/2019\\\/01\\\/la-prevention-de-lextremisme-violent-lapproche-quebecoise\\\/\"]}]},{\"@type\":\"ImageObject\",\"inLanguage\":\"fr-FR\",\"@id\":\"https:\\\/\\\/policyoptions.irpp.org\\\/fr\\\/2019\\\/01\\\/la-prevention-de-lextremisme-violent-lapproche-quebecoise\\\/#primaryimage\",\"url\":\"https:\\\/\\\/policyoptions.irpp.org\\\/wp-content\\\/uploads\\\/2025\\\/08\\\/ducharme.jpg\",\"contentUrl\":\"https:\\\/\\\/policyoptions.irpp.org\\\/wp-content\\\/uploads\\\/2025\\\/08\\\/ducharme.jpg\",\"width\":2000,\"height\":700},{\"@type\":\"BreadcrumbList\",\"@id\":\"https:\\\/\\\/policyoptions.irpp.org\\\/fr\\\/2019\\\/01\\\/la-prevention-de-lextremisme-violent-lapproche-quebecoise\\\/#breadcrumb\",\"itemListElement\":[{\"@type\":\"ListItem\",\"position\":1,\"name\":\"Home\",\"item\":\"https:\\\/\\\/policyoptions.irpp.org\\\/fr\\\/\"},{\"@type\":\"ListItem\",\"position\":2,\"name\":\"La pr\u00e9vention de l&#8217;extr\u00e9misme violent : l&#8217;approche qu\u00e9b\u00e9coise\"}]},{\"@type\":\"WebSite\",\"@id\":\"https:\\\/\\\/policyoptions.irpp.org\\\/fr\\\/#website\",\"url\":\"https:\\\/\\\/policyoptions.irpp.org\\\/fr\\\/\",\"name\":\"Policy Options\",\"description\":\"Institute for Research on Public Policy\",\"potentialAction\":[{\"@type\":\"SearchAction\",\"target\":{\"@type\":\"EntryPoint\",\"urlTemplate\":\"https:\\\/\\\/policyoptions.irpp.org\\\/fr\\\/?s={search_term_string}\"},\"query-input\":{\"@type\":\"PropertyValueSpecification\",\"valueRequired\":true,\"valueName\":\"search_term_string\"}}],\"inLanguage\":\"fr-FR\"}]}<\/script>\n<!-- \/ Yoast SEO plugin. -->","yoast_head_json":{"title":"La pr\u00e9vention de l'extr\u00e9misme violent : l'approche qu\u00e9b\u00e9coise","robots":{"index":"index","follow":"follow","max-snippet":"max-snippet:-1","max-image-preview":"max-image-preview:large","max-video-preview":"max-video-preview:-1"},"canonical":"https:\/\/policyoptions.irpp.org\/fr\/2019\/01\/la-prevention-de-lextremisme-violent-lapproche-quebecoise\/","og_locale":"fr_FR","og_type":"article","og_title":"La pr\u00e9vention de l'extr\u00e9misme violent : l'approche qu\u00e9b\u00e9coise","og_description":"On apprenait en novembre dernier que le nombre de crimes haineux rapport\u00e9s a augment\u00e9 consid\u00e9rablement \u00e0 Montr\u00e9al en 2017 comparativement aux autres grandes villes canadiennes. La tendance croissante \u00e0 d\u00e9noncer les comportements discriminants est l\u2019une des cons\u00e9quences de l\u2019attentat \u00e0 la grande mosqu\u00e9e de Qu\u00e9bec perp\u00e9tr\u00e9 en 2017, que l\u2019on comm\u00e9morera le 29 janvier. Le [&hellip;]","og_url":"https:\/\/policyoptions.irpp.org\/fr\/2019\/01\/la-prevention-de-lextremisme-violent-lapproche-quebecoise\/","og_site_name":"Policy Options","article_publisher":"https:\/\/www.facebook.com\/IRPP.org","article_modified_time":"2025-10-08T02:22:54+00:00","og_image":[{"width":2000,"height":700,"url":"https:\/\/policyoptions.irpp.org\/wp-content\/uploads\/2025\/08\/ducharme.jpg","type":"image\/jpeg"}],"twitter_card":"summary_large_image","twitter_site":"@irpp","twitter_misc":{"Est. reading time":"9 minutes"},"schema":{"@context":"https:\/\/schema.org","@graph":[{"@type":"WebPage","@id":"https:\/\/policyoptions.irpp.org\/fr\/2019\/01\/la-prevention-de-lextremisme-violent-lapproche-quebecoise\/","url":"https:\/\/policyoptions.irpp.org\/fr\/2019\/01\/la-prevention-de-lextremisme-violent-lapproche-quebecoise\/","name":"La pr\u00e9vention de l'extr\u00e9misme violent : l'approche qu\u00e9b\u00e9coise","isPartOf":{"@id":"https:\/\/policyoptions.irpp.org\/fr\/#website"},"primaryImageOfPage":{"@id":"https:\/\/policyoptions.irpp.org\/fr\/2019\/01\/la-prevention-de-lextremisme-violent-lapproche-quebecoise\/#primaryimage"},"image":{"@id":"https:\/\/policyoptions.irpp.org\/fr\/2019\/01\/la-prevention-de-lextremisme-violent-lapproche-quebecoise\/#primaryimage"},"thumbnailUrl":"https:\/\/policyoptions.irpp.org\/wp-content\/uploads\/2025\/08\/ducharme.jpg","datePublished":"2019-01-24T16:31:03+00:00","dateModified":"2025-10-08T02:22:54+00:00","breadcrumb":{"@id":"https:\/\/policyoptions.irpp.org\/fr\/2019\/01\/la-prevention-de-lextremisme-violent-lapproche-quebecoise\/#breadcrumb"},"inLanguage":"fr-FR","potentialAction":[{"@type":"ReadAction","target":["https:\/\/policyoptions.irpp.org\/fr\/2019\/01\/la-prevention-de-lextremisme-violent-lapproche-quebecoise\/"]}]},{"@type":"ImageObject","inLanguage":"fr-FR","@id":"https:\/\/policyoptions.irpp.org\/fr\/2019\/01\/la-prevention-de-lextremisme-violent-lapproche-quebecoise\/#primaryimage","url":"https:\/\/policyoptions.irpp.org\/wp-content\/uploads\/2025\/08\/ducharme.jpg","contentUrl":"https:\/\/policyoptions.irpp.org\/wp-content\/uploads\/2025\/08\/ducharme.jpg","width":2000,"height":700},{"@type":"BreadcrumbList","@id":"https:\/\/policyoptions.irpp.org\/fr\/2019\/01\/la-prevention-de-lextremisme-violent-lapproche-quebecoise\/#breadcrumb","itemListElement":[{"@type":"ListItem","position":1,"name":"Home","item":"https:\/\/policyoptions.irpp.org\/fr\/"},{"@type":"ListItem","position":2,"name":"La pr\u00e9vention de l&#8217;extr\u00e9misme violent : l&#8217;approche qu\u00e9b\u00e9coise"}]},{"@type":"WebSite","@id":"https:\/\/policyoptions.irpp.org\/fr\/#website","url":"https:\/\/policyoptions.irpp.org\/fr\/","name":"Policy Options","description":"Institute for Research on Public Policy","potentialAction":[{"@type":"SearchAction","target":{"@type":"EntryPoint","urlTemplate":"https:\/\/policyoptions.irpp.org\/fr\/?s={search_term_string}"},"query-input":{"@type":"PropertyValueSpecification","valueRequired":true,"valueName":"search_term_string"}}],"inLanguage":"fr-FR"}]}},"_links":{"self":[{"href":"https:\/\/policyoptions.irpp.org\/fr\/wp-json\/wp\/v2\/issues\/266882","targetHints":{"allow":["GET"]}}],"collection":[{"href":"https:\/\/policyoptions.irpp.org\/fr\/wp-json\/wp\/v2\/issues"}],"about":[{"href":"https:\/\/policyoptions.irpp.org\/fr\/wp-json\/wp\/v2\/types\/issues"}],"wp:featuredmedia":[{"embeddable":true,"href":"https:\/\/policyoptions.irpp.org\/fr\/wp-json\/wp\/v2\/media\/275115"}],"wp:attachment":[{"href":"https:\/\/policyoptions.irpp.org\/fr\/wp-json\/wp\/v2\/media?parent=266882"}],"wp:term":[{"taxonomy":"category","embeddable":true,"href":"https:\/\/policyoptions.irpp.org\/fr\/wp-json\/wp\/v2\/categories?post=266882"},{"taxonomy":"post_tag","embeddable":true,"href":"https:\/\/policyoptions.irpp.org\/fr\/wp-json\/wp\/v2\/tags?post=266882"},{"taxonomy":"article-status","embeddable":true,"href":"https:\/\/policyoptions.irpp.org\/fr\/wp-json\/wp\/v2\/article-status?post=266882"},{"taxonomy":"irpp-category","embeddable":true,"href":"https:\/\/policyoptions.irpp.org\/fr\/wp-json\/wp\/v2\/irpp-category?post=266882"},{"taxonomy":"section","embeddable":true,"href":"https:\/\/policyoptions.irpp.org\/fr\/wp-json\/wp\/v2\/section?post=266882"},{"taxonomy":"irpp-tag","embeddable":true,"href":"https:\/\/policyoptions.irpp.org\/fr\/wp-json\/wp\/v2\/irpp-tag?post=266882"}],"curies":[{"name":"wp","href":"https:\/\/api.w.org\/{rel}","templated":true}]}}