{"id":264865,"date":"2017-03-03T11:30:24","date_gmt":"2017-03-03T16:30:24","guid":{"rendered":"https:\/\/policyoptions.irpp.org\/issues\/la-saga-des-frais-medicaux-accessoires-au-quebec\/"},"modified":"2025-10-07T21:30:16","modified_gmt":"2025-10-08T01:30:16","slug":"la-saga-des-frais-medicaux-accessoires-au-quebec","status":"publish","type":"issues","link":"https:\/\/policyoptions.irpp.org\/fr\/2017\/03\/la-saga-des-frais-medicaux-accessoires-au-quebec\/","title":{"rendered":"La saga des frais m\u00e9dicaux accessoires au Qu\u00e9bec"},"content":{"rendered":"<p>Le 26 janvier dernier, le r\u00e8glement abolissant les frais accessoires est entr\u00e9 en vigueur au Qu\u00e9bec, si bien que la province respecte d\u00e9sormais la l\u00e9gislation f\u00e9d\u00e9rale en la mati\u00e8re. En effet, la <a href=\"https:\/\/laws-lois.justice.gc.ca\/PDF\/C-6.pdf\"><em>Loi canadienne sur la sant\u00e9<\/em><\/a> stipule que l\u2019argent vers\u00e9 par Ottawa aux provinces (le \u00ab\u2009Transfert canadien en mati\u00e8re de sant\u00e9\u2009\u00bb) est conditionnel \u00e0 l\u2019interdiction de facturer des frais pour toute intervention m\u00e9dicalement requise assur\u00e9e par un r\u00e9gime public.<\/p>\n<p>Les provinces qui n\u2019obtemp\u00e8rent pas \u00e0 cette condition risquent de voir leur versement amput\u00e9 d\u2019un montant \u00e9quivalent aux frais accessoires pay\u00e9s par les patients sur leur territoire.<\/p>\n<p>Dans les faits, le Qu\u00e9bec avait \u00e9t\u00e9 une des premi\u00e8res provinces \u00e0 prohiber les frais accessoires en 1970. Toutefois, des d\u00e9cennies de sous-financement du syst\u00e8me de sant\u00e9 et de simple laisser-aller de la part des gouvernements f\u00e9d\u00e9ral et provinciaux quant \u00e0 la mise en vigueur de cette interdiction ont abouti \u00e0 un <a href=\"https:\/\/www.lactualite.com\/sante-et-science\/les-dessous-de-la-poursuite-contre-ottawa-pour-interdire-les-frais-accessoires-en-sante\/\">recours syst\u00e9matique<\/a> \u00e0 ce type de facturation pour certains services de sant\u00e9 assur\u00e9s par les r\u00e9gimes publics, en particulier dans les centres urbains.<\/p>\n<p>En prenant la d\u00e9cision de bannir les frais accessoires \u2014 et en appliquant la loi \u00e9galement, faut-il le rappeler \u2014, le Qu\u00e9bec a enfin agi pour assurer la protection des int\u00e9r\u00eats des patients. D\u2019autres provinces devraient en prendre note.<\/p>\n<p><strong>Une d\u00e9cision impos\u00e9e <\/strong><\/p>\n<p>Tout a commenc\u00e9 il y a deux ans environ, avec <a href=\"https:\/\/quebec.huffingtonpost.ca\/amir-khadir\/frais-accessoires-sante_b_8560318.html\">la proposition controvers\u00e9e<\/a> de \u00ab\u2009normaliser les frais accessoires\u2009\u00bb par le projet de loi\u00a020. Le printemps suivant, un rapport critique de la v\u00e9rificatrice g\u00e9n\u00e9rale du Qu\u00e9bec soutenait que la province <a href=\"https:\/\/www.vgq.gouv.qc.ca\/fr\/fr_salle-de-presse\/fr_Communiques\/fr_Fichiers\/fr_Communique20160525-3.pdf\">ne s\u2019acquittait pas bien de son r\u00f4le<\/a> en mati\u00e8re d\u2019encadrement des frais accessoires. Entre-temps, Jean-Pierre M\u00e9nard, avocat sp\u00e9cialis\u00e9 dans la d\u00e9fense des droits des patients, d\u00e9posait <a href=\"https:\/\/www.theglobeandmail.com\/news\/national\/groups-take-legal-action-to-get-ottawa-to-enforce-canada-health-act-in-quebec\/article29831695\/\">une poursuite contre le gouvernement f\u00e9d\u00e9ral<\/a> en r\u00e9clamant que ce dernier prenne les mesures requises, au vu des violations flagrantes de la <em>Loi canadienne sur la sant\u00e9<\/em>, pour obliger le Qu\u00e9bec \u00e0 en respecter les dispositions.<\/p>\n<p>Le gouvernement f\u00e9d\u00e9ral semblait saisir le message, puisque la ministre de la Sant\u00e9 Jane Philpott r\u00e9agissait en mena\u00e7ant le Qu\u00e9bec d\u2019amputer r\u00e9troactivement le Transfert canadien en mati\u00e8re de sant\u00e9 s\u2019il refusait d\u2019abolir les frais accessoires. Une telle r\u00e9duction se serait chiffr\u00e9e entre 50 millions\u00a0et 83 millions\u00a0de dollars annuellement.<\/p>\n<p>Au terme d\u2019<a href=\"https:\/\/www.cbc.ca\/news\/canada\/montreal\/quebec-gaetan-barrette-user-fees-philpott-1.3768799\">un \u00e9change de propos acrimonieux<\/a> avec Ottawa, le gouvernement qu\u00e9b\u00e9cois a finalement d\u00e9clar\u00e9 en septembre dernier qu\u2019il abolirait tous les frais accessoires d\u00e8s janvier 2017. Voil\u00e0 donc o\u00f9 nous en sommes aujourd\u2019hui dans ce dossier.<\/p>\n<p>Cette d\u00e9cision est une bonne nouvelle \u00e0 de nombreux \u00e9gards. L\u2019abolition des frais accessoires a mis un terme \u00e0 un syst\u00e8me injuste et inefficace, qui permettait aux mieux nantis ou \u00e0 ceux qui jouissaient d\u2019<a href=\"https:\/\/www.youtube.com\/watch?v=Q5XyQBOnpAY\">une assurance priv\u00e9e de se faufiler en t\u00eate de la liste d\u2019attente<\/a> et de passer devant les autres, quelle que soit l\u2019urgence de la situation sur le plan m\u00e9dical.<\/p>\n<p>Par ailleurs, les patients avaient du mal \u00e0 s\u2019y retrouver, car on leur demandait \u2014 au moment o\u00f9 ils \u00e9taient malades et vuln\u00e9rables \u2014 <a href=\"https:\/\/www.lactualite.com\/sante-et-science\/frais-accessoires-le-piege-cache-dans-la-solution-du-ministre-barrette\/\">de payer des frais dont ils ne savaient m\u00eame pas s\u2019ils \u00e9taient autoris\u00e9s par la loi<\/a>. Parfois, ces frais variaient \u00e9norm\u00e9ment, comme l\u2019illustre le c\u00e9l\u00e8bre exemple des gouttes pour les yeux vendues par les ophtalmologistes et dont <a href=\"https:\/\/www.cbc.ca\/news\/canada\/montreal\/health-minister-quebec-doctors-fees-1.3762099\">la fourchette de prix s\u2019\u00e9tendait de 20\u00a0\u00e0 300\u00a0dollars<\/a>.<\/p>\n<p><strong>Un climat d\u2019incertitude et d\u2019appr\u00e9hension <\/strong><\/p>\n<p>Durant les semaines qui ont pr\u00e9c\u00e9d\u00e9 l\u2019entr\u00e9e en vigueur du r\u00e8glement, des f\u00e9d\u00e9rations m\u00e9dicales <a href=\"https:\/\/www.ledevoir.com\/societe\/sante\/490082\/frais-accessoires\">ont regimb\u00e9 contre l\u2019abolition des frais accessoires<\/a>. <a href=\"https:\/\/www.journaldemontreal.com\/2017\/01\/19\/les-medecins-specialistes-souhaitent-negocier-avec-moreau-plutot-que-barrette\">Des m\u00e9decins ont annonc\u00e9 leur intention de se d\u00e9saffilier du syst\u00e8me public<\/a> en guise de protestation. Et, dans le but de contourner l\u2019interdiction, certaines cliniques auraient conseill\u00e9 \u00e0 des patients de <a href=\"https:\/\/www.journaldemontreal.com\/2017\/01\/19\/les-medecins-specialistes-souhaitent-negocier-avec-moreau-plutot-que-barrette\">se tourner vers une entreprise qui pourrait agir en leur nom \u00e0 titre de tiers payeur priv\u00e9<\/a>.<\/p>\n<p>On sent toujours un climat d\u2019incertitude et d\u2019appr\u00e9hension dans la population, car un grand nombre de personnes craignent de <a href=\"https:\/\/www.journaldemontreal.com\/2017\/01\/18\/inquietude-et-confusion-autour-de-labolition-des-frais-accessoires\">se retrouver dans une situation pire qu\u2019avant<\/a>. Le malheur, c\u2019est que toute cette controverse tient en bonne partie \u00e0 une question d\u2019argent, plut\u00f4t que de soins aux malades.<\/p>\n<p>Il y a si longtemps que les frais accessoires prolif\u00e8rent au Qu\u00e9bec qu\u2019on ne peut pas s\u2019attendre \u00e0 ce que la situation \u00e9volue du jour au lendemain ou s\u2019am\u00e9liore sans quelques grincements de dents.<\/p>\n<p>Ce sera maintenant au tour du gouvernement qu\u00e9b\u00e9cois de se pr\u00e9senter au b\u00e2ton. Il lui faudra non seulement intensifier ses efforts pour clarifier la situation \u00e0 la fois pour les patients et les m\u00e9decins, et veiller \u00e0 faire respecter son r\u00e8glement, mais il devra aussi assumer de nouvelles responsabilit\u00e9s. \u00c0 titre d\u2019exemple, il a d\u00e9cid\u00e9 de procurer dor\u00e9navant aux m\u00e9decins les fournitures m\u00e9dicales qu\u2019ils achetaient autrefois eux-m\u00eames (et qu\u2019ils facturaient aux patients) afin de rendre la r\u00e9forme acceptable pour ceux qui risquent de subir des pertes financi\u00e8res. Or \u00a0bon nombre de m\u00e9decins n\u2019ont toujours pas re\u00e7u le mat\u00e9riel promis et s\u2019inqui\u00e8tent du fait que <a href=\"https:\/\/ici.radio-canada.ca\/nouvelle\/1013055\/frais-accessoires-abolis-medecins-pratique-illegale\">les services pourraient souffrir de la r\u00e9forme<\/a>.<\/p>\n<p>Les enjeux sont de taille. De nombreux \u00e9cueils pourraient nuire \u00e0 l\u2019obtention des r\u00e9sultats escompt\u00e9s sur le plan de la transparence et de l\u2019\u00e9quit\u00e9 en mati\u00e8re d\u2019accessibilit\u00e9. Ce n\u2019est pas seulement l\u2019acc\u00e8s aux services m\u00e9dicalement requis qui est en jeu ici. \u00c0 terme, l\u2019interdiction pourrait pousser encore davantage de m\u00e9decins et de patients vers un syst\u00e8me de sant\u00e9 parall\u00e8le, si le gouvernement ne d\u00e9montre pas sa volont\u00e9 ferme d\u2019offrir des services de sant\u00e9 publics de qualit\u00e9.<\/p>\n<p><span class=\"image-caption\">Photo: Shutterstock.com<\/span><\/p>\n<hr \/>\n<p><em>Souhaitez-vous r\u00e9agir \u00e0 cet article ? <\/em><em>Joignez-vous aux d\u00e9bats d\u2019<\/em>Options politiques\u00a0<em>et soumettez-nous votre texte en suivant ces\u00a0<\/em><a href=\"https:\/\/policyoptions.irpp.org\/fr\/article-submission\/\"><em>directives<\/em><\/a><em>. <\/em><em>| Do you have something to say about the article you just read? Be part of the\u00a0<\/em>Policy Options<em>\u00a0discussion, and send in your own submission.\u00a0Here is a\u00a0<\/em><a href=\"https:\/\/policyoptions.irpp.org\/article-submission\/\"><em>link<\/em><\/a><em>\u00a0on how to do it.\u00a0<\/em><\/p>\n","protected":false},"excerpt":{"rendered":"<p>Le 26 janvier dernier, le r\u00e8glement abolissant les frais accessoires est entr\u00e9 en vigueur au Qu\u00e9bec, si bien que la province respecte d\u00e9sormais la l\u00e9gislation f\u00e9d\u00e9rale en la mati\u00e8re. En effet, la Loi canadienne sur la sant\u00e9 stipule que l\u2019argent vers\u00e9 par Ottawa aux provinces (le \u00ab\u2009Transfert canadien en mati\u00e8re de sant\u00e9\u2009\u00bb) est conditionnel \u00e0 [&hellip;]<\/p>\n","protected":false},"featured_media":252755,"template":"","meta":{"_acf_changed":false,"content-type":"","ep_exclude_from_search":false,"apple_news_api_created_at":"2025-08-30T05:55:04Z","apple_news_api_id":"6d3c29b4-899a-4f90-944d-12cac1a0b5b4","apple_news_api_modified_at":"2025-08-30T05:55:04Z","apple_news_api_revision":"AAAAAAAAAAD\/\/\/\/\/\/\/\/\/\/w==","apple_news_api_share_url":"https:\/\/apple.news\/AbTwptImaT5CUTRLKwaC1tA","apple_news_cover_media_provider":"image","apple_news_coverimage":0,"apple_news_coverimage_caption":"","apple_news_cover_video_id":0,"apple_news_cover_video_url":"","apple_news_cover_embedwebvideo_url":"","apple_news_is_hidden":"","apple_news_is_paid":"","apple_news_is_preview":"","apple_news_is_sponsored":"","apple_news_maturity_rating":"","apple_news_metadata":"\"\"","apple_news_pullquote":"","apple_news_pullquote_position":"","apple_news_slug":"","apple_news_sections":[],"apple_news_suppress_video_url":false,"apple_news_use_image_component":false},"categories":[9358,9372,9377],"tags":[8585,8387],"article-status":[],"irpp-category":[4295,4286],"section":[],"irpp-tag":[],"class_list":["post-264865","issues","type-issues","status-publish","has-post-thumbnail","hentry","category-politique","category-recent-stories-fr","category-sante","tag-health-insurance-fr","tag-canada-health-act-fr","irpp-category-politique","irpp-category-sante"],"acf":[],"apple_news_notices":[],"yoast_head":"<!-- This site is optimized with the Yoast SEO plugin v27.4 - https:\/\/yoast.com\/product\/yoast-seo-wordpress\/ -->\n<title>La saga des frais m\u00e9dicaux accessoires au Qu\u00e9bec<\/title>\n<meta name=\"robots\" content=\"index, follow, max-snippet:-1, max-image-preview:large, max-video-preview:-1\" \/>\n<link rel=\"canonical\" href=\"https:\/\/policyoptions.irpp.org\/fr\/2017\/03\/la-saga-des-frais-medicaux-accessoires-au-quebec\/\" \/>\n<meta property=\"og:locale\" content=\"fr_FR\" \/>\n<meta property=\"og:type\" content=\"article\" \/>\n<meta property=\"og:title\" content=\"La saga des frais m\u00e9dicaux accessoires au Qu\u00e9bec\" \/>\n<meta property=\"og:description\" content=\"Le 26 janvier dernier, le r\u00e8glement abolissant les frais accessoires est entr\u00e9 en vigueur au Qu\u00e9bec, si bien que la province respecte d\u00e9sormais la l\u00e9gislation f\u00e9d\u00e9rale en la mati\u00e8re. En effet, la Loi canadienne sur la sant\u00e9 stipule que l\u2019argent vers\u00e9 par Ottawa aux provinces (le \u00ab\u2009Transfert canadien en mati\u00e8re de sant\u00e9\u2009\u00bb) est conditionnel \u00e0 [&hellip;]\" \/>\n<meta property=\"og:url\" content=\"https:\/\/policyoptions.irpp.org\/fr\/2017\/03\/la-saga-des-frais-medicaux-accessoires-au-quebec\/\" \/>\n<meta property=\"og:site_name\" content=\"Policy Options\" \/>\n<meta property=\"article:publisher\" content=\"https:\/\/www.facebook.com\/IRPP.org\" \/>\n<meta property=\"article:modified_time\" content=\"2025-10-08T01:30:16+00:00\" \/>\n<meta property=\"og:image\" content=\"https:\/\/policyoptions.irpp.org\/wp-content\/uploads\/2025\/08\/quesnel-photo.jpg\" \/>\n\t<meta property=\"og:image:width\" content=\"2000\" \/>\n\t<meta property=\"og:image:height\" content=\"700\" \/>\n\t<meta property=\"og:image:type\" content=\"image\/jpeg\" \/>\n<meta name=\"twitter:card\" content=\"summary_large_image\" \/>\n<meta name=\"twitter:site\" content=\"@irpp\" \/>\n<meta name=\"twitter:label1\" content=\"Est. reading time\" \/>\n\t<meta name=\"twitter:data1\" content=\"5 minutes\" \/>\n<script type=\"application\/ld+json\" class=\"yoast-schema-graph\">{\"@context\":\"https:\\\/\\\/schema.org\",\"@graph\":[{\"@type\":\"WebPage\",\"@id\":\"https:\\\/\\\/policyoptions.irpp.org\\\/fr\\\/2017\\\/03\\\/la-saga-des-frais-medicaux-accessoires-au-quebec\\\/\",\"url\":\"https:\\\/\\\/policyoptions.irpp.org\\\/fr\\\/2017\\\/03\\\/la-saga-des-frais-medicaux-accessoires-au-quebec\\\/\",\"name\":\"La saga des frais m\u00e9dicaux accessoires au Qu\u00e9bec\",\"isPartOf\":{\"@id\":\"https:\\\/\\\/policyoptions.irpp.org\\\/fr\\\/#website\"},\"primaryImageOfPage\":{\"@id\":\"https:\\\/\\\/policyoptions.irpp.org\\\/fr\\\/2017\\\/03\\\/la-saga-des-frais-medicaux-accessoires-au-quebec\\\/#primaryimage\"},\"image\":{\"@id\":\"https:\\\/\\\/policyoptions.irpp.org\\\/fr\\\/2017\\\/03\\\/la-saga-des-frais-medicaux-accessoires-au-quebec\\\/#primaryimage\"},\"thumbnailUrl\":\"https:\\\/\\\/policyoptions.irpp.org\\\/wp-content\\\/uploads\\\/2025\\\/08\\\/quesnel-photo.jpg\",\"datePublished\":\"2017-03-03T16:30:24+00:00\",\"dateModified\":\"2025-10-08T01:30:16+00:00\",\"breadcrumb\":{\"@id\":\"https:\\\/\\\/policyoptions.irpp.org\\\/fr\\\/2017\\\/03\\\/la-saga-des-frais-medicaux-accessoires-au-quebec\\\/#breadcrumb\"},\"inLanguage\":\"fr-FR\",\"potentialAction\":[{\"@type\":\"ReadAction\",\"target\":[\"https:\\\/\\\/policyoptions.irpp.org\\\/fr\\\/2017\\\/03\\\/la-saga-des-frais-medicaux-accessoires-au-quebec\\\/\"]}]},{\"@type\":\"ImageObject\",\"inLanguage\":\"fr-FR\",\"@id\":\"https:\\\/\\\/policyoptions.irpp.org\\\/fr\\\/2017\\\/03\\\/la-saga-des-frais-medicaux-accessoires-au-quebec\\\/#primaryimage\",\"url\":\"https:\\\/\\\/policyoptions.irpp.org\\\/wp-content\\\/uploads\\\/2025\\\/08\\\/quesnel-photo.jpg\",\"contentUrl\":\"https:\\\/\\\/policyoptions.irpp.org\\\/wp-content\\\/uploads\\\/2025\\\/08\\\/quesnel-photo.jpg\",\"width\":2000,\"height\":700},{\"@type\":\"BreadcrumbList\",\"@id\":\"https:\\\/\\\/policyoptions.irpp.org\\\/fr\\\/2017\\\/03\\\/la-saga-des-frais-medicaux-accessoires-au-quebec\\\/#breadcrumb\",\"itemListElement\":[{\"@type\":\"ListItem\",\"position\":1,\"name\":\"Home\",\"item\":\"https:\\\/\\\/policyoptions.irpp.org\\\/fr\\\/\"},{\"@type\":\"ListItem\",\"position\":2,\"name\":\"La saga des frais m\u00e9dicaux accessoires au Qu\u00e9bec\"}]},{\"@type\":\"WebSite\",\"@id\":\"https:\\\/\\\/policyoptions.irpp.org\\\/fr\\\/#website\",\"url\":\"https:\\\/\\\/policyoptions.irpp.org\\\/fr\\\/\",\"name\":\"Policy Options\",\"description\":\"Institute for Research on Public Policy\",\"potentialAction\":[{\"@type\":\"SearchAction\",\"target\":{\"@type\":\"EntryPoint\",\"urlTemplate\":\"https:\\\/\\\/policyoptions.irpp.org\\\/fr\\\/?s={search_term_string}\"},\"query-input\":{\"@type\":\"PropertyValueSpecification\",\"valueRequired\":true,\"valueName\":\"search_term_string\"}}],\"inLanguage\":\"fr-FR\"}]}<\/script>\n<!-- \/ Yoast SEO plugin. -->","yoast_head_json":{"title":"La saga des frais m\u00e9dicaux accessoires au Qu\u00e9bec","robots":{"index":"index","follow":"follow","max-snippet":"max-snippet:-1","max-image-preview":"max-image-preview:large","max-video-preview":"max-video-preview:-1"},"canonical":"https:\/\/policyoptions.irpp.org\/fr\/2017\/03\/la-saga-des-frais-medicaux-accessoires-au-quebec\/","og_locale":"fr_FR","og_type":"article","og_title":"La saga des frais m\u00e9dicaux accessoires au Qu\u00e9bec","og_description":"Le 26 janvier dernier, le r\u00e8glement abolissant les frais accessoires est entr\u00e9 en vigueur au Qu\u00e9bec, si bien que la province respecte d\u00e9sormais la l\u00e9gislation f\u00e9d\u00e9rale en la mati\u00e8re. En effet, la Loi canadienne sur la sant\u00e9 stipule que l\u2019argent vers\u00e9 par Ottawa aux provinces (le \u00ab\u2009Transfert canadien en mati\u00e8re de sant\u00e9\u2009\u00bb) est conditionnel \u00e0 [&hellip;]","og_url":"https:\/\/policyoptions.irpp.org\/fr\/2017\/03\/la-saga-des-frais-medicaux-accessoires-au-quebec\/","og_site_name":"Policy Options","article_publisher":"https:\/\/www.facebook.com\/IRPP.org","article_modified_time":"2025-10-08T01:30:16+00:00","og_image":[{"width":2000,"height":700,"url":"https:\/\/policyoptions.irpp.org\/wp-content\/uploads\/2025\/08\/quesnel-photo.jpg","type":"image\/jpeg"}],"twitter_card":"summary_large_image","twitter_site":"@irpp","twitter_misc":{"Est. reading time":"5 minutes"},"schema":{"@context":"https:\/\/schema.org","@graph":[{"@type":"WebPage","@id":"https:\/\/policyoptions.irpp.org\/fr\/2017\/03\/la-saga-des-frais-medicaux-accessoires-au-quebec\/","url":"https:\/\/policyoptions.irpp.org\/fr\/2017\/03\/la-saga-des-frais-medicaux-accessoires-au-quebec\/","name":"La saga des frais m\u00e9dicaux accessoires au Qu\u00e9bec","isPartOf":{"@id":"https:\/\/policyoptions.irpp.org\/fr\/#website"},"primaryImageOfPage":{"@id":"https:\/\/policyoptions.irpp.org\/fr\/2017\/03\/la-saga-des-frais-medicaux-accessoires-au-quebec\/#primaryimage"},"image":{"@id":"https:\/\/policyoptions.irpp.org\/fr\/2017\/03\/la-saga-des-frais-medicaux-accessoires-au-quebec\/#primaryimage"},"thumbnailUrl":"https:\/\/policyoptions.irpp.org\/wp-content\/uploads\/2025\/08\/quesnel-photo.jpg","datePublished":"2017-03-03T16:30:24+00:00","dateModified":"2025-10-08T01:30:16+00:00","breadcrumb":{"@id":"https:\/\/policyoptions.irpp.org\/fr\/2017\/03\/la-saga-des-frais-medicaux-accessoires-au-quebec\/#breadcrumb"},"inLanguage":"fr-FR","potentialAction":[{"@type":"ReadAction","target":["https:\/\/policyoptions.irpp.org\/fr\/2017\/03\/la-saga-des-frais-medicaux-accessoires-au-quebec\/"]}]},{"@type":"ImageObject","inLanguage":"fr-FR","@id":"https:\/\/policyoptions.irpp.org\/fr\/2017\/03\/la-saga-des-frais-medicaux-accessoires-au-quebec\/#primaryimage","url":"https:\/\/policyoptions.irpp.org\/wp-content\/uploads\/2025\/08\/quesnel-photo.jpg","contentUrl":"https:\/\/policyoptions.irpp.org\/wp-content\/uploads\/2025\/08\/quesnel-photo.jpg","width":2000,"height":700},{"@type":"BreadcrumbList","@id":"https:\/\/policyoptions.irpp.org\/fr\/2017\/03\/la-saga-des-frais-medicaux-accessoires-au-quebec\/#breadcrumb","itemListElement":[{"@type":"ListItem","position":1,"name":"Home","item":"https:\/\/policyoptions.irpp.org\/fr\/"},{"@type":"ListItem","position":2,"name":"La saga des frais m\u00e9dicaux accessoires au Qu\u00e9bec"}]},{"@type":"WebSite","@id":"https:\/\/policyoptions.irpp.org\/fr\/#website","url":"https:\/\/policyoptions.irpp.org\/fr\/","name":"Policy Options","description":"Institute for Research on Public Policy","potentialAction":[{"@type":"SearchAction","target":{"@type":"EntryPoint","urlTemplate":"https:\/\/policyoptions.irpp.org\/fr\/?s={search_term_string}"},"query-input":{"@type":"PropertyValueSpecification","valueRequired":true,"valueName":"search_term_string"}}],"inLanguage":"fr-FR"}]}},"_links":{"self":[{"href":"https:\/\/policyoptions.irpp.org\/fr\/wp-json\/wp\/v2\/issues\/264865","targetHints":{"allow":["GET"]}}],"collection":[{"href":"https:\/\/policyoptions.irpp.org\/fr\/wp-json\/wp\/v2\/issues"}],"about":[{"href":"https:\/\/policyoptions.irpp.org\/fr\/wp-json\/wp\/v2\/types\/issues"}],"wp:featuredmedia":[{"embeddable":true,"href":"https:\/\/policyoptions.irpp.org\/fr\/wp-json\/wp\/v2\/media\/252755"}],"wp:attachment":[{"href":"https:\/\/policyoptions.irpp.org\/fr\/wp-json\/wp\/v2\/media?parent=264865"}],"wp:term":[{"taxonomy":"category","embeddable":true,"href":"https:\/\/policyoptions.irpp.org\/fr\/wp-json\/wp\/v2\/categories?post=264865"},{"taxonomy":"post_tag","embeddable":true,"href":"https:\/\/policyoptions.irpp.org\/fr\/wp-json\/wp\/v2\/tags?post=264865"},{"taxonomy":"article-status","embeddable":true,"href":"https:\/\/policyoptions.irpp.org\/fr\/wp-json\/wp\/v2\/article-status?post=264865"},{"taxonomy":"irpp-category","embeddable":true,"href":"https:\/\/policyoptions.irpp.org\/fr\/wp-json\/wp\/v2\/irpp-category?post=264865"},{"taxonomy":"section","embeddable":true,"href":"https:\/\/policyoptions.irpp.org\/fr\/wp-json\/wp\/v2\/section?post=264865"},{"taxonomy":"irpp-tag","embeddable":true,"href":"https:\/\/policyoptions.irpp.org\/fr\/wp-json\/wp\/v2\/irpp-tag?post=264865"}],"curies":[{"name":"wp","href":"https:\/\/api.w.org\/{rel}","templated":true}]}}