{"id":264586,"date":"2016-12-01T11:30:19","date_gmt":"2016-12-01T16:30:19","guid":{"rendered":"https:\/\/policyoptions.irpp.org\/issues\/le-dilemme-du-carbone-au-canada-et-en-alberta\/"},"modified":"2025-10-07T21:22:54","modified_gmt":"2025-10-08T01:22:54","slug":"le-dilemme-du-carbone-au-canada-et-en-alberta","status":"publish","type":"issues","link":"https:\/\/policyoptions.irpp.org\/fr\/2016\/12\/le-dilemme-du-carbone-au-canada-et-en-alberta\/","title":{"rendered":"Le dilemme du carbone au Canada et en Alberta"},"content":{"rendered":"<p>L&#8217;Accord de Paris sur le climat est entr\u00e9 en vigueur le 4 novembre 2016. Quatre jours plus tard, les Am\u00e9ricains ont \u00e9lu Donald Trump \u00e0 la pr\u00e9sidence, dont une des promesses \u00e9lectorales \u00e9tait notamment le retrait des \u00c9tats-Unis de cet accord. Selon certaines informations, <a href=\"https:\/\/www.theguardian.com\/us-news\/2016\/nov\/13\/trump-looking-at-quickest-way-to-quit-paris-climate-agreement-says-report\">son \u00e9quipe de transition \u00e9tudie actuellement cette possibilit\u00e9<\/a>, mais avant son assermentation le 20 janvier 2017 et avant que son cabinet soit en place, personne ne sait si Trump pourra mettre sa menace \u00e0 ex\u00e9cution rapidement et sans se heurter \u00e0 des <a href=\"https:\/\/www.scientificamerican.com\/article\/could-trump-simply-withdraw-u-s-from-paris-climate-agreement\/\">obstacles politiques et l\u00e9gislatifs<\/a>.<\/p>\n<p>Le dossier des changements climatiques a toujours \u00e9t\u00e9 un facteur de division aux \u00c9tats-Unis, et ce m\u00eame sous la pr\u00e9sidence de Barack Obama. Depuis son \u00e9lection en 2008, Obama a \u00e9t\u00e9 en conflit ouvert avec le Congr\u00e8s sur cette question. Il a \u00e9t\u00e9 oblig\u00e9 d\u2019abandonner l&#8217;ambitieux programme l\u00e9gislatif poursuivi au cours de son premier mandat et de prendre plusieurs d\u00e9crets pr\u00e9sidentiels au cours des derni\u00e8res ann\u00e9es. Il a aussi subi un revers devant les tribunaux\u00a0: la Cour supr\u00eame am\u00e9ricaine a suspendu le Clean Power Plan, qui visait \u00e0 limiter les \u00e9missions de carbone des centrales thermiques, pour cause d&#8217;inconstitutionnalit\u00e9.<\/p>\n<p>Mais quelle que soit la position des Am\u00e9ricains sur les changements climatiques, le premier ministre Justin Trudeau entend poursuivre son <a href=\"https:\/\/www.macleans.ca\/economy\/business\/trudeau-says-trump-priorities-wont-influence-carbon-tax-plan\/\">projet de tarification du carbone<\/a>, annonc\u00e9 en octobre 2016. Les provinces devront soit <a href=\"https:\/\/nouvelles.gc.ca\/web\/article-fr.do?mthd=advSrch&amp;crtr.page=2&amp;crtr.dpt1D=6672&amp;nid=1132149&amp;crtr.tp1D=1&amp;_ga=1.243381637.165770221.1470411493\">imposer une taxe, soit adopter un syst\u00e8me de plafonnement et d&#8217;\u00e9change<\/a>. Le prix minimum sur la pollution au dioxyde de carbone sera de 10\u00a0dollars par tonne en 2018 et augmentera de 10\u00a0dollars par ann\u00e9e pour atteindre 50\u00a0dollars par tonne en 2022. Les 14 prochains mois risquent d&#8217;\u00eatre difficiles, les objectifs du Canada \u00e9tant d\u00e9sormais incompatibles avec ceux de son principal partenaire commercial.<\/p>\n<p class=\"dropcap\">La position canadienne sur les changements climatiques sera toujours d\u00e9licate dans la mesure o\u00f9 notre \u00e9conomie reste largement tributaire des industries primaires, tr\u00e8s gourmandes en \u00e9nergie, et d&#8217;une base industrielle qui affiche des taux de croissance \u00e9conomique parmi les plus \u00e9lev\u00e9s du monde d\u00e9velopp\u00e9. Dans les grandes industries, relativement r\u00e9centes, les possibilit\u00e9s de r\u00e9duire les \u00e9missions de carbone sont tr\u00e8s limit\u00e9es. De plus, en raison de l&#8217;immensit\u00e9 de notre pays et du climat froid qui y r\u00e8gne, les distances \u00e0 parcourir sont plus grandes et les besoins en chauffage, plus \u00e9lev\u00e9s.<\/p>\n<p>Certes, le Canada peut et doit r\u00e9duire ses \u00e9missions, mais le d\u00e9fi politique consiste \u00e0 y parvenir sans abaisser le niveau de vie des Canadiens. On a souvent tendance \u00e0 l&#8217;oublier, mais les \u00e9missions de gaz \u00e0 effet de serre (GES) sont une mesure de la consommation \u00e9nerg\u00e9tique, elle-m\u00eame une mesure directe de notre niveau de vie. Et les questions \u00e9thiques concernant les \u00e9missions de GES rel\u00e8vent de choix personnels. Il est de bon ton aujourd&#8217;hui d&#8217;attaquer les entreprises du secteur \u00e9nerg\u00e9tique parce qu&#8217;elles incarnent l&#8217;\u00e9conomie des hydrocarbures, mais la v\u00e9rit\u00e9, aussi d\u00e9rangeante soit-elle, est que la majorit\u00e9 des \u00e9missions de carbone proviennent de notre consommation d&#8217;\u00e9nergie personnelle (transport, consommation d\u2019\u00e9lectricit\u00e9 et de biens manufactur\u00e9s).<\/p>\n<p>Si les \u00e9missions de GES du Canada ne repr\u00e9sentent qu&#8217;un tr\u00e8s faible pourcentage des \u00e9missions mondiales, soit moins de 2\u00a0%, nous ne sommes pas moins l\u2019un des plus gros \u00e9metteurs de GES par habitant au monde (avec l\u2019Australie et les \u00c9tats-Unis), en raison notamment de la superficie du pays, de notre climat et de notre structure industrielle. Selon le <a href=\"https:\/\/ec.gc.ca\/GES-GHG\/default.asp?lang=Fr&amp;n=02D095CB-1\">Deuxi\u00e8me rapport biennal du Canada sur les changements climatiques<\/a> (2016), r\u00e9cemment publi\u00e9 par Environnement Canada, les \u00e9missions totales du Canada se chiffraient en 2013 \u00e0 726 m\u00e9gatonnes (Mt) d\u2019\u00e9quivalent en dioxyde de carbone, ou de 20,7 tonnes par habitant.<\/p>\n<blockquote><p>Il ne faut pas oublier que la majorit\u00e9 des \u00e9missions de carbone proviennent de notre consommation d&#8217;\u00e9nergie personnelle.<\/p><\/blockquote>\n<p>Les \u00e9missions de GES totales du Canada refl\u00e8tent la composition de notre \u00e9conomie nationale. Le secteur minier et les secteurs du p\u00e9trole et du gaz repr\u00e9sentent 25\u00a0% de nos \u00e9missions, les industries \u00e0 forte intensit\u00e9 d&#8217;\u00e9missions (comme la fusion, l\u2019affinage, les p\u00e2tes et papiers, et le ciment), 11\u00a0%. Le secteur des transports, principalement les automobiles et les camions, est responsable de 23\u00a0% des \u00e9missions (un chiffre comparable \u00e0 celui des \u00c9tats-Unis), tandis que l&#8217;impact de l\u2019agriculture se chiffre \u00e0 10\u00a0%.<\/p>\n<p>Il convient de signaler que les \u00e9missions au Canada varient sensiblement d&#8217;une province \u00e0 l&#8217;autre. L\u2019Alberta est la plus grande \u00e9mettrice de GES au pays en termes absolus et, avec la Saskatchewan, \u00e9galement en termes d\u2019\u00e9missions par habitant (<a href=\"https:\/\/www.ec.gc.ca\/GES-GHG\/02D095CB-BAB0-40D6-B7F0-828145249AF5\/3001%20UNFCCC%202nd%20Biennial%20Report_f_v7_lowRes.pdf\">voir le Deuxi\u00e8me rapport biennal du Canada sur les changements climatiques, tableau A25, p. 42<\/a>). Bien s\u00fbr, cette situation est attribuable en grande partie \u00e0 l\u2019exploitation du p\u00e9trole et du gaz, mais aussi \u00e0 la production d&#8217;\u00e9lectricit\u00e9 qui est assur\u00e9e principalement par des centrales au charbon dans les deux provinces.\u00a0Le gouvernement Trudeau vient d\u2019annoncer une <a href=\"https:\/\/nouvelles.gc.ca\/web\/article-fr.do?nid=1157989&amp;tp=1&amp;_ga=1.202174289.1724063161.1459971911\">nouvelle politique<\/a> \u00ab\u00a0d&#8217;acc\u00e9l\u00e9ration de l&#8217;\u00e9limination progressive de la production d&#8217;\u00e9lectricit\u00e9 \u00e0 partir du charbon\u00a0\u00bb et vise \u00e0 fermer les centrales au charbon d\u2019ici 2030, soit 10 ans plus t\u00f4t que le pr\u00e9voyait la politique du gouvernement Harper mise en place en 2012. Le gouvernement assure de collaborer \u00ab\u00a0avec les provinces et les organisations syndicales afin que les travailleurs touch\u00e9s par l&#8217;acc\u00e9l\u00e9ration de l&#8217;\u00e9limination progressive de la production d&#8217;\u00e9lectricit\u00e9 \u00e0 partir du charbon prennent part \u00e0 la transition vers une \u00e9conomie \u00e0 faibles \u00e9missions de carbone \u00bb.\u00a0 Ottawa pr\u00e9voit que cette politique r\u00e9duira les \u00e9missions de GES de 5 Mt. Or, rappelons-le, le Canada \u00e9met 726 Mt de GES. Cette politique suscite la controverse en Alberta et surtout en Saskatchewan, car la fermeture pr\u00e9matur\u00e9e des installations au charbon <a href=\"https:\/\/calgaryherald.com\/news\/politics\/early-shutdown-of-coal-fired-power-plants-could-cost-billions-of-dollars-analyst\">co\u00fbtera cher aux contribuables<\/a>. Il faudra d\u00e9dommager les actionnaires et soutenir les r\u00e9sidents des municipalit\u00e9s qui perdront leur emploi \u00e0 cause de ce changement de politique.<\/p>\n<p class=\"dropcap\">La question qui se pose est la suivante\u00a0: peut-on r\u00e9duire les \u00e9missions de GES et lutter contre le changement climatique sans handicaper notre \u00e9conomie ni abaisser notre niveau de vie ?<\/p>\n<p>Lors de la mise en \u0153uvre de l\u2019Accord de Paris, nous devrons d&#8217;abord \u00e9viter les erreurs de Kyoto. Le protocole de Kyoto a\u00a0\u00e9t\u00e9 sign\u00e9 par le Canada en 1997 et ratifi\u00e9 par le Parlement en 2002. Cet accord \u00e9tait ambitieux \u2014 et imparfait. En effet, son caract\u00e8re juridiquement contraignant ne concernait qu&#8217;une poign\u00e9e de pays riches <a href=\"https:\/\/unfccc.int\/cop3\/fccc\/climate\/annex2.htm\">\u00e9num\u00e9r\u00e9s \u00e0 l&#8217;annexe 2<\/a>. Les \u00c9tats-Unis, qui avaient refus\u00e9 de ratifier le protocole et d&#8217;assumer leurs obligations de r\u00e9duction des GES, ne figuraient donc pas dans le calcul des r\u00e9ductions de GES. Des pays comme le Canada s&#8217;\u00e9taient engag\u00e9s \u00e0 respecter des cibles de r\u00e9duction tr\u00e8s ambitieuses, alors qu&#8217;aucune obligation ne pesait sur les plus gros pollueurs du monde, comme les \u00c9tats-Unis, la Chine et l&#8217;Inde.<\/p>\n<p>De surcro\u00eet, le Canada avait pris les engagements les plus ambitieux de tous les signataires, proposant de diminuer ses \u00e9missions de GES de 6\u00a0% par rapport au niveau de 1990 (qui \u00e9tait alors de 461\u00a0Mt) au cours de la p\u00e9riode de 2008 \u00e0 2012. \u00c9tonnamment, cette cible aurait \u00e9t\u00e9 choisie par l\u2019ex-premier ministre Jean Chr\u00e9tien, sans fondement scientifique, comme le notent Jeffrey Simpson, Mark Jaccard et Nic Rivers dans leur livre <a href=\"https:\/\/www.chapters.indigo.ca\/en-ca\/books\/product\/9780771080975-item.html?mkwid=syevPjqFu_dc&amp;pcrid=44154474422&amp;pkw=&amp;pmt=&amp;s_campaign=goo-Shopping_Books&amp;gclid=CJ6J6IuEzNACFQ6bfgodJSIDFg\"><em>Hot Air: Meeting Canada\u2019s Climate Change Challenge<\/em><\/a>, publi\u00e9 en 2008. Dans les faits, les \u00e9missions du Canada avaient augment\u00e9 de 24\u00a0%\u00a0entre 1990, ann\u00e9e de r\u00e9f\u00e9rence, et 2008.<\/p>\n<p>\u00c0 mon avis, la position du Canada comme signataire du protocole de Kyoto a toujours \u00e9t\u00e9 intenable, les objectifs de r\u00e9duction fix\u00e9s par le gouvernement \u00e9tant tout simplement inatteignables. J&#8217;utilise le terme \u00ab\u00a0inatteignables\u00a0\u00bb en sachant que tout le monde n&#8217;est pas d&#8217;accord. Mais au fil des ann\u00e9es, on a d\u00fb admettre que les cibles du protocole de Kyoto refl\u00e9taient des ambitions et des co\u00fbts qui <a href=\"https:\/\/www.cbc.ca\/news\/politics\/canada-ratify-paris-climate-deal-1.3766983\">d\u00e9passaient largement les sacrifices que les Canadiens et leur gouvernement (lib\u00e9ral ou conservateur) \u00e9taient pr\u00eats \u00e0 accepter<\/a>. De fait, nous savons aujourd&#8217;hui que le gouvernement lib\u00e9ral de l&#8217;\u00e9poque \u00e9tait conscient au moment de signer le protocole <a href=\"https:\/\/www.thestar.com\/news\/2007\/02\/23\/liberals_knew_kyoto_a_long_shot.html\">que les engagements de Kyoto \u00e9taient impossibles \u00e0 tenir<\/a>.<\/p>\n<p class=\"dropcap\">En Alberta, le gouvernement n\u00e9od\u00e9mocrate de Rachel Notley a fait avancer ce dossier, et c\u2019est tout \u00e0 son honneur, avec la publication de son <a href=\"https:\/\/www.alberta.ca\/climate-leadership-plan.aspx\">Climate Leadership Plan<\/a> \u00e0 la fin de 2015, juste \u00e0 temps pour la conf\u00e9rence de Paris sur le climat, qui vise \u00e0 renforcer les r\u00e8gles provinciales en mati\u00e8re d&#8217;\u00e9missions industrielles. Il ne faut pas oublier que l&#8217;Alberta a \u00e9t\u00e9 le premier gouvernement en Am\u00e9rique du Nord qui a impos\u00e9 un prix sur le carbone industriel. Il a promulgu\u00e9 en 2007 la <a href=\"https:\/\/www.qp.alberta.ca\/1266.cfm?page=2007_139.cfm&amp;leg_type=Regs&amp;isbncln=9780779738151\">Specified Gas Emitters Regulation<\/a>, qui obligeait les grandes installations industrielles rejetant plus de 100\u00a0000 tonnes de CO<sub>2<\/sub> par an de r\u00e9duire l&#8217;intensit\u00e9 de leurs \u00e9missions de 12\u00a0%. Les m\u00e9canismes de conformit\u00e9 comprenaient notamment la r\u00e9duction des \u00e9missions des usines, l&#8217;achat de compensations ou de cr\u00e9dits de r\u00e9duction des GES ainsi que le paiement d&#8217;une taxe sur le carbone de 15\u00a0dollars par tonne. Cette taxe \u00e9tait vers\u00e9e \u00e0 un fonds de technologie\u00a0ayant pour mission de r\u00e9duire les \u00e9missions de GES ou d&#8217;am\u00e9liorer la capacit\u00e9 de la province \u00e0 s&#8217;adapter aux changements climatiques.<\/p>\n<p>Le nouveau plan climatique pr\u00e9voit que les gros \u00e9metteurs industriels resteront assujettis aux dispositions en vigueur jusqu&#8217;\u00e0 la fin de 2017. \u00c0 partir de 2018, la province passera \u00e0 des normes de rendement par produit et par secteur. Les mesures prises par le gouvernement n\u00e9od\u00e9mocrate pour renforcer les obligations et augmenter le prix du carbone avaient \u00e9t\u00e9 pr\u00e9c\u00e9d\u00e9es de plusieurs ann\u00e9es de concertations entre le gouvernement pr\u00e9c\u00e9dent de l&#8217;Alberta et l&#8217;industrie. L&#8217;engagement le plus controvers\u00e9 reste toutefois le plafonnement des \u00e9missions totales produites par l\u2019industrie des sables bitumineux \u00e0 100 Mt par an (les \u00e9missions annuelles s&#8217;\u00e9l\u00e8vent actuellement \u00e0 62 Mt). Sans ce plafonnement, <a href=\"https:\/\/ottawacitizen.com\/news\/politics\/oilsands-share-of-national-emissions-set-to-double-between-2010-and-2030\">le gouvernement f\u00e9d\u00e9ral estime<\/a> que les \u00e9missions de GES de l\u2019exploitation des sables bitumineux augmenteraient jusqu\u2019\u00e0 115 Mt d\u2019ici 2030.<\/p>\n<p>La d\u00e9cision prise en 2015 par Suncor, Canadian National Resources, Cenovus Energy et Shell Canada d\u2019appuyer l\u2019annonce du gouvernement de l&#8217;Alberta sur les changements climatiques, et de soutenir ainsi le plafonnement des \u00e9missions de GES li\u00e9es aux sables bitumineux, continue de diviser le secteur \u00e9nerg\u00e9tique canadien. Ces soci\u00e9t\u00e9s ont probablement jug\u00e9 que cette approche offrait une <a href=\"https:\/\/globalnews.ca\/news\/2355369\/reaction-to-albertas-ambitious-climate-change-plan\/\">pr\u00e9visibilit\u00e9<\/a> et rassurerait les investisseurs. Or aucun autre pays producteur de p\u00e9trole au monde n&#8217;a accept\u00e9 de limiter sa production de p\u00e9trole ou les \u00e9missions qui y sont associ\u00e9es. Les d\u00e9fenseurs de cette initiative font valoir que le plafonnement ne s&#8217;applique qu\u2019aux \u00e9missions, pas \u00e0 la production. Mais pendant ce temps, les \u00c9tats-Unis, notre principal client et concurrent, n&#8217;ont toujours pas fix\u00e9 de prix sur les \u00e9missions de carbone industriel, et encore moins d\u00e9cid\u00e9 de plafonner leur production.<\/p>\n<p>Le vrai d\u00e9fi consistera d\u00e9sormais \u00e0 faire avancer le dossier de la r\u00e9duction des GES sans nuire \u00e0 la comp\u00e9titivit\u00e9 du secteur p\u00e9trolier et gazier canadien, qui est responsable non seulement de la plus forte croissance des \u00e9missions de GES, mais repr\u00e9sente aussi pr\u00e8s de 10\u00a0% de notre produit int\u00e9rieur brut.<\/p>\n<p>Les objectifs de r\u00e9duction fix\u00e9s par le Canada doivent s&#8217;accompagner d&#8217;un accord avec les \u00c9tats-Unis et le Mexique en vue d&#8217;imposer une taxe ou d\u2019harmoniser les politiques sur le carbone des trois pays pour ne pas nuire \u00e0 l\u2019un d\u2019entre eux. Pour bien prot\u00e9ger l&#8217;environnement tout en pr\u00e9servant la comp\u00e9titivit\u00e9 du Canada, notre production doit faire partie d\u2019un syst\u00e8me continental \u00e9quitable. Le Canada se trouve aujourd&#8217;hui dans une position inconfortable apr\u00e8s avoir fix\u00e9 un prix sur les \u00e9missions de carbone industrielles de l&#8217;Alberta et accept\u00e9 de plafonner les \u00e9missions, alors que notre principal concurrent et plus ardent d\u00e9tracteur, les \u00c9tats-Unis, n&#8217;a fait ni l&#8217;un ni l&#8217;autre.<\/p>\n<p>La collaboration avec le pr\u00e9sident d\u00e9sign\u00e9 Trump s&#8217;annonce compliqu\u00e9e. Si le Canada continue de prendre des d\u00e9cisions \u00e9conomiques difficiles pour r\u00e9aliser son ambitieux programme climatique alors que les \u00c9tats-Unis font trois pas en arri\u00e8re, la situation risque de s\u2019aggraver dans les secteurs canadiens les plus expos\u00e9s \u00e0 la concurrence \u00e9trang\u00e8re, \u00e0 savoir le p\u00e9trole et le gaz, et les autres secteurs de l\u2019\u00e9nergie. Esp\u00e9rons que le premier ministre Trudeau et le pr\u00e9sident Trump sauront conclure de bons accords sur la question du changement climatique.<\/p>\n<p>Photo :\u00a0Nattawadee Supchapo\/Shutterstock.com<\/p>\n<p>&nbsp;<\/p>\n<hr \/>\n<p><em>Souhaitez-vous r\u00e9agir \u00e0 cet article ? <\/em><em>Joignez-vous aux d\u00e9bats d\u2019<\/em>Options politiques\u00a0<em>et soumettez-nous votre texte en suivant ces\u00a0<\/em><a href=\"https:\/\/policyoptions.irpp.org\/fr\/article-submission\/\"><em>directives<\/em><\/a><em>. <\/em><em>| Do you have something to say about the article you just read? Be part of the\u00a0<\/em>Policy Options<em>\u00a0discussion, and send in your own submission.\u00a0Here is a\u00a0<\/em><a href=\"https:\/\/policyoptions.irpp.org\/article-submission\/\"><em>link<\/em><\/a><em>\u00a0on how to do it.\u00a0<\/em><\/p>\n","protected":false},"excerpt":{"rendered":"<p>L&#8217;Accord de Paris sur le climat est entr\u00e9 en vigueur le 4 novembre 2016. Quatre jours plus tard, les Am\u00e9ricains ont \u00e9lu Donald Trump \u00e0 la pr\u00e9sidence, dont une des promesses \u00e9lectorales \u00e9tait notamment le retrait des \u00c9tats-Unis de cet accord. Selon certaines informations, son \u00e9quipe de transition \u00e9tudie actuellement cette possibilit\u00e9, mais avant son [&hellip;]<\/p>\n","protected":false},"featured_media":252238,"template":"","meta":{"_acf_changed":false,"content-type":"","ep_exclude_from_search":false,"apple_news_api_created_at":"2025-10-08T01:22:56Z","apple_news_api_id":"af7acd2d-6dbf-49e7-8547-e1f82bd45092","apple_news_api_modified_at":"2025-10-08T01:22:57Z","apple_news_api_revision":"AAAAAAAAAAD\/\/\/\/\/\/\/\/\/\/w==","apple_news_api_share_url":"https:\/\/apple.news\/Ar3rNLW2_SeeFR-H4K9RQkg","apple_news_cover_media_provider":"image","apple_news_coverimage":0,"apple_news_coverimage_caption":"","apple_news_cover_video_id":0,"apple_news_cover_video_url":"","apple_news_cover_embedwebvideo_url":"","apple_news_is_hidden":"","apple_news_is_paid":"","apple_news_is_preview":"","apple_news_is_sponsored":"","apple_news_maturity_rating":"","apple_news_metadata":"\"\"","apple_news_pullquote":"","apple_news_pullquote_position":"","apple_news_slug":"","apple_news_sections":[],"apple_news_suppress_video_url":false,"apple_news_use_image_component":false},"categories":[9362,9361,9372],"tags":[8612],"article-status":[],"irpp-category":[4245,4261],"section":[],"irpp-tag":[6956],"class_list":["post-264586","issues","type-issues","status-publish","has-post-thumbnail","hentry","category-economie","category-environnement","category-recent-stories-fr","tag-alberta","irpp-category-economie","irpp-category-environnement","irpp-tag-alberta"],"acf":[],"apple_news_notices":[],"yoast_head":"<!-- This site is optimized with the Yoast SEO plugin v27.4 - https:\/\/yoast.com\/product\/yoast-seo-wordpress\/ -->\n<title>Le dilemme du carbone au Canada et en Alberta<\/title>\n<meta name=\"robots\" content=\"index, follow, max-snippet:-1, max-image-preview:large, max-video-preview:-1\" \/>\n<link rel=\"canonical\" href=\"https:\/\/policyoptions.irpp.org\/fr\/2016\/12\/le-dilemme-du-carbone-au-canada-et-en-alberta\/\" \/>\n<meta property=\"og:locale\" content=\"fr_FR\" \/>\n<meta property=\"og:type\" content=\"article\" \/>\n<meta property=\"og:title\" content=\"Le dilemme du carbone au Canada et en Alberta\" \/>\n<meta property=\"og:description\" content=\"L&#8217;Accord de Paris sur le climat est entr\u00e9 en vigueur le 4 novembre 2016. Quatre jours plus tard, les Am\u00e9ricains ont \u00e9lu Donald Trump \u00e0 la pr\u00e9sidence, dont une des promesses \u00e9lectorales \u00e9tait notamment le retrait des \u00c9tats-Unis de cet accord. Selon certaines informations, son \u00e9quipe de transition \u00e9tudie actuellement cette possibilit\u00e9, mais avant son [&hellip;]\" \/>\n<meta property=\"og:url\" content=\"https:\/\/policyoptions.irpp.org\/fr\/2016\/12\/le-dilemme-du-carbone-au-canada-et-en-alberta\/\" \/>\n<meta property=\"og:site_name\" content=\"Policy Options\" \/>\n<meta property=\"article:publisher\" content=\"https:\/\/www.facebook.com\/IRPP.org\" \/>\n<meta property=\"article:modified_time\" content=\"2025-10-08T01:22:54+00:00\" \/>\n<meta property=\"og:image\" content=\"https:\/\/policyoptions.irpp.org\/wp-content\/uploads\/2025\/08\/rioux-photo-article.jpg\" \/>\n\t<meta property=\"og:image:width\" content=\"2000\" \/>\n\t<meta property=\"og:image:height\" content=\"700\" \/>\n\t<meta property=\"og:image:type\" content=\"image\/jpeg\" \/>\n<meta name=\"twitter:card\" content=\"summary_large_image\" \/>\n<meta name=\"twitter:site\" content=\"@irpp\" \/>\n<meta name=\"twitter:label1\" content=\"Est. reading time\" \/>\n\t<meta name=\"twitter:data1\" content=\"11 minutes\" \/>\n<script type=\"application\/ld+json\" class=\"yoast-schema-graph\">{\"@context\":\"https:\\\/\\\/schema.org\",\"@graph\":[{\"@type\":\"WebPage\",\"@id\":\"https:\\\/\\\/policyoptions.irpp.org\\\/fr\\\/2016\\\/12\\\/le-dilemme-du-carbone-au-canada-et-en-alberta\\\/\",\"url\":\"https:\\\/\\\/policyoptions.irpp.org\\\/fr\\\/2016\\\/12\\\/le-dilemme-du-carbone-au-canada-et-en-alberta\\\/\",\"name\":\"Le dilemme du carbone au Canada et en Alberta\",\"isPartOf\":{\"@id\":\"https:\\\/\\\/policyoptions.irpp.org\\\/fr\\\/#website\"},\"primaryImageOfPage\":{\"@id\":\"https:\\\/\\\/policyoptions.irpp.org\\\/fr\\\/2016\\\/12\\\/le-dilemme-du-carbone-au-canada-et-en-alberta\\\/#primaryimage\"},\"image\":{\"@id\":\"https:\\\/\\\/policyoptions.irpp.org\\\/fr\\\/2016\\\/12\\\/le-dilemme-du-carbone-au-canada-et-en-alberta\\\/#primaryimage\"},\"thumbnailUrl\":\"https:\\\/\\\/policyoptions.irpp.org\\\/wp-content\\\/uploads\\\/2025\\\/08\\\/rioux-photo-article.jpg\",\"datePublished\":\"2016-12-01T16:30:19+00:00\",\"dateModified\":\"2025-10-08T01:22:54+00:00\",\"breadcrumb\":{\"@id\":\"https:\\\/\\\/policyoptions.irpp.org\\\/fr\\\/2016\\\/12\\\/le-dilemme-du-carbone-au-canada-et-en-alberta\\\/#breadcrumb\"},\"inLanguage\":\"fr-FR\",\"potentialAction\":[{\"@type\":\"ReadAction\",\"target\":[\"https:\\\/\\\/policyoptions.irpp.org\\\/fr\\\/2016\\\/12\\\/le-dilemme-du-carbone-au-canada-et-en-alberta\\\/\"]}]},{\"@type\":\"ImageObject\",\"inLanguage\":\"fr-FR\",\"@id\":\"https:\\\/\\\/policyoptions.irpp.org\\\/fr\\\/2016\\\/12\\\/le-dilemme-du-carbone-au-canada-et-en-alberta\\\/#primaryimage\",\"url\":\"https:\\\/\\\/policyoptions.irpp.org\\\/wp-content\\\/uploads\\\/2025\\\/08\\\/rioux-photo-article.jpg\",\"contentUrl\":\"https:\\\/\\\/policyoptions.irpp.org\\\/wp-content\\\/uploads\\\/2025\\\/08\\\/rioux-photo-article.jpg\",\"width\":2000,\"height\":700},{\"@type\":\"BreadcrumbList\",\"@id\":\"https:\\\/\\\/policyoptions.irpp.org\\\/fr\\\/2016\\\/12\\\/le-dilemme-du-carbone-au-canada-et-en-alberta\\\/#breadcrumb\",\"itemListElement\":[{\"@type\":\"ListItem\",\"position\":1,\"name\":\"Home\",\"item\":\"https:\\\/\\\/policyoptions.irpp.org\\\/fr\\\/\"},{\"@type\":\"ListItem\",\"position\":2,\"name\":\"Le dilemme du carbone au Canada et en Alberta\"}]},{\"@type\":\"WebSite\",\"@id\":\"https:\\\/\\\/policyoptions.irpp.org\\\/fr\\\/#website\",\"url\":\"https:\\\/\\\/policyoptions.irpp.org\\\/fr\\\/\",\"name\":\"Policy Options\",\"description\":\"Institute for Research on Public Policy\",\"potentialAction\":[{\"@type\":\"SearchAction\",\"target\":{\"@type\":\"EntryPoint\",\"urlTemplate\":\"https:\\\/\\\/policyoptions.irpp.org\\\/fr\\\/?s={search_term_string}\"},\"query-input\":{\"@type\":\"PropertyValueSpecification\",\"valueRequired\":true,\"valueName\":\"search_term_string\"}}],\"inLanguage\":\"fr-FR\"}]}<\/script>\n<!-- \/ Yoast SEO plugin. -->","yoast_head_json":{"title":"Le dilemme du carbone au Canada et en Alberta","robots":{"index":"index","follow":"follow","max-snippet":"max-snippet:-1","max-image-preview":"max-image-preview:large","max-video-preview":"max-video-preview:-1"},"canonical":"https:\/\/policyoptions.irpp.org\/fr\/2016\/12\/le-dilemme-du-carbone-au-canada-et-en-alberta\/","og_locale":"fr_FR","og_type":"article","og_title":"Le dilemme du carbone au Canada et en Alberta","og_description":"L&#8217;Accord de Paris sur le climat est entr\u00e9 en vigueur le 4 novembre 2016. Quatre jours plus tard, les Am\u00e9ricains ont \u00e9lu Donald Trump \u00e0 la pr\u00e9sidence, dont une des promesses \u00e9lectorales \u00e9tait notamment le retrait des \u00c9tats-Unis de cet accord. Selon certaines informations, son \u00e9quipe de transition \u00e9tudie actuellement cette possibilit\u00e9, mais avant son [&hellip;]","og_url":"https:\/\/policyoptions.irpp.org\/fr\/2016\/12\/le-dilemme-du-carbone-au-canada-et-en-alberta\/","og_site_name":"Policy Options","article_publisher":"https:\/\/www.facebook.com\/IRPP.org","article_modified_time":"2025-10-08T01:22:54+00:00","og_image":[{"width":2000,"height":700,"url":"https:\/\/policyoptions.irpp.org\/wp-content\/uploads\/2025\/08\/rioux-photo-article.jpg","type":"image\/jpeg"}],"twitter_card":"summary_large_image","twitter_site":"@irpp","twitter_misc":{"Est. reading time":"11 minutes"},"schema":{"@context":"https:\/\/schema.org","@graph":[{"@type":"WebPage","@id":"https:\/\/policyoptions.irpp.org\/fr\/2016\/12\/le-dilemme-du-carbone-au-canada-et-en-alberta\/","url":"https:\/\/policyoptions.irpp.org\/fr\/2016\/12\/le-dilemme-du-carbone-au-canada-et-en-alberta\/","name":"Le dilemme du carbone au Canada et en Alberta","isPartOf":{"@id":"https:\/\/policyoptions.irpp.org\/fr\/#website"},"primaryImageOfPage":{"@id":"https:\/\/policyoptions.irpp.org\/fr\/2016\/12\/le-dilemme-du-carbone-au-canada-et-en-alberta\/#primaryimage"},"image":{"@id":"https:\/\/policyoptions.irpp.org\/fr\/2016\/12\/le-dilemme-du-carbone-au-canada-et-en-alberta\/#primaryimage"},"thumbnailUrl":"https:\/\/policyoptions.irpp.org\/wp-content\/uploads\/2025\/08\/rioux-photo-article.jpg","datePublished":"2016-12-01T16:30:19+00:00","dateModified":"2025-10-08T01:22:54+00:00","breadcrumb":{"@id":"https:\/\/policyoptions.irpp.org\/fr\/2016\/12\/le-dilemme-du-carbone-au-canada-et-en-alberta\/#breadcrumb"},"inLanguage":"fr-FR","potentialAction":[{"@type":"ReadAction","target":["https:\/\/policyoptions.irpp.org\/fr\/2016\/12\/le-dilemme-du-carbone-au-canada-et-en-alberta\/"]}]},{"@type":"ImageObject","inLanguage":"fr-FR","@id":"https:\/\/policyoptions.irpp.org\/fr\/2016\/12\/le-dilemme-du-carbone-au-canada-et-en-alberta\/#primaryimage","url":"https:\/\/policyoptions.irpp.org\/wp-content\/uploads\/2025\/08\/rioux-photo-article.jpg","contentUrl":"https:\/\/policyoptions.irpp.org\/wp-content\/uploads\/2025\/08\/rioux-photo-article.jpg","width":2000,"height":700},{"@type":"BreadcrumbList","@id":"https:\/\/policyoptions.irpp.org\/fr\/2016\/12\/le-dilemme-du-carbone-au-canada-et-en-alberta\/#breadcrumb","itemListElement":[{"@type":"ListItem","position":1,"name":"Home","item":"https:\/\/policyoptions.irpp.org\/fr\/"},{"@type":"ListItem","position":2,"name":"Le dilemme du carbone au Canada et en Alberta"}]},{"@type":"WebSite","@id":"https:\/\/policyoptions.irpp.org\/fr\/#website","url":"https:\/\/policyoptions.irpp.org\/fr\/","name":"Policy Options","description":"Institute for Research on Public Policy","potentialAction":[{"@type":"SearchAction","target":{"@type":"EntryPoint","urlTemplate":"https:\/\/policyoptions.irpp.org\/fr\/?s={search_term_string}"},"query-input":{"@type":"PropertyValueSpecification","valueRequired":true,"valueName":"search_term_string"}}],"inLanguage":"fr-FR"}]}},"_links":{"self":[{"href":"https:\/\/policyoptions.irpp.org\/fr\/wp-json\/wp\/v2\/issues\/264586","targetHints":{"allow":["GET"]}}],"collection":[{"href":"https:\/\/policyoptions.irpp.org\/fr\/wp-json\/wp\/v2\/issues"}],"about":[{"href":"https:\/\/policyoptions.irpp.org\/fr\/wp-json\/wp\/v2\/types\/issues"}],"wp:featuredmedia":[{"embeddable":true,"href":"https:\/\/policyoptions.irpp.org\/fr\/wp-json\/wp\/v2\/media\/252238"}],"wp:attachment":[{"href":"https:\/\/policyoptions.irpp.org\/fr\/wp-json\/wp\/v2\/media?parent=264586"}],"wp:term":[{"taxonomy":"category","embeddable":true,"href":"https:\/\/policyoptions.irpp.org\/fr\/wp-json\/wp\/v2\/categories?post=264586"},{"taxonomy":"post_tag","embeddable":true,"href":"https:\/\/policyoptions.irpp.org\/fr\/wp-json\/wp\/v2\/tags?post=264586"},{"taxonomy":"article-status","embeddable":true,"href":"https:\/\/policyoptions.irpp.org\/fr\/wp-json\/wp\/v2\/article-status?post=264586"},{"taxonomy":"irpp-category","embeddable":true,"href":"https:\/\/policyoptions.irpp.org\/fr\/wp-json\/wp\/v2\/irpp-category?post=264586"},{"taxonomy":"section","embeddable":true,"href":"https:\/\/policyoptions.irpp.org\/fr\/wp-json\/wp\/v2\/section?post=264586"},{"taxonomy":"irpp-tag","embeddable":true,"href":"https:\/\/policyoptions.irpp.org\/fr\/wp-json\/wp\/v2\/irpp-tag?post=264586"}],"curies":[{"name":"wp","href":"https:\/\/api.w.org\/{rel}","templated":true}]}}