{"id":264192,"date":"2016-06-17T10:30:33","date_gmt":"2016-06-17T14:30:33","guid":{"rendered":"https:\/\/policyoptions.irpp.org\/issues\/pauvrete-et-redistribution-repenser-la-securite-de-la-vieillesse\/"},"modified":"2025-10-07T21:11:40","modified_gmt":"2025-10-08T01:11:40","slug":"pauvrete-et-redistribution-repenser-la-securite-de-la-vieillesse","status":"publish","type":"issues","link":"https:\/\/policyoptions.irpp.org\/fr\/2016\/06\/pauvrete-et-redistribution-repenser-la-securite-de-la-vieillesse\/","title":{"rendered":"Pauvret\u00e9 et redistribution : repenser&nbsp;la&nbsp;S\u00e9curit\u00e9 de la vieillesse"},"content":{"rendered":"<p>Le r\u00e9cent ouvrage collectif de l\u2019IRPP sur les in\u00e9galit\u00e9s de revenu au Canada attire encore davantage notre attention sur la question de la redistribution, qui est directement li\u00e9e \u00e0 celle du r\u00f4le de l\u2019\u00c9tat-providence dans notre soci\u00e9t\u00e9. Un des faits importants que l\u2019ouvrage fait ressortir est la baisse marqu\u00e9e du taux de pauvret\u00e9 chez les personnes \u00e2g\u00e9es depuis le milieu des ann\u00e9es 1970. Ainsi, A. Heisz observe dans son <a href=\"https:\/\/irpp.org\/wp-content\/uploads\/2016\/01\/aots5-heisz.pdf\">chapitre<\/a> (p. 90) que le pourcentage de personnes de plus de 65 ans vivant sous le seuil de faible revenu est pass\u00e9 de 30,4 % en 1977 \u00e0 5,2 % en 2011.<\/p>\n<p>Cette baisse est due \u00e0 une certain nombre de facteurs \u00e9conomiques, mais aussi \u00e0 la nature du syst\u00e8me public de pensions parachev\u00e9 au milieu des ann\u00e9es 1960. En effet, en plus de la cr\u00e9ation en 1965 du R\u00e9gime de pensions du Canada (RPC) et du R\u00e9gime de rentes du Qu\u00e9bec (RRQ), l\u2019av\u00e8nement du Suppl\u00e9ment de revenu garanti (SRG), l\u2019ann\u00e9e suivante, a jou\u00e9 un r\u00f4le essentiel dans la lutte contre la pauvret\u00e9 chez les personnes \u00e2g\u00e9es (voir <a href=\"https:\/\/www.ssa.gov\/policy\/docs\/ssb\/v68n2\/v68n2p53.pdf\">M. Wiseman et M. Y\u010das<\/a>).<\/p>\n<p>Le SRG, un r\u00e9gime compl\u00e9mentaire \u00e0 la S\u00e9curit\u00e9\u00a0de la vieillesse (SV), est un programme d\u2019aide sociale efficace en la mati\u00e8re. Il est financ\u00e9 par l\u2019imp\u00f4t et cible uniquement les gens \u00e0 faible revenu, d\u2019o\u00f9 sa fonction hautement redistributive. Parce qu\u2019il concerne des personnes \u00e2g\u00e9es vuln\u00e9rables, le SRG a la faveur populaire, contrairement aux programmes d\u2019aide sociale pour les sans-emploi (voir <a href=\"https:\/\/www.utppublishing.com\/Welfare-Reform-in-Canada-Provincial-Social-Assistance-in-Comparative-Perspective.html\">D. B\u00e9land et P.-M. Daigneault<\/a>).<\/p>\n<p>Si le taux de pauvret\u00e9 chez les personnes \u00e2g\u00e9es au Canada se compare \u00e0 la Su\u00e8de, <a href=\"https:\/\/www.ssa.gov\/policy\/docs\/ssb\/v68n2\/v68n2p53.pdf\">selon M. Wiseman et M. Y\u010das<\/a>, et se distingue nettement de celui des \u00c9tats-Unis et du Royaume-Uni (o\u00f9 il est beaucoup plus \u00e9lev\u00e9), l\u2019efficacit\u00e9 relative de notre syst\u00e8me public de pensions pour r\u00e9duire la pauvret\u00e9 a toutefois un co\u00fbt. Au Canada, environ la moiti\u00e9 des d\u00e9penses publiques dans le domaine des pensions de vieillesse est financ\u00e9e par l\u2019imp\u00f4t, ce qui n\u2019est pas le cas dans d\u2019autres pays\u00a0: les \u00c9tats-Unis ou la France, par exemple, financent la majorit\u00e9 des pensions au moyen de contributions obligatoires, dont le niveau est parfois beaucoup plus \u00e9lev\u00e9 qu\u2019au Canada (voir <a href=\"https:\/\/data.oecd.org\/tax\/social-security-contributions.htm\">les donn\u00e9es r\u00e9centes de l\u2019OCDE<\/a> sur la question ainsi que <a href=\"https:\/\/socserv.mcmaster.ca\/sedap\/p\/sedap111.pdf\">l\u2019analyse de D. B\u00e9land et J. Myles<\/a>).<\/p>\n<p class=\"dropcap\">Pour contrer en partie la hausse anticip\u00e9e des d\u00e9penses budg\u00e9taires f\u00e9d\u00e9rales dans le domaine des pensions dans un contexte de vieillissement d\u00e9mographique acc\u00e9l\u00e9r\u00e9, le gouvernement Harper avait annonc\u00e9 en 2012 une hausse graduelle de l\u2019\u00e2ge d\u2019admissibilit\u00e9 \u00e0 la SV et au SRG (sans toutefois augmenter l\u2019\u00e2ge d\u2019admissibilit\u00e9 au RPC et au RRQ), le faisant passer de 65 \u00e0 67 ans, qui aurait \u00e9t\u00e9 mise en place entre 2023 et 2029. Mais le gouvernement Trudeau, aussit\u00f4t \u00e9lu, a d\u00e9cid\u00e9 d\u2019abandonner ce projet, ce qui, d\u2019un point de vue redistributif, \u00e9tait la chose \u00e0 faire. Si la mesure avait \u00e9t\u00e9 appliqu\u00e9e, elle aurait p\u00e9nalis\u00e9 davantage les personnes \u00e0 faible revenu, qui d\u00e9pendent directement de la SV et du SRG pour maintenir leur s\u00e9curit\u00e9 \u00e9conomique.<\/p>\n<p>Il n\u2019en reste pas moins que cette d\u00e9cision du gouvernement Trudeau privera le tr\u00e9sor f\u00e9d\u00e9ral d\u2019environ 11 milliards de dollars par ann\u00e9e \u00e0 partir de 2030. Pour Ottawa, il existe une solution fiscalement \u00e9quitable \u00e0 ce d\u00e9fi budg\u00e9taire \u00e0 long terme : mettre fin \u00e0 l\u2019universalit\u00e9 de la SV tout en maintenant, voir en renfor\u00e7ant, le r\u00f4le redistributif du SRG. Bien que cette proposition puisse sembler radicale, il ne faut pas oublier que la SV n\u2019est plus v\u00e9ritablement un r\u00e9gime universel depuis 1989, lorsque le gouvernement Mulroney d\u00e9cida de r\u00e9cup\u00e9rer par l\u2019imp\u00f4t les pensions de la SV vers\u00e9es aux mieux nantis. Cette mesure est toujours en place, mais elle touche moins de 5 % de prestataires. En excluant un plus grand nombre de personnes \u00e2g\u00e9es \u00e0 haut revenu des prestations de la SV, le gouvernement f\u00e9d\u00e9ral pourrait, tout en \u00e9largissant son soutien aux personnes \u00e0 faible revenu, faire des \u00e9conomies appr\u00e9ciables. Une telle r\u00e9forme pourrait s\u2019effectuer graduellement, sans toucher les retrait\u00e9s actuels ou ceux qui sont proches de l\u2019\u00e2ge d\u2019admissibilit\u00e9 \u00e0 la SV.<\/p>\n<blockquote><p>La solution fiscalement \u00e9quitable serait de mettre fin \u00e0 l\u2019universalit\u00e9 de la SV tout en renfor\u00e7ant le r\u00f4le redistributif du SRG.<\/p><\/blockquote>\n<p>Cette r\u00e9forme serait tout \u00e0 fait compatible avec la logique redistributive qui est au centre des r\u00e9cents changements apport\u00e9s aux prestations familiales\u00a0par le gouvernement Trudeau, soit l\u2019abolition de la Prestation universelle pour la garde d&#8217;enfants et la cr\u00e9ation de l\u2019Allocation canadienne pour enfants. En excluant les mieux nantis de ces prestations tout en augmentant le soutien aux familles \u00e0 faible et moyen revenu, Ottawa a choisi une politique explicitement redistributive qui pourrait \u00eatre \u00e9tendue aux pensions. D\u2019ailleurs, dans son budget de 1996, le gouvernement Chr\u00e9tien avait adopt\u00e9 une approche similaire dans ce domaine en proposant le remplacement de la SV et du SRG par une Prestation aux a\u00een\u00e9(e)s, dans le but d\u2019en exclure les mieux nantis tout en am\u00e9liorant la protection offerte aux personnes \u00e2g\u00e9es moins fortun\u00e9es. Abandonn\u00e9e quelques ann\u00e9es plus tard dans un contexte de surplus budg\u00e9taires f\u00e9d\u00e9raux, cette approche m\u00e9riterait d\u2019\u00eatre r\u00e9examin\u00e9e aujourd\u2019hui, dans le contexte fiscal et d\u00e9mographique actuel.<\/p>\n<p class=\"dropcap\">Reste \u00e0 savoir comment un tel retour \u00e0 la logique redistributive de la Prestation aux a\u00een\u00e9(e)s pourrait s\u2019articuler avec l\u2019\u00e9largissement possible du RPC dont on d\u00e9bat actuellement dans l\u2019ar\u00e8ne intergouvernementale. Si Ottawa et les provinces parvenaient \u00e0 s\u2019entendre sur le sujet, une augmentation des cotisations salariales vers\u00e9es au RPC, coupl\u00e9e avec l\u2019abandon d\u2019une SV universelle, pourrait directement favoriser une r\u00e9duction du financement par l\u2019imp\u00f4t de notre syst\u00e8me public de retraite. Simultan\u00e9ment, la hausse des prestations du RPC (et possiblement du RRQ) compenserait, du moins en partie, la perte de revenu que subiraient les personnes \u00e2g\u00e9es alors exclues de la SV.<\/p>\n<p>Si, au contraire, le RPC demeurait inchang\u00e9, les r\u00e9visions propos\u00e9es ici concernant la SV et le SRG pourraient s\u2019orienter davantage vers l\u2019am\u00e9lioration de la situation \u00e9conomique des personnes \u00e2g\u00e9es dont le revenu est inf\u00e9rieur \u00e0 la moyenne. Compte tenu du d\u00e9clin des pensions offertes par les employeurs et des limites bien connues de l\u2019\u00e9pargne individuelle, une SV et un SRG con\u00e7us en termes d\u2019une plus grande redistribution pourraient repr\u00e9senter une r\u00e9ponse \u00e0 la fois progressiste et fiscalement responsable \u00e0 la question de la s\u00e9curit\u00e9 du revenu chez les personnes \u00e2g\u00e9es.<\/p>\n<p>Photo : de Visu \/ Shutterstock.com<\/p>\n<p><strong>Cet article fait partie du dossier\u00a0<a href=\"https:\/\/policyoptions.irpp.org\/fr\/magazines\/juin-2016\/lenjeu-des-inegalites-de-revenu\/\">L&#8217;enjeu des in\u00e9galit\u00e9s de revenu<\/a><em>.<\/em><\/strong><\/p>\n<p>&nbsp;<\/p>\n<hr \/>\n<p><em>Souhaitez-vous r\u00e9agir \u00e0 cet article ?\u00a0<\/em><em>Joignez-vous aux d\u00e9bats d\u2019<\/em>Options politiques\u00a0<em>et soumettez-nous votre texte en suivant ces\u00a0<\/em><a href=\"https:\/\/policyoptions.irpp.org\/fr\/article-submission\/\"><em>directives<\/em><\/a><em>.\u00a0<\/em><em>|\u00a0Do you have something to say about the article you just read? Be part of the\u00a0<\/em>Policy Options<em>\u00a0discussion, and send in your own submission.\u00a0<\/em><em>Here is a\u00a0<\/em><a href=\"https:\/\/policyoptions.irpp.org\/article-submission\/\"><em>link<\/em><\/a><em>\u00a0on how to do it.<\/em><\/p>\n","protected":false},"excerpt":{"rendered":"<p>Le r\u00e9cent ouvrage collectif de l\u2019IRPP sur les in\u00e9galit\u00e9s de revenu au Canada attire encore davantage notre attention sur la question de la redistribution, qui est directement li\u00e9e \u00e0 celle du r\u00f4le de l\u2019\u00c9tat-providence dans notre soci\u00e9t\u00e9. Un des faits importants que l\u2019ouvrage fait ressortir est la baisse marqu\u00e9e du taux de pauvret\u00e9 chez les [&hellip;]<\/p>\n","protected":false},"featured_media":251369,"template":"","meta":{"_acf_changed":false,"content-type":"","ep_exclude_from_search":false,"apple_news_api_created_at":"2025-08-30T05:20:07Z","apple_news_api_id":"a8562647-1f3c-484f-9b31-45985dfd33ea","apple_news_api_modified_at":"2025-08-30T05:20:07Z","apple_news_api_revision":"AAAAAAAAAAD\/\/\/\/\/\/\/\/\/\/w==","apple_news_api_share_url":"https:\/\/apple.news\/AqFYmRx88SE-bMUWYXf0z6g","apple_news_cover_media_provider":"image","apple_news_coverimage":0,"apple_news_coverimage_caption":"","apple_news_cover_video_id":0,"apple_news_cover_video_url":"","apple_news_cover_embedwebvideo_url":"","apple_news_is_hidden":"","apple_news_is_paid":"","apple_news_is_preview":"","apple_news_is_sponsored":"","apple_news_maturity_rating":"","apple_news_metadata":"\"\"","apple_news_pullquote":"","apple_news_pullquote_position":"","apple_news_slug":"","apple_news_sections":[],"apple_news_suppress_video_url":false,"apple_news_use_image_component":false},"categories":[9357,9377],"tags":[9095,9206],"article-status":[],"irpp-category":[4277,4251,4286],"section":[],"irpp-tag":[],"class_list":["post-264192","issues","type-issues","status-publish","has-post-thumbnail","hentry","category-politiques-sociales","category-sante","tag-inegalites","tag-pauvrete","irpp-category-discrimination-fr","irpp-category-politique-sociale","irpp-category-sante"],"acf":[],"apple_news_notices":[],"yoast_head":"<!-- This site is optimized with the Yoast SEO plugin v27.4 - https:\/\/yoast.com\/product\/yoast-seo-wordpress\/ -->\n<title>Pauvret\u00e9 et redistribution : repenser&nbsp;la&nbsp;S\u00e9curit\u00e9 de la vieillesse<\/title>\n<meta name=\"robots\" content=\"index, follow, max-snippet:-1, max-image-preview:large, max-video-preview:-1\" \/>\n<link rel=\"canonical\" href=\"https:\/\/policyoptions.irpp.org\/fr\/2016\/06\/pauvrete-et-redistribution-repenser-la-securite-de-la-vieillesse\/\" \/>\n<meta property=\"og:locale\" content=\"fr_FR\" \/>\n<meta property=\"og:type\" content=\"article\" \/>\n<meta property=\"og:title\" content=\"Pauvret\u00e9 et redistribution : repenser&nbsp;la&nbsp;S\u00e9curit\u00e9 de la vieillesse\" \/>\n<meta property=\"og:description\" content=\"Le r\u00e9cent ouvrage collectif de l\u2019IRPP sur les in\u00e9galit\u00e9s de revenu au Canada attire encore davantage notre attention sur la question de la redistribution, qui est directement li\u00e9e \u00e0 celle du r\u00f4le de l\u2019\u00c9tat-providence dans notre soci\u00e9t\u00e9. Un des faits importants que l\u2019ouvrage fait ressortir est la baisse marqu\u00e9e du taux de pauvret\u00e9 chez les [&hellip;]\" \/>\n<meta property=\"og:url\" content=\"https:\/\/policyoptions.irpp.org\/fr\/2016\/06\/pauvrete-et-redistribution-repenser-la-securite-de-la-vieillesse\/\" \/>\n<meta property=\"og:site_name\" content=\"Policy Options\" \/>\n<meta property=\"article:publisher\" content=\"https:\/\/www.facebook.com\/IRPP.org\" \/>\n<meta property=\"article:modified_time\" content=\"2025-10-08T01:11:40+00:00\" \/>\n<meta property=\"og:image\" content=\"https:\/\/policyoptions.irpp.org\/wp-content\/uploads\/2025\/08\/beland-1.jpg\" \/>\n\t<meta property=\"og:image:width\" content=\"2000\" \/>\n\t<meta property=\"og:image:height\" content=\"700\" \/>\n\t<meta property=\"og:image:type\" content=\"image\/jpeg\" \/>\n<meta name=\"twitter:card\" content=\"summary_large_image\" \/>\n<meta name=\"twitter:site\" content=\"@irpp\" \/>\n<meta name=\"twitter:label1\" content=\"Est. reading time\" \/>\n\t<meta name=\"twitter:data1\" content=\"6 minutes\" \/>\n<script type=\"application\/ld+json\" class=\"yoast-schema-graph\">{\"@context\":\"https:\\\/\\\/schema.org\",\"@graph\":[{\"@type\":\"WebPage\",\"@id\":\"https:\\\/\\\/policyoptions.irpp.org\\\/fr\\\/2016\\\/06\\\/pauvrete-et-redistribution-repenser-la-securite-de-la-vieillesse\\\/\",\"url\":\"https:\\\/\\\/policyoptions.irpp.org\\\/fr\\\/2016\\\/06\\\/pauvrete-et-redistribution-repenser-la-securite-de-la-vieillesse\\\/\",\"name\":\"Pauvret\u00e9 et redistribution : repenser&nbsp;la&nbsp;S\u00e9curit\u00e9 de la vieillesse\",\"isPartOf\":{\"@id\":\"https:\\\/\\\/policyoptions.irpp.org\\\/fr\\\/#website\"},\"primaryImageOfPage\":{\"@id\":\"https:\\\/\\\/policyoptions.irpp.org\\\/fr\\\/2016\\\/06\\\/pauvrete-et-redistribution-repenser-la-securite-de-la-vieillesse\\\/#primaryimage\"},\"image\":{\"@id\":\"https:\\\/\\\/policyoptions.irpp.org\\\/fr\\\/2016\\\/06\\\/pauvrete-et-redistribution-repenser-la-securite-de-la-vieillesse\\\/#primaryimage\"},\"thumbnailUrl\":\"https:\\\/\\\/policyoptions.irpp.org\\\/wp-content\\\/uploads\\\/2025\\\/08\\\/beland-1.jpg\",\"datePublished\":\"2016-06-17T14:30:33+00:00\",\"dateModified\":\"2025-10-08T01:11:40+00:00\",\"breadcrumb\":{\"@id\":\"https:\\\/\\\/policyoptions.irpp.org\\\/fr\\\/2016\\\/06\\\/pauvrete-et-redistribution-repenser-la-securite-de-la-vieillesse\\\/#breadcrumb\"},\"inLanguage\":\"fr-FR\",\"potentialAction\":[{\"@type\":\"ReadAction\",\"target\":[\"https:\\\/\\\/policyoptions.irpp.org\\\/fr\\\/2016\\\/06\\\/pauvrete-et-redistribution-repenser-la-securite-de-la-vieillesse\\\/\"]}]},{\"@type\":\"ImageObject\",\"inLanguage\":\"fr-FR\",\"@id\":\"https:\\\/\\\/policyoptions.irpp.org\\\/fr\\\/2016\\\/06\\\/pauvrete-et-redistribution-repenser-la-securite-de-la-vieillesse\\\/#primaryimage\",\"url\":\"https:\\\/\\\/policyoptions.irpp.org\\\/wp-content\\\/uploads\\\/2025\\\/08\\\/beland-1.jpg\",\"contentUrl\":\"https:\\\/\\\/policyoptions.irpp.org\\\/wp-content\\\/uploads\\\/2025\\\/08\\\/beland-1.jpg\",\"width\":2000,\"height\":700},{\"@type\":\"BreadcrumbList\",\"@id\":\"https:\\\/\\\/policyoptions.irpp.org\\\/fr\\\/2016\\\/06\\\/pauvrete-et-redistribution-repenser-la-securite-de-la-vieillesse\\\/#breadcrumb\",\"itemListElement\":[{\"@type\":\"ListItem\",\"position\":1,\"name\":\"Home\",\"item\":\"https:\\\/\\\/policyoptions.irpp.org\\\/fr\\\/\"},{\"@type\":\"ListItem\",\"position\":2,\"name\":\"Pauvret\u00e9 et redistribution : repenser&nbsp;la&nbsp;S\u00e9curit\u00e9 de la vieillesse\"}]},{\"@type\":\"WebSite\",\"@id\":\"https:\\\/\\\/policyoptions.irpp.org\\\/fr\\\/#website\",\"url\":\"https:\\\/\\\/policyoptions.irpp.org\\\/fr\\\/\",\"name\":\"Policy Options\",\"description\":\"Institute for Research on Public Policy\",\"potentialAction\":[{\"@type\":\"SearchAction\",\"target\":{\"@type\":\"EntryPoint\",\"urlTemplate\":\"https:\\\/\\\/policyoptions.irpp.org\\\/fr\\\/?s={search_term_string}\"},\"query-input\":{\"@type\":\"PropertyValueSpecification\",\"valueRequired\":true,\"valueName\":\"search_term_string\"}}],\"inLanguage\":\"fr-FR\"}]}<\/script>\n<!-- \/ Yoast SEO plugin. -->","yoast_head_json":{"title":"Pauvret\u00e9 et redistribution : repenser&nbsp;la&nbsp;S\u00e9curit\u00e9 de la vieillesse","robots":{"index":"index","follow":"follow","max-snippet":"max-snippet:-1","max-image-preview":"max-image-preview:large","max-video-preview":"max-video-preview:-1"},"canonical":"https:\/\/policyoptions.irpp.org\/fr\/2016\/06\/pauvrete-et-redistribution-repenser-la-securite-de-la-vieillesse\/","og_locale":"fr_FR","og_type":"article","og_title":"Pauvret\u00e9 et redistribution : repenser&nbsp;la&nbsp;S\u00e9curit\u00e9 de la vieillesse","og_description":"Le r\u00e9cent ouvrage collectif de l\u2019IRPP sur les in\u00e9galit\u00e9s de revenu au Canada attire encore davantage notre attention sur la question de la redistribution, qui est directement li\u00e9e \u00e0 celle du r\u00f4le de l\u2019\u00c9tat-providence dans notre soci\u00e9t\u00e9. Un des faits importants que l\u2019ouvrage fait ressortir est la baisse marqu\u00e9e du taux de pauvret\u00e9 chez les [&hellip;]","og_url":"https:\/\/policyoptions.irpp.org\/fr\/2016\/06\/pauvrete-et-redistribution-repenser-la-securite-de-la-vieillesse\/","og_site_name":"Policy Options","article_publisher":"https:\/\/www.facebook.com\/IRPP.org","article_modified_time":"2025-10-08T01:11:40+00:00","og_image":[{"width":2000,"height":700,"url":"https:\/\/policyoptions.irpp.org\/wp-content\/uploads\/2025\/08\/beland-1.jpg","type":"image\/jpeg"}],"twitter_card":"summary_large_image","twitter_site":"@irpp","twitter_misc":{"Est. reading time":"6 minutes"},"schema":{"@context":"https:\/\/schema.org","@graph":[{"@type":"WebPage","@id":"https:\/\/policyoptions.irpp.org\/fr\/2016\/06\/pauvrete-et-redistribution-repenser-la-securite-de-la-vieillesse\/","url":"https:\/\/policyoptions.irpp.org\/fr\/2016\/06\/pauvrete-et-redistribution-repenser-la-securite-de-la-vieillesse\/","name":"Pauvret\u00e9 et redistribution : repenser&nbsp;la&nbsp;S\u00e9curit\u00e9 de la vieillesse","isPartOf":{"@id":"https:\/\/policyoptions.irpp.org\/fr\/#website"},"primaryImageOfPage":{"@id":"https:\/\/policyoptions.irpp.org\/fr\/2016\/06\/pauvrete-et-redistribution-repenser-la-securite-de-la-vieillesse\/#primaryimage"},"image":{"@id":"https:\/\/policyoptions.irpp.org\/fr\/2016\/06\/pauvrete-et-redistribution-repenser-la-securite-de-la-vieillesse\/#primaryimage"},"thumbnailUrl":"https:\/\/policyoptions.irpp.org\/wp-content\/uploads\/2025\/08\/beland-1.jpg","datePublished":"2016-06-17T14:30:33+00:00","dateModified":"2025-10-08T01:11:40+00:00","breadcrumb":{"@id":"https:\/\/policyoptions.irpp.org\/fr\/2016\/06\/pauvrete-et-redistribution-repenser-la-securite-de-la-vieillesse\/#breadcrumb"},"inLanguage":"fr-FR","potentialAction":[{"@type":"ReadAction","target":["https:\/\/policyoptions.irpp.org\/fr\/2016\/06\/pauvrete-et-redistribution-repenser-la-securite-de-la-vieillesse\/"]}]},{"@type":"ImageObject","inLanguage":"fr-FR","@id":"https:\/\/policyoptions.irpp.org\/fr\/2016\/06\/pauvrete-et-redistribution-repenser-la-securite-de-la-vieillesse\/#primaryimage","url":"https:\/\/policyoptions.irpp.org\/wp-content\/uploads\/2025\/08\/beland-1.jpg","contentUrl":"https:\/\/policyoptions.irpp.org\/wp-content\/uploads\/2025\/08\/beland-1.jpg","width":2000,"height":700},{"@type":"BreadcrumbList","@id":"https:\/\/policyoptions.irpp.org\/fr\/2016\/06\/pauvrete-et-redistribution-repenser-la-securite-de-la-vieillesse\/#breadcrumb","itemListElement":[{"@type":"ListItem","position":1,"name":"Home","item":"https:\/\/policyoptions.irpp.org\/fr\/"},{"@type":"ListItem","position":2,"name":"Pauvret\u00e9 et redistribution : repenser&nbsp;la&nbsp;S\u00e9curit\u00e9 de la vieillesse"}]},{"@type":"WebSite","@id":"https:\/\/policyoptions.irpp.org\/fr\/#website","url":"https:\/\/policyoptions.irpp.org\/fr\/","name":"Policy Options","description":"Institute for Research on Public Policy","potentialAction":[{"@type":"SearchAction","target":{"@type":"EntryPoint","urlTemplate":"https:\/\/policyoptions.irpp.org\/fr\/?s={search_term_string}"},"query-input":{"@type":"PropertyValueSpecification","valueRequired":true,"valueName":"search_term_string"}}],"inLanguage":"fr-FR"}]}},"_links":{"self":[{"href":"https:\/\/policyoptions.irpp.org\/fr\/wp-json\/wp\/v2\/issues\/264192","targetHints":{"allow":["GET"]}}],"collection":[{"href":"https:\/\/policyoptions.irpp.org\/fr\/wp-json\/wp\/v2\/issues"}],"about":[{"href":"https:\/\/policyoptions.irpp.org\/fr\/wp-json\/wp\/v2\/types\/issues"}],"wp:featuredmedia":[{"embeddable":true,"href":"https:\/\/policyoptions.irpp.org\/fr\/wp-json\/wp\/v2\/media\/251369"}],"wp:attachment":[{"href":"https:\/\/policyoptions.irpp.org\/fr\/wp-json\/wp\/v2\/media?parent=264192"}],"wp:term":[{"taxonomy":"category","embeddable":true,"href":"https:\/\/policyoptions.irpp.org\/fr\/wp-json\/wp\/v2\/categories?post=264192"},{"taxonomy":"post_tag","embeddable":true,"href":"https:\/\/policyoptions.irpp.org\/fr\/wp-json\/wp\/v2\/tags?post=264192"},{"taxonomy":"article-status","embeddable":true,"href":"https:\/\/policyoptions.irpp.org\/fr\/wp-json\/wp\/v2\/article-status?post=264192"},{"taxonomy":"irpp-category","embeddable":true,"href":"https:\/\/policyoptions.irpp.org\/fr\/wp-json\/wp\/v2\/irpp-category?post=264192"},{"taxonomy":"section","embeddable":true,"href":"https:\/\/policyoptions.irpp.org\/fr\/wp-json\/wp\/v2\/section?post=264192"},{"taxonomy":"irpp-tag","embeddable":true,"href":"https:\/\/policyoptions.irpp.org\/fr\/wp-json\/wp\/v2\/irpp-tag?post=264192"}],"curies":[{"name":"wp","href":"https:\/\/api.w.org\/{rel}","templated":true}]}}