{"id":261886,"date":"2004-09-01T04:00:00","date_gmt":"2004-09-01T08:00:00","guid":{"rendered":"https:\/\/policyoptions.irpp.org\/issues\/la-demande-devant-loffre\/"},"modified":"2025-10-07T19:43:50","modified_gmt":"2025-10-07T23:43:50","slug":"la-demande-devant-loffre","status":"publish","type":"issues","link":"https:\/\/policyoptions.irpp.org\/fr\/2004\/09\/la-demande-devant-loffre\/","title":{"rendered":"La demande devant l&#8217;offre"},"content":{"rendered":"<p>Vous avez aim\u00e9 la derni\u00e8re campagne \u00e9lectorale f\u00e9d\u00e9rale? Si oui, tant mieux, car on recommence biento\u00cc\u201at, en mode mineur. Sinon, rassurez-vous, le paysage politique n&#8217;a pas beaucoup chang\u00e9 et personne n&#8217;a int\u00e9r\u00e9\u201at \u00e0 relancer la course avant quelque temps. Du co\u00cc\u201at\u00e9 des \u00e9lecteurs, la demande \u00e9volue, mais du co\u00cc\u201at\u00e9 des partis, l&#8217;offre ne s&#8217;ajuste que lentement.<\/p>\n<p>Apr\u00e8s les \u00e9lections, les premiers bilans ont surtout insist\u00e9 sur le caract\u00e8re houleux de la campagne, les limites des sondages, et l&#8217;ambivalence et la propension \u00e0 s&#8217;abstenir des \u00e9lecteurs.<\/p>\n<p>L&#8217;\u00e9quipe de l&#8217;\u00e9tude \u00e9lectorale canadienne, par exemple, a mis l&#8217;accent sur les mouvements de l&#8217;opinion pendant la campagne et sur les h\u00e9sitations des Canadiens. De nombreux \u00e9lecteurs ne se seraient r\u00e9sign\u00e9s \u00e0 appuyer le Parti lib\u00e9ral de Paul Martin qu&#8217;\u00e0 la derni\u00e8re minute. Au Qu\u00e9bec, par contre, la bonne performance de Gilles Duceppe lors du d\u00e9bat des chefs expliquerait l&#8217;incapacit\u00e9 du Parti lib\u00e9ral \u00e0 rallier les ind\u00e9cis dans les derniers jours.<\/p>\n<p>Claire Durand a \u00e9galement insist\u00e9 sur les soubresauts de l&#8217;opinion, en notant la difficult\u00e9 des sondeurs \u00e0 en rendre compte. Elle pense aussi que de nombreux \u00e9lecteurs ont opt\u00e9 \u00e0 la derni\u00e8re minute pour le Parti lib\u00e9ral.<\/p>\n<p>Louis Massicotte et les dirigeants du Parti lib\u00e9ral ont, pour leur part, soulign\u00e9 les taux d&#8217;abstention \u00e9lev\u00e9s dans certaines circonscriptions traditionnellement lib\u00e9rales, pr\u00e9sumant que ceux qui s&#8217;abstenaient \u00e9taient surtout des \u00e9lecteurs lib\u00e9raux.<\/p>\n<p>Il y a certainement une part de vrai dans ces premi\u00e8res analyses du comportement des \u00e9lecteurs. Mais avec un peu de recul, la situation apparai\u00cc\u201at bien moins mouvante qu&#8217;elle l&#8217;a sembl\u00e9 sur le coup, et finalement plus riche d&#8217;enseignements.<\/p>\n<p>En f\u00e9vrier 2004, au lendemain du rapport de la v\u00e9rificatrice g\u00e9n\u00e9rale, les intentions de vote en faveur du Parti lib\u00e9ral ont chut\u00e9 de 10 points, principalement au profit du Parti conservateur et du Bloc qu\u00e9b\u00e9cois. En janvier, le Parti lib\u00e9ral obtenait 48 p. 100 des appuis populaires, contre 19 p. 100 pour le Parti conservateur et 10 p. 100 pour le Bloc (36 p. 100 au Qu\u00e9bec). Un mois et un rapport plus tard, les lib\u00e9raux \u00e9taient tomb\u00e9s \u00e0 38 p. 100, les conservateurs atteignaient 27 p. 100 et le Bloc montait \u00e0 43 p. 100 au Qu\u00e9bec. Paul Martin a repouss\u00e9 la date des \u00e9lections, esp\u00e9r\u00e9 une embellie, et men\u00e9 une campagne tr\u00e8s n\u00e9gative contre les conservateurs et le Bloc, mais n&#8217;a obtenu en bout de ligne que 37 p. 100 des votes. Stephen Harper a jou\u00e9 de prudence et fait nai\u00cc\u201atre des espoirs de changement, dans l&#8217;Ouest notamment, mais n&#8217;a gu\u00e8re fait mieux qu&#8217;en f\u00e9vrier avec 29 p. 100 des votes.<\/p>\n<p>Cette campagne mouvement\u00e9e s&#8217;est donc sold\u00e9e, par rapport \u00e0 f\u00e9vrier 2004, par une perte de 1 point pour les lib\u00e9raux et un gain de 2 points pour les conservateurs. Apr\u00e8s le rapport de la v\u00e9rificatrice g\u00e9n\u00e9rale, les jeux \u00e9taient d\u00e9j\u00e0 \u00e0 peu pr\u00e8s faits. Sauf pour le Bloc qu\u00e9b\u00e9cois. On ne l&#8217;a pas dit souvent, mais initialement le Bloc n&#8217;a pas profit\u00e9 davantage que le Parti conservateur du rapport sur les commandites. Mais, \u00e0 la diff\u00e9rence de celui-ci, le Bloc a continu\u00e9 de monter dans les intentions de vote, et ce jusqu&#8217;\u00e0 la fin de la campagne.<\/p>\n<p>Les bloquistes, il est vrai, ont fait une excellente campagne. Mais, \u00e0 l&#8217;exception de quelques d\u00e9rapages, la campagne des conservateurs n&#8217;a pas \u00e9t\u00e9 si mauvaise. Et le Bloc a \u00e9galement \u00e9t\u00e9 attaqu\u00e9 par des publicit\u00e9s lib\u00e9rales n\u00e9gatives. La diff\u00e9rence est ailleurs, et elle est relativement simple. Le Bloc repr\u00e9sente bien les Qu\u00e9b\u00e9cois. Son programme et ses interventions correspondent de pr\u00e8s aux valeurs qui dominent au Qu\u00e9bec, et ses orientations sociales-d\u00e9mocrates et souverainistes plaisent \u00e0 un grand nombre. Tout ce qui manque au Bloc, c&#8217;est la capacit\u00e9 de prendre le pouvoir. Les \u00e9lecteurs cherchent donc toujours une bonne raison d&#8217;appuyer un parti qu&#8217;ils appr\u00e9cient mais qui est condamn\u00e9 \u00e0 l&#8217;opposition. En 2004, ils ont obtenu cette raison, que le Bloc a int\u00e9gr\u00e9e explicitement \u00e0 son slogan de campagne. Les conservateurs, par contre, ont encore beaucoup de travail \u00e0 faire pour se rapprocher de l&#8217;\u00e9lecteur canadien moyen et il n&#8217;est pas certain que Stephen Harper soit la personne la mieux plac\u00e9e pour r\u00e9aliser ce rapprochement. Tent\u00e9s par le changement, de nombreux Canadiens ont recul\u00e9 parce que l&#8217;offre conservatrice ne correspondait pas \u00e0 leurs attentes.<\/p>\n<p>Au-del\u00e0 des al\u00e9as de la campagne, on retrouve donc des tendances lourdes dans le paysage politique canadien. Celles-ci tracent la voie \u00e0 suivre pour les conservateurs (vers le centre), mais aussi pour les lib\u00e9raux, qui devront se donner des priorit\u00e9s claires dans des domaines de comp\u00e9tence f\u00e9d\u00e9rale, sans revenir au patronage et aux commandites, ainsi que pour le Bloc qu\u00e9b\u00e9cois, qui devra consolider des acquis qui demeurent encore fragiles et donner un sens plus clair \u00e0 une d\u00e9marche souverainiste qui se situe pour l&#8217;instant \u00e0 un horizon relativement lointain.<\/p>\n","protected":false},"excerpt":{"rendered":"<p>Vous avez aim\u00e9 la derni\u00e8re campagne \u00e9lectorale f\u00e9d\u00e9rale? Si oui, tant mieux, car on recommence biento\u00cc\u201at, en mode mineur. Sinon, rassurez-vous, le paysage politique n&#8217;a pas beaucoup chang\u00e9 et personne n&#8217;a int\u00e9r\u00e9\u201at \u00e0 relancer la course avant quelque temps. Du co\u00cc\u201at\u00e9 des \u00e9lecteurs, la demande \u00e9volue, mais du co\u00cc\u201at\u00e9 des partis, l&#8217;offre ne s&#8217;ajuste que [&hellip;]<\/p>\n","protected":false},"featured_media":0,"template":"","meta":{"_acf_changed":false,"content-type":"","ep_exclude_from_search":false,"apple_news_api_created_at":"2025-10-07T23:43:52Z","apple_news_api_id":"88ffe369-b6dd-41cd-842e-6c14bff0b617","apple_news_api_modified_at":"2025-10-07T23:43:52Z","apple_news_api_revision":"AAAAAAAAAAD\/\/\/\/\/\/\/\/\/\/w==","apple_news_api_share_url":"https:\/\/apple.news\/AiP_jabbdQc2ELmwUv_C2Fw","apple_news_cover_media_provider":"image","apple_news_coverimage":0,"apple_news_coverimage_caption":"","apple_news_cover_video_id":0,"apple_news_cover_video_url":"","apple_news_cover_embedwebvideo_url":"","apple_news_is_hidden":"","apple_news_is_paid":"","apple_news_is_preview":"","apple_news_is_sponsored":"","apple_news_maturity_rating":"","apple_news_metadata":"\"\"","apple_news_pullquote":"","apple_news_pullquote_position":"","apple_news_slug":"","apple_news_sections":[],"apple_news_suppress_video_url":false,"apple_news_use_image_component":false},"categories":[9346],"tags":[],"article-status":[],"irpp-category":[],"section":[],"irpp-tag":[],"class_list":["post-261886","issues","type-issues","status-publish","hentry","category-uncategorized"],"acf":[],"apple_news_notices":[],"yoast_head":"<!-- This site is optimized with the Yoast SEO plugin v27.4 - https:\/\/yoast.com\/product\/yoast-seo-wordpress\/ -->\n<title>La demande devant l&#039;offre<\/title>\n<meta name=\"robots\" content=\"index, follow, max-snippet:-1, max-image-preview:large, max-video-preview:-1\" \/>\n<link rel=\"canonical\" href=\"https:\/\/policyoptions.irpp.org\/fr\/2004\/09\/la-demande-devant-loffre\/\" \/>\n<meta property=\"og:locale\" content=\"fr_FR\" \/>\n<meta property=\"og:type\" content=\"article\" \/>\n<meta property=\"og:title\" content=\"La demande devant l&#039;offre\" \/>\n<meta property=\"og:description\" content=\"Vous avez aim\u00e9 la derni\u00e8re campagne \u00e9lectorale f\u00e9d\u00e9rale? Si oui, tant mieux, car on recommence biento\u00cc\u201at, en mode mineur. Sinon, rassurez-vous, le paysage politique n&#8217;a pas beaucoup chang\u00e9 et personne n&#8217;a int\u00e9r\u00e9\u201at \u00e0 relancer la course avant quelque temps. Du co\u00cc\u201at\u00e9 des \u00e9lecteurs, la demande \u00e9volue, mais du co\u00cc\u201at\u00e9 des partis, l&#8217;offre ne s&#8217;ajuste que [&hellip;]\" \/>\n<meta property=\"og:url\" content=\"https:\/\/policyoptions.irpp.org\/fr\/2004\/09\/la-demande-devant-loffre\/\" \/>\n<meta property=\"og:site_name\" content=\"Policy Options\" \/>\n<meta property=\"article:publisher\" content=\"https:\/\/www.facebook.com\/IRPP.org\" \/>\n<meta property=\"article:modified_time\" content=\"2025-10-07T23:43:50+00:00\" \/>\n<meta name=\"twitter:card\" content=\"summary_large_image\" \/>\n<meta name=\"twitter:site\" content=\"@irpp\" \/>\n<meta name=\"twitter:label1\" content=\"Est. reading time\" \/>\n\t<meta name=\"twitter:data1\" content=\"4 minutes\" \/>\n<script type=\"application\/ld+json\" class=\"yoast-schema-graph\">{\"@context\":\"https:\\\/\\\/schema.org\",\"@graph\":[{\"@type\":\"WebPage\",\"@id\":\"https:\\\/\\\/policyoptions.irpp.org\\\/fr\\\/2004\\\/09\\\/la-demande-devant-loffre\\\/\",\"url\":\"https:\\\/\\\/policyoptions.irpp.org\\\/fr\\\/2004\\\/09\\\/la-demande-devant-loffre\\\/\",\"name\":\"La demande devant l'offre\",\"isPartOf\":{\"@id\":\"https:\\\/\\\/policyoptions.irpp.org\\\/fr\\\/#website\"},\"datePublished\":\"2004-09-01T08:00:00+00:00\",\"dateModified\":\"2025-10-07T23:43:50+00:00\",\"breadcrumb\":{\"@id\":\"https:\\\/\\\/policyoptions.irpp.org\\\/fr\\\/2004\\\/09\\\/la-demande-devant-loffre\\\/#breadcrumb\"},\"inLanguage\":\"fr-FR\",\"potentialAction\":[{\"@type\":\"ReadAction\",\"target\":[\"https:\\\/\\\/policyoptions.irpp.org\\\/fr\\\/2004\\\/09\\\/la-demande-devant-loffre\\\/\"]}]},{\"@type\":\"BreadcrumbList\",\"@id\":\"https:\\\/\\\/policyoptions.irpp.org\\\/fr\\\/2004\\\/09\\\/la-demande-devant-loffre\\\/#breadcrumb\",\"itemListElement\":[{\"@type\":\"ListItem\",\"position\":1,\"name\":\"Home\",\"item\":\"https:\\\/\\\/policyoptions.irpp.org\\\/fr\\\/\"},{\"@type\":\"ListItem\",\"position\":2,\"name\":\"The 2004 federal election\",\"item\":\"https:\\\/\\\/policyoptions.irpp.org\\\/2004\\\/09\\\/the-2004-federal-election\\\/\"},{\"@type\":\"ListItem\",\"position\":3,\"name\":\"La demande devant l&#8217;offre\"}]},{\"@type\":\"WebSite\",\"@id\":\"https:\\\/\\\/policyoptions.irpp.org\\\/fr\\\/#website\",\"url\":\"https:\\\/\\\/policyoptions.irpp.org\\\/fr\\\/\",\"name\":\"Policy Options\",\"description\":\"Institute for Research on Public Policy\",\"potentialAction\":[{\"@type\":\"SearchAction\",\"target\":{\"@type\":\"EntryPoint\",\"urlTemplate\":\"https:\\\/\\\/policyoptions.irpp.org\\\/fr\\\/?s={search_term_string}\"},\"query-input\":{\"@type\":\"PropertyValueSpecification\",\"valueRequired\":true,\"valueName\":\"search_term_string\"}}],\"inLanguage\":\"fr-FR\"}]}<\/script>\n<!-- \/ Yoast SEO plugin. -->","yoast_head_json":{"title":"La demande devant l'offre","robots":{"index":"index","follow":"follow","max-snippet":"max-snippet:-1","max-image-preview":"max-image-preview:large","max-video-preview":"max-video-preview:-1"},"canonical":"https:\/\/policyoptions.irpp.org\/fr\/2004\/09\/la-demande-devant-loffre\/","og_locale":"fr_FR","og_type":"article","og_title":"La demande devant l'offre","og_description":"Vous avez aim\u00e9 la derni\u00e8re campagne \u00e9lectorale f\u00e9d\u00e9rale? Si oui, tant mieux, car on recommence biento\u00cc\u201at, en mode mineur. Sinon, rassurez-vous, le paysage politique n&#8217;a pas beaucoup chang\u00e9 et personne n&#8217;a int\u00e9r\u00e9\u201at \u00e0 relancer la course avant quelque temps. Du co\u00cc\u201at\u00e9 des \u00e9lecteurs, la demande \u00e9volue, mais du co\u00cc\u201at\u00e9 des partis, l&#8217;offre ne s&#8217;ajuste que [&hellip;]","og_url":"https:\/\/policyoptions.irpp.org\/fr\/2004\/09\/la-demande-devant-loffre\/","og_site_name":"Policy Options","article_publisher":"https:\/\/www.facebook.com\/IRPP.org","article_modified_time":"2025-10-07T23:43:50+00:00","twitter_card":"summary_large_image","twitter_site":"@irpp","twitter_misc":{"Est. reading time":"4 minutes"},"schema":{"@context":"https:\/\/schema.org","@graph":[{"@type":"WebPage","@id":"https:\/\/policyoptions.irpp.org\/fr\/2004\/09\/la-demande-devant-loffre\/","url":"https:\/\/policyoptions.irpp.org\/fr\/2004\/09\/la-demande-devant-loffre\/","name":"La demande devant l'offre","isPartOf":{"@id":"https:\/\/policyoptions.irpp.org\/fr\/#website"},"datePublished":"2004-09-01T08:00:00+00:00","dateModified":"2025-10-07T23:43:50+00:00","breadcrumb":{"@id":"https:\/\/policyoptions.irpp.org\/fr\/2004\/09\/la-demande-devant-loffre\/#breadcrumb"},"inLanguage":"fr-FR","potentialAction":[{"@type":"ReadAction","target":["https:\/\/policyoptions.irpp.org\/fr\/2004\/09\/la-demande-devant-loffre\/"]}]},{"@type":"BreadcrumbList","@id":"https:\/\/policyoptions.irpp.org\/fr\/2004\/09\/la-demande-devant-loffre\/#breadcrumb","itemListElement":[{"@type":"ListItem","position":1,"name":"Home","item":"https:\/\/policyoptions.irpp.org\/fr\/"},{"@type":"ListItem","position":2,"name":"The 2004 federal election","item":"https:\/\/policyoptions.irpp.org\/2004\/09\/the-2004-federal-election\/"},{"@type":"ListItem","position":3,"name":"La demande devant l&#8217;offre"}]},{"@type":"WebSite","@id":"https:\/\/policyoptions.irpp.org\/fr\/#website","url":"https:\/\/policyoptions.irpp.org\/fr\/","name":"Policy Options","description":"Institute for Research on Public Policy","potentialAction":[{"@type":"SearchAction","target":{"@type":"EntryPoint","urlTemplate":"https:\/\/policyoptions.irpp.org\/fr\/?s={search_term_string}"},"query-input":{"@type":"PropertyValueSpecification","valueRequired":true,"valueName":"search_term_string"}}],"inLanguage":"fr-FR"}]}},"_links":{"self":[{"href":"https:\/\/policyoptions.irpp.org\/fr\/wp-json\/wp\/v2\/issues\/261886","targetHints":{"allow":["GET"]}}],"collection":[{"href":"https:\/\/policyoptions.irpp.org\/fr\/wp-json\/wp\/v2\/issues"}],"about":[{"href":"https:\/\/policyoptions.irpp.org\/fr\/wp-json\/wp\/v2\/types\/issues"}],"wp:attachment":[{"href":"https:\/\/policyoptions.irpp.org\/fr\/wp-json\/wp\/v2\/media?parent=261886"}],"wp:term":[{"taxonomy":"category","embeddable":true,"href":"https:\/\/policyoptions.irpp.org\/fr\/wp-json\/wp\/v2\/categories?post=261886"},{"taxonomy":"post_tag","embeddable":true,"href":"https:\/\/policyoptions.irpp.org\/fr\/wp-json\/wp\/v2\/tags?post=261886"},{"taxonomy":"article-status","embeddable":true,"href":"https:\/\/policyoptions.irpp.org\/fr\/wp-json\/wp\/v2\/article-status?post=261886"},{"taxonomy":"irpp-category","embeddable":true,"href":"https:\/\/policyoptions.irpp.org\/fr\/wp-json\/wp\/v2\/irpp-category?post=261886"},{"taxonomy":"section","embeddable":true,"href":"https:\/\/policyoptions.irpp.org\/fr\/wp-json\/wp\/v2\/section?post=261886"},{"taxonomy":"irpp-tag","embeddable":true,"href":"https:\/\/policyoptions.irpp.org\/fr\/wp-json\/wp\/v2\/irpp-tag?post=261886"}],"curies":[{"name":"wp","href":"https:\/\/api.w.org\/{rel}","templated":true}]}}