{"id":290227,"date":"2025-04-23T20:35:05","date_gmt":"2025-04-24T00:35:05","guid":{"rendered":"https:\/\/policyoptions.irpp.org\/events\/future-of-canadian-unity\/"},"modified":"2025-04-23T20:35:05","modified_gmt":"2025-04-24T00:35:05","slug":"future-of-canadian-unity","status":"publish","type":"events","link":"https:\/\/policyoptions.irpp.org\/fr\/events\/future-of-canadian-unity\/","title":{"rendered":"\u00ab Western Alienation, Quebec Sovereignty\u202fand the Future of Canadian Unity \u00bb (Webinaire)"},"content":{"rendered":"<p><span data-contrast=\"none\">Les \u00e9lections f\u00e9d\u00e9rales \u00e9tant maintenant termin\u00e9es, l\u2019attention se tourne \u00e0 nouveau vers les habituels sujets chauds au Canada.<\/span><span data-ccp-props=\"{&quot;134233117&quot;:false,&quot;134233118&quot;:false,&quot;335551550&quot;:0,&quot;335551620&quot;:0,&quot;335559738&quot;:240,&quot;335559739&quot;:240}\">\u00a0<\/span><\/p>\n<p><span data-contrast=\"none\">O\u00f9 en sont d\u00e9sormais les mouvements ind\u00e9pendantistes albertains et saskatchewanais et le ressentiment qui les anime ? Comment se compare le projet souverainiste qu\u00e9b\u00e9cois ? Quel impact ces mouvements ont-ils sur l\u2019unit\u00e9 nationale, les relations intergouvernementales et le nouveau programme politique d\u2019Ottawa ? Comment l\u2019ombre projet\u00e9e par les \u00c9tats-Unis affecte-t-elle les relations au sein de la f\u00e9d\u00e9ration canadienne ?<\/span><span data-ccp-props=\"{&quot;134233117&quot;:false,&quot;134233118&quot;:false,&quot;335551550&quot;:0,&quot;335551620&quot;:0,&quot;335559738&quot;:240,&quot;335559739&quot;:240}\">\u00a0<\/span><\/p>\n<p><span data-contrast=\"none\"><strong>Charles Breton<\/strong>, directeur du Centre d\u2019excellence sur la f\u00e9d\u00e9ration canadienne de l\u2019IRPP, a eu une conversation en ligne le 7 mai avec deux \u00e9minents sp\u00e9cialistes de la politique r\u00e9gionale : <strong>Loleen Berdahl<\/strong>, directrice de la Johnson Shoyama Graduate School of Public Policy de l\u2019Universit\u00e9 de la Saskatchewan, et <strong>Jared Wesley<\/strong>, professeur de sciences politiques \u00e0 l\u2019Universit\u00e9 de l\u2019Alberta et directeur de l\u2019\u00e9quipe de recherche Common Ground.<\/span><span data-ccp-props=\"{&quot;134233117&quot;:false,&quot;134233118&quot;:false,&quot;335551550&quot;:0,&quot;335551620&quot;:0,&quot;335559738&quot;:240,&quot;335559739&quot;:240}\">\u00a0<\/span><\/p>\n<p><span data-contrast=\"none\">Ils ont analys\u00e9 ensemble les r\u00e9sultats r\u00e9gionaux des \u00e9lections, les similitudes et les diff\u00e9rences entre les mouvements souverainistes du Qu\u00e9bec et autonomistes des Prairies, et ont fait le portrait de ce que cette situation implique pour la f\u00e9d\u00e9ration.<\/span><\/p>\n<p><strong>Vid\u00e9o<\/strong><\/p>\n<p><iframe title=\"YouTube video player\" src=\"https:\/\/www.youtube.com\/embed\/RqZeKdo04pc?si=-s2On8kuPOT77fvK\" width=\"100%\" height=\"415\" frameborder=\"0\" allowfullscreen=\"allowfullscreen\" data-mce-fragment=\"1\"><span data-mce-type=\"bookmark\" style=\"display: inline-block; width: 0px; overflow: hidden; line-height: 0;\" class=\"mce_SELRES_start\">\ufeff<\/span><\/iframe><\/p>\n","protected":false},"excerpt":{"rendered":"<p>Les \u00e9lections f\u00e9d\u00e9rales \u00e9tant maintenant termin\u00e9es, l\u2019attention se tourne \u00e0 nouveau vers les habituels sujets chauds au Canada.\u00a0 O\u00f9 en sont d\u00e9sormais les mouvements ind\u00e9pendantistes albertains et saskatchewanais et le ressentiment qui les anime ? Comment se compare le projet souverainiste qu\u00e9b\u00e9cois ? Quel impact ces mouvements ont-ils sur l\u2019unit\u00e9 nationale, les relations intergouvernementales et [&hellip;]<\/p>\n","protected":false},"featured_media":290228,"parent":0,"template":"","meta":{"_acf_changed":false,"content-type":"","ep_exclude_from_search":false},"event-source":[9446],"event-type":[],"class_list":["post-290227","events","type-events","status-publish","has-post-thumbnail","hentry","event-source-irpp-fr"],"acf":[],"yoast_head":"<!-- This site is optimized with the Yoast SEO plugin v27.4 - https:\/\/yoast.com\/product\/yoast-seo-wordpress\/ -->\n<title>\u00ab Western Alienation, Quebec Sovereignty\u202fand the Future of Canadian Unity \u00bb (Webinaire) - Policy Options<\/title>\n<meta name=\"robots\" content=\"index, follow, max-snippet:-1, max-image-preview:large, max-video-preview:-1\" \/>\n<link rel=\"canonical\" href=\"https:\/\/policyoptions.irpp.org\/fr\/events\/future-of-canadian-unity\/\" \/>\n<meta property=\"og:locale\" content=\"fr_FR\" \/>\n<meta property=\"og:type\" content=\"article\" \/>\n<meta property=\"og:title\" content=\"\u00ab Western Alienation, Quebec Sovereignty\u202fand the Future of Canadian Unity \u00bb (Webinaire) - Policy Options\" \/>\n<meta property=\"og:description\" content=\"Les \u00e9lections f\u00e9d\u00e9rales \u00e9tant maintenant termin\u00e9es, l\u2019attention se tourne \u00e0 nouveau vers les habituels sujets chauds au Canada.\u00a0 O\u00f9 en sont d\u00e9sormais les mouvements ind\u00e9pendantistes albertains et saskatchewanais et le ressentiment qui les anime ? Comment se compare le projet souverainiste qu\u00e9b\u00e9cois ? Quel impact ces mouvements ont-ils sur l\u2019unit\u00e9 nationale, les relations intergouvernementales et [&hellip;]\" \/>\n<meta property=\"og:url\" content=\"https:\/\/policyoptions.irpp.org\/fr\/events\/future-of-canadian-unity\/\" \/>\n<meta property=\"og:site_name\" content=\"Policy Options\" \/>\n<meta property=\"article:publisher\" content=\"https:\/\/www.facebook.com\/IRPP.org\" \/>\n<meta property=\"og:image\" content=\"https:\/\/policyoptions.irpp.org\/wp-content\/uploads\/2025\/08\/25.05.07_image-scaled-3.jpg\" \/>\n\t<meta property=\"og:image:width\" content=\"2560\" \/>\n\t<meta property=\"og:image:height\" content=\"1707\" \/>\n\t<meta property=\"og:image:type\" content=\"image\/jpeg\" \/>\n<meta name=\"twitter:card\" content=\"summary_large_image\" \/>\n<meta name=\"twitter:site\" content=\"@irpp\" \/>\n<meta name=\"twitter:label1\" content=\"Est. reading time\" \/>\n\t<meta name=\"twitter:data1\" content=\"1 minute\" \/>\n<script type=\"application\/ld+json\" class=\"yoast-schema-graph\">{\"@context\":\"https:\\\/\\\/schema.org\",\"@graph\":[{\"@type\":\"WebPage\",\"@id\":\"https:\\\/\\\/policyoptions.irpp.org\\\/fr\\\/events\\\/future-of-canadian-unity\\\/\",\"url\":\"https:\\\/\\\/policyoptions.irpp.org\\\/fr\\\/events\\\/future-of-canadian-unity\\\/\",\"name\":\"\u00ab Western Alienation, Quebec Sovereignty\u202fand the Future of Canadian Unity \u00bb (Webinaire) - Policy Options\",\"isPartOf\":{\"@id\":\"https:\\\/\\\/policyoptions.irpp.org\\\/fr\\\/#website\"},\"primaryImageOfPage\":{\"@id\":\"https:\\\/\\\/policyoptions.irpp.org\\\/fr\\\/events\\\/future-of-canadian-unity\\\/#primaryimage\"},\"image\":{\"@id\":\"https:\\\/\\\/policyoptions.irpp.org\\\/fr\\\/events\\\/future-of-canadian-unity\\\/#primaryimage\"},\"thumbnailUrl\":\"https:\\\/\\\/policyoptions.irpp.org\\\/wp-content\\\/uploads\\\/2025\\\/08\\\/25.05.07_image-scaled-3.jpg\",\"datePublished\":\"2025-04-24T00:35:05+00:00\",\"breadcrumb\":{\"@id\":\"https:\\\/\\\/policyoptions.irpp.org\\\/fr\\\/events\\\/future-of-canadian-unity\\\/#breadcrumb\"},\"inLanguage\":\"fr-FR\",\"potentialAction\":[{\"@type\":\"ReadAction\",\"target\":[\"https:\\\/\\\/policyoptions.irpp.org\\\/fr\\\/events\\\/future-of-canadian-unity\\\/\"]}]},{\"@type\":\"ImageObject\",\"inLanguage\":\"fr-FR\",\"@id\":\"https:\\\/\\\/policyoptions.irpp.org\\\/fr\\\/events\\\/future-of-canadian-unity\\\/#primaryimage\",\"url\":\"https:\\\/\\\/policyoptions.irpp.org\\\/wp-content\\\/uploads\\\/2025\\\/08\\\/25.05.07_image-scaled-3.jpg\",\"contentUrl\":\"https:\\\/\\\/policyoptions.irpp.org\\\/wp-content\\\/uploads\\\/2025\\\/08\\\/25.05.07_image-scaled-3.jpg\",\"width\":2560,\"height\":1707},{\"@type\":\"BreadcrumbList\",\"@id\":\"https:\\\/\\\/policyoptions.irpp.org\\\/fr\\\/events\\\/future-of-canadian-unity\\\/#breadcrumb\",\"itemListElement\":[{\"@type\":\"ListItem\",\"position\":1,\"name\":\"Home\",\"item\":\"https:\\\/\\\/policyoptions.irpp.org\\\/fr\\\/\"},{\"@type\":\"ListItem\",\"position\":2,\"name\":\"\u00ab Western Alienation, Quebec Sovereignty\u202fand the Future of Canadian Unity \u00bb (Webinaire)\"}]},{\"@type\":\"WebSite\",\"@id\":\"https:\\\/\\\/policyoptions.irpp.org\\\/fr\\\/#website\",\"url\":\"https:\\\/\\\/policyoptions.irpp.org\\\/fr\\\/\",\"name\":\"Policy Options\",\"description\":\"Institute for Research on Public Policy\",\"potentialAction\":[{\"@type\":\"SearchAction\",\"target\":{\"@type\":\"EntryPoint\",\"urlTemplate\":\"https:\\\/\\\/policyoptions.irpp.org\\\/fr\\\/?s={search_term_string}\"},\"query-input\":{\"@type\":\"PropertyValueSpecification\",\"valueRequired\":true,\"valueName\":\"search_term_string\"}}],\"inLanguage\":\"fr-FR\"}]}<\/script>\n<!-- \/ Yoast SEO plugin. -->","yoast_head_json":{"title":"\u00ab Western Alienation, Quebec Sovereignty\u202fand the Future of Canadian Unity \u00bb (Webinaire) - Policy Options","robots":{"index":"index","follow":"follow","max-snippet":"max-snippet:-1","max-image-preview":"max-image-preview:large","max-video-preview":"max-video-preview:-1"},"canonical":"https:\/\/policyoptions.irpp.org\/fr\/events\/future-of-canadian-unity\/","og_locale":"fr_FR","og_type":"article","og_title":"\u00ab Western Alienation, Quebec Sovereignty\u202fand the Future of Canadian Unity \u00bb (Webinaire) - Policy Options","og_description":"Les \u00e9lections f\u00e9d\u00e9rales \u00e9tant maintenant termin\u00e9es, l\u2019attention se tourne \u00e0 nouveau vers les habituels sujets chauds au Canada.\u00a0 O\u00f9 en sont d\u00e9sormais les mouvements ind\u00e9pendantistes albertains et saskatchewanais et le ressentiment qui les anime ? Comment se compare le projet souverainiste qu\u00e9b\u00e9cois ? Quel impact ces mouvements ont-ils sur l\u2019unit\u00e9 nationale, les relations intergouvernementales et [&hellip;]","og_url":"https:\/\/policyoptions.irpp.org\/fr\/events\/future-of-canadian-unity\/","og_site_name":"Policy Options","article_publisher":"https:\/\/www.facebook.com\/IRPP.org","og_image":[{"width":2560,"height":1707,"url":"https:\/\/policyoptions.irpp.org\/wp-content\/uploads\/2025\/08\/25.05.07_image-scaled-3.jpg","type":"image\/jpeg"}],"twitter_card":"summary_large_image","twitter_site":"@irpp","twitter_misc":{"Est. reading time":"1 minute"},"schema":{"@context":"https:\/\/schema.org","@graph":[{"@type":"WebPage","@id":"https:\/\/policyoptions.irpp.org\/fr\/events\/future-of-canadian-unity\/","url":"https:\/\/policyoptions.irpp.org\/fr\/events\/future-of-canadian-unity\/","name":"\u00ab Western Alienation, Quebec Sovereignty\u202fand the Future of Canadian Unity \u00bb (Webinaire) - Policy Options","isPartOf":{"@id":"https:\/\/policyoptions.irpp.org\/fr\/#website"},"primaryImageOfPage":{"@id":"https:\/\/policyoptions.irpp.org\/fr\/events\/future-of-canadian-unity\/#primaryimage"},"image":{"@id":"https:\/\/policyoptions.irpp.org\/fr\/events\/future-of-canadian-unity\/#primaryimage"},"thumbnailUrl":"https:\/\/policyoptions.irpp.org\/wp-content\/uploads\/2025\/08\/25.05.07_image-scaled-3.jpg","datePublished":"2025-04-24T00:35:05+00:00","breadcrumb":{"@id":"https:\/\/policyoptions.irpp.org\/fr\/events\/future-of-canadian-unity\/#breadcrumb"},"inLanguage":"fr-FR","potentialAction":[{"@type":"ReadAction","target":["https:\/\/policyoptions.irpp.org\/fr\/events\/future-of-canadian-unity\/"]}]},{"@type":"ImageObject","inLanguage":"fr-FR","@id":"https:\/\/policyoptions.irpp.org\/fr\/events\/future-of-canadian-unity\/#primaryimage","url":"https:\/\/policyoptions.irpp.org\/wp-content\/uploads\/2025\/08\/25.05.07_image-scaled-3.jpg","contentUrl":"https:\/\/policyoptions.irpp.org\/wp-content\/uploads\/2025\/08\/25.05.07_image-scaled-3.jpg","width":2560,"height":1707},{"@type":"BreadcrumbList","@id":"https:\/\/policyoptions.irpp.org\/fr\/events\/future-of-canadian-unity\/#breadcrumb","itemListElement":[{"@type":"ListItem","position":1,"name":"Home","item":"https:\/\/policyoptions.irpp.org\/fr\/"},{"@type":"ListItem","position":2,"name":"\u00ab Western Alienation, Quebec Sovereignty\u202fand the Future of Canadian Unity \u00bb (Webinaire)"}]},{"@type":"WebSite","@id":"https:\/\/policyoptions.irpp.org\/fr\/#website","url":"https:\/\/policyoptions.irpp.org\/fr\/","name":"Policy Options","description":"Institute for Research on Public Policy","potentialAction":[{"@type":"SearchAction","target":{"@type":"EntryPoint","urlTemplate":"https:\/\/policyoptions.irpp.org\/fr\/?s={search_term_string}"},"query-input":{"@type":"PropertyValueSpecification","valueRequired":true,"valueName":"search_term_string"}}],"inLanguage":"fr-FR"}]}},"_links":{"self":[{"href":"https:\/\/policyoptions.irpp.org\/fr\/wp-json\/wp\/v2\/events\/290227","targetHints":{"allow":["GET"]}}],"collection":[{"href":"https:\/\/policyoptions.irpp.org\/fr\/wp-json\/wp\/v2\/events"}],"about":[{"href":"https:\/\/policyoptions.irpp.org\/fr\/wp-json\/wp\/v2\/types\/events"}],"wp:featuredmedia":[{"embeddable":true,"href":"https:\/\/policyoptions.irpp.org\/fr\/wp-json\/wp\/v2\/media\/290228"}],"wp:attachment":[{"href":"https:\/\/policyoptions.irpp.org\/fr\/wp-json\/wp\/v2\/media?parent=290227"}],"wp:term":[{"taxonomy":"event-source","embeddable":true,"href":"https:\/\/policyoptions.irpp.org\/fr\/wp-json\/wp\/v2\/event-source?post=290227"},{"taxonomy":"event-type","embeddable":true,"href":"https:\/\/policyoptions.irpp.org\/fr\/wp-json\/wp\/v2\/event-type?post=290227"}],"curies":[{"name":"wp","href":"https:\/\/api.w.org\/{rel}","templated":true}]}}