{"id":290150,"date":"2024-07-15T18:29:11","date_gmt":"2024-07-15T22:29:11","guid":{"rendered":"https:\/\/policyoptions.irpp.org\/events\/2024_conference\/"},"modified":"2025-08-28T01:27:29","modified_gmt":"2025-08-28T05:27:29","slug":"2024_conference","status":"publish","type":"events","link":"https:\/\/policyoptions.irpp.org\/fr\/events\/2024_conference\/","title":{"rendered":"Conf\u00e9rence d&#8217;automne sur les politiques publiques : Analyse de l\u2019\u00e9lection pr\u00e9sidentielle am\u00e9ricaine"},"content":{"rendered":"<p><span data-contrast=\"auto\">Cette ann\u00e9e, la conf\u00e9rence sur les politiques publiques de l\u2019IRPP a \u00e9t\u00e9 marqu\u00e9e par l\u2019allocution de la professeure et politologue am\u00e9ricaine<\/span><b><span data-contrast=\"auto\"> Hahrie Han<\/span><\/b><span data-contrast=\"auto\">. Experte dans <\/span><span data-contrast=\"auto\">l\u2019organisation politique et les mouvements sociaux, Mme Han est la directrice inaugurale du SNF Agora Institute de l\u2019universit\u00e9 John Hopkins, un forum multidisciplinaire universitaire et public vou\u00e9 au renforcement de la d\u00e9mocratie dans le monde. Mme Han est \u00e9galement professeure de sciences politiques de la fondation Stavros Niarchos et <\/span><span data-contrast=\"auto\">directrice de facult\u00e9 au laboratoire de recherche P3 \u00e0 la m\u00eame universit\u00e9. Son cinqui\u00e8me livre <\/span><i><span data-contrast=\"auto\">Undivided: The Quest for Racial <\/span><\/i><i><span data-contrast=\"auto\">Solidarity in an American Church<\/span><\/i><span data-contrast=\"auto\">, a \u00e9t\u00e9 publi\u00e9 en septembre 2024.<\/span><span data-ccp-props=\"{&quot;201341983&quot;:0,&quot;335559739&quot;:160,&quot;335559740&quot;:259}\">\u00a0<\/span><\/p>\n<p><span data-contrast=\"auto\">La conf\u00e9rence a \u00e9t\u00e9 suivie d\u2019un cocktail qui r\u00e9unira des parlementaires, des membres de la fonction publique, des universitaires et des repr\u00e9sentants des secteurs priv\u00e9 et \u00e0 but non lucratif. <\/span><span data-ccp-props=\"{&quot;201341983&quot;:0,&quot;335559739&quot;:160,&quot;335559740&quot;:259}\">\u00a0<\/span><\/p>\n<p><span data-contrast=\"auto\">Les fonds recueillis cette ann\u00e9e serviront \u00e0 <\/span><b><span data-contrast=\"auto\">financer un poste de jeune chercheur associ\u00e9<\/span><\/b><span data-contrast=\"auto\"> \u00e0 l\u2019IRPP, afin de former la prochaine g\u00e9n\u00e9ration de penseurs des politiques publiques. Les jeunes chercheurs b\u00e9n\u00e9ficient d\u2019une exp\u00e9rience pratique et d\u2019un mentorat dans le d\u00e9veloppement de recherches rigoureuses et approfondies sur les d\u00e9fis politiques les plus difficiles \u00e0 relever au Canada.<\/span><span data-ccp-props=\"{&quot;201341983&quot;:0,&quot;335559739&quot;:160,&quot;335559740&quot;:259}\">\u00a0<\/span><\/p>\n<p><b>Photos<\/b><\/p>\n<div id='gallery-1' class='gallery galleryid-290150 gallery-columns-3 gallery-size-thumbnail'><figure class='gallery-item'>\n\t\t\t<div class='gallery-icon landscape'>\n\t\t\t\t<a href='https:\/\/policyoptions.irpp.org\/wp-content\/uploads\/2025\/08\/IMG_7116-copy-scaled-2.jpg'><img decoding=\"async\" width=\"150\" height=\"150\" src=\"https:\/\/policyoptions.irpp.org\/wp-content\/uploads\/2025\/08\/IMG_7116-copy-scaled-2-150x150.jpg\" class=\"attachment-thumbnail size-thumbnail\" alt=\"\" \/><\/a>\n\t\t\t<\/div><\/figure><figure class='gallery-item'>\n\t\t\t<div class='gallery-icon landscape'>\n\t\t\t\t<a href='https:\/\/policyoptions.irpp.org\/wp-content\/uploads\/2025\/08\/FXC27589-copy-scaled-2.jpg'><img decoding=\"async\" width=\"150\" height=\"150\" src=\"https:\/\/policyoptions.irpp.org\/wp-content\/uploads\/2025\/08\/FXC27589-copy-scaled-2-150x150.jpg\" class=\"attachment-thumbnail size-thumbnail\" alt=\"\" \/><\/a>\n\t\t\t<\/div><\/figure><figure class='gallery-item'>\n\t\t\t<div class='gallery-icon landscape'>\n\t\t\t\t<a href='https:\/\/policyoptions.irpp.org\/wp-content\/uploads\/2025\/08\/FXC27618-copy-scaled-2.jpg'><img decoding=\"async\" width=\"150\" height=\"150\" src=\"https:\/\/policyoptions.irpp.org\/wp-content\/uploads\/2025\/08\/FXC27618-copy-scaled-2-150x150.jpg\" class=\"attachment-thumbnail size-thumbnail\" alt=\"\" \/><\/a>\n\t\t\t<\/div><\/figure><figure class='gallery-item'>\n\t\t\t<div class='gallery-icon landscape'>\n\t\t\t\t<a href='https:\/\/policyoptions.irpp.org\/wp-content\/uploads\/2025\/08\/IMG_7177-copy-scaled-2.jpg'><img loading=\"lazy\" decoding=\"async\" width=\"150\" height=\"150\" src=\"https:\/\/policyoptions.irpp.org\/wp-content\/uploads\/2025\/08\/IMG_7177-copy-scaled-2-150x150.jpg\" class=\"attachment-thumbnail size-thumbnail\" alt=\"\" \/><\/a>\n\t\t\t<\/div><\/figure><figure class='gallery-item'>\n\t\t\t<div class='gallery-icon landscape'>\n\t\t\t\t<a href='https:\/\/policyoptions.irpp.org\/wp-content\/uploads\/2025\/08\/IMG_7128-copy-scaled-2.jpg'><img loading=\"lazy\" decoding=\"async\" width=\"150\" height=\"150\" src=\"https:\/\/policyoptions.irpp.org\/wp-content\/uploads\/2025\/08\/IMG_7128-copy-scaled-2-150x150.jpg\" class=\"attachment-thumbnail size-thumbnail\" alt=\"\" \/><\/a>\n\t\t\t<\/div><\/figure><figure class='gallery-item'>\n\t\t\t<div class='gallery-icon landscape'>\n\t\t\t\t<a href='https:\/\/policyoptions.irpp.org\/wp-content\/uploads\/2025\/08\/FXC27511-copy-scaled-2.jpg'><img loading=\"lazy\" decoding=\"async\" width=\"150\" height=\"150\" src=\"https:\/\/policyoptions.irpp.org\/wp-content\/uploads\/2025\/08\/FXC27511-copy-scaled-2-150x150.jpg\" class=\"attachment-thumbnail size-thumbnail\" alt=\"\" \/><\/a>\n\t\t\t<\/div><\/figure><figure class='gallery-item'>\n\t\t\t<div class='gallery-icon landscape'>\n\t\t\t\t<a href='https:\/\/policyoptions.irpp.org\/wp-content\/uploads\/2025\/08\/FXC27610-copy-scaled-2.jpg'><img loading=\"lazy\" decoding=\"async\" width=\"150\" height=\"150\" src=\"https:\/\/policyoptions.irpp.org\/wp-content\/uploads\/2025\/08\/FXC27610-copy-scaled-2-150x150.jpg\" class=\"attachment-thumbnail size-thumbnail\" alt=\"\" \/><\/a>\n\t\t\t<\/div><\/figure><figure class='gallery-item'>\n\t\t\t<div class='gallery-icon landscape'>\n\t\t\t\t<a href='https:\/\/policyoptions.irpp.org\/wp-content\/uploads\/2025\/08\/IMG_7297-copy-scaled-2.jpg'><img loading=\"lazy\" decoding=\"async\" width=\"150\" height=\"150\" src=\"https:\/\/policyoptions.irpp.org\/wp-content\/uploads\/2025\/08\/IMG_7297-copy-scaled-2-150x150.jpg\" class=\"attachment-thumbnail size-thumbnail\" alt=\"\" \/><\/a>\n\t\t\t<\/div><\/figure><figure class='gallery-item'>\n\t\t\t<div class='gallery-icon landscape'>\n\t\t\t\t<a href='https:\/\/policyoptions.irpp.org\/wp-content\/uploads\/2025\/08\/IMG_7327-copy-scaled-2.jpg'><img loading=\"lazy\" decoding=\"async\" width=\"150\" height=\"150\" src=\"https:\/\/policyoptions.irpp.org\/wp-content\/uploads\/2025\/08\/IMG_7327-copy-scaled-2-150x150.jpg\" class=\"attachment-thumbnail size-thumbnail\" alt=\"\" \/><\/a>\n\t\t\t<\/div><\/figure>\n\t\t<\/div>\n\n","protected":false},"excerpt":{"rendered":"<p>Cette ann\u00e9e, la conf\u00e9rence sur les politiques publiques de l\u2019IRPP a \u00e9t\u00e9 marqu\u00e9e par l\u2019allocution de la professeure et politologue am\u00e9ricaine Hahrie Han. Experte dans l\u2019organisation politique et les mouvements sociaux, Mme Han est la directrice inaugurale du SNF Agora Institute de l\u2019universit\u00e9 John Hopkins, un forum multidisciplinaire universitaire et public vou\u00e9 au renforcement de [&hellip;]<\/p>\n","protected":false},"featured_media":289625,"parent":0,"template":"","meta":{"_acf_changed":false,"content-type":"","ep_exclude_from_search":false},"event-source":[9446],"event-type":[],"class_list":["post-290150","events","type-events","status-publish","has-post-thumbnail","hentry","event-source-irpp-fr"],"acf":[],"yoast_head":"<!-- This site is optimized with the Yoast SEO plugin v27.4 - https:\/\/yoast.com\/product\/yoast-seo-wordpress\/ -->\n<title>Conf\u00e9rence d&#039;automne sur les politiques publiques : Analyse de l\u2019\u00e9lection pr\u00e9sidentielle am\u00e9ricaine - Policy Options<\/title>\n<meta name=\"robots\" content=\"index, follow, max-snippet:-1, max-image-preview:large, max-video-preview:-1\" \/>\n<link rel=\"canonical\" href=\"https:\/\/policyoptions.irpp.org\/fr\/events\/2024_conference\/\" \/>\n<meta property=\"og:locale\" content=\"fr_FR\" \/>\n<meta property=\"og:type\" content=\"article\" \/>\n<meta property=\"og:title\" content=\"Conf\u00e9rence d&#039;automne sur les politiques publiques : Analyse de l\u2019\u00e9lection pr\u00e9sidentielle am\u00e9ricaine - Policy Options\" \/>\n<meta property=\"og:description\" content=\"Cette ann\u00e9e, la conf\u00e9rence sur les politiques publiques de l\u2019IRPP a \u00e9t\u00e9 marqu\u00e9e par l\u2019allocution de la professeure et politologue am\u00e9ricaine Hahrie Han. Experte dans l\u2019organisation politique et les mouvements sociaux, Mme Han est la directrice inaugurale du SNF Agora Institute de l\u2019universit\u00e9 John Hopkins, un forum multidisciplinaire universitaire et public vou\u00e9 au renforcement de [&hellip;]\" \/>\n<meta property=\"og:url\" content=\"https:\/\/policyoptions.irpp.org\/fr\/events\/2024_conference\/\" \/>\n<meta property=\"og:site_name\" content=\"Policy Options\" \/>\n<meta property=\"article:publisher\" content=\"https:\/\/www.facebook.com\/IRPP.org\" \/>\n<meta property=\"article:modified_time\" content=\"2025-08-28T05:27:29+00:00\" \/>\n<meta property=\"og:image\" content=\"https:\/\/policyoptions.irpp.org\/wp-content\/uploads\/2025\/08\/hahriehan-e1724947322128.jpg\" \/>\n\t<meta property=\"og:image:width\" content=\"1200\" \/>\n\t<meta property=\"og:image:height\" content=\"610\" \/>\n\t<meta property=\"og:image:type\" content=\"image\/jpeg\" \/>\n<meta name=\"twitter:card\" content=\"summary_large_image\" \/>\n<meta name=\"twitter:site\" content=\"@irpp\" \/>\n<meta name=\"twitter:label1\" content=\"Est. reading time\" \/>\n\t<meta name=\"twitter:data1\" content=\"1 minute\" \/>\n<script type=\"application\/ld+json\" class=\"yoast-schema-graph\">{\"@context\":\"https:\\\/\\\/schema.org\",\"@graph\":[{\"@type\":\"WebPage\",\"@id\":\"https:\\\/\\\/policyoptions.irpp.org\\\/fr\\\/events\\\/2024_conference\\\/\",\"url\":\"https:\\\/\\\/policyoptions.irpp.org\\\/fr\\\/events\\\/2024_conference\\\/\",\"name\":\"Conf\u00e9rence d'automne sur les politiques publiques : Analyse de l\u2019\u00e9lection pr\u00e9sidentielle am\u00e9ricaine - Policy Options\",\"isPartOf\":{\"@id\":\"https:\\\/\\\/policyoptions.irpp.org\\\/fr\\\/#website\"},\"primaryImageOfPage\":{\"@id\":\"https:\\\/\\\/policyoptions.irpp.org\\\/fr\\\/events\\\/2024_conference\\\/#primaryimage\"},\"image\":{\"@id\":\"https:\\\/\\\/policyoptions.irpp.org\\\/fr\\\/events\\\/2024_conference\\\/#primaryimage\"},\"thumbnailUrl\":\"https:\\\/\\\/policyoptions.irpp.org\\\/wp-content\\\/uploads\\\/2025\\\/08\\\/hahriehan-e1724947322128.jpg\",\"datePublished\":\"2024-07-15T22:29:11+00:00\",\"dateModified\":\"2025-08-28T05:27:29+00:00\",\"breadcrumb\":{\"@id\":\"https:\\\/\\\/policyoptions.irpp.org\\\/fr\\\/events\\\/2024_conference\\\/#breadcrumb\"},\"inLanguage\":\"fr-FR\",\"potentialAction\":[{\"@type\":\"ReadAction\",\"target\":[\"https:\\\/\\\/policyoptions.irpp.org\\\/fr\\\/events\\\/2024_conference\\\/\"]}]},{\"@type\":\"ImageObject\",\"inLanguage\":\"fr-FR\",\"@id\":\"https:\\\/\\\/policyoptions.irpp.org\\\/fr\\\/events\\\/2024_conference\\\/#primaryimage\",\"url\":\"https:\\\/\\\/policyoptions.irpp.org\\\/wp-content\\\/uploads\\\/2025\\\/08\\\/hahriehan-e1724947322128.jpg\",\"contentUrl\":\"https:\\\/\\\/policyoptions.irpp.org\\\/wp-content\\\/uploads\\\/2025\\\/08\\\/hahriehan-e1724947322128.jpg\",\"width\":1200,\"height\":610},{\"@type\":\"BreadcrumbList\",\"@id\":\"https:\\\/\\\/policyoptions.irpp.org\\\/fr\\\/events\\\/2024_conference\\\/#breadcrumb\",\"itemListElement\":[{\"@type\":\"ListItem\",\"position\":1,\"name\":\"Home\",\"item\":\"https:\\\/\\\/policyoptions.irpp.org\\\/fr\\\/\"},{\"@type\":\"ListItem\",\"position\":2,\"name\":\"Conf\u00e9rence d&#8217;automne sur les politiques publiques : Analyse de l\u2019\u00e9lection pr\u00e9sidentielle am\u00e9ricaine\"}]},{\"@type\":\"WebSite\",\"@id\":\"https:\\\/\\\/policyoptions.irpp.org\\\/fr\\\/#website\",\"url\":\"https:\\\/\\\/policyoptions.irpp.org\\\/fr\\\/\",\"name\":\"Policy Options\",\"description\":\"Institute for Research on Public Policy\",\"potentialAction\":[{\"@type\":\"SearchAction\",\"target\":{\"@type\":\"EntryPoint\",\"urlTemplate\":\"https:\\\/\\\/policyoptions.irpp.org\\\/fr\\\/?s={search_term_string}\"},\"query-input\":{\"@type\":\"PropertyValueSpecification\",\"valueRequired\":true,\"valueName\":\"search_term_string\"}}],\"inLanguage\":\"fr-FR\"}]}<\/script>\n<!-- \/ Yoast SEO plugin. -->","yoast_head_json":{"title":"Conf\u00e9rence d'automne sur les politiques publiques : Analyse de l\u2019\u00e9lection pr\u00e9sidentielle am\u00e9ricaine - Policy Options","robots":{"index":"index","follow":"follow","max-snippet":"max-snippet:-1","max-image-preview":"max-image-preview:large","max-video-preview":"max-video-preview:-1"},"canonical":"https:\/\/policyoptions.irpp.org\/fr\/events\/2024_conference\/","og_locale":"fr_FR","og_type":"article","og_title":"Conf\u00e9rence d'automne sur les politiques publiques : Analyse de l\u2019\u00e9lection pr\u00e9sidentielle am\u00e9ricaine - Policy Options","og_description":"Cette ann\u00e9e, la conf\u00e9rence sur les politiques publiques de l\u2019IRPP a \u00e9t\u00e9 marqu\u00e9e par l\u2019allocution de la professeure et politologue am\u00e9ricaine Hahrie Han. Experte dans l\u2019organisation politique et les mouvements sociaux, Mme Han est la directrice inaugurale du SNF Agora Institute de l\u2019universit\u00e9 John Hopkins, un forum multidisciplinaire universitaire et public vou\u00e9 au renforcement de [&hellip;]","og_url":"https:\/\/policyoptions.irpp.org\/fr\/events\/2024_conference\/","og_site_name":"Policy Options","article_publisher":"https:\/\/www.facebook.com\/IRPP.org","article_modified_time":"2025-08-28T05:27:29+00:00","og_image":[{"width":1200,"height":610,"url":"https:\/\/policyoptions.irpp.org\/wp-content\/uploads\/2025\/08\/hahriehan-e1724947322128.jpg","type":"image\/jpeg"}],"twitter_card":"summary_large_image","twitter_site":"@irpp","twitter_misc":{"Est. reading time":"1 minute"},"schema":{"@context":"https:\/\/schema.org","@graph":[{"@type":"WebPage","@id":"https:\/\/policyoptions.irpp.org\/fr\/events\/2024_conference\/","url":"https:\/\/policyoptions.irpp.org\/fr\/events\/2024_conference\/","name":"Conf\u00e9rence d'automne sur les politiques publiques : Analyse de l\u2019\u00e9lection pr\u00e9sidentielle am\u00e9ricaine - Policy Options","isPartOf":{"@id":"https:\/\/policyoptions.irpp.org\/fr\/#website"},"primaryImageOfPage":{"@id":"https:\/\/policyoptions.irpp.org\/fr\/events\/2024_conference\/#primaryimage"},"image":{"@id":"https:\/\/policyoptions.irpp.org\/fr\/events\/2024_conference\/#primaryimage"},"thumbnailUrl":"https:\/\/policyoptions.irpp.org\/wp-content\/uploads\/2025\/08\/hahriehan-e1724947322128.jpg","datePublished":"2024-07-15T22:29:11+00:00","dateModified":"2025-08-28T05:27:29+00:00","breadcrumb":{"@id":"https:\/\/policyoptions.irpp.org\/fr\/events\/2024_conference\/#breadcrumb"},"inLanguage":"fr-FR","potentialAction":[{"@type":"ReadAction","target":["https:\/\/policyoptions.irpp.org\/fr\/events\/2024_conference\/"]}]},{"@type":"ImageObject","inLanguage":"fr-FR","@id":"https:\/\/policyoptions.irpp.org\/fr\/events\/2024_conference\/#primaryimage","url":"https:\/\/policyoptions.irpp.org\/wp-content\/uploads\/2025\/08\/hahriehan-e1724947322128.jpg","contentUrl":"https:\/\/policyoptions.irpp.org\/wp-content\/uploads\/2025\/08\/hahriehan-e1724947322128.jpg","width":1200,"height":610},{"@type":"BreadcrumbList","@id":"https:\/\/policyoptions.irpp.org\/fr\/events\/2024_conference\/#breadcrumb","itemListElement":[{"@type":"ListItem","position":1,"name":"Home","item":"https:\/\/policyoptions.irpp.org\/fr\/"},{"@type":"ListItem","position":2,"name":"Conf\u00e9rence d&#8217;automne sur les politiques publiques : Analyse de l\u2019\u00e9lection pr\u00e9sidentielle am\u00e9ricaine"}]},{"@type":"WebSite","@id":"https:\/\/policyoptions.irpp.org\/fr\/#website","url":"https:\/\/policyoptions.irpp.org\/fr\/","name":"Policy Options","description":"Institute for Research on Public Policy","potentialAction":[{"@type":"SearchAction","target":{"@type":"EntryPoint","urlTemplate":"https:\/\/policyoptions.irpp.org\/fr\/?s={search_term_string}"},"query-input":{"@type":"PropertyValueSpecification","valueRequired":true,"valueName":"search_term_string"}}],"inLanguage":"fr-FR"}]}},"_links":{"self":[{"href":"https:\/\/policyoptions.irpp.org\/fr\/wp-json\/wp\/v2\/events\/290150","targetHints":{"allow":["GET"]}}],"collection":[{"href":"https:\/\/policyoptions.irpp.org\/fr\/wp-json\/wp\/v2\/events"}],"about":[{"href":"https:\/\/policyoptions.irpp.org\/fr\/wp-json\/wp\/v2\/types\/events"}],"wp:featuredmedia":[{"embeddable":true,"href":"https:\/\/policyoptions.irpp.org\/fr\/wp-json\/wp\/v2\/media\/289625"}],"wp:attachment":[{"href":"https:\/\/policyoptions.irpp.org\/fr\/wp-json\/wp\/v2\/media?parent=290150"}],"wp:term":[{"taxonomy":"event-source","embeddable":true,"href":"https:\/\/policyoptions.irpp.org\/fr\/wp-json\/wp\/v2\/event-source?post=290150"},{"taxonomy":"event-type","embeddable":true,"href":"https:\/\/policyoptions.irpp.org\/fr\/wp-json\/wp\/v2\/event-type?post=290150"}],"curies":[{"name":"wp","href":"https:\/\/api.w.org\/{rel}","templated":true}]}}