{"id":290126,"date":"2023-12-20T15:34:27","date_gmt":"2023-12-20T20:34:27","guid":{"rendered":"https:\/\/policyoptions.irpp.org\/events\/solving-canada-affordability-climate-crises\/"},"modified":"2025-08-28T01:27:03","modified_gmt":"2025-08-28T05:27:03","slug":"solving-canada-affordability-climate-crises","status":"publish","type":"events","link":"https:\/\/policyoptions.irpp.org\/fr\/events\/solving-canada-affordability-climate-crises\/","title":{"rendered":"\u00ab An all-in approach to solving Canada\u2019s affordability and climate crises \u00bb"},"content":{"rendered":"<p><strong>L\u2019abordabilit\u00e9 et le climat sont des crises qui s\u2019additionnent et se chevauchent<\/strong>, et les gens luttent contre ces deux probl\u00e8mes en m\u00eame temps. Partout au Canada, les gens en ont assez de faire des compromis, car lorsqu\u2019il s\u2019agit des n\u00e9cessit\u00e9s de base, le logement, l\u2019alimentation, les transports et un climat habitable, il ne devrait pas y en avoir.<\/p>\n<p>Les solutions qui ne tiennent pas compte de l\u2019ensemble de la situation ne sont plus acceptables. Nous avons besoin d\u2019une approche fondamentalement diff\u00e9rente de l\u2019\u00e9laboration des politiques publiques, une approche qui tienne compte de tous les besoins de base parce qu\u2019ils sont tous interd\u00e9pendants. Le <strong>Conseil d\u2019action sur l\u2019abordabilit\u00e9<\/strong> (CAA), un partenariat entre divers experts en politiques publiques, a adopt\u00e9 une vision large pour proposer un ensemble de solutions int\u00e9gr\u00e9es \u00ab\u00a0tout compris\u00a0\u00bb qui r\u00e9pondraient aux besoins de base de Canadiens.<\/p>\n<p>Rejoignez-nous le <strong>jeudi 1<sup>er<\/sup> f\u00e9vrier<\/strong> pour un panel avec trois membres du CAA qui exploreront les principaux domaines d\u2019int\u00e9r\u00eat du groupe, l\u2019alimentation, le transport et le logement, et qui expliqueront comment une approche globalisante de l\u2019\u00e9laboration des politiques peut conduire \u00e0 des solutions qui r\u00e9duisent les co\u00fbts, la vuln\u00e9rabilit\u00e9 et donnent aux gens un plus grand contr\u00f4le sur leur vie.<\/p>\n<p>Il s\u2019agit d\u2019un \u00e9v\u00e9nement hybride qui aura lieu en personne chez Impact Hub Ottawa et en ligne via Zoom. La participation est gratuite, mais les places sont limit\u00e9es et l\u2019inscription est obligatoire. Un repas l\u00e9ger suivra la discussion. Veuillez noter que l&#8217;\u00e9v\u00e9nement se d\u00e9roule en anglais, mais les questions en fran\u00e7ais sont les bienvenues.<\/p>\n<p><strong>Vid\u00e9o<\/strong><\/p>\n<p><iframe title=\"YouTube video player\" src=\"https:\/\/www.youtube.com\/embed\/RMto6UUhnjs?si=wOdYjbL1GpSGw5Wx\" width=\"100%\" height=\"415\" frameborder=\"0\" allowfullscreen=\"allowfullscreen\" data-mce-fragment=\"1\"><span data-mce-type=\"bookmark\" style=\"display: inline-block; width: 0px; overflow: hidden; line-height: 0;\" class=\"mce_SELRES_start\">\ufeff<\/span><\/iframe><\/p>\n<p><strong>Photo<\/strong><\/p>\n<div id='gallery-1' class='gallery galleryid-290126 gallery-columns-2 gallery-size-medium'><figure class='gallery-item'>\n\t\t\t<div class='gallery-icon landscape'>\n\t\t\t\t<a href='https:\/\/policyoptions.irpp.org\/wp-content\/uploads\/2025\/08\/0201_Photo4-scaled-2.jpg'><img fetchpriority=\"high\" decoding=\"async\" width=\"640\" height=\"427\" src=\"https:\/\/policyoptions.irpp.org\/wp-content\/uploads\/2025\/08\/0201_Photo4-scaled-2-640x427.jpg\" class=\"attachment-medium size-medium\" alt=\"\" srcset=\"https:\/\/policyoptions.irpp.org\/wp-content\/uploads\/2025\/08\/0201_Photo4-scaled-2-640x427.jpg 640w, https:\/\/policyoptions.irpp.org\/wp-content\/uploads\/2025\/08\/0201_Photo4-scaled-2-1920x1280.jpg 1920w, https:\/\/policyoptions.irpp.org\/wp-content\/uploads\/2025\/08\/0201_Photo4-scaled-2-768x512.jpg 768w\" sizes=\"(max-width: 640px) 100vw, 640px\" \/><\/a>\n\t\t\t<\/div><\/figure><figure class='gallery-item'>\n\t\t\t<div class='gallery-icon landscape'>\n\t\t\t\t<a href='https:\/\/policyoptions.irpp.org\/wp-content\/uploads\/2025\/08\/0201_Photo3-scaled-2.jpg'><img decoding=\"async\" width=\"640\" height=\"427\" src=\"https:\/\/policyoptions.irpp.org\/wp-content\/uploads\/2025\/08\/0201_Photo3-scaled-2-640x427.jpg\" class=\"attachment-medium size-medium\" alt=\"\" srcset=\"https:\/\/policyoptions.irpp.org\/wp-content\/uploads\/2025\/08\/0201_Photo3-scaled-2-640x427.jpg 640w, https:\/\/policyoptions.irpp.org\/wp-content\/uploads\/2025\/08\/0201_Photo3-scaled-2-1920x1280.jpg 1920w, https:\/\/policyoptions.irpp.org\/wp-content\/uploads\/2025\/08\/0201_Photo3-scaled-2-768x512.jpg 768w\" sizes=\"(max-width: 640px) 100vw, 640px\" \/><\/a>\n\t\t\t<\/div><\/figure><figure class='gallery-item'>\n\t\t\t<div class='gallery-icon landscape'>\n\t\t\t\t<a href='https:\/\/policyoptions.irpp.org\/wp-content\/uploads\/2025\/08\/0201_Photo2-scaled-2.jpg'><img decoding=\"async\" width=\"640\" height=\"427\" src=\"https:\/\/policyoptions.irpp.org\/wp-content\/uploads\/2025\/08\/0201_Photo2-scaled-2-640x427.jpg\" class=\"attachment-medium size-medium\" alt=\"\" srcset=\"https:\/\/policyoptions.irpp.org\/wp-content\/uploads\/2025\/08\/0201_Photo2-scaled-2-640x427.jpg 640w, https:\/\/policyoptions.irpp.org\/wp-content\/uploads\/2025\/08\/0201_Photo2-scaled-2-1920x1280.jpg 1920w, https:\/\/policyoptions.irpp.org\/wp-content\/uploads\/2025\/08\/0201_Photo2-scaled-2-768x512.jpg 768w\" sizes=\"(max-width: 640px) 100vw, 640px\" \/><\/a>\n\t\t\t<\/div><\/figure><figure class='gallery-item'>\n\t\t\t<div class='gallery-icon landscape'>\n\t\t\t\t<a href='https:\/\/policyoptions.irpp.org\/wp-content\/uploads\/2025\/08\/0201_Photo1-scaled-2.jpg'><img loading=\"lazy\" decoding=\"async\" width=\"640\" height=\"427\" src=\"https:\/\/policyoptions.irpp.org\/wp-content\/uploads\/2025\/08\/0201_Photo1-scaled-2-640x427.jpg\" class=\"attachment-medium size-medium\" alt=\"\" srcset=\"https:\/\/policyoptions.irpp.org\/wp-content\/uploads\/2025\/08\/0201_Photo1-scaled-2-640x427.jpg 640w, https:\/\/policyoptions.irpp.org\/wp-content\/uploads\/2025\/08\/0201_Photo1-scaled-2-1920x1280.jpg 1920w, https:\/\/policyoptions.irpp.org\/wp-content\/uploads\/2025\/08\/0201_Photo1-scaled-2-768x512.jpg 768w\" sizes=\"(max-width: 640px) 100vw, 640px\" \/><\/a>\n\t\t\t<\/div><\/figure>\n\t\t<\/div>\n\n<hr \/>\n<p><a href=\"https:\/\/irpp.org\/fr\/abordabilite\/\" target=\"_blank\" rel=\"noopener\"><strong>\u00c0<\/strong><strong> propos du Conseil d\u2019action sur l\u2019abordabilit\u00e9<\/strong><\/a><\/p>\n<p>Le Conseil d\u2019action sur l\u2019abordabilit\u00e9 est un partenariat pancanadien entre divers experts en politiques publiques et des dirigeants du milieu communautaire. Le Conseil a adopt\u00e9 une vision large pour examiner tous les besoins de base, notamment le logement, la nourriture, les transports et un climat habitable. Le CAA est une initiative de l\u2019Institut de recherche en politiques publiques, de Destination Zero, de la Fondation de la famille Trottier et de la Fondation McConnell. Suivez ce lien pour en apprendre davantage\u00a0: <a href=\"https:\/\/irpp.org\/fr\/abordabilite\/\">https:\/\/irpp.org\/fr\/abordabilite\/<\/a>.<\/p>\n","protected":false},"excerpt":{"rendered":"<p>L\u2019abordabilit\u00e9 et le climat sont des crises qui s\u2019additionnent et se chevauchent, et les gens luttent contre ces deux probl\u00e8mes en m\u00eame temps. Partout au Canada, les gens en ont assez de faire des compromis, car lorsqu\u2019il s\u2019agit des n\u00e9cessit\u00e9s de base, le logement, l\u2019alimentation, les transports et un climat habitable, il ne devrait pas [&hellip;]<\/p>\n","protected":false},"featured_media":289537,"parent":0,"template":"","meta":{"_acf_changed":false,"content-type":"","ep_exclude_from_search":false},"event-source":[9446],"event-type":[],"class_list":["post-290126","events","type-events","status-publish","has-post-thumbnail","hentry","event-source-irpp-fr"],"acf":[],"yoast_head":"<!-- This site is optimized with the Yoast SEO plugin v27.4 - https:\/\/yoast.com\/product\/yoast-seo-wordpress\/ -->\n<title>\u00ab An all-in approach to solving Canada\u2019s affordability and climate crises \u00bb - Policy Options<\/title>\n<meta name=\"robots\" content=\"index, follow, max-snippet:-1, max-image-preview:large, max-video-preview:-1\" \/>\n<link rel=\"canonical\" href=\"https:\/\/policyoptions.irpp.org\/fr\/events\/solving-canada-affordability-climate-crises\/\" \/>\n<meta property=\"og:locale\" content=\"fr_FR\" \/>\n<meta property=\"og:type\" content=\"article\" \/>\n<meta property=\"og:title\" content=\"\u00ab An all-in approach to solving Canada\u2019s affordability and climate crises \u00bb - Policy Options\" \/>\n<meta property=\"og:description\" content=\"L\u2019abordabilit\u00e9 et le climat sont des crises qui s\u2019additionnent et se chevauchent, et les gens luttent contre ces deux probl\u00e8mes en m\u00eame temps. Partout au Canada, les gens en ont assez de faire des compromis, car lorsqu\u2019il s\u2019agit des n\u00e9cessit\u00e9s de base, le logement, l\u2019alimentation, les transports et un climat habitable, il ne devrait pas [&hellip;]\" \/>\n<meta property=\"og:url\" content=\"https:\/\/policyoptions.irpp.org\/fr\/events\/solving-canada-affordability-climate-crises\/\" \/>\n<meta property=\"og:site_name\" content=\"Policy Options\" \/>\n<meta property=\"article:publisher\" content=\"https:\/\/www.facebook.com\/IRPP.org\" \/>\n<meta property=\"article:modified_time\" content=\"2025-08-28T05:27:03+00:00\" \/>\n<meta property=\"og:image\" content=\"https:\/\/policyoptions.irpp.org\/wp-content\/uploads\/2025\/08\/An-all-in-approach-to-solving-Canadas-affordability-and-climate-crises.jpg\" \/>\n\t<meta property=\"og:image:width\" content=\"1110\" \/>\n\t<meta property=\"og:image:height\" content=\"500\" \/>\n\t<meta property=\"og:image:type\" content=\"image\/jpeg\" \/>\n<meta name=\"twitter:card\" content=\"summary_large_image\" \/>\n<meta name=\"twitter:site\" content=\"@irpp\" \/>\n<meta name=\"twitter:label1\" content=\"Est. reading time\" \/>\n\t<meta name=\"twitter:data1\" content=\"2 minutes\" \/>\n<script type=\"application\/ld+json\" class=\"yoast-schema-graph\">{\"@context\":\"https:\\\/\\\/schema.org\",\"@graph\":[{\"@type\":\"WebPage\",\"@id\":\"https:\\\/\\\/policyoptions.irpp.org\\\/fr\\\/events\\\/solving-canada-affordability-climate-crises\\\/\",\"url\":\"https:\\\/\\\/policyoptions.irpp.org\\\/fr\\\/events\\\/solving-canada-affordability-climate-crises\\\/\",\"name\":\"\u00ab An all-in approach to solving Canada\u2019s affordability and climate crises \u00bb - Policy Options\",\"isPartOf\":{\"@id\":\"https:\\\/\\\/policyoptions.irpp.org\\\/fr\\\/#website\"},\"primaryImageOfPage\":{\"@id\":\"https:\\\/\\\/policyoptions.irpp.org\\\/fr\\\/events\\\/solving-canada-affordability-climate-crises\\\/#primaryimage\"},\"image\":{\"@id\":\"https:\\\/\\\/policyoptions.irpp.org\\\/fr\\\/events\\\/solving-canada-affordability-climate-crises\\\/#primaryimage\"},\"thumbnailUrl\":\"https:\\\/\\\/policyoptions.irpp.org\\\/wp-content\\\/uploads\\\/2025\\\/08\\\/An-all-in-approach-to-solving-Canadas-affordability-and-climate-crises.jpg\",\"datePublished\":\"2023-12-20T20:34:27+00:00\",\"dateModified\":\"2025-08-28T05:27:03+00:00\",\"breadcrumb\":{\"@id\":\"https:\\\/\\\/policyoptions.irpp.org\\\/fr\\\/events\\\/solving-canada-affordability-climate-crises\\\/#breadcrumb\"},\"inLanguage\":\"fr-FR\",\"potentialAction\":[{\"@type\":\"ReadAction\",\"target\":[\"https:\\\/\\\/policyoptions.irpp.org\\\/fr\\\/events\\\/solving-canada-affordability-climate-crises\\\/\"]}]},{\"@type\":\"ImageObject\",\"inLanguage\":\"fr-FR\",\"@id\":\"https:\\\/\\\/policyoptions.irpp.org\\\/fr\\\/events\\\/solving-canada-affordability-climate-crises\\\/#primaryimage\",\"url\":\"https:\\\/\\\/policyoptions.irpp.org\\\/wp-content\\\/uploads\\\/2025\\\/08\\\/An-all-in-approach-to-solving-Canadas-affordability-and-climate-crises.jpg\",\"contentUrl\":\"https:\\\/\\\/policyoptions.irpp.org\\\/wp-content\\\/uploads\\\/2025\\\/08\\\/An-all-in-approach-to-solving-Canadas-affordability-and-climate-crises.jpg\",\"width\":1110,\"height\":500},{\"@type\":\"BreadcrumbList\",\"@id\":\"https:\\\/\\\/policyoptions.irpp.org\\\/fr\\\/events\\\/solving-canada-affordability-climate-crises\\\/#breadcrumb\",\"itemListElement\":[{\"@type\":\"ListItem\",\"position\":1,\"name\":\"Home\",\"item\":\"https:\\\/\\\/policyoptions.irpp.org\\\/fr\\\/\"},{\"@type\":\"ListItem\",\"position\":2,\"name\":\"\u00ab An all-in approach to solving Canada\u2019s affordability and climate crises \u00bb\"}]},{\"@type\":\"WebSite\",\"@id\":\"https:\\\/\\\/policyoptions.irpp.org\\\/fr\\\/#website\",\"url\":\"https:\\\/\\\/policyoptions.irpp.org\\\/fr\\\/\",\"name\":\"Policy Options\",\"description\":\"Institute for Research on Public Policy\",\"potentialAction\":[{\"@type\":\"SearchAction\",\"target\":{\"@type\":\"EntryPoint\",\"urlTemplate\":\"https:\\\/\\\/policyoptions.irpp.org\\\/fr\\\/?s={search_term_string}\"},\"query-input\":{\"@type\":\"PropertyValueSpecification\",\"valueRequired\":true,\"valueName\":\"search_term_string\"}}],\"inLanguage\":\"fr-FR\"}]}<\/script>\n<!-- \/ Yoast SEO plugin. -->","yoast_head_json":{"title":"\u00ab An all-in approach to solving Canada\u2019s affordability and climate crises \u00bb - Policy Options","robots":{"index":"index","follow":"follow","max-snippet":"max-snippet:-1","max-image-preview":"max-image-preview:large","max-video-preview":"max-video-preview:-1"},"canonical":"https:\/\/policyoptions.irpp.org\/fr\/events\/solving-canada-affordability-climate-crises\/","og_locale":"fr_FR","og_type":"article","og_title":"\u00ab An all-in approach to solving Canada\u2019s affordability and climate crises \u00bb - Policy Options","og_description":"L\u2019abordabilit\u00e9 et le climat sont des crises qui s\u2019additionnent et se chevauchent, et les gens luttent contre ces deux probl\u00e8mes en m\u00eame temps. Partout au Canada, les gens en ont assez de faire des compromis, car lorsqu\u2019il s\u2019agit des n\u00e9cessit\u00e9s de base, le logement, l\u2019alimentation, les transports et un climat habitable, il ne devrait pas [&hellip;]","og_url":"https:\/\/policyoptions.irpp.org\/fr\/events\/solving-canada-affordability-climate-crises\/","og_site_name":"Policy Options","article_publisher":"https:\/\/www.facebook.com\/IRPP.org","article_modified_time":"2025-08-28T05:27:03+00:00","og_image":[{"width":1110,"height":500,"url":"https:\/\/policyoptions.irpp.org\/wp-content\/uploads\/2025\/08\/An-all-in-approach-to-solving-Canadas-affordability-and-climate-crises.jpg","type":"image\/jpeg"}],"twitter_card":"summary_large_image","twitter_site":"@irpp","twitter_misc":{"Est. reading time":"2 minutes"},"schema":{"@context":"https:\/\/schema.org","@graph":[{"@type":"WebPage","@id":"https:\/\/policyoptions.irpp.org\/fr\/events\/solving-canada-affordability-climate-crises\/","url":"https:\/\/policyoptions.irpp.org\/fr\/events\/solving-canada-affordability-climate-crises\/","name":"\u00ab An all-in approach to solving Canada\u2019s affordability and climate crises \u00bb - Policy Options","isPartOf":{"@id":"https:\/\/policyoptions.irpp.org\/fr\/#website"},"primaryImageOfPage":{"@id":"https:\/\/policyoptions.irpp.org\/fr\/events\/solving-canada-affordability-climate-crises\/#primaryimage"},"image":{"@id":"https:\/\/policyoptions.irpp.org\/fr\/events\/solving-canada-affordability-climate-crises\/#primaryimage"},"thumbnailUrl":"https:\/\/policyoptions.irpp.org\/wp-content\/uploads\/2025\/08\/An-all-in-approach-to-solving-Canadas-affordability-and-climate-crises.jpg","datePublished":"2023-12-20T20:34:27+00:00","dateModified":"2025-08-28T05:27:03+00:00","breadcrumb":{"@id":"https:\/\/policyoptions.irpp.org\/fr\/events\/solving-canada-affordability-climate-crises\/#breadcrumb"},"inLanguage":"fr-FR","potentialAction":[{"@type":"ReadAction","target":["https:\/\/policyoptions.irpp.org\/fr\/events\/solving-canada-affordability-climate-crises\/"]}]},{"@type":"ImageObject","inLanguage":"fr-FR","@id":"https:\/\/policyoptions.irpp.org\/fr\/events\/solving-canada-affordability-climate-crises\/#primaryimage","url":"https:\/\/policyoptions.irpp.org\/wp-content\/uploads\/2025\/08\/An-all-in-approach-to-solving-Canadas-affordability-and-climate-crises.jpg","contentUrl":"https:\/\/policyoptions.irpp.org\/wp-content\/uploads\/2025\/08\/An-all-in-approach-to-solving-Canadas-affordability-and-climate-crises.jpg","width":1110,"height":500},{"@type":"BreadcrumbList","@id":"https:\/\/policyoptions.irpp.org\/fr\/events\/solving-canada-affordability-climate-crises\/#breadcrumb","itemListElement":[{"@type":"ListItem","position":1,"name":"Home","item":"https:\/\/policyoptions.irpp.org\/fr\/"},{"@type":"ListItem","position":2,"name":"\u00ab An all-in approach to solving Canada\u2019s affordability and climate crises \u00bb"}]},{"@type":"WebSite","@id":"https:\/\/policyoptions.irpp.org\/fr\/#website","url":"https:\/\/policyoptions.irpp.org\/fr\/","name":"Policy Options","description":"Institute for Research on Public Policy","potentialAction":[{"@type":"SearchAction","target":{"@type":"EntryPoint","urlTemplate":"https:\/\/policyoptions.irpp.org\/fr\/?s={search_term_string}"},"query-input":{"@type":"PropertyValueSpecification","valueRequired":true,"valueName":"search_term_string"}}],"inLanguage":"fr-FR"}]}},"_links":{"self":[{"href":"https:\/\/policyoptions.irpp.org\/fr\/wp-json\/wp\/v2\/events\/290126","targetHints":{"allow":["GET"]}}],"collection":[{"href":"https:\/\/policyoptions.irpp.org\/fr\/wp-json\/wp\/v2\/events"}],"about":[{"href":"https:\/\/policyoptions.irpp.org\/fr\/wp-json\/wp\/v2\/types\/events"}],"wp:featuredmedia":[{"embeddable":true,"href":"https:\/\/policyoptions.irpp.org\/fr\/wp-json\/wp\/v2\/media\/289537"}],"wp:attachment":[{"href":"https:\/\/policyoptions.irpp.org\/fr\/wp-json\/wp\/v2\/media?parent=290126"}],"wp:term":[{"taxonomy":"event-source","embeddable":true,"href":"https:\/\/policyoptions.irpp.org\/fr\/wp-json\/wp\/v2\/event-source?post=290126"},{"taxonomy":"event-type","embeddable":true,"href":"https:\/\/policyoptions.irpp.org\/fr\/wp-json\/wp\/v2\/event-type?post=290126"}],"curies":[{"name":"wp","href":"https:\/\/api.w.org\/{rel}","templated":true}]}}