{"id":290089,"date":"2023-09-11T15:54:07","date_gmt":"2023-09-11T19:54:07","guid":{"rendered":"https:\/\/policyoptions.irpp.org\/events\/competence-intelligence-artificielle\/"},"modified":"2023-09-11T15:54:07","modified_gmt":"2023-09-11T19:54:07","slug":"competence-intelligence-artificielle","status":"publish","type":"events","link":"https:\/\/policyoptions.irpp.org\/fr\/events\/competence-intelligence-artificielle\/","title":{"rendered":"Qui a comp\u00e9tence sur l\u2019intelligence artificielle&nbsp;?"},"content":{"rendered":"<p>ChatGPT a pris le monde entier par surprise l\u2019an dernier, presque autant que si nous avions d\u00e9couvert une autre forme de vie. Depuis, l\u2019intelligence artificielle \u00e9volue sans aucun encadrement, au point o\u00f9 certains parlent m\u00eame de \u00ab\u00a0Far West technologique\u00a0\u00bb.<\/p>\n<p>Les opportunit\u00e9s pr\u00e9sent\u00e9es par l\u2019intelligence artificielle donnent le vertige autant que ses dangers.<\/p>\n<p>Mais comment encadrer l\u2019intelligence artificielle\u00a0? Qui doit le faire\u00a0? Comment faire en sorte que les entreprises et les individus qui d\u00e9veloppent et utilisent l\u2019IA respectent des principes \u00e9thiques\u00a0? Doit-on l\u00e9gif\u00e9rer maintenant une technologie que l\u2019on comprend encore si peu\u00a0? Peut-on seulement le faire\u00a0? Le projet de loi C-27, d\u00e9pos\u00e9 par le gouvernement f\u00e9d\u00e9ral, r\u00e9pond-il \u00e0 ces enjeux cruciaux\u00a0? Et quel r\u00f4le le Qu\u00e9bec et les autres provinces devraient-ils assumer\u00a0?<\/p>\n<p>Ces enjeux, abord\u00e9s dans <a href=\"https:\/\/policyoptions.irpp.org\/fr\/magazines\/september-2023\/comment-legiferer-sur-lintelligence-artificielle\/\" target=\"_blank\" rel=\"noopener\">une s\u00e9rie de textes<\/a> publi\u00e9e r\u00e9cemment par <em>Options politiques<\/em>, ont \u00e9galement \u00e9t\u00e9 discut\u00e9s dans le cadre d\u2019un webinaire auxquels ont particip\u00e9s des experts sur les enjeux \u00e9thiques, l\u00e9gislatifs et juridiques entourant l\u2019intelligence artificielle.<\/p>\n<p><strong>\u00c0 lire dans cette s\u00e9rie\u00a0:<\/strong><\/p>\n<ul>\n<li><a href=\"https:\/\/policyoptions.irpp.org\/fr\/magazines\/september-2023\/lethique-de-lintelligence-artificielle-attend-le-droit\/\"><strong>L\u2019\u00e9thique de l\u2019intelligence artificielle attend le droit<\/strong><\/a>, par Jocelyn Maclure et Alexis Morin-Martel<\/li>\n<li><a href=\"https:\/\/policyoptions.irpp.org\/fr\/magazines\/september-2023\/loi-intelligence-artificielle-maintenant\/\"><strong>Le temps pour une loi sur l\u2019intelligence artificielle est arriv\u00e9<\/strong><\/a>, par C\u00e9line Castets-Renard et Anne-Sophie Hulin<\/li>\n<li><a href=\"https:\/\/policyoptions.irpp.org\/fr\/magazines\/september-2023\/intelligence-artificielle-agir-maintenant\/\"><strong>Le risque d\u2019attendre pour encadrer l\u2019IA est plus grand que celui d\u2019agir trop vite<\/strong><\/a>, par Jennifer Quaid<\/li>\n<li><a href=\"https:\/\/policyoptions.irpp.org\/fr\/magazines\/september-2023\/competence-intelligence-artificielle-federal-provinces\/\"><strong>Qui a comp\u00e9tence sur l\u2019intelligence artificielle : Ottawa ou les provinces?<\/strong><\/a>, par Beno\u00eet Pelletier<\/li>\n<li><a href=\"https:\/\/policyoptions.irpp.org\/fr\/magazines\/september-2023\/comment-legiferer-intelligence-artificielle-canada\/\"><strong>Comment l\u00e9gif\u00e9rer sur l\u2019intelligence artificielle au Canada<\/strong><\/a>, par C\u00e9line Castets-Renard et Anne-Sophie Hulin<\/li>\n<\/ul>\n<p><strong>Vid\u00e9o<\/strong><\/p>\n<p><iframe title=\"YouTube video player\" src=\"https:\/\/www.youtube.com\/embed\/3T-g5n9H5WA?si=yDfMs6jHjrRBEEaR\" width=\"100%\" height=\"415\" frameborder=\"0\" allowfullscreen=\"allowfullscreen\"><span data-mce-type=\"bookmark\" style=\"display: inline-block; width: 0px; overflow: hidden; line-height: 0;\" class=\"mce_SELRES_start\">\ufeff<\/span><\/iframe><\/p>\n","protected":false},"excerpt":{"rendered":"<p>ChatGPT a pris le monde entier par surprise l\u2019an dernier, presque autant que si nous avions d\u00e9couvert une autre forme de vie. Depuis, l\u2019intelligence artificielle \u00e9volue sans aucun encadrement, au point o\u00f9 certains parlent m\u00eame de \u00ab\u00a0Far West technologique\u00a0\u00bb. Les opportunit\u00e9s pr\u00e9sent\u00e9es par l\u2019intelligence artificielle donnent le vertige autant que ses dangers. Mais comment encadrer [&hellip;]<\/p>\n","protected":false},"featured_media":289460,"parent":0,"template":"","meta":{"_acf_changed":false,"content-type":"","ep_exclude_from_search":false},"event-source":[9446],"event-type":[],"class_list":["post-290089","events","type-events","status-publish","has-post-thumbnail","hentry","event-source-irpp-fr"],"acf":[],"yoast_head":"<!-- This site is optimized with the Yoast SEO plugin v27.4 - https:\/\/yoast.com\/product\/yoast-seo-wordpress\/ -->\n<title>Qui a comp\u00e9tence sur l\u2019intelligence artificielle&nbsp;? - Policy Options<\/title>\n<meta name=\"robots\" content=\"index, follow, max-snippet:-1, max-image-preview:large, max-video-preview:-1\" \/>\n<link rel=\"canonical\" href=\"https:\/\/policyoptions.irpp.org\/fr\/events\/competence-intelligence-artificielle\/\" \/>\n<meta property=\"og:locale\" content=\"fr_FR\" \/>\n<meta property=\"og:type\" content=\"article\" \/>\n<meta property=\"og:title\" content=\"Qui a comp\u00e9tence sur l\u2019intelligence artificielle&nbsp;? - Policy Options\" \/>\n<meta property=\"og:description\" content=\"ChatGPT a pris le monde entier par surprise l\u2019an dernier, presque autant que si nous avions d\u00e9couvert une autre forme de vie. Depuis, l\u2019intelligence artificielle \u00e9volue sans aucun encadrement, au point o\u00f9 certains parlent m\u00eame de \u00ab\u00a0Far West technologique\u00a0\u00bb. Les opportunit\u00e9s pr\u00e9sent\u00e9es par l\u2019intelligence artificielle donnent le vertige autant que ses dangers. Mais comment encadrer [&hellip;]\" \/>\n<meta property=\"og:url\" content=\"https:\/\/policyoptions.irpp.org\/fr\/events\/competence-intelligence-artificielle\/\" \/>\n<meta property=\"og:site_name\" content=\"Policy Options\" \/>\n<meta property=\"article:publisher\" content=\"https:\/\/www.facebook.com\/IRPP.org\" \/>\n<meta property=\"og:image\" content=\"https:\/\/policyoptions.irpp.org\/wp-content\/uploads\/2025\/08\/Qui-a-competence-sur-lintelligence-artificielle-2.jpg\" \/>\n\t<meta property=\"og:image:width\" content=\"1920\" \/>\n\t<meta property=\"og:image:height\" content=\"1080\" \/>\n\t<meta property=\"og:image:type\" content=\"image\/jpeg\" \/>\n<meta name=\"twitter:card\" content=\"summary_large_image\" \/>\n<meta name=\"twitter:site\" content=\"@irpp\" \/>\n<meta name=\"twitter:label1\" content=\"Est. reading time\" \/>\n\t<meta name=\"twitter:data1\" content=\"1 minute\" \/>\n<script type=\"application\/ld+json\" class=\"yoast-schema-graph\">{\"@context\":\"https:\\\/\\\/schema.org\",\"@graph\":[{\"@type\":\"WebPage\",\"@id\":\"https:\\\/\\\/policyoptions.irpp.org\\\/fr\\\/events\\\/competence-intelligence-artificielle\\\/\",\"url\":\"https:\\\/\\\/policyoptions.irpp.org\\\/fr\\\/events\\\/competence-intelligence-artificielle\\\/\",\"name\":\"Qui a comp\u00e9tence sur l\u2019intelligence artificielle&nbsp;? - Policy Options\",\"isPartOf\":{\"@id\":\"https:\\\/\\\/policyoptions.irpp.org\\\/fr\\\/#website\"},\"primaryImageOfPage\":{\"@id\":\"https:\\\/\\\/policyoptions.irpp.org\\\/fr\\\/events\\\/competence-intelligence-artificielle\\\/#primaryimage\"},\"image\":{\"@id\":\"https:\\\/\\\/policyoptions.irpp.org\\\/fr\\\/events\\\/competence-intelligence-artificielle\\\/#primaryimage\"},\"thumbnailUrl\":\"https:\\\/\\\/policyoptions.irpp.org\\\/wp-content\\\/uploads\\\/2025\\\/08\\\/Qui-a-competence-sur-lintelligence-artificielle-2.jpg\",\"datePublished\":\"2023-09-11T19:54:07+00:00\",\"breadcrumb\":{\"@id\":\"https:\\\/\\\/policyoptions.irpp.org\\\/fr\\\/events\\\/competence-intelligence-artificielle\\\/#breadcrumb\"},\"inLanguage\":\"fr-FR\",\"potentialAction\":[{\"@type\":\"ReadAction\",\"target\":[\"https:\\\/\\\/policyoptions.irpp.org\\\/fr\\\/events\\\/competence-intelligence-artificielle\\\/\"]}]},{\"@type\":\"ImageObject\",\"inLanguage\":\"fr-FR\",\"@id\":\"https:\\\/\\\/policyoptions.irpp.org\\\/fr\\\/events\\\/competence-intelligence-artificielle\\\/#primaryimage\",\"url\":\"https:\\\/\\\/policyoptions.irpp.org\\\/wp-content\\\/uploads\\\/2025\\\/08\\\/Qui-a-competence-sur-lintelligence-artificielle-2.jpg\",\"contentUrl\":\"https:\\\/\\\/policyoptions.irpp.org\\\/wp-content\\\/uploads\\\/2025\\\/08\\\/Qui-a-competence-sur-lintelligence-artificielle-2.jpg\",\"width\":1920,\"height\":1080},{\"@type\":\"BreadcrumbList\",\"@id\":\"https:\\\/\\\/policyoptions.irpp.org\\\/fr\\\/events\\\/competence-intelligence-artificielle\\\/#breadcrumb\",\"itemListElement\":[{\"@type\":\"ListItem\",\"position\":1,\"name\":\"Home\",\"item\":\"https:\\\/\\\/policyoptions.irpp.org\\\/fr\\\/\"},{\"@type\":\"ListItem\",\"position\":2,\"name\":\"Qui a comp\u00e9tence sur l\u2019intelligence artificielle&nbsp;?\"}]},{\"@type\":\"WebSite\",\"@id\":\"https:\\\/\\\/policyoptions.irpp.org\\\/fr\\\/#website\",\"url\":\"https:\\\/\\\/policyoptions.irpp.org\\\/fr\\\/\",\"name\":\"Policy Options\",\"description\":\"Institute for Research on Public Policy\",\"potentialAction\":[{\"@type\":\"SearchAction\",\"target\":{\"@type\":\"EntryPoint\",\"urlTemplate\":\"https:\\\/\\\/policyoptions.irpp.org\\\/fr\\\/?s={search_term_string}\"},\"query-input\":{\"@type\":\"PropertyValueSpecification\",\"valueRequired\":true,\"valueName\":\"search_term_string\"}}],\"inLanguage\":\"fr-FR\"}]}<\/script>\n<!-- \/ Yoast SEO plugin. -->","yoast_head_json":{"title":"Qui a comp\u00e9tence sur l\u2019intelligence artificielle&nbsp;? - Policy Options","robots":{"index":"index","follow":"follow","max-snippet":"max-snippet:-1","max-image-preview":"max-image-preview:large","max-video-preview":"max-video-preview:-1"},"canonical":"https:\/\/policyoptions.irpp.org\/fr\/events\/competence-intelligence-artificielle\/","og_locale":"fr_FR","og_type":"article","og_title":"Qui a comp\u00e9tence sur l\u2019intelligence artificielle&nbsp;? - Policy Options","og_description":"ChatGPT a pris le monde entier par surprise l\u2019an dernier, presque autant que si nous avions d\u00e9couvert une autre forme de vie. Depuis, l\u2019intelligence artificielle \u00e9volue sans aucun encadrement, au point o\u00f9 certains parlent m\u00eame de \u00ab\u00a0Far West technologique\u00a0\u00bb. Les opportunit\u00e9s pr\u00e9sent\u00e9es par l\u2019intelligence artificielle donnent le vertige autant que ses dangers. Mais comment encadrer [&hellip;]","og_url":"https:\/\/policyoptions.irpp.org\/fr\/events\/competence-intelligence-artificielle\/","og_site_name":"Policy Options","article_publisher":"https:\/\/www.facebook.com\/IRPP.org","og_image":[{"width":1920,"height":1080,"url":"https:\/\/policyoptions.irpp.org\/wp-content\/uploads\/2025\/08\/Qui-a-competence-sur-lintelligence-artificielle-2.jpg","type":"image\/jpeg"}],"twitter_card":"summary_large_image","twitter_site":"@irpp","twitter_misc":{"Est. reading time":"1 minute"},"schema":{"@context":"https:\/\/schema.org","@graph":[{"@type":"WebPage","@id":"https:\/\/policyoptions.irpp.org\/fr\/events\/competence-intelligence-artificielle\/","url":"https:\/\/policyoptions.irpp.org\/fr\/events\/competence-intelligence-artificielle\/","name":"Qui a comp\u00e9tence sur l\u2019intelligence artificielle&nbsp;? - Policy Options","isPartOf":{"@id":"https:\/\/policyoptions.irpp.org\/fr\/#website"},"primaryImageOfPage":{"@id":"https:\/\/policyoptions.irpp.org\/fr\/events\/competence-intelligence-artificielle\/#primaryimage"},"image":{"@id":"https:\/\/policyoptions.irpp.org\/fr\/events\/competence-intelligence-artificielle\/#primaryimage"},"thumbnailUrl":"https:\/\/policyoptions.irpp.org\/wp-content\/uploads\/2025\/08\/Qui-a-competence-sur-lintelligence-artificielle-2.jpg","datePublished":"2023-09-11T19:54:07+00:00","breadcrumb":{"@id":"https:\/\/policyoptions.irpp.org\/fr\/events\/competence-intelligence-artificielle\/#breadcrumb"},"inLanguage":"fr-FR","potentialAction":[{"@type":"ReadAction","target":["https:\/\/policyoptions.irpp.org\/fr\/events\/competence-intelligence-artificielle\/"]}]},{"@type":"ImageObject","inLanguage":"fr-FR","@id":"https:\/\/policyoptions.irpp.org\/fr\/events\/competence-intelligence-artificielle\/#primaryimage","url":"https:\/\/policyoptions.irpp.org\/wp-content\/uploads\/2025\/08\/Qui-a-competence-sur-lintelligence-artificielle-2.jpg","contentUrl":"https:\/\/policyoptions.irpp.org\/wp-content\/uploads\/2025\/08\/Qui-a-competence-sur-lintelligence-artificielle-2.jpg","width":1920,"height":1080},{"@type":"BreadcrumbList","@id":"https:\/\/policyoptions.irpp.org\/fr\/events\/competence-intelligence-artificielle\/#breadcrumb","itemListElement":[{"@type":"ListItem","position":1,"name":"Home","item":"https:\/\/policyoptions.irpp.org\/fr\/"},{"@type":"ListItem","position":2,"name":"Qui a comp\u00e9tence sur l\u2019intelligence artificielle&nbsp;?"}]},{"@type":"WebSite","@id":"https:\/\/policyoptions.irpp.org\/fr\/#website","url":"https:\/\/policyoptions.irpp.org\/fr\/","name":"Policy Options","description":"Institute for Research on Public Policy","potentialAction":[{"@type":"SearchAction","target":{"@type":"EntryPoint","urlTemplate":"https:\/\/policyoptions.irpp.org\/fr\/?s={search_term_string}"},"query-input":{"@type":"PropertyValueSpecification","valueRequired":true,"valueName":"search_term_string"}}],"inLanguage":"fr-FR"}]}},"_links":{"self":[{"href":"https:\/\/policyoptions.irpp.org\/fr\/wp-json\/wp\/v2\/events\/290089","targetHints":{"allow":["GET"]}}],"collection":[{"href":"https:\/\/policyoptions.irpp.org\/fr\/wp-json\/wp\/v2\/events"}],"about":[{"href":"https:\/\/policyoptions.irpp.org\/fr\/wp-json\/wp\/v2\/types\/events"}],"wp:featuredmedia":[{"embeddable":true,"href":"https:\/\/policyoptions.irpp.org\/fr\/wp-json\/wp\/v2\/media\/289460"}],"wp:attachment":[{"href":"https:\/\/policyoptions.irpp.org\/fr\/wp-json\/wp\/v2\/media?parent=290089"}],"wp:term":[{"taxonomy":"event-source","embeddable":true,"href":"https:\/\/policyoptions.irpp.org\/fr\/wp-json\/wp\/v2\/event-source?post=290089"},{"taxonomy":"event-type","embeddable":true,"href":"https:\/\/policyoptions.irpp.org\/fr\/wp-json\/wp\/v2\/event-type?post=290089"}],"curies":[{"name":"wp","href":"https:\/\/api.w.org\/{rel}","templated":true}]}}