{"id":290027,"date":"2022-08-29T17:35:43","date_gmt":"2022-08-29T21:35:43","guid":{"rendered":"https:\/\/policyoptions.irpp.org\/events\/discours-principal\/"},"modified":"2025-08-28T01:25:42","modified_gmt":"2025-08-28T05:25:42","slug":"discours-principal","status":"publish","type":"events","link":"https:\/\/policyoptions.irpp.org\/fr\/events\/discours-principal\/","title":{"rendered":"Discours principal de notre gala :<em> Les politiques publiques dans une perspective autochtone. <\/em>"},"content":{"rendered":"<p>Le professeur agr\u00e9g\u00e9 de la facult\u00e9 de droit de l\u2019Universit\u00e9 de Toronto et collaborateur r\u00e9gulier d\u2019<em>Options politiques<\/em> Douglas Sanderson (Amo Binashii) prononcera le discours principal lors de notre <a href=\"https:\/\/irpp.org\/fr\/irpp-event\/gala-du-50e-anniversaire-de-lirpp\/\">gala du 50e anniversaire<\/a> \u00e0 Ottawa.<\/p>\n<p>En tant que membre de la Nation Cri Opaskwayak, il abordera le sujet des politiques publiques canadiennes dans une perspective autochtone. \u00c0 cette \u00e9poque o\u00f9 de nombreux Canadiens se demandent comment faire fonctionner cette cohabitation, le professeur Sanderson nous parlera de deux communaut\u00e9s voisines, la municipalit\u00e9 de Rossburn et la r\u00e9serve de Waywauseecappo, chacune de part et d\u2019autre d\u2019une belle vall\u00e9e manitobaine. Il nous montrera comment la distance et les in\u00e9galit\u00e9s se sont install\u00e9es entre les deux, et combien leur histoire comporte de le\u00e7ons pour l\u2019avenir.<\/p>\n<p>Son allocution s\u2019inspirera de son dernier livre co\u00e9crit avec Andrew Stobo Sniderman <a href=\"https:\/\/can01.safelinks.protection.outlook.com\/?url=https%3A%2F%2Fwww.harpercollins.ca%2F9781443466301%2Fvalley-of-the-birdtail%2F&amp;data=05%7C01%7Cd.sanderson%40utoronto.ca%7Cf5b314fa5f2d46a0457b08da85e8ca46%7C78aac2262f034b4d9037b46d56c55210%7C0%7C0%7C637969532115911153%7CUnknown%7CTWFpbGZsb3d8eyJWIjoiMC4wLjAwMDAiLCJQIjoiV2luMzIiLCJBTiI6Ik1haWwiLCJXVCI6Mn0%3D%7C3000%7C%7C%7C&amp;sdata=vKvDWvtWwlaHkU%2FQmLL5GU0shq4MSKTiWsF5zqtaXcQ%3D&amp;reserved=0\"><em>Valley of the Birdtail: An Indian Reserve, a White Town, and the Road to Reconciliation<\/em><\/a>.<\/p>\n<p><strong>Vid\u00e9o<\/strong><\/p>\n<p><a href=\"https:\/\/www.cpac.ca\/episode?id=e61b3fe8-3526-4660-8f80-230d7e36c3cf\" target=\"_blank\" rel=\"noopener\"><img fetchpriority=\"high\" decoding=\"async\" class=\"aligncenter wp-image-16986\" src=\"https:\/\/policyoptions.irpp.org\/wp-content\/uploads\/2025\/08\/Keynote-CPAC.png\" alt=\"\" width=\"600\" height=\"315\" \/><\/a><\/p>\n<div id='gallery-1' class='gallery galleryid-290027 gallery-columns-3 gallery-size-thumbnail'><figure class='gallery-item'>\n\t\t\t<div class='gallery-icon landscape'>\n\t\t\t\t<a href='https:\/\/policyoptions.irpp.org\/wp-content\/uploads\/2025\/08\/120_20221123_IRPP_5431-Large.jpg'><img decoding=\"async\" width=\"150\" height=\"150\" src=\"https:\/\/policyoptions.irpp.org\/wp-content\/uploads\/2025\/08\/120_20221123_IRPP_5431-Large-150x150.jpg\" class=\"attachment-thumbnail size-thumbnail\" alt=\"\" \/><\/a>\n\t\t\t<\/div><\/figure><figure class='gallery-item'>\n\t\t\t<div class='gallery-icon landscape'>\n\t\t\t\t<a href='https:\/\/policyoptions.irpp.org\/wp-content\/uploads\/2025\/08\/131_20221123_IRPP_5630-FR.jpg'><img decoding=\"async\" width=\"150\" height=\"150\" src=\"https:\/\/policyoptions.irpp.org\/wp-content\/uploads\/2025\/08\/131_20221123_IRPP_5630-FR-150x150.jpg\" class=\"attachment-thumbnail size-thumbnail\" alt=\"\" \/><\/a>\n\t\t\t<\/div><\/figure><figure class='gallery-item'>\n\t\t\t<div class='gallery-icon landscape'>\n\t\t\t\t<a href='https:\/\/policyoptions.irpp.org\/wp-content\/uploads\/2025\/08\/129_20221123_IRPP_5560-Large.jpg'><img loading=\"lazy\" decoding=\"async\" width=\"150\" height=\"150\" src=\"https:\/\/policyoptions.irpp.org\/wp-content\/uploads\/2025\/08\/129_20221123_IRPP_5560-Large-150x150.jpg\" class=\"attachment-thumbnail size-thumbnail\" alt=\"\" \/><\/a>\n\t\t\t<\/div><\/figure>\n\t\t<\/div>\n\n<p><strong>Audio<\/strong><\/p>\n<p><iframe src=\"https:\/\/w.soundcloud.com\/player\/?url=https%3A\/\/api.soundcloud.com\/tracks\/1406719171&amp;color=%23ff5500&amp;auto_play=false&amp;hide_related=false&amp;show_comments=true&amp;show_user=true&amp;show_reposts=false&amp;show_teaser=true\" width=\"100%\" height=\"166\" frameborder=\"no\" scrolling=\"no\"><\/iframe><\/p>\n<div style=\"font-size: 10px; color: #cccccc; line-break: anywhere; word-break: normal; overflow: hidden; white-space: nowrap; text-overflow: ellipsis; font-family: Interstate,Lucida Grande,Lucida Sans Unicode,Lucida Sans,Garuda,Verdana,Tahoma,sans-serif; font-weight: 100;\"><a style=\"color: #cccccc; text-decoration: none;\" title=\"Policy Options Podcast\" href=\"https:\/\/soundcloud.com\/irpp\" target=\"_blank\" rel=\"noopener\">Policy Options Podcast<\/a> \u00b7 <a style=\"color: #cccccc; text-decoration: none;\" title=\"PO Podcast 155 Public policy in Canada from an Indigenous perspective\" href=\"https:\/\/soundcloud.com\/irpp\/po-podcast-155-public-policy-in-canada-from-an-indigenous-perspective\" target=\"_blank\" rel=\"noopener\">PO Podcast 155 Public policy in Canada from an Indigenous perspective<\/a><\/div>\n<p><strong>Discours<\/strong><\/p>\n<p><iframe id=\"doc_84485\" class=\"scribd_iframe_embed\" title=\"50th Anniversary Gala Keynote Address: Public policy in Canada from an Indigenous perspective\" src=\"https:\/\/www.scribd.com\/embeds\/615365611\/content?start_page=1&amp;view_mode=scroll&amp;access_key=key-8itHg4IiePxElQtw3gqZ\" width=\"100%\" height=\"600\" frameborder=\"0\" scrolling=\"no\" data-auto-height=\"false\" data-aspect-ratio=\"0.7729220222793488\"><\/iframe><\/p>\n","protected":false},"excerpt":{"rendered":"<p>Le professeur agr\u00e9g\u00e9 de la facult\u00e9 de droit de l\u2019Universit\u00e9 de Toronto et collaborateur r\u00e9gulier d\u2019Options politiques Douglas Sanderson (Amo Binashii) prononcera le discours principal lors de notre gala du 50e anniversaire \u00e0 Ottawa. En tant que membre de la Nation Cri Opaskwayak, il abordera le sujet des politiques publiques canadiennes dans une perspective autochtone. [&hellip;]<\/p>\n","protected":false},"featured_media":289233,"parent":0,"template":"","meta":{"_acf_changed":false,"content-type":"","ep_exclude_from_search":false},"event-source":[9446],"event-type":[],"class_list":["post-290027","events","type-events","status-publish","has-post-thumbnail","hentry","event-source-irpp-fr"],"acf":[],"yoast_head":"<!-- This site is optimized with the Yoast SEO plugin v27.4 - https:\/\/yoast.com\/product\/yoast-seo-wordpress\/ -->\n<title>Discours principal de notre gala : Les politiques publiques dans une perspective autochtone.  - Policy Options<\/title>\n<meta name=\"robots\" content=\"index, follow, max-snippet:-1, max-image-preview:large, max-video-preview:-1\" \/>\n<link rel=\"canonical\" href=\"https:\/\/policyoptions.irpp.org\/fr\/events\/discours-principal\/\" \/>\n<meta property=\"og:locale\" content=\"fr_FR\" \/>\n<meta property=\"og:type\" content=\"article\" \/>\n<meta property=\"og:title\" content=\"Discours principal de notre gala : Les politiques publiques dans une perspective autochtone.  - Policy Options\" \/>\n<meta property=\"og:description\" content=\"Le professeur agr\u00e9g\u00e9 de la facult\u00e9 de droit de l\u2019Universit\u00e9 de Toronto et collaborateur r\u00e9gulier d\u2019Options politiques Douglas Sanderson (Amo Binashii) prononcera le discours principal lors de notre gala du 50e anniversaire \u00e0 Ottawa. En tant que membre de la Nation Cri Opaskwayak, il abordera le sujet des politiques publiques canadiennes dans une perspective autochtone. [&hellip;]\" \/>\n<meta property=\"og:url\" content=\"https:\/\/policyoptions.irpp.org\/fr\/events\/discours-principal\/\" \/>\n<meta property=\"og:site_name\" content=\"Policy Options\" \/>\n<meta property=\"article:publisher\" content=\"https:\/\/www.facebook.com\/IRPP.org\" \/>\n<meta property=\"article:modified_time\" content=\"2025-08-28T05:25:42+00:00\" \/>\n<meta property=\"og:image\" content=\"https:\/\/policyoptions.irpp.org\/wp-content\/uploads\/2025\/08\/website-keynote.jpg\" \/>\n\t<meta property=\"og:image:width\" content=\"1920\" \/>\n\t<meta property=\"og:image:height\" content=\"1080\" \/>\n\t<meta property=\"og:image:type\" content=\"image\/jpeg\" \/>\n<meta name=\"twitter:card\" content=\"summary_large_image\" \/>\n<meta name=\"twitter:site\" content=\"@irpp\" \/>\n<meta name=\"twitter:label1\" content=\"Est. reading time\" \/>\n\t<meta name=\"twitter:data1\" content=\"1 minute\" \/>\n<script type=\"application\/ld+json\" class=\"yoast-schema-graph\">{\"@context\":\"https:\\\/\\\/schema.org\",\"@graph\":[{\"@type\":\"WebPage\",\"@id\":\"https:\\\/\\\/policyoptions.irpp.org\\\/fr\\\/events\\\/discours-principal\\\/\",\"url\":\"https:\\\/\\\/policyoptions.irpp.org\\\/fr\\\/events\\\/discours-principal\\\/\",\"name\":\"Discours principal de notre gala : Les politiques publiques dans une perspective autochtone. - Policy Options\",\"isPartOf\":{\"@id\":\"https:\\\/\\\/policyoptions.irpp.org\\\/fr\\\/#website\"},\"primaryImageOfPage\":{\"@id\":\"https:\\\/\\\/policyoptions.irpp.org\\\/fr\\\/events\\\/discours-principal\\\/#primaryimage\"},\"image\":{\"@id\":\"https:\\\/\\\/policyoptions.irpp.org\\\/fr\\\/events\\\/discours-principal\\\/#primaryimage\"},\"thumbnailUrl\":\"https:\\\/\\\/policyoptions.irpp.org\\\/wp-content\\\/uploads\\\/2025\\\/08\\\/website-keynote.jpg\",\"datePublished\":\"2022-08-29T21:35:43+00:00\",\"dateModified\":\"2025-08-28T05:25:42+00:00\",\"breadcrumb\":{\"@id\":\"https:\\\/\\\/policyoptions.irpp.org\\\/fr\\\/events\\\/discours-principal\\\/#breadcrumb\"},\"inLanguage\":\"fr-FR\",\"potentialAction\":[{\"@type\":\"ReadAction\",\"target\":[\"https:\\\/\\\/policyoptions.irpp.org\\\/fr\\\/events\\\/discours-principal\\\/\"]}]},{\"@type\":\"ImageObject\",\"inLanguage\":\"fr-FR\",\"@id\":\"https:\\\/\\\/policyoptions.irpp.org\\\/fr\\\/events\\\/discours-principal\\\/#primaryimage\",\"url\":\"https:\\\/\\\/policyoptions.irpp.org\\\/wp-content\\\/uploads\\\/2025\\\/08\\\/website-keynote.jpg\",\"contentUrl\":\"https:\\\/\\\/policyoptions.irpp.org\\\/wp-content\\\/uploads\\\/2025\\\/08\\\/website-keynote.jpg\",\"width\":1920,\"height\":1080},{\"@type\":\"BreadcrumbList\",\"@id\":\"https:\\\/\\\/policyoptions.irpp.org\\\/fr\\\/events\\\/discours-principal\\\/#breadcrumb\",\"itemListElement\":[{\"@type\":\"ListItem\",\"position\":1,\"name\":\"Home\",\"item\":\"https:\\\/\\\/policyoptions.irpp.org\\\/fr\\\/\"},{\"@type\":\"ListItem\",\"position\":2,\"name\":\"Discours principal de notre gala : Les politiques publiques dans une perspective autochtone.\"}]},{\"@type\":\"WebSite\",\"@id\":\"https:\\\/\\\/policyoptions.irpp.org\\\/fr\\\/#website\",\"url\":\"https:\\\/\\\/policyoptions.irpp.org\\\/fr\\\/\",\"name\":\"Policy Options\",\"description\":\"Institute for Research on Public Policy\",\"potentialAction\":[{\"@type\":\"SearchAction\",\"target\":{\"@type\":\"EntryPoint\",\"urlTemplate\":\"https:\\\/\\\/policyoptions.irpp.org\\\/fr\\\/?s={search_term_string}\"},\"query-input\":{\"@type\":\"PropertyValueSpecification\",\"valueRequired\":true,\"valueName\":\"search_term_string\"}}],\"inLanguage\":\"fr-FR\"}]}<\/script>\n<!-- \/ Yoast SEO plugin. -->","yoast_head_json":{"title":"Discours principal de notre gala : Les politiques publiques dans une perspective autochtone.  - Policy Options","robots":{"index":"index","follow":"follow","max-snippet":"max-snippet:-1","max-image-preview":"max-image-preview:large","max-video-preview":"max-video-preview:-1"},"canonical":"https:\/\/policyoptions.irpp.org\/fr\/events\/discours-principal\/","og_locale":"fr_FR","og_type":"article","og_title":"Discours principal de notre gala : Les politiques publiques dans une perspective autochtone.  - Policy Options","og_description":"Le professeur agr\u00e9g\u00e9 de la facult\u00e9 de droit de l\u2019Universit\u00e9 de Toronto et collaborateur r\u00e9gulier d\u2019Options politiques Douglas Sanderson (Amo Binashii) prononcera le discours principal lors de notre gala du 50e anniversaire \u00e0 Ottawa. En tant que membre de la Nation Cri Opaskwayak, il abordera le sujet des politiques publiques canadiennes dans une perspective autochtone. [&hellip;]","og_url":"https:\/\/policyoptions.irpp.org\/fr\/events\/discours-principal\/","og_site_name":"Policy Options","article_publisher":"https:\/\/www.facebook.com\/IRPP.org","article_modified_time":"2025-08-28T05:25:42+00:00","og_image":[{"width":1920,"height":1080,"url":"https:\/\/policyoptions.irpp.org\/wp-content\/uploads\/2025\/08\/website-keynote.jpg","type":"image\/jpeg"}],"twitter_card":"summary_large_image","twitter_site":"@irpp","twitter_misc":{"Est. reading time":"1 minute"},"schema":{"@context":"https:\/\/schema.org","@graph":[{"@type":"WebPage","@id":"https:\/\/policyoptions.irpp.org\/fr\/events\/discours-principal\/","url":"https:\/\/policyoptions.irpp.org\/fr\/events\/discours-principal\/","name":"Discours principal de notre gala : Les politiques publiques dans une perspective autochtone. - Policy Options","isPartOf":{"@id":"https:\/\/policyoptions.irpp.org\/fr\/#website"},"primaryImageOfPage":{"@id":"https:\/\/policyoptions.irpp.org\/fr\/events\/discours-principal\/#primaryimage"},"image":{"@id":"https:\/\/policyoptions.irpp.org\/fr\/events\/discours-principal\/#primaryimage"},"thumbnailUrl":"https:\/\/policyoptions.irpp.org\/wp-content\/uploads\/2025\/08\/website-keynote.jpg","datePublished":"2022-08-29T21:35:43+00:00","dateModified":"2025-08-28T05:25:42+00:00","breadcrumb":{"@id":"https:\/\/policyoptions.irpp.org\/fr\/events\/discours-principal\/#breadcrumb"},"inLanguage":"fr-FR","potentialAction":[{"@type":"ReadAction","target":["https:\/\/policyoptions.irpp.org\/fr\/events\/discours-principal\/"]}]},{"@type":"ImageObject","inLanguage":"fr-FR","@id":"https:\/\/policyoptions.irpp.org\/fr\/events\/discours-principal\/#primaryimage","url":"https:\/\/policyoptions.irpp.org\/wp-content\/uploads\/2025\/08\/website-keynote.jpg","contentUrl":"https:\/\/policyoptions.irpp.org\/wp-content\/uploads\/2025\/08\/website-keynote.jpg","width":1920,"height":1080},{"@type":"BreadcrumbList","@id":"https:\/\/policyoptions.irpp.org\/fr\/events\/discours-principal\/#breadcrumb","itemListElement":[{"@type":"ListItem","position":1,"name":"Home","item":"https:\/\/policyoptions.irpp.org\/fr\/"},{"@type":"ListItem","position":2,"name":"Discours principal de notre gala : Les politiques publiques dans une perspective autochtone."}]},{"@type":"WebSite","@id":"https:\/\/policyoptions.irpp.org\/fr\/#website","url":"https:\/\/policyoptions.irpp.org\/fr\/","name":"Policy Options","description":"Institute for Research on Public Policy","potentialAction":[{"@type":"SearchAction","target":{"@type":"EntryPoint","urlTemplate":"https:\/\/policyoptions.irpp.org\/fr\/?s={search_term_string}"},"query-input":{"@type":"PropertyValueSpecification","valueRequired":true,"valueName":"search_term_string"}}],"inLanguage":"fr-FR"}]}},"_links":{"self":[{"href":"https:\/\/policyoptions.irpp.org\/fr\/wp-json\/wp\/v2\/events\/290027","targetHints":{"allow":["GET"]}}],"collection":[{"href":"https:\/\/policyoptions.irpp.org\/fr\/wp-json\/wp\/v2\/events"}],"about":[{"href":"https:\/\/policyoptions.irpp.org\/fr\/wp-json\/wp\/v2\/types\/events"}],"wp:featuredmedia":[{"embeddable":true,"href":"https:\/\/policyoptions.irpp.org\/fr\/wp-json\/wp\/v2\/media\/289233"}],"wp:attachment":[{"href":"https:\/\/policyoptions.irpp.org\/fr\/wp-json\/wp\/v2\/media?parent=290027"}],"wp:term":[{"taxonomy":"event-source","embeddable":true,"href":"https:\/\/policyoptions.irpp.org\/fr\/wp-json\/wp\/v2\/event-source?post=290027"},{"taxonomy":"event-type","embeddable":true,"href":"https:\/\/policyoptions.irpp.org\/fr\/wp-json\/wp\/v2\/event-type?post=290027"}],"curies":[{"name":"wp","href":"https:\/\/api.w.org\/{rel}","templated":true}]}}