{"id":290012,"date":"2022-03-10T16:25:48","date_gmt":"2022-03-10T21:25:48","guid":{"rendered":"https:\/\/policyoptions.irpp.org\/events\/housing-challenges-and-the-rural-urban-divide\/"},"modified":"2022-03-10T16:25:48","modified_gmt":"2022-03-10T21:25:48","slug":"housing-challenges-and-the-rural-urban-divide","status":"publish","type":"events","link":"https:\/\/policyoptions.irpp.org\/fr\/events\/housing-challenges-and-the-rural-urban-divide\/","title":{"rendered":"\u00ab Housing challenges and the rural-urban divide \u00bb"},"content":{"rendered":"<p>Au fur et \u00e0 mesure que la vie urbaine perdait ses attraits sous les effets de la pand\u00e9mie, des citadins de tout le pays ont quitt\u00e9 les immeubles en copropri\u00e9t\u00e9 de leurs quartiers dens\u00e9ment peupl\u00e9s pour s\u2019installer \u00e0 la campagne. Si bien que les co\u00fbts du logement et des services connexes ont augment\u00e9 en r\u00e9gion rurale. Les petites collectivit\u00e9s devraient-elles agir contre cet afflux de n\u00e9o-ruraux ? Ou doit-on profiter de ce mouvement des villes vers les campagnes pour susciter de nouvelles collaborations et repenser l\u2019\u00e9quilibre des pouvoirs ? Visionnez notre discussion sur ces nouveaux enjeux , des experts en mati\u00e8re de logement de Halifax et de ses environs.<\/p>\n<p><strong>Vid\u00e9o<\/strong><\/p>\n<p><iframe title=\"YouTube video player\" src=\"https:\/\/www.youtube.com\/embed\/H3ns2f7N6p8\" width=\"100%\" height=\"415\" frameborder=\"0\" allowfullscreen=\"allowfullscreen\" data-mce-fragment=\"1\"><span data-mce-type=\"bookmark\" style=\"display: inline-block; width: 0px; overflow: hidden; line-height: 0;\" class=\"mce_SELRES_start\">\ufeff<\/span><\/iframe><\/p>\n<hr \/>\n<p>Cette discussion fait partie de la s\u00e9rie d\u2019\u00e9v\u00e9nements pour le 50<sup>e<\/sup>\u00a0anniversaire de l\u2019IRPP \u00ab\u00a0<a href=\"https:\/\/irpp.org\/fr\/irpp-event\/sur-le-radar-des-priorites-politiques\/\">Sur le radar des priorit\u00e9s politiques<\/a> \u00bb. \u00a0Tout au long du printemps et de l\u2019automne 2022, ces discussions nous aideront \u00e0 identifier les prochains d\u00e9fis qui occuperont nos d\u00e9cideurs, de m\u00eame qu\u2019\u00e0 examiner les moyens qui permettraient au Canada de s\u2019y attaquer promptement.<\/p>\n","protected":false},"excerpt":{"rendered":"<p>Au fur et \u00e0 mesure que la vie urbaine perdait ses attraits sous les effets de la pand\u00e9mie, des citadins de tout le pays ont quitt\u00e9 les immeubles en copropri\u00e9t\u00e9 de leurs quartiers dens\u00e9ment peupl\u00e9s pour s\u2019installer \u00e0 la campagne. Si bien que les co\u00fbts du logement et des services connexes ont augment\u00e9 en r\u00e9gion [&hellip;]<\/p>\n","protected":false},"featured_media":289015,"parent":0,"template":"","meta":{"_acf_changed":false,"content-type":"","ep_exclude_from_search":false},"event-source":[9446],"event-type":[],"class_list":["post-290012","events","type-events","status-publish","has-post-thumbnail","hentry","event-source-irpp-fr"],"acf":[],"yoast_head":"<!-- This site is optimized with the Yoast SEO plugin v27.4 - https:\/\/yoast.com\/product\/yoast-seo-wordpress\/ -->\n<title>\u00ab Housing challenges and the rural-urban divide \u00bb - Policy Options<\/title>\n<meta name=\"robots\" content=\"index, follow, max-snippet:-1, max-image-preview:large, max-video-preview:-1\" \/>\n<link rel=\"canonical\" href=\"https:\/\/policyoptions.irpp.org\/fr\/events\/housing-challenges-and-the-rural-urban-divide\/\" \/>\n<meta property=\"og:locale\" content=\"fr_FR\" \/>\n<meta property=\"og:type\" content=\"article\" \/>\n<meta property=\"og:title\" content=\"\u00ab Housing challenges and the rural-urban divide \u00bb - Policy Options\" \/>\n<meta property=\"og:description\" content=\"Au fur et \u00e0 mesure que la vie urbaine perdait ses attraits sous les effets de la pand\u00e9mie, des citadins de tout le pays ont quitt\u00e9 les immeubles en copropri\u00e9t\u00e9 de leurs quartiers dens\u00e9ment peupl\u00e9s pour s\u2019installer \u00e0 la campagne. Si bien que les co\u00fbts du logement et des services connexes ont augment\u00e9 en r\u00e9gion [&hellip;]\" \/>\n<meta property=\"og:url\" content=\"https:\/\/policyoptions.irpp.org\/fr\/events\/housing-challenges-and-the-rural-urban-divide\/\" \/>\n<meta property=\"og:site_name\" content=\"Policy Options\" \/>\n<meta property=\"article:publisher\" content=\"https:\/\/www.facebook.com\/IRPP.org\" \/>\n<meta property=\"og:image\" content=\"https:\/\/policyoptions.irpp.org\/wp-content\/uploads\/2025\/08\/Housing-challenges-and-the-rural-urban-divide.jpg\" \/>\n\t<meta property=\"og:image:width\" content=\"800\" \/>\n\t<meta property=\"og:image:height\" content=\"450\" \/>\n\t<meta property=\"og:image:type\" content=\"image\/jpeg\" \/>\n<meta name=\"twitter:card\" content=\"summary_large_image\" \/>\n<meta name=\"twitter:site\" content=\"@irpp\" \/>\n<meta name=\"twitter:label1\" content=\"Est. reading time\" \/>\n\t<meta name=\"twitter:data1\" content=\"1 minute\" \/>\n<script type=\"application\/ld+json\" class=\"yoast-schema-graph\">{\"@context\":\"https:\\\/\\\/schema.org\",\"@graph\":[{\"@type\":\"WebPage\",\"@id\":\"https:\\\/\\\/policyoptions.irpp.org\\\/fr\\\/events\\\/housing-challenges-and-the-rural-urban-divide\\\/\",\"url\":\"https:\\\/\\\/policyoptions.irpp.org\\\/fr\\\/events\\\/housing-challenges-and-the-rural-urban-divide\\\/\",\"name\":\"\u00ab Housing challenges and the rural-urban divide \u00bb - Policy Options\",\"isPartOf\":{\"@id\":\"https:\\\/\\\/policyoptions.irpp.org\\\/fr\\\/#website\"},\"primaryImageOfPage\":{\"@id\":\"https:\\\/\\\/policyoptions.irpp.org\\\/fr\\\/events\\\/housing-challenges-and-the-rural-urban-divide\\\/#primaryimage\"},\"image\":{\"@id\":\"https:\\\/\\\/policyoptions.irpp.org\\\/fr\\\/events\\\/housing-challenges-and-the-rural-urban-divide\\\/#primaryimage\"},\"thumbnailUrl\":\"https:\\\/\\\/policyoptions.irpp.org\\\/wp-content\\\/uploads\\\/2025\\\/08\\\/Housing-challenges-and-the-rural-urban-divide.jpg\",\"datePublished\":\"2022-03-10T21:25:48+00:00\",\"breadcrumb\":{\"@id\":\"https:\\\/\\\/policyoptions.irpp.org\\\/fr\\\/events\\\/housing-challenges-and-the-rural-urban-divide\\\/#breadcrumb\"},\"inLanguage\":\"fr-FR\",\"potentialAction\":[{\"@type\":\"ReadAction\",\"target\":[\"https:\\\/\\\/policyoptions.irpp.org\\\/fr\\\/events\\\/housing-challenges-and-the-rural-urban-divide\\\/\"]}]},{\"@type\":\"ImageObject\",\"inLanguage\":\"fr-FR\",\"@id\":\"https:\\\/\\\/policyoptions.irpp.org\\\/fr\\\/events\\\/housing-challenges-and-the-rural-urban-divide\\\/#primaryimage\",\"url\":\"https:\\\/\\\/policyoptions.irpp.org\\\/wp-content\\\/uploads\\\/2025\\\/08\\\/Housing-challenges-and-the-rural-urban-divide.jpg\",\"contentUrl\":\"https:\\\/\\\/policyoptions.irpp.org\\\/wp-content\\\/uploads\\\/2025\\\/08\\\/Housing-challenges-and-the-rural-urban-divide.jpg\",\"width\":1920,\"height\":1080},{\"@type\":\"BreadcrumbList\",\"@id\":\"https:\\\/\\\/policyoptions.irpp.org\\\/fr\\\/events\\\/housing-challenges-and-the-rural-urban-divide\\\/#breadcrumb\",\"itemListElement\":[{\"@type\":\"ListItem\",\"position\":1,\"name\":\"Home\",\"item\":\"https:\\\/\\\/policyoptions.irpp.org\\\/fr\\\/\"},{\"@type\":\"ListItem\",\"position\":2,\"name\":\"\u00ab Housing challenges and the rural-urban divide \u00bb\"}]},{\"@type\":\"WebSite\",\"@id\":\"https:\\\/\\\/policyoptions.irpp.org\\\/fr\\\/#website\",\"url\":\"https:\\\/\\\/policyoptions.irpp.org\\\/fr\\\/\",\"name\":\"Policy Options\",\"description\":\"Institute for Research on Public Policy\",\"potentialAction\":[{\"@type\":\"SearchAction\",\"target\":{\"@type\":\"EntryPoint\",\"urlTemplate\":\"https:\\\/\\\/policyoptions.irpp.org\\\/fr\\\/?s={search_term_string}\"},\"query-input\":{\"@type\":\"PropertyValueSpecification\",\"valueRequired\":true,\"valueName\":\"search_term_string\"}}],\"inLanguage\":\"fr-FR\"}]}<\/script>\n<!-- \/ Yoast SEO plugin. -->","yoast_head_json":{"title":"\u00ab Housing challenges and the rural-urban divide \u00bb - Policy Options","robots":{"index":"index","follow":"follow","max-snippet":"max-snippet:-1","max-image-preview":"max-image-preview:large","max-video-preview":"max-video-preview:-1"},"canonical":"https:\/\/policyoptions.irpp.org\/fr\/events\/housing-challenges-and-the-rural-urban-divide\/","og_locale":"fr_FR","og_type":"article","og_title":"\u00ab Housing challenges and the rural-urban divide \u00bb - Policy Options","og_description":"Au fur et \u00e0 mesure que la vie urbaine perdait ses attraits sous les effets de la pand\u00e9mie, des citadins de tout le pays ont quitt\u00e9 les immeubles en copropri\u00e9t\u00e9 de leurs quartiers dens\u00e9ment peupl\u00e9s pour s\u2019installer \u00e0 la campagne. Si bien que les co\u00fbts du logement et des services connexes ont augment\u00e9 en r\u00e9gion [&hellip;]","og_url":"https:\/\/policyoptions.irpp.org\/fr\/events\/housing-challenges-and-the-rural-urban-divide\/","og_site_name":"Policy Options","article_publisher":"https:\/\/www.facebook.com\/IRPP.org","og_image":[{"url":"https:\/\/policyoptions.irpp.org\/wp-content\/uploads\/2025\/08\/Housing-challenges-and-the-rural-urban-divide.jpg","width":800,"height":450,"type":"image\/jpeg"}],"twitter_card":"summary_large_image","twitter_site":"@irpp","twitter_misc":{"Est. reading time":"1 minute"},"schema":{"@context":"https:\/\/schema.org","@graph":[{"@type":"WebPage","@id":"https:\/\/policyoptions.irpp.org\/fr\/events\/housing-challenges-and-the-rural-urban-divide\/","url":"https:\/\/policyoptions.irpp.org\/fr\/events\/housing-challenges-and-the-rural-urban-divide\/","name":"\u00ab Housing challenges and the rural-urban divide \u00bb - Policy Options","isPartOf":{"@id":"https:\/\/policyoptions.irpp.org\/fr\/#website"},"primaryImageOfPage":{"@id":"https:\/\/policyoptions.irpp.org\/fr\/events\/housing-challenges-and-the-rural-urban-divide\/#primaryimage"},"image":{"@id":"https:\/\/policyoptions.irpp.org\/fr\/events\/housing-challenges-and-the-rural-urban-divide\/#primaryimage"},"thumbnailUrl":"https:\/\/policyoptions.irpp.org\/wp-content\/uploads\/2025\/08\/Housing-challenges-and-the-rural-urban-divide.jpg","datePublished":"2022-03-10T21:25:48+00:00","breadcrumb":{"@id":"https:\/\/policyoptions.irpp.org\/fr\/events\/housing-challenges-and-the-rural-urban-divide\/#breadcrumb"},"inLanguage":"fr-FR","potentialAction":[{"@type":"ReadAction","target":["https:\/\/policyoptions.irpp.org\/fr\/events\/housing-challenges-and-the-rural-urban-divide\/"]}]},{"@type":"ImageObject","inLanguage":"fr-FR","@id":"https:\/\/policyoptions.irpp.org\/fr\/events\/housing-challenges-and-the-rural-urban-divide\/#primaryimage","url":"https:\/\/policyoptions.irpp.org\/wp-content\/uploads\/2025\/08\/Housing-challenges-and-the-rural-urban-divide.jpg","contentUrl":"https:\/\/policyoptions.irpp.org\/wp-content\/uploads\/2025\/08\/Housing-challenges-and-the-rural-urban-divide.jpg","width":1920,"height":1080},{"@type":"BreadcrumbList","@id":"https:\/\/policyoptions.irpp.org\/fr\/events\/housing-challenges-and-the-rural-urban-divide\/#breadcrumb","itemListElement":[{"@type":"ListItem","position":1,"name":"Home","item":"https:\/\/policyoptions.irpp.org\/fr\/"},{"@type":"ListItem","position":2,"name":"\u00ab Housing challenges and the rural-urban divide \u00bb"}]},{"@type":"WebSite","@id":"https:\/\/policyoptions.irpp.org\/fr\/#website","url":"https:\/\/policyoptions.irpp.org\/fr\/","name":"Policy Options","description":"Institute for Research on Public Policy","potentialAction":[{"@type":"SearchAction","target":{"@type":"EntryPoint","urlTemplate":"https:\/\/policyoptions.irpp.org\/fr\/?s={search_term_string}"},"query-input":{"@type":"PropertyValueSpecification","valueRequired":true,"valueName":"search_term_string"}}],"inLanguage":"fr-FR"}]}},"_links":{"self":[{"href":"https:\/\/policyoptions.irpp.org\/fr\/wp-json\/wp\/v2\/events\/290012","targetHints":{"allow":["GET"]}}],"collection":[{"href":"https:\/\/policyoptions.irpp.org\/fr\/wp-json\/wp\/v2\/events"}],"about":[{"href":"https:\/\/policyoptions.irpp.org\/fr\/wp-json\/wp\/v2\/types\/events"}],"wp:featuredmedia":[{"embeddable":true,"href":"https:\/\/policyoptions.irpp.org\/fr\/wp-json\/wp\/v2\/media\/289015"}],"wp:attachment":[{"href":"https:\/\/policyoptions.irpp.org\/fr\/wp-json\/wp\/v2\/media?parent=290012"}],"wp:term":[{"taxonomy":"event-source","embeddable":true,"href":"https:\/\/policyoptions.irpp.org\/fr\/wp-json\/wp\/v2\/event-source?post=290012"},{"taxonomy":"event-type","embeddable":true,"href":"https:\/\/policyoptions.irpp.org\/fr\/wp-json\/wp\/v2\/event-type?post=290012"}],"curies":[{"name":"wp","href":"https:\/\/api.w.org\/{rel}","templated":true}]}}