{"id":158712,"date":"2022-05-03T18:39:40","date_gmt":"2022-05-03T22:39:40","guid":{"rendered":"https:\/\/irpp-policy-options.local\/authors\/103057-2\/"},"modified":"2025-08-26T15:44:42","modified_gmt":"2025-08-26T19:44:42","slug":"103057-2","status":"publish","type":"authors","link":"https:\/\/policyoptions.irpp.org\/fr\/authors\/103057-2\/","title":{"rendered":"Andr\u00e9s Fontecilla"},"content":{"rendered":"<p>Andr\u00e9s Fontecilla est d\u00e9put\u00e9 de Laurier-Dorion et responsable en mati\u00e8re d&#8217;immigration, d&#8217;interculturalisme et de logement chez Qu\u00e9bec Solidaire. Originaire du Chili, il arrive au Qu\u00e9bec en 1981 avec sa famille qui fuit la dictature du g\u00e9n\u00e9ral Pinochet. Enfant de la loi 101, dipl\u00f4m\u00e9 en anthropologie de l&#8217;Universit\u00e9 de Montr\u00e9al, son parcours acad\u00e9mique est marqu\u00e9 d&#8217;implications diverses et d&#8217;un engagement constant en faveur d&#8217;une plus grande justice sociale.<\/p>\n","protected":false},"featured_media":287354,"template":"","meta":{"_acf_changed":false,"content-type":"","ep_exclude_from_search":false},"class_list":["post-158712","authors","type-authors","status-publish","has-post-thumbnail","hentry"],"acf":[],"yoast_head":"<!-- This site is optimized with the Yoast SEO plugin v27.4 - https:\/\/yoast.com\/product\/yoast-seo-wordpress\/ -->\n<title>Andr\u00e9s Fontecilla<\/title>\n<meta name=\"robots\" content=\"index, follow, max-snippet:-1, max-image-preview:large, max-video-preview:-1\" \/>\n<link rel=\"canonical\" href=\"https:\/\/policyoptions.irpp.org\/fr\/authors\/103057-2\/\" \/>\n<meta property=\"og:locale\" content=\"fr_FR\" \/>\n<meta property=\"og:type\" content=\"article\" \/>\n<meta property=\"og:title\" content=\"Andr\u00e9s Fontecilla\" \/>\n<meta property=\"og:description\" content=\"Andr\u00e9s Fontecilla est d\u00e9put\u00e9 de Laurier-Dorion et responsable en mati\u00e8re d&#8217;immigration, d&#8217;interculturalisme et de logement chez Qu\u00e9bec Solidaire. Originaire du Chili, il arrive au Qu\u00e9bec en 1981 avec sa famille qui fuit la dictature du g\u00e9n\u00e9ral Pinochet. Enfant de la loi 101, dipl\u00f4m\u00e9 en anthropologie de l&#8217;Universit\u00e9 de Montr\u00e9al, son parcours acad\u00e9mique est marqu\u00e9 d&#8217;implications [&hellip;]\" \/>\n<meta property=\"og:url\" content=\"https:\/\/policyoptions.irpp.org\/fr\/authors\/103057-2\/\" \/>\n<meta property=\"og:site_name\" content=\"Policy Options\" \/>\n<meta property=\"article:publisher\" content=\"https:\/\/www.facebook.com\/IRPP.org\" \/>\n<meta property=\"article:modified_time\" content=\"2025-08-26T19:44:42+00:00\" \/>\n<meta property=\"og:image\" content=\"https:\/\/policyoptions.irpp.org\/wp-content\/uploads\/2025\/03\/Andres-Fontecilla.jpg\" \/>\n\t<meta property=\"og:image:width\" content=\"500\" \/>\n\t<meta property=\"og:image:height\" content=\"500\" \/>\n\t<meta property=\"og:image:type\" content=\"image\/jpeg\" \/>\n<meta name=\"twitter:card\" content=\"summary_large_image\" \/>\n<meta name=\"twitter:site\" content=\"@irpp\" \/>\n<script type=\"application\/ld+json\" class=\"yoast-schema-graph\">{\"@context\":\"https:\\\/\\\/schema.org\",\"@graph\":[{\"@type\":\"WebPage\",\"@id\":\"https:\\\/\\\/policyoptions.irpp.org\\\/fr\\\/authors\\\/103057-2\\\/\",\"url\":\"https:\\\/\\\/policyoptions.irpp.org\\\/fr\\\/authors\\\/103057-2\\\/\",\"name\":\"Andr\u00e9s Fontecilla\",\"isPartOf\":{\"@id\":\"https:\\\/\\\/policyoptions.irpp.org\\\/fr\\\/#website\"},\"primaryImageOfPage\":{\"@id\":\"https:\\\/\\\/policyoptions.irpp.org\\\/fr\\\/authors\\\/103057-2\\\/#primaryimage\"},\"image\":{\"@id\":\"https:\\\/\\\/policyoptions.irpp.org\\\/fr\\\/authors\\\/103057-2\\\/#primaryimage\"},\"thumbnailUrl\":\"https:\\\/\\\/policyoptions.irpp.org\\\/wp-content\\\/uploads\\\/2025\\\/08\\\/Andres-Fontecilla.jpg\",\"datePublished\":\"2022-05-03T22:39:40+00:00\",\"dateModified\":\"2025-08-26T19:44:42+00:00\",\"breadcrumb\":{\"@id\":\"https:\\\/\\\/policyoptions.irpp.org\\\/fr\\\/authors\\\/103057-2\\\/#breadcrumb\"},\"inLanguage\":\"fr-FR\",\"potentialAction\":[{\"@type\":\"ReadAction\",\"target\":[\"https:\\\/\\\/policyoptions.irpp.org\\\/fr\\\/authors\\\/103057-2\\\/\"]}]},{\"@type\":\"ImageObject\",\"inLanguage\":\"fr-FR\",\"@id\":\"https:\\\/\\\/policyoptions.irpp.org\\\/fr\\\/authors\\\/103057-2\\\/#primaryimage\",\"url\":\"https:\\\/\\\/policyoptions.irpp.org\\\/wp-content\\\/uploads\\\/2025\\\/08\\\/Andres-Fontecilla.jpg\",\"contentUrl\":\"https:\\\/\\\/policyoptions.irpp.org\\\/wp-content\\\/uploads\\\/2025\\\/08\\\/Andres-Fontecilla.jpg\",\"width\":500,\"height\":500},{\"@type\":\"BreadcrumbList\",\"@id\":\"https:\\\/\\\/policyoptions.irpp.org\\\/fr\\\/authors\\\/103057-2\\\/#breadcrumb\",\"itemListElement\":[{\"@type\":\"ListItem\",\"position\":1,\"name\":\"Home\",\"item\":\"https:\\\/\\\/policyoptions.irpp.org\\\/fr\\\/\"},{\"@type\":\"ListItem\",\"position\":2,\"name\":\"Authors\",\"item\":\"https:\\\/\\\/policyoptions.irpp.org\\\/authors\\\/\"},{\"@type\":\"ListItem\",\"position\":3,\"name\":\"Andr\u00e9s Fontecilla\"}]},{\"@type\":\"WebSite\",\"@id\":\"https:\\\/\\\/policyoptions.irpp.org\\\/fr\\\/#website\",\"url\":\"https:\\\/\\\/policyoptions.irpp.org\\\/fr\\\/\",\"name\":\"Policy Options\",\"description\":\"Institute for Research on Public Policy\",\"potentialAction\":[{\"@type\":\"SearchAction\",\"target\":{\"@type\":\"EntryPoint\",\"urlTemplate\":\"https:\\\/\\\/policyoptions.irpp.org\\\/fr\\\/?s={search_term_string}\"},\"query-input\":{\"@type\":\"PropertyValueSpecification\",\"valueRequired\":true,\"valueName\":\"search_term_string\"}}],\"inLanguage\":\"fr-FR\"}]}<\/script>\n<!-- \/ Yoast SEO plugin. -->","yoast_head_json":{"title":"Andr\u00e9s Fontecilla","robots":{"index":"index","follow":"follow","max-snippet":"max-snippet:-1","max-image-preview":"max-image-preview:large","max-video-preview":"max-video-preview:-1"},"canonical":"https:\/\/policyoptions.irpp.org\/fr\/authors\/103057-2\/","og_locale":"fr_FR","og_type":"article","og_title":"Andr\u00e9s Fontecilla","og_description":"Andr\u00e9s Fontecilla est d\u00e9put\u00e9 de Laurier-Dorion et responsable en mati\u00e8re d&#8217;immigration, d&#8217;interculturalisme et de logement chez Qu\u00e9bec Solidaire. Originaire du Chili, il arrive au Qu\u00e9bec en 1981 avec sa famille qui fuit la dictature du g\u00e9n\u00e9ral Pinochet. Enfant de la loi 101, dipl\u00f4m\u00e9 en anthropologie de l&#8217;Universit\u00e9 de Montr\u00e9al, son parcours acad\u00e9mique est marqu\u00e9 d&#8217;implications [&hellip;]","og_url":"https:\/\/policyoptions.irpp.org\/fr\/authors\/103057-2\/","og_site_name":"Policy Options","article_publisher":"https:\/\/www.facebook.com\/IRPP.org","article_modified_time":"2025-08-26T19:44:42+00:00","og_image":[{"width":500,"height":500,"url":"https:\/\/policyoptions.irpp.org\/wp-content\/uploads\/2025\/03\/Andres-Fontecilla.jpg","type":"image\/jpeg"}],"twitter_card":"summary_large_image","twitter_site":"@irpp","schema":{"@context":"https:\/\/schema.org","@graph":[{"@type":"WebPage","@id":"https:\/\/policyoptions.irpp.org\/fr\/authors\/103057-2\/","url":"https:\/\/policyoptions.irpp.org\/fr\/authors\/103057-2\/","name":"Andr\u00e9s Fontecilla","isPartOf":{"@id":"https:\/\/policyoptions.irpp.org\/fr\/#website"},"primaryImageOfPage":{"@id":"https:\/\/policyoptions.irpp.org\/fr\/authors\/103057-2\/#primaryimage"},"image":{"@id":"https:\/\/policyoptions.irpp.org\/fr\/authors\/103057-2\/#primaryimage"},"thumbnailUrl":"https:\/\/policyoptions.irpp.org\/wp-content\/uploads\/2025\/08\/Andres-Fontecilla.jpg","datePublished":"2022-05-03T22:39:40+00:00","dateModified":"2025-08-26T19:44:42+00:00","breadcrumb":{"@id":"https:\/\/policyoptions.irpp.org\/fr\/authors\/103057-2\/#breadcrumb"},"inLanguage":"fr-FR","potentialAction":[{"@type":"ReadAction","target":["https:\/\/policyoptions.irpp.org\/fr\/authors\/103057-2\/"]}]},{"@type":"ImageObject","inLanguage":"fr-FR","@id":"https:\/\/policyoptions.irpp.org\/fr\/authors\/103057-2\/#primaryimage","url":"https:\/\/policyoptions.irpp.org\/wp-content\/uploads\/2025\/08\/Andres-Fontecilla.jpg","contentUrl":"https:\/\/policyoptions.irpp.org\/wp-content\/uploads\/2025\/08\/Andres-Fontecilla.jpg","width":500,"height":500},{"@type":"BreadcrumbList","@id":"https:\/\/policyoptions.irpp.org\/fr\/authors\/103057-2\/#breadcrumb","itemListElement":[{"@type":"ListItem","position":1,"name":"Home","item":"https:\/\/policyoptions.irpp.org\/fr\/"},{"@type":"ListItem","position":2,"name":"Authors","item":"https:\/\/policyoptions.irpp.org\/authors\/"},{"@type":"ListItem","position":3,"name":"Andr\u00e9s Fontecilla"}]},{"@type":"WebSite","@id":"https:\/\/policyoptions.irpp.org\/fr\/#website","url":"https:\/\/policyoptions.irpp.org\/fr\/","name":"Policy Options","description":"Institute for Research on Public Policy","potentialAction":[{"@type":"SearchAction","target":{"@type":"EntryPoint","urlTemplate":"https:\/\/policyoptions.irpp.org\/fr\/?s={search_term_string}"},"query-input":{"@type":"PropertyValueSpecification","valueRequired":true,"valueName":"search_term_string"}}],"inLanguage":"fr-FR"}]}},"_links":{"self":[{"href":"https:\/\/policyoptions.irpp.org\/fr\/wp-json\/wp\/v2\/authors\/158712","targetHints":{"allow":["GET"]}}],"collection":[{"href":"https:\/\/policyoptions.irpp.org\/fr\/wp-json\/wp\/v2\/authors"}],"about":[{"href":"https:\/\/policyoptions.irpp.org\/fr\/wp-json\/wp\/v2\/types\/authors"}],"wp:featuredmedia":[{"embeddable":true,"href":"https:\/\/policyoptions.irpp.org\/fr\/wp-json\/wp\/v2\/media\/287354"}],"wp:attachment":[{"href":"https:\/\/policyoptions.irpp.org\/fr\/wp-json\/wp\/v2\/media?parent=158712"}],"curies":[{"name":"wp","href":"https:\/\/api.w.org\/{rel}","templated":true}]}}