{"id":157795,"date":"2021-02-16T20:32:05","date_gmt":"2021-02-17T01:32:05","guid":{"rendered":"https:\/\/irpp-policy-options.local\/authors\/marco-laverdiere\/"},"modified":"2025-08-26T15:36:50","modified_gmt":"2025-08-26T19:36:50","slug":"marco-laverdiere","status":"publish","type":"authors","link":"https:\/\/policyoptions.irpp.org\/fr\/authors\/marco-laverdiere\/","title":{"rendered":"Marco Laverdi\u00e8re"},"content":{"rendered":"<p><a href=\"https:\/\/www.linkedin.com\/in\/marco-laverdi%C3%A8re-b92798b7\/?originalSubdomain=ca\" target=\"_blank\" rel=\"noopener\">Marco Laverdi\u00e8re<\/a> est avocat et chercheur associ\u00e9 de la Chaire de recherche du Canada sur la culture collaborative en droit et politiques de la sant\u00e9 et au H-POD de l\u2019Universit\u00e9 de Montr\u00e9al. Il enseigne aux programmes de deuxi\u00e8me cycle en droit et politiques de la sant\u00e9 \u00e0 l\u2019Universit\u00e9 de Sherbrooke. Il est \u00e9galement directeur g\u00e9n\u00e9ral de l\u2019Ordre des optom\u00e9tristes du Qu\u00e9bec.<\/p>\n","protected":false},"featured_media":286912,"template":"","meta":{"_acf_changed":false,"content-type":"","ep_exclude_from_search":false},"class_list":["post-157795","authors","type-authors","status-publish","has-post-thumbnail","hentry"],"acf":[],"yoast_head":"<!-- This site is optimized with the Yoast SEO plugin v27.4 - https:\/\/yoast.com\/product\/yoast-seo-wordpress\/ -->\n<title>Marco Laverdi\u00e8re<\/title>\n<meta name=\"robots\" content=\"index, follow, max-snippet:-1, max-image-preview:large, max-video-preview:-1\" \/>\n<link rel=\"canonical\" href=\"https:\/\/policyoptions.irpp.org\/fr\/authors\/marco-laverdiere\/\" \/>\n<meta property=\"og:locale\" content=\"fr_FR\" \/>\n<meta property=\"og:type\" content=\"article\" \/>\n<meta property=\"og:title\" content=\"Marco Laverdi\u00e8re\" \/>\n<meta property=\"og:description\" content=\"Marco Laverdi\u00e8re est avocat et chercheur associ\u00e9 de la Chaire de recherche du Canada sur la culture collaborative en droit et politiques de la sant\u00e9 et au H-POD de l\u2019Universit\u00e9 de Montr\u00e9al. Il enseigne aux programmes de deuxi\u00e8me cycle en droit et politiques de la sant\u00e9 \u00e0 l\u2019Universit\u00e9 de Sherbrooke. Il est \u00e9galement directeur g\u00e9n\u00e9ral [&hellip;]\" \/>\n<meta property=\"og:url\" content=\"https:\/\/policyoptions.irpp.org\/fr\/authors\/marco-laverdiere\/\" \/>\n<meta property=\"og:site_name\" content=\"Policy Options\" \/>\n<meta property=\"article:publisher\" content=\"https:\/\/www.facebook.com\/IRPP.org\" \/>\n<meta property=\"article:modified_time\" content=\"2025-08-26T19:36:50+00:00\" \/>\n<meta property=\"og:image\" content=\"https:\/\/policyoptions.irpp.org\/wp-content\/uploads\/2025\/03\/Marco-Laverdiere.jpg\" \/>\n\t<meta property=\"og:image:width\" content=\"200\" \/>\n\t<meta property=\"og:image:height\" content=\"200\" \/>\n\t<meta property=\"og:image:type\" content=\"image\/jpeg\" \/>\n<meta name=\"twitter:card\" content=\"summary_large_image\" \/>\n<meta name=\"twitter:site\" content=\"@irpp\" \/>\n<script type=\"application\/ld+json\" class=\"yoast-schema-graph\">{\"@context\":\"https:\\\/\\\/schema.org\",\"@graph\":[{\"@type\":\"WebPage\",\"@id\":\"https:\\\/\\\/policyoptions.irpp.org\\\/fr\\\/authors\\\/marco-laverdiere\\\/\",\"url\":\"https:\\\/\\\/policyoptions.irpp.org\\\/fr\\\/authors\\\/marco-laverdiere\\\/\",\"name\":\"Marco Laverdi\u00e8re\",\"isPartOf\":{\"@id\":\"https:\\\/\\\/policyoptions.irpp.org\\\/fr\\\/#website\"},\"primaryImageOfPage\":{\"@id\":\"https:\\\/\\\/policyoptions.irpp.org\\\/fr\\\/authors\\\/marco-laverdiere\\\/#primaryimage\"},\"image\":{\"@id\":\"https:\\\/\\\/policyoptions.irpp.org\\\/fr\\\/authors\\\/marco-laverdiere\\\/#primaryimage\"},\"thumbnailUrl\":\"https:\\\/\\\/policyoptions.irpp.org\\\/wp-content\\\/uploads\\\/2025\\\/08\\\/Marco-Laverdiere.jpg\",\"datePublished\":\"2021-02-17T01:32:05+00:00\",\"dateModified\":\"2025-08-26T19:36:50+00:00\",\"breadcrumb\":{\"@id\":\"https:\\\/\\\/policyoptions.irpp.org\\\/fr\\\/authors\\\/marco-laverdiere\\\/#breadcrumb\"},\"inLanguage\":\"fr-FR\",\"potentialAction\":[{\"@type\":\"ReadAction\",\"target\":[\"https:\\\/\\\/policyoptions.irpp.org\\\/fr\\\/authors\\\/marco-laverdiere\\\/\"]}]},{\"@type\":\"ImageObject\",\"inLanguage\":\"fr-FR\",\"@id\":\"https:\\\/\\\/policyoptions.irpp.org\\\/fr\\\/authors\\\/marco-laverdiere\\\/#primaryimage\",\"url\":\"https:\\\/\\\/policyoptions.irpp.org\\\/wp-content\\\/uploads\\\/2025\\\/08\\\/Marco-Laverdiere.jpg\",\"contentUrl\":\"https:\\\/\\\/policyoptions.irpp.org\\\/wp-content\\\/uploads\\\/2025\\\/08\\\/Marco-Laverdiere.jpg\",\"width\":200,\"height\":200},{\"@type\":\"BreadcrumbList\",\"@id\":\"https:\\\/\\\/policyoptions.irpp.org\\\/fr\\\/authors\\\/marco-laverdiere\\\/#breadcrumb\",\"itemListElement\":[{\"@type\":\"ListItem\",\"position\":1,\"name\":\"Home\",\"item\":\"https:\\\/\\\/policyoptions.irpp.org\\\/fr\\\/\"},{\"@type\":\"ListItem\",\"position\":2,\"name\":\"Authors\",\"item\":\"https:\\\/\\\/policyoptions.irpp.org\\\/authors\\\/\"},{\"@type\":\"ListItem\",\"position\":3,\"name\":\"Marco Laverdi\u00e8re\"}]},{\"@type\":\"WebSite\",\"@id\":\"https:\\\/\\\/policyoptions.irpp.org\\\/fr\\\/#website\",\"url\":\"https:\\\/\\\/policyoptions.irpp.org\\\/fr\\\/\",\"name\":\"Policy Options\",\"description\":\"Institute for Research on Public Policy\",\"potentialAction\":[{\"@type\":\"SearchAction\",\"target\":{\"@type\":\"EntryPoint\",\"urlTemplate\":\"https:\\\/\\\/policyoptions.irpp.org\\\/fr\\\/?s={search_term_string}\"},\"query-input\":{\"@type\":\"PropertyValueSpecification\",\"valueRequired\":true,\"valueName\":\"search_term_string\"}}],\"inLanguage\":\"fr-FR\"}]}<\/script>\n<!-- \/ Yoast SEO plugin. -->","yoast_head_json":{"title":"Marco Laverdi\u00e8re","robots":{"index":"index","follow":"follow","max-snippet":"max-snippet:-1","max-image-preview":"max-image-preview:large","max-video-preview":"max-video-preview:-1"},"canonical":"https:\/\/policyoptions.irpp.org\/fr\/authors\/marco-laverdiere\/","og_locale":"fr_FR","og_type":"article","og_title":"Marco Laverdi\u00e8re","og_description":"Marco Laverdi\u00e8re est avocat et chercheur associ\u00e9 de la Chaire de recherche du Canada sur la culture collaborative en droit et politiques de la sant\u00e9 et au H-POD de l\u2019Universit\u00e9 de Montr\u00e9al. Il enseigne aux programmes de deuxi\u00e8me cycle en droit et politiques de la sant\u00e9 \u00e0 l\u2019Universit\u00e9 de Sherbrooke. Il est \u00e9galement directeur g\u00e9n\u00e9ral [&hellip;]","og_url":"https:\/\/policyoptions.irpp.org\/fr\/authors\/marco-laverdiere\/","og_site_name":"Policy Options","article_publisher":"https:\/\/www.facebook.com\/IRPP.org","article_modified_time":"2025-08-26T19:36:50+00:00","og_image":[{"width":200,"height":200,"url":"https:\/\/policyoptions.irpp.org\/wp-content\/uploads\/2025\/03\/Marco-Laverdiere.jpg","type":"image\/jpeg"}],"twitter_card":"summary_large_image","twitter_site":"@irpp","schema":{"@context":"https:\/\/schema.org","@graph":[{"@type":"WebPage","@id":"https:\/\/policyoptions.irpp.org\/fr\/authors\/marco-laverdiere\/","url":"https:\/\/policyoptions.irpp.org\/fr\/authors\/marco-laverdiere\/","name":"Marco Laverdi\u00e8re","isPartOf":{"@id":"https:\/\/policyoptions.irpp.org\/fr\/#website"},"primaryImageOfPage":{"@id":"https:\/\/policyoptions.irpp.org\/fr\/authors\/marco-laverdiere\/#primaryimage"},"image":{"@id":"https:\/\/policyoptions.irpp.org\/fr\/authors\/marco-laverdiere\/#primaryimage"},"thumbnailUrl":"https:\/\/policyoptions.irpp.org\/wp-content\/uploads\/2025\/08\/Marco-Laverdiere.jpg","datePublished":"2021-02-17T01:32:05+00:00","dateModified":"2025-08-26T19:36:50+00:00","breadcrumb":{"@id":"https:\/\/policyoptions.irpp.org\/fr\/authors\/marco-laverdiere\/#breadcrumb"},"inLanguage":"fr-FR","potentialAction":[{"@type":"ReadAction","target":["https:\/\/policyoptions.irpp.org\/fr\/authors\/marco-laverdiere\/"]}]},{"@type":"ImageObject","inLanguage":"fr-FR","@id":"https:\/\/policyoptions.irpp.org\/fr\/authors\/marco-laverdiere\/#primaryimage","url":"https:\/\/policyoptions.irpp.org\/wp-content\/uploads\/2025\/08\/Marco-Laverdiere.jpg","contentUrl":"https:\/\/policyoptions.irpp.org\/wp-content\/uploads\/2025\/08\/Marco-Laverdiere.jpg","width":200,"height":200},{"@type":"BreadcrumbList","@id":"https:\/\/policyoptions.irpp.org\/fr\/authors\/marco-laverdiere\/#breadcrumb","itemListElement":[{"@type":"ListItem","position":1,"name":"Home","item":"https:\/\/policyoptions.irpp.org\/fr\/"},{"@type":"ListItem","position":2,"name":"Authors","item":"https:\/\/policyoptions.irpp.org\/authors\/"},{"@type":"ListItem","position":3,"name":"Marco Laverdi\u00e8re"}]},{"@type":"WebSite","@id":"https:\/\/policyoptions.irpp.org\/fr\/#website","url":"https:\/\/policyoptions.irpp.org\/fr\/","name":"Policy Options","description":"Institute for Research on Public Policy","potentialAction":[{"@type":"SearchAction","target":{"@type":"EntryPoint","urlTemplate":"https:\/\/policyoptions.irpp.org\/fr\/?s={search_term_string}"},"query-input":{"@type":"PropertyValueSpecification","valueRequired":true,"valueName":"search_term_string"}}],"inLanguage":"fr-FR"}]}},"_links":{"self":[{"href":"https:\/\/policyoptions.irpp.org\/fr\/wp-json\/wp\/v2\/authors\/157795","targetHints":{"allow":["GET"]}}],"collection":[{"href":"https:\/\/policyoptions.irpp.org\/fr\/wp-json\/wp\/v2\/authors"}],"about":[{"href":"https:\/\/policyoptions.irpp.org\/fr\/wp-json\/wp\/v2\/types\/authors"}],"wp:featuredmedia":[{"embeddable":true,"href":"https:\/\/policyoptions.irpp.org\/fr\/wp-json\/wp\/v2\/media\/286912"}],"wp:attachment":[{"href":"https:\/\/policyoptions.irpp.org\/fr\/wp-json\/wp\/v2\/media?parent=157795"}],"curies":[{"name":"wp","href":"https:\/\/api.w.org\/{rel}","templated":true}]}}