{"version":"1.0","provider_name":"Policy Options","provider_url":"https:\/\/policyoptions.irpp.org\/fr\/","title":"Racisme et discrimination syst\u00e9miques \u00e0 Montr\u00e9al - Policy Options","type":"rich","width":600,"height":338,"html":"<blockquote class=\"wp-embedded-content\" data-secret=\"NZGtWwLlgl\"><a href=\"https:\/\/policyoptions.irpp.org\/fr\/podcast\/racisme-et-discrimination-systemiques-a-montreal-2\/\">Racisme et discrimination syst\u00e9miques \u00e0 Montr\u00e9al<\/a><\/blockquote><iframe sandbox=\"allow-scripts\" security=\"restricted\" src=\"https:\/\/policyoptions.irpp.org\/fr\/podcast\/racisme-et-discrimination-systemiques-a-montreal-2\/embed\/#?secret=NZGtWwLlgl\" width=\"600\" height=\"338\" title=\"&#8220;Racisme et discrimination syst\u00e9miques \u00e0 Montr\u00e9al&#8221; &#8212; Policy Options\" data-secret=\"NZGtWwLlgl\" frameborder=\"0\" marginwidth=\"0\" marginheight=\"0\" scrolling=\"no\" class=\"wp-embedded-content\"><\/iframe><script>\n\/*! This file is auto-generated *\/\n!function(d,l){\"use strict\";l.querySelector&&d.addEventListener&&\"undefined\"!=typeof URL&&(d.wp=d.wp||{},d.wp.receiveEmbedMessage||(d.wp.receiveEmbedMessage=function(e){var t=e.data;if((t||t.secret||t.message||t.value)&&!\/[^a-zA-Z0-9]\/.test(t.secret)){for(var s,r,n,a=l.querySelectorAll('iframe[data-secret=\"'+t.secret+'\"]'),o=l.querySelectorAll('blockquote[data-secret=\"'+t.secret+'\"]'),c=new RegExp(\"^https?:$\",\"i\"),i=0;i<o.length;i++)o[i].style.display=\"none\";for(i=0;i<a.length;i++)s=a[i],e.source===s.contentWindow&&(s.removeAttribute(\"style\"),\"height\"===t.message?(1e3<(r=parseInt(t.value,10))?r=1e3:~~r<200&&(r=200),s.height=r):\"link\"===t.message&&(r=new URL(s.getAttribute(\"src\")),n=new URL(t.value),c.test(n.protocol))&&n.host===r.host&&l.activeElement===s&&(d.top.location.href=t.value))}},d.addEventListener(\"message\",d.wp.receiveEmbedMessage,!1),l.addEventListener(\"DOMContentLoaded\",function(){for(var e,t,s=l.querySelectorAll(\"iframe.wp-embedded-content\"),r=0;r<s.length;r++)(t=(e=s[r]).getAttribute(\"data-secret\"))||(t=Math.random().toString(36).substring(2,12),e.src+=\"#?secret=\"+t,e.setAttribute(\"data-secret\",t)),e.contentWindow.postMessage({message:\"ready\",secret:t},\"*\")},!1)))}(window,document);\n<\/script>\n","thumbnail_url":"https:\/\/policyoptions.irpp.org\/wp-content\/uploads\/2025\/08\/Podcast-98.jpg","thumbnail_width":2000,"thumbnail_height":700,"description":"En 2019, \u00e0 la suite d\u2019une importante mobilisation de la soci\u00e9t\u00e9 civile, la Ville de Montr\u00e9al a lanc\u00e9 une consultation publique sur le racisme et la discrimination syst\u00e9miques. Les audiences ont pris fin en d\u00e9cembre, et le rapport final de la consultation devrait \u00eatre publi\u00e9 au printemps 2020. Ce n\u2019est pas la premi\u00e8re fois que [&hellip;]"}