{"version":"1.0","provider_name":"Policy Options","provider_url":"https:\/\/policyoptions.irpp.org\/fr\/","title":"Les municipalite\u0301s et le f\u00e9d\u00e9ralisme canadien - Policy Options","type":"rich","width":600,"height":338,"html":"<blockquote class=\"wp-embedded-content\" data-secret=\"6hf2dCuT5v\"><a href=\"https:\/\/policyoptions.irpp.org\/fr\/podcast\/les-municipalites-et-le-federalisme-canadien\/\">Les municipalite\u0301s et le f\u00e9d\u00e9ralisme canadien<\/a><\/blockquote><iframe sandbox=\"allow-scripts\" security=\"restricted\" src=\"https:\/\/policyoptions.irpp.org\/fr\/podcast\/les-municipalites-et-le-federalisme-canadien\/embed\/#?secret=6hf2dCuT5v\" width=\"600\" height=\"338\" title=\"&#8220;Les municipalite\u0301s et le f\u00e9d\u00e9ralisme canadien&#8221; &#8212; Policy Options\" data-secret=\"6hf2dCuT5v\" frameborder=\"0\" marginwidth=\"0\" marginheight=\"0\" scrolling=\"no\" class=\"wp-embedded-content\"><\/iframe><script>\n\/*! This file is auto-generated *\/\n!function(d,l){\"use strict\";l.querySelector&&d.addEventListener&&\"undefined\"!=typeof URL&&(d.wp=d.wp||{},d.wp.receiveEmbedMessage||(d.wp.receiveEmbedMessage=function(e){var t=e.data;if((t||t.secret||t.message||t.value)&&!\/[^a-zA-Z0-9]\/.test(t.secret)){for(var s,r,n,a=l.querySelectorAll('iframe[data-secret=\"'+t.secret+'\"]'),o=l.querySelectorAll('blockquote[data-secret=\"'+t.secret+'\"]'),c=new RegExp(\"^https?:$\",\"i\"),i=0;i<o.length;i++)o[i].style.display=\"none\";for(i=0;i<a.length;i++)s=a[i],e.source===s.contentWindow&&(s.removeAttribute(\"style\"),\"height\"===t.message?(1e3<(r=parseInt(t.value,10))?r=1e3:~~r<200&&(r=200),s.height=r):\"link\"===t.message&&(r=new URL(s.getAttribute(\"src\")),n=new URL(t.value),c.test(n.protocol))&&n.host===r.host&&l.activeElement===s&&(d.top.location.href=t.value))}},d.addEventListener(\"message\",d.wp.receiveEmbedMessage,!1),l.addEventListener(\"DOMContentLoaded\",function(){for(var e,t,s=l.querySelectorAll(\"iframe.wp-embedded-content\"),r=0;r<s.length;r++)(t=(e=s[r]).getAttribute(\"data-secret\"))||(t=Math.random().toString(36).substring(2,12),e.src+=\"#?secret=\"+t,e.setAttribute(\"data-secret\",t)),e.contentWindow.postMessage({message:\"ready\",secret:t},\"*\")},!1)))}(window,document);\n<\/script>\n","thumbnail_url":"https:\/\/policyoptions.irpp.org\/wp-content\/uploads\/2025\/08\/LivingTree_1920x1080_BIL.png","thumbnail_width":1920,"thumbnail_height":1080,"description":"Comment les municipalit\u00e9s trouvent-elles leur place dans la structure f\u00e9d\u00e9rale du Canada ? Comment les villes g\u00e8rent-elles leurs objectifs avec des pouvoirs limit\u00e9s en mati\u00e8re de collecte de revenus ?\u00a0Dans cet \u00e9pisode du balado, nous explorons les relations entre les municipalit\u00e9s et les gouvernements f\u00e9d\u00e9ral, provinciaux et territoriaux. Anim\u00e9e par Tomas Hachard, chercheur ind\u00e9pendant, auteur [&hellip;]"}