{"version":"1.0","provider_name":"Policy Options","provider_url":"https:\/\/policyoptions.irpp.org\/fr\/","title":"Le bilan mitig\u00e9 de Justin Trudeau","type":"rich","width":600,"height":338,"html":"<blockquote class=\"wp-embedded-content\" data-secret=\"bWQfwdQhzG\"><a href=\"https:\/\/policyoptions.irpp.org\/fr\/2025\/03\/bilan-trudeau\/\">Le bilan mitig\u00e9 de Justin Trudeau<\/a><\/blockquote><iframe sandbox=\"allow-scripts\" security=\"restricted\" src=\"https:\/\/policyoptions.irpp.org\/fr\/2025\/03\/bilan-trudeau\/embed\/#?secret=bWQfwdQhzG\" width=\"600\" height=\"338\" title=\"&#8220;Le bilan mitig\u00e9 de Justin Trudeau&#8221; &#8212; Policy Options\" data-secret=\"bWQfwdQhzG\" frameborder=\"0\" marginwidth=\"0\" marginheight=\"0\" scrolling=\"no\" class=\"wp-embedded-content\"><\/iframe><script>\n\/*! This file is auto-generated *\/\n!function(d,l){\"use strict\";l.querySelector&&d.addEventListener&&\"undefined\"!=typeof URL&&(d.wp=d.wp||{},d.wp.receiveEmbedMessage||(d.wp.receiveEmbedMessage=function(e){var t=e.data;if((t||t.secret||t.message||t.value)&&!\/[^a-zA-Z0-9]\/.test(t.secret)){for(var s,r,n,a=l.querySelectorAll('iframe[data-secret=\"'+t.secret+'\"]'),o=l.querySelectorAll('blockquote[data-secret=\"'+t.secret+'\"]'),c=new RegExp(\"^https?:$\",\"i\"),i=0;i<o.length;i++)o[i].style.display=\"none\";for(i=0;i<a.length;i++)s=a[i],e.source===s.contentWindow&&(s.removeAttribute(\"style\"),\"height\"===t.message?(1e3<(r=parseInt(t.value,10))?r=1e3:~~r<200&&(r=200),s.height=r):\"link\"===t.message&&(r=new URL(s.getAttribute(\"src\")),n=new URL(t.value),c.test(n.protocol))&&n.host===r.host&&l.activeElement===s&&(d.top.location.href=t.value))}},d.addEventListener(\"message\",d.wp.receiveEmbedMessage,!1),l.addEventListener(\"DOMContentLoaded\",function(){for(var e,t,s=l.querySelectorAll(\"iframe.wp-embedded-content\"),r=0;r<s.length;r++)(t=(e=s[r]).getAttribute(\"data-secret\"))||(t=Math.random().toString(36).substring(2,12),e.src+=\"#?secret=\"+t,e.setAttribute(\"data-secret\",t)),e.contentWindow.postMessage({message:\"ready\",secret:t},\"*\")},!1)))}(window,document);\n<\/script>\n","thumbnail_url":"https:\/\/policyoptions.irpp.org\/wp-content\/uploads\/2025\/08\/Wordpress-The-mixed-government-legacy-of-Justin-Trudeau.jpg","thumbnail_width":1920,"thumbnail_height":1080,"description":"(English version available here) \u00c9valuer l\u2019h\u00e9ritage d\u2019un premier ministre apr\u00e8s pr\u00e8s d\u2019une d\u00e9cennie au pouvoir n\u2019est pas une t\u00e2che facile. Le mandat de Justin Trudeau s\u2019est d\u00e9roul\u00e9 dans un contexte de relative instabilit\u00e9 \u00e9conomique, de turbulences mondiales et de perturbations in\u00e9dites caus\u00e9es par la pand\u00e9mie. Comme pour tout dirigeant de longue date, son bilan est [&hellip;]"}