{"version":"1.0","provider_name":"Policy Options","provider_url":"https:\/\/policyoptions.irpp.org\/fr\/","title":"L\u2019h\u00e9bergement en d\u00e9ficience intellectuelle doit \u00eatre enti\u00e8rement revu","type":"rich","width":600,"height":338,"html":"<blockquote class=\"wp-embedded-content\" data-secret=\"jwzDdJg2rF\"><a href=\"https:\/\/policyoptions.irpp.org\/fr\/2024\/12\/hebergement-deficience-intellectuelle\/\">L\u2019h\u00e9bergement en d\u00e9ficience intellectuelle doit \u00eatre enti\u00e8rement revu<\/a><\/blockquote><iframe sandbox=\"allow-scripts\" security=\"restricted\" src=\"https:\/\/policyoptions.irpp.org\/fr\/2024\/12\/hebergement-deficience-intellectuelle\/embed\/#?secret=jwzDdJg2rF\" width=\"600\" height=\"338\" title=\"&#8220;L\u2019h\u00e9bergement en d\u00e9ficience intellectuelle doit \u00eatre enti\u00e8rement revu&#8221; &#8212; Policy Options\" data-secret=\"jwzDdJg2rF\" frameborder=\"0\" marginwidth=\"0\" marginheight=\"0\" scrolling=\"no\" class=\"wp-embedded-content\"><\/iframe><script>\n\/*! This file is auto-generated *\/\n!function(d,l){\"use strict\";l.querySelector&&d.addEventListener&&\"undefined\"!=typeof URL&&(d.wp=d.wp||{},d.wp.receiveEmbedMessage||(d.wp.receiveEmbedMessage=function(e){var t=e.data;if((t||t.secret||t.message||t.value)&&!\/[^a-zA-Z0-9]\/.test(t.secret)){for(var s,r,n,a=l.querySelectorAll('iframe[data-secret=\"'+t.secret+'\"]'),o=l.querySelectorAll('blockquote[data-secret=\"'+t.secret+'\"]'),c=new RegExp(\"^https?:$\",\"i\"),i=0;i<o.length;i++)o[i].style.display=\"none\";for(i=0;i<a.length;i++)s=a[i],e.source===s.contentWindow&&(s.removeAttribute(\"style\"),\"height\"===t.message?(1e3<(r=parseInt(t.value,10))?r=1e3:~~r<200&&(r=200),s.height=r):\"link\"===t.message&&(r=new URL(s.getAttribute(\"src\")),n=new URL(t.value),c.test(n.protocol))&&n.host===r.host&&l.activeElement===s&&(d.top.location.href=t.value))}},d.addEventListener(\"message\",d.wp.receiveEmbedMessage,!1),l.addEventListener(\"DOMContentLoaded\",function(){for(var e,t,s=l.querySelectorAll(\"iframe.wp-embedded-content\"),r=0;r<s.length;r++)(t=(e=s[r]).getAttribute(\"data-secret\"))||(t=Math.random().toString(36).substring(2,12),e.src+=\"#?secret=\"+t,e.setAttribute(\"data-secret\",t)),e.contentWindow.postMessage({message:\"ready\",secret:t},\"*\")},!1)))}(window,document);\n<\/script>\n","thumbnail_url":"https:\/\/policyoptions.irpp.org\/wp-content\/uploads\/2025\/08\/Wordpress-Housing-for-people-with-intellectual-disabilities-must-be-entirely-rethought.jpg","thumbnail_width":1920,"thumbnail_height":1080,"description":"(English version available\u00a0here) Si la crise du logement n\u2019\u00e9pargne personne, elle frappe encore plus durement les personnes ayant une d\u00e9ficience intellectuelle. En plus des enjeux \u00e9conomiques et sociaux auxquels ces personnes sont d\u00e9j\u00e0 confront\u00e9es, elles se heurtent \u00e0 un syst\u00e8me d\u2019h\u00e9bergement qui ne leur garantit pas toujours la s\u00e9curit\u00e9 ou un cadre de vie ad\u00e9quat. [&hellip;]"}