{"version":"1.0","provider_name":"Policy Options","provider_url":"https:\/\/policyoptions.irpp.org\/fr\/","title":"Les minorit\u00e9s visibles acc\u00e8dent difficilement au march\u00e9 du travail","type":"rich","width":600,"height":338,"html":"<blockquote class=\"wp-embedded-content\" data-secret=\"0JJgX3VuGW\"><a href=\"https:\/\/policyoptions.irpp.org\/fr\/2024\/04\/minorites-canadiennes-travail\/\">Les minorit\u00e9s visibles acc\u00e8dent difficilement au march\u00e9 du travail<\/a><\/blockquote><iframe sandbox=\"allow-scripts\" security=\"restricted\" src=\"https:\/\/policyoptions.irpp.org\/fr\/2024\/04\/minorites-canadiennes-travail\/embed\/#?secret=0JJgX3VuGW\" width=\"600\" height=\"338\" title=\"&#8220;Les minorit\u00e9s visibles acc\u00e8dent difficilement au march\u00e9 du travail&#8221; &#8212; Policy Options\" data-secret=\"0JJgX3VuGW\" frameborder=\"0\" marginwidth=\"0\" marginheight=\"0\" scrolling=\"no\" class=\"wp-embedded-content\"><\/iframe><script>\n\/*! This file is auto-generated *\/\n!function(d,l){\"use strict\";l.querySelector&&d.addEventListener&&\"undefined\"!=typeof URL&&(d.wp=d.wp||{},d.wp.receiveEmbedMessage||(d.wp.receiveEmbedMessage=function(e){var t=e.data;if((t||t.secret||t.message||t.value)&&!\/[^a-zA-Z0-9]\/.test(t.secret)){for(var s,r,n,a=l.querySelectorAll('iframe[data-secret=\"'+t.secret+'\"]'),o=l.querySelectorAll('blockquote[data-secret=\"'+t.secret+'\"]'),c=new RegExp(\"^https?:$\",\"i\"),i=0;i<o.length;i++)o[i].style.display=\"none\";for(i=0;i<a.length;i++)s=a[i],e.source===s.contentWindow&&(s.removeAttribute(\"style\"),\"height\"===t.message?(1e3<(r=parseInt(t.value,10))?r=1e3:~~r<200&&(r=200),s.height=r):\"link\"===t.message&&(r=new URL(s.getAttribute(\"src\")),n=new URL(t.value),c.test(n.protocol))&&n.host===r.host&&l.activeElement===s&&(d.top.location.href=t.value))}},d.addEventListener(\"message\",d.wp.receiveEmbedMessage,!1),l.addEventListener(\"DOMContentLoaded\",function(){for(var e,t,s=l.querySelectorAll(\"iframe.wp-embedded-content\"),r=0;r<s.length;r++)(t=(e=s[r]).getAttribute(\"data-secret\"))||(t=Math.random().toString(36).substring(2,12),e.src+=\"#?secret=\"+t,e.setAttribute(\"data-secret\",t)),e.contentWindow.postMessage({message:\"ready\",secret:t},\"*\")},!1)))}(window,document);\n<\/script>\n","thumbnail_url":"https:\/\/policyoptions.irpp.org\/wp-content\/uploads\/2025\/08\/Wordpress-Les-minorites-visibles-accedent-difficilement-au-marche-du-travail.jpg","thumbnail_width":1920,"thumbnail_height":1080,"description":"(English version available here) Le visage de la population canadienne et qu\u00e9b\u00e9coise est en train de changer, entra\u00eenant du m\u00eame souffle une transformation du march\u00e9 du travail. Une proportion croissante de la population est issue de l\u2019immigration et cette tendance s\u2019acc\u00e9l\u00e9rera au cours des prochaines d\u00e9cennies. Selon les pr\u00e9visions de Statistique Canada, les immigrants et [&hellip;]"}