{"version":"1.0","provider_name":"Policy Options","provider_url":"https:\/\/policyoptions.irpp.org\/fr\/","title":"Est-ce la fin du bilinguisme canadien? (2)","type":"rich","width":600,"height":338,"html":"<blockquote class=\"wp-embedded-content\" data-secret=\"j61BrOf46m\"><a href=\"https:\/\/policyoptions.irpp.org\/fr\/2022\/09\/fin-bilinguisme-canada-2\/\">Est-ce la fin du bilinguisme canadien? (2)<\/a><\/blockquote><iframe sandbox=\"allow-scripts\" security=\"restricted\" src=\"https:\/\/policyoptions.irpp.org\/fr\/2022\/09\/fin-bilinguisme-canada-2\/embed\/#?secret=j61BrOf46m\" width=\"600\" height=\"338\" title=\"&#8220;Est-ce la fin du bilinguisme canadien? (2)&#8221; &#8212; Policy Options\" data-secret=\"j61BrOf46m\" frameborder=\"0\" marginwidth=\"0\" marginheight=\"0\" scrolling=\"no\" class=\"wp-embedded-content\"><\/iframe><script>\n\/*! This file is auto-generated *\/\n!function(d,l){\"use strict\";l.querySelector&&d.addEventListener&&\"undefined\"!=typeof URL&&(d.wp=d.wp||{},d.wp.receiveEmbedMessage||(d.wp.receiveEmbedMessage=function(e){var t=e.data;if((t||t.secret||t.message||t.value)&&!\/[^a-zA-Z0-9]\/.test(t.secret)){for(var s,r,n,a=l.querySelectorAll('iframe[data-secret=\"'+t.secret+'\"]'),o=l.querySelectorAll('blockquote[data-secret=\"'+t.secret+'\"]'),c=new RegExp(\"^https?:$\",\"i\"),i=0;i<o.length;i++)o[i].style.display=\"none\";for(i=0;i<a.length;i++)s=a[i],e.source===s.contentWindow&&(s.removeAttribute(\"style\"),\"height\"===t.message?(1e3<(r=parseInt(t.value,10))?r=1e3:~~r<200&&(r=200),s.height=r):\"link\"===t.message&&(r=new URL(s.getAttribute(\"src\")),n=new URL(t.value),c.test(n.protocol))&&n.host===r.host&&l.activeElement===s&&(d.top.location.href=t.value))}},d.addEventListener(\"message\",d.wp.receiveEmbedMessage,!1),l.addEventListener(\"DOMContentLoaded\",function(){for(var e,t,s=l.querySelectorAll(\"iframe.wp-embedded-content\"),r=0;r<s.length;r++)(t=(e=s[r]).getAttribute(\"data-secret\"))||(t=Math.random().toString(36).substring(2,12),e.src+=\"#?secret=\"+t,e.setAttribute(\"data-secret\",t)),e.contentWindow.postMessage({message:\"ready\",secret:t},\"*\")},!1)))}(window,document);\n<\/script>\n","thumbnail_url":"https:\/\/policyoptions.irpp.org\/wp-content\/uploads\/2025\/08\/Gravelbourg.jpg","thumbnail_width":1000,"thumbnail_height":660,"description":"Le bilinguisme canadien, tel que plusieurs l\u2019ont r\u00eav\u00e9, est en train de mourir. Hors du Qu\u00e9bec, de certaines parties de l\u2019Ontario et de l\u2019Acadie, la connaissance du fran\u00e7ais n\u2019est simplement plus utile au quotidien. Et m\u00eame dans les endroits du ROC o\u00f9 on le parle encore, le fran\u00e7ais fond \u00e0 vue d\u2019\u0153il. Comme nous l\u2019avons [&hellip;]"}