{"version":"1.0","provider_name":"Policy Options","provider_url":"https:\/\/policyoptions.irpp.org\/fr\/","title":"Loi 96 : une atteinte \u00e0 la justice et aux droits fondamentaux","type":"rich","width":600,"height":338,"html":"<blockquote class=\"wp-embedded-content\" data-secret=\"ygnaGFp2s4\"><a href=\"https:\/\/policyoptions.irpp.org\/fr\/2022\/05\/loi-96-droits-fondamentaux\/\">Loi 96 : une atteinte \u00e0 la justice et aux droits fondamentaux<\/a><\/blockquote><iframe sandbox=\"allow-scripts\" security=\"restricted\" src=\"https:\/\/policyoptions.irpp.org\/fr\/2022\/05\/loi-96-droits-fondamentaux\/embed\/#?secret=ygnaGFp2s4\" width=\"600\" height=\"338\" title=\"&#8220;Loi 96 : une atteinte \u00e0 la justice et aux droits fondamentaux&#8221; &#8212; Policy Options\" data-secret=\"ygnaGFp2s4\" frameborder=\"0\" marginwidth=\"0\" marginheight=\"0\" scrolling=\"no\" class=\"wp-embedded-content\"><\/iframe><script>\n\/*! This file is auto-generated *\/\n!function(d,l){\"use strict\";l.querySelector&&d.addEventListener&&\"undefined\"!=typeof URL&&(d.wp=d.wp||{},d.wp.receiveEmbedMessage||(d.wp.receiveEmbedMessage=function(e){var t=e.data;if((t||t.secret||t.message||t.value)&&!\/[^a-zA-Z0-9]\/.test(t.secret)){for(var s,r,n,a=l.querySelectorAll('iframe[data-secret=\"'+t.secret+'\"]'),o=l.querySelectorAll('blockquote[data-secret=\"'+t.secret+'\"]'),c=new RegExp(\"^https?:$\",\"i\"),i=0;i<o.length;i++)o[i].style.display=\"none\";for(i=0;i<a.length;i++)s=a[i],e.source===s.contentWindow&&(s.removeAttribute(\"style\"),\"height\"===t.message?(1e3<(r=parseInt(t.value,10))?r=1e3:~~r<200&&(r=200),s.height=r):\"link\"===t.message&&(r=new URL(s.getAttribute(\"src\")),n=new URL(t.value),c.test(n.protocol))&&n.host===r.host&&l.activeElement===s&&(d.top.location.href=t.value))}},d.addEventListener(\"message\",d.wp.receiveEmbedMessage,!1),l.addEventListener(\"DOMContentLoaded\",function(){for(var e,t,s=l.querySelectorAll(\"iframe.wp-embedded-content\"),r=0;r<s.length;r++)(t=(e=s[r]).getAttribute(\"data-secret\"))||(t=Math.random().toString(36).substring(2,12),e.src+=\"#?secret=\"+t,e.setAttribute(\"data-secret\",t)),e.contentWindow.postMessage({message:\"ready\",secret:t},\"*\")},!1)))}(window,document);\n<\/script>\n","thumbnail_url":"https:\/\/policyoptions.irpp.org\/wp-content\/uploads\/2025\/08\/Loi-96-une-atteinte-a-la-justice-et-aux-droits-fondamentaux.jpg","thumbnail_width":1920,"thumbnail_height":1080,"description":"(English version available\u00a0here.) La pause estivale et les \u00e9lections g\u00e9n\u00e9rales qu\u00e9b\u00e9coises se profilent \u00e0 l\u2019horizon et le gouvernement Legault s\u2019empresse de faire adopter son projet de loi 96, la Loi sur la langue officielle et commune du Qu\u00e9bec, le fran\u00e7ais. Cette r\u00e9forme, vou\u00e9e \u00e0 la protection et \u00e0 la promotion de la langue fran\u00e7aise, est [&hellip;]"}