{"version":"1.0","provider_name":"Policy Options","provider_url":"https:\/\/policyoptions.irpp.org\/fr\/","title":"Enjeux \u00e9thiques et sociaux du tra\u00e7age de contacts","type":"rich","width":600,"height":338,"html":"<blockquote class=\"wp-embedded-content\" data-secret=\"MAAaFCobCB\"><a href=\"https:\/\/policyoptions.irpp.org\/fr\/2020\/04\/enjeux-ethiques-et-sociaux-du-tracage-de-contacts\/\">Enjeux \u00e9thiques et sociaux du tra\u00e7age de contacts<\/a><\/blockquote><iframe sandbox=\"allow-scripts\" security=\"restricted\" src=\"https:\/\/policyoptions.irpp.org\/fr\/2020\/04\/enjeux-ethiques-et-sociaux-du-tracage-de-contacts\/embed\/#?secret=MAAaFCobCB\" width=\"600\" height=\"338\" title=\"&#8220;Enjeux \u00e9thiques et sociaux du tra\u00e7age de contacts&#8221; &#8212; Policy Options\" data-secret=\"MAAaFCobCB\" frameborder=\"0\" marginwidth=\"0\" marginheight=\"0\" scrolling=\"no\" class=\"wp-embedded-content\"><\/iframe><script>\n\/*! This file is auto-generated *\/\n!function(d,l){\"use strict\";l.querySelector&&d.addEventListener&&\"undefined\"!=typeof URL&&(d.wp=d.wp||{},d.wp.receiveEmbedMessage||(d.wp.receiveEmbedMessage=function(e){var t=e.data;if((t||t.secret||t.message||t.value)&&!\/[^a-zA-Z0-9]\/.test(t.secret)){for(var s,r,n,a=l.querySelectorAll('iframe[data-secret=\"'+t.secret+'\"]'),o=l.querySelectorAll('blockquote[data-secret=\"'+t.secret+'\"]'),c=new RegExp(\"^https?:$\",\"i\"),i=0;i<o.length;i++)o[i].style.display=\"none\";for(i=0;i<a.length;i++)s=a[i],e.source===s.contentWindow&&(s.removeAttribute(\"style\"),\"height\"===t.message?(1e3<(r=parseInt(t.value,10))?r=1e3:~~r<200&&(r=200),s.height=r):\"link\"===t.message&&(r=new URL(s.getAttribute(\"src\")),n=new URL(t.value),c.test(n.protocol))&&n.host===r.host&&l.activeElement===s&&(d.top.location.href=t.value))}},d.addEventListener(\"message\",d.wp.receiveEmbedMessage,!1),l.addEventListener(\"DOMContentLoaded\",function(){for(var e,t,s=l.querySelectorAll(\"iframe.wp-embedded-content\"),r=0;r<s.length;r++)(t=(e=s[r]).getAttribute(\"data-secret\"))||(t=Math.random().toString(36).substring(2,12),e.src+=\"#?secret=\"+t,e.setAttribute(\"data-secret\",t)),e.contentWindow.postMessage({message:\"ready\",secret:t},\"*\")},!1)))}(window,document);\n<\/script>\n","thumbnail_url":"https:\/\/policyoptions.irpp.org\/wp-content\/uploads\/2025\/08\/Roche-1.jpg","thumbnail_width":2000,"thumbnail_height":700,"description":"\u00c7a fait un mois et demi que l\u2019\u00e9tat d\u2019urgence sanitaire a \u00e9t\u00e9 d\u00e9clar\u00e9 face \u00e0 la pand\u00e9mie de COVID-19. Le confinement, la limitation des d\u00e9placements et la distanciation sociale commencent \u00e0 porter leurs fruits. Mais dans l\u2019attente d\u2019un traitement efficace, d\u2019un vaccin, trois grandes questions demeurent\u00a0: comment \u00ab\u00a0contr\u00f4ler\u00a0\u00bb dans le temps et dans l\u2019espace le [&hellip;]"}