{"version":"1.0","provider_name":"Policy Options","provider_url":"https:\/\/policyoptions.irpp.org\/fr\/","title":"Enjeux prioritaires des \u00e9lecteurs et reflet m\u00e9diatique","type":"rich","width":600,"height":338,"html":"<blockquote class=\"wp-embedded-content\" data-secret=\"RAwDHCPDKj\"><a href=\"https:\/\/policyoptions.irpp.org\/fr\/2020\/01\/enjeux-prioritaires-des-electeurs-et-reflet-mediatique\/\">Enjeux prioritaires des \u00e9lecteurs et reflet m\u00e9diatique<\/a><\/blockquote><iframe sandbox=\"allow-scripts\" security=\"restricted\" src=\"https:\/\/policyoptions.irpp.org\/fr\/2020\/01\/enjeux-prioritaires-des-electeurs-et-reflet-mediatique\/embed\/#?secret=RAwDHCPDKj\" width=\"600\" height=\"338\" title=\"&#8220;Enjeux prioritaires des \u00e9lecteurs et reflet m\u00e9diatique&#8221; &#8212; Policy Options\" data-secret=\"RAwDHCPDKj\" frameborder=\"0\" marginwidth=\"0\" marginheight=\"0\" scrolling=\"no\" class=\"wp-embedded-content\"><\/iframe><script>\n\/*! This file is auto-generated *\/\n!function(d,l){\"use strict\";l.querySelector&&d.addEventListener&&\"undefined\"!=typeof URL&&(d.wp=d.wp||{},d.wp.receiveEmbedMessage||(d.wp.receiveEmbedMessage=function(e){var t=e.data;if((t||t.secret||t.message||t.value)&&!\/[^a-zA-Z0-9]\/.test(t.secret)){for(var s,r,n,a=l.querySelectorAll('iframe[data-secret=\"'+t.secret+'\"]'),o=l.querySelectorAll('blockquote[data-secret=\"'+t.secret+'\"]'),c=new RegExp(\"^https?:$\",\"i\"),i=0;i<o.length;i++)o[i].style.display=\"none\";for(i=0;i<a.length;i++)s=a[i],e.source===s.contentWindow&&(s.removeAttribute(\"style\"),\"height\"===t.message?(1e3<(r=parseInt(t.value,10))?r=1e3:~~r<200&&(r=200),s.height=r):\"link\"===t.message&&(r=new URL(s.getAttribute(\"src\")),n=new URL(t.value),c.test(n.protocol))&&n.host===r.host&&l.activeElement===s&&(d.top.location.href=t.value))}},d.addEventListener(\"message\",d.wp.receiveEmbedMessage,!1),l.addEventListener(\"DOMContentLoaded\",function(){for(var e,t,s=l.querySelectorAll(\"iframe.wp-embedded-content\"),r=0;r<s.length;r++)(t=(e=s[r]).getAttribute(\"data-secret\"))||(t=Math.random().toString(36).substring(2,12),e.src+=\"#?secret=\"+t,e.setAttribute(\"data-secret\",t)),e.contentWindow.postMessage({message:\"ready\",secret:t},\"*\")},!1)))}(window,document);\n<\/script>\n","thumbnail_url":"https:\/\/policyoptions.irpp.org\/wp-content\/uploads\/2025\/08\/sondage.jpg","thumbnail_width":2000,"thumbnail_height":700,"description":"Les bonnes performances d\u2019Yves-Fran\u00e7ois Blanchet et de Jagmeet Singh aux d\u00e9bats des chefs, les d\u00e9clarations pass\u00e9es d\u2019Andrew Scheer sur l\u2019avortement, la participation de plusieurs chefs f\u00e9d\u00e9raux \u00e0 la marche pour le climat \u00e0 Montr\u00e9al, ou encore les r\u00e9actions au blackface de Justin Trudeau ; plusieurs de ces \u00e9v\u00e9nements ont fait les manchettes et aliment\u00e9 les [&hellip;]"}