{"version":"1.0","provider_name":"Policy Options","provider_url":"https:\/\/policyoptions.irpp.org\/fr\/","title":"Les violences envers les femmes : hier et aujourd\u2019hui","type":"rich","width":600,"height":338,"html":"<blockquote class=\"wp-embedded-content\" data-secret=\"a4F2pjj6QA\"><a href=\"https:\/\/policyoptions.irpp.org\/fr\/2019\/12\/les-violences-envers-les-femmes-hier-et-aujourdhui\/\">Les violences envers les femmes : hier et aujourd\u2019hui<\/a><\/blockquote><iframe sandbox=\"allow-scripts\" security=\"restricted\" src=\"https:\/\/policyoptions.irpp.org\/fr\/2019\/12\/les-violences-envers-les-femmes-hier-et-aujourdhui\/embed\/#?secret=a4F2pjj6QA\" width=\"600\" height=\"338\" title=\"&#8220;Les violences envers les femmes : hier et aujourd\u2019hui&#8221; &#8212; Policy Options\" data-secret=\"a4F2pjj6QA\" frameborder=\"0\" marginwidth=\"0\" marginheight=\"0\" scrolling=\"no\" class=\"wp-embedded-content\"><\/iframe><script>\n\/*! This file is auto-generated *\/\n!function(d,l){\"use strict\";l.querySelector&&d.addEventListener&&\"undefined\"!=typeof URL&&(d.wp=d.wp||{},d.wp.receiveEmbedMessage||(d.wp.receiveEmbedMessage=function(e){var t=e.data;if((t||t.secret||t.message||t.value)&&!\/[^a-zA-Z0-9]\/.test(t.secret)){for(var s,r,n,a=l.querySelectorAll('iframe[data-secret=\"'+t.secret+'\"]'),o=l.querySelectorAll('blockquote[data-secret=\"'+t.secret+'\"]'),c=new RegExp(\"^https?:$\",\"i\"),i=0;i<o.length;i++)o[i].style.display=\"none\";for(i=0;i<a.length;i++)s=a[i],e.source===s.contentWindow&&(s.removeAttribute(\"style\"),\"height\"===t.message?(1e3<(r=parseInt(t.value,10))?r=1e3:~~r<200&&(r=200),s.height=r):\"link\"===t.message&&(r=new URL(s.getAttribute(\"src\")),n=new URL(t.value),c.test(n.protocol))&&n.host===r.host&&l.activeElement===s&&(d.top.location.href=t.value))}},d.addEventListener(\"message\",d.wp.receiveEmbedMessage,!1),l.addEventListener(\"DOMContentLoaded\",function(){for(var e,t,s=l.querySelectorAll(\"iframe.wp-embedded-content\"),r=0;r<s.length;r++)(t=(e=s[r]).getAttribute(\"data-secret\"))||(t=Math.random().toString(36).substring(2,12),e.src+=\"#?secret=\"+t,e.setAttribute(\"data-secret\",t)),e.contentWindow.postMessage({message:\"ready\",secret:t},\"*\")},!1)))}(window,document);\n<\/script>\n","thumbnail_url":"https:\/\/policyoptions.irpp.org\/wp-content\/uploads\/2025\/08\/burobina.jpg","thumbnail_width":2000,"thumbnail_height":700,"description":"\u00ab\u00a0Vas-tu participer aux 12 jours d\u2019activisme ?\u00a0\u00bb me demandait r\u00e9cemment une coll\u00e8gue, faisant r\u00e9f\u00e9rence \u00e0 la campagne internationale d\u2019activisme contre les violences envers les femmes. D\u2019une dur\u00e9e de 16 jours \u00e0 l\u2019international, cette campagne s\u2019\u00e9tale sur 12 jours au Qu\u00e9bec et se termine le 6 d\u00e9cembre, le jour du 30e anniversaire de l\u2019attentat antif\u00e9ministe de [&hellip;]"}