{"version":"1.0","provider_name":"Policy Options","provider_url":"https:\/\/policyoptions.irpp.org\/fr\/","title":"Francophobie : la ligne de failleChronique d\u2019Alain No\u00ebl","type":"rich","width":600,"height":338,"html":"<blockquote class=\"wp-embedded-content\" data-secret=\"5CO6x5CBzs\"><a href=\"https:\/\/policyoptions.irpp.org\/fr\/2019\/01\/francophobie-la-ligne-de-faille\/\">Francophobie : la ligne de faille<br><small><em>Chronique d\u2019Alain No\u00ebl<\/small><\/em><\/a><\/blockquote><iframe sandbox=\"allow-scripts\" security=\"restricted\" src=\"https:\/\/policyoptions.irpp.org\/fr\/2019\/01\/francophobie-la-ligne-de-faille\/embed\/#?secret=5CO6x5CBzs\" width=\"600\" height=\"338\" title=\"&#8220;Francophobie : la ligne de faille&lt;br&gt;&lt;small&gt;&lt;em&gt;Chronique d\u2019Alain No\u00ebl&lt;\/small&gt;&lt;\/em&gt;&#8221; &#8212; Policy Options\" data-secret=\"5CO6x5CBzs\" frameborder=\"0\" marginwidth=\"0\" marginheight=\"0\" scrolling=\"no\" class=\"wp-embedded-content\"><\/iframe><script>\n\/*! This file is auto-generated *\/\n!function(d,l){\"use strict\";l.querySelector&&d.addEventListener&&\"undefined\"!=typeof URL&&(d.wp=d.wp||{},d.wp.receiveEmbedMessage||(d.wp.receiveEmbedMessage=function(e){var t=e.data;if((t||t.secret||t.message||t.value)&&!\/[^a-zA-Z0-9]\/.test(t.secret)){for(var s,r,n,a=l.querySelectorAll('iframe[data-secret=\"'+t.secret+'\"]'),o=l.querySelectorAll('blockquote[data-secret=\"'+t.secret+'\"]'),c=new RegExp(\"^https?:$\",\"i\"),i=0;i<o.length;i++)o[i].style.display=\"none\";for(i=0;i<a.length;i++)s=a[i],e.source===s.contentWindow&&(s.removeAttribute(\"style\"),\"height\"===t.message?(1e3<(r=parseInt(t.value,10))?r=1e3:~~r<200&&(r=200),s.height=r):\"link\"===t.message&&(r=new URL(s.getAttribute(\"src\")),n=new URL(t.value),c.test(n.protocol))&&n.host===r.host&&l.activeElement===s&&(d.top.location.href=t.value))}},d.addEventListener(\"message\",d.wp.receiveEmbedMessage,!1),l.addEventListener(\"DOMContentLoaded\",function(){for(var e,t,s=l.querySelectorAll(\"iframe.wp-embedded-content\"),r=0;r<s.length;r++)(t=(e=s[r]).getAttribute(\"data-secret\"))||(t=Math.random().toString(36).substring(2,12),e.src+=\"#?secret=\"+t,e.setAttribute(\"data-secret\",t)),e.contentWindow.postMessage({message:\"ready\",secret:t},\"*\")},!1)))}(window,document);\n<\/script>\n","thumbnail_url":"https:\/\/policyoptions.irpp.org\/wp-content\/uploads\/2025\/08\/Francophobie-la-ligne-de-faille.jpg","thumbnail_width":2000,"thumbnail_height":700,"description":"La fin de l\u2019ann\u00e9e 2018 a \u00e9t\u00e9 dure pour les francophones du Canada. En Ontario, le gouvernement conservateur de Doug Ford a adopt\u00e9 une loi \u00ab\u00a0visant \u00e0 r\u00e9tablir la confiance, la transparence et la responsabilit\u00e9\u00a0\u00bb, qui supprimait le financement permettant la cr\u00e9ation d\u2019une universit\u00e9 francophone \u00e0 Toronto et abolissait le poste de commissaire aux services [&hellip;]"}