{"version":"1.0","provider_name":"Policy Options","provider_url":"https:\/\/policyoptions.irpp.org\/fr\/","title":"Jeunes&nbsp;consommateurs et cr\u00e9dit \u00e0 la consommation","type":"rich","width":600,"height":338,"html":"<blockquote class=\"wp-embedded-content\" data-secret=\"aTa3B9b1Av\"><a href=\"https:\/\/policyoptions.irpp.org\/fr\/2018\/06\/jeunes-consommateurs-et-credit-a-la-consommation\/\">Jeunes&nbsp;consommateurs et cr\u00e9dit \u00e0 la consommation<\/a><\/blockquote><iframe sandbox=\"allow-scripts\" security=\"restricted\" src=\"https:\/\/policyoptions.irpp.org\/fr\/2018\/06\/jeunes-consommateurs-et-credit-a-la-consommation\/embed\/#?secret=aTa3B9b1Av\" width=\"600\" height=\"338\" title=\"&#8220;Jeunes&nbsp;consommateurs et cr\u00e9dit \u00e0 la consommation&#8221; &#8212; Policy Options\" data-secret=\"aTa3B9b1Av\" frameborder=\"0\" marginwidth=\"0\" marginheight=\"0\" scrolling=\"no\" class=\"wp-embedded-content\"><\/iframe><script>\n\/*! This file is auto-generated *\/\n!function(d,l){\"use strict\";l.querySelector&&d.addEventListener&&\"undefined\"!=typeof URL&&(d.wp=d.wp||{},d.wp.receiveEmbedMessage||(d.wp.receiveEmbedMessage=function(e){var t=e.data;if((t||t.secret||t.message||t.value)&&!\/[^a-zA-Z0-9]\/.test(t.secret)){for(var s,r,n,a=l.querySelectorAll('iframe[data-secret=\"'+t.secret+'\"]'),o=l.querySelectorAll('blockquote[data-secret=\"'+t.secret+'\"]'),c=new RegExp(\"^https?:$\",\"i\"),i=0;i<o.length;i++)o[i].style.display=\"none\";for(i=0;i<a.length;i++)s=a[i],e.source===s.contentWindow&&(s.removeAttribute(\"style\"),\"height\"===t.message?(1e3<(r=parseInt(t.value,10))?r=1e3:~~r<200&&(r=200),s.height=r):\"link\"===t.message&&(r=new URL(s.getAttribute(\"src\")),n=new URL(t.value),c.test(n.protocol))&&n.host===r.host&&l.activeElement===s&&(d.top.location.href=t.value))}},d.addEventListener(\"message\",d.wp.receiveEmbedMessage,!1),l.addEventListener(\"DOMContentLoaded\",function(){for(var e,t,s=l.querySelectorAll(\"iframe.wp-embedded-content\"),r=0;r<s.length;r++)(t=(e=s[r]).getAttribute(\"data-secret\"))||(t=Math.random().toString(36).substring(2,12),e.src+=\"#?secret=\"+t,e.setAttribute(\"data-secret\",t)),e.contentWindow.postMessage({message:\"ready\",secret:t},\"*\")},!1)))}(window,document);\n<\/script>\n","thumbnail_url":"https:\/\/policyoptions.irpp.org\/wp-content\/uploads\/2025\/08\/cloutier3-3.jpg","thumbnail_width":2000,"thumbnail_height":700,"description":"Certaines donn\u00e9es concernant l\u2019endettement des m\u00e9nages au pays ont de quoi inqui\u00e9ter. Equifax Canada fait \u00e9tat d\u2019un endettement moyen des m\u00e9nages adultes canadiens de 22\u00a0837\u00a0dollars au dernier trimestre de 2017, en excluant l\u2019hypoth\u00e8que. Parmi tous les groupes d\u2019\u00e2ge, l\u2019endettement des jeunes de moins de 35 ans est particuli\u00e8rement pr\u00e9occupant, car il est plus \u00e9lev\u00e9 que [&hellip;]"}