{"version":"1.0","provider_name":"Policy Options","provider_url":"https:\/\/policyoptions.irpp.org\/fr\/","title":"Le pari social-d\u00e9mocrateChronique","type":"rich","width":600,"height":338,"html":"<blockquote class=\"wp-embedded-content\" data-secret=\"2cBNmlJFVx\"><a href=\"https:\/\/policyoptions.irpp.org\/fr\/2018\/03\/le-pari-social-democrate\/\">Le pari social-d\u00e9mocrate<br><small><em>Chronique<\/em><\/small><\/a><\/blockquote><iframe sandbox=\"allow-scripts\" security=\"restricted\" src=\"https:\/\/policyoptions.irpp.org\/fr\/2018\/03\/le-pari-social-democrate\/embed\/#?secret=2cBNmlJFVx\" width=\"600\" height=\"338\" title=\"&#8220;Le pari social-d\u00e9mocrate&lt;br&gt;&lt;small&gt;&lt;em&gt;Chronique&lt;\/em&gt;&lt;\/small&gt;&#8221; &#8212; Policy Options\" data-secret=\"2cBNmlJFVx\" frameborder=\"0\" marginwidth=\"0\" marginheight=\"0\" scrolling=\"no\" class=\"wp-embedded-content\"><\/iframe><script>\n\/*! This file is auto-generated *\/\n!function(d,l){\"use strict\";l.querySelector&&d.addEventListener&&\"undefined\"!=typeof URL&&(d.wp=d.wp||{},d.wp.receiveEmbedMessage||(d.wp.receiveEmbedMessage=function(e){var t=e.data;if((t||t.secret||t.message||t.value)&&!\/[^a-zA-Z0-9]\/.test(t.secret)){for(var s,r,n,a=l.querySelectorAll('iframe[data-secret=\"'+t.secret+'\"]'),o=l.querySelectorAll('blockquote[data-secret=\"'+t.secret+'\"]'),c=new RegExp(\"^https?:$\",\"i\"),i=0;i<o.length;i++)o[i].style.display=\"none\";for(i=0;i<a.length;i++)s=a[i],e.source===s.contentWindow&&(s.removeAttribute(\"style\"),\"height\"===t.message?(1e3<(r=parseInt(t.value,10))?r=1e3:~~r<200&&(r=200),s.height=r):\"link\"===t.message&&(r=new URL(s.getAttribute(\"src\")),n=new URL(t.value),c.test(n.protocol))&&n.host===r.host&&l.activeElement===s&&(d.top.location.href=t.value))}},d.addEventListener(\"message\",d.wp.receiveEmbedMessage,!1),l.addEventListener(\"DOMContentLoaded\",function(){for(var e,t,s=l.querySelectorAll(\"iframe.wp-embedded-content\"),r=0;r<s.length;r++)(t=(e=s[r]).getAttribute(\"data-secret\"))||(t=Math.random().toString(36).substring(2,12),e.src+=\"#?secret=\"+t,e.setAttribute(\"data-secret\",t)),e.contentWindow.postMessage({message:\"ready\",secret:t},\"*\")},!1)))}(window,document);\n<\/script>\n","thumbnail_url":"https:\/\/policyoptions.irpp.org\/wp-content\/uploads\/2025\/08\/Noel-cover.jpg","thumbnail_width":2000,"thumbnail_height":700,"description":"Dans le dernier droit avant les \u00e9lections qu\u00e9b\u00e9coises d\u2019octobre, Jean-Fran\u00e7ois Lis\u00e9e a clairement positionn\u00e9 le Parti qu\u00e9b\u00e9cois au centre gauche de l\u2019\u00e9chiquier politique, comme parti avant tout social-d\u00e9mocrate, qui remettra l\u2019\u00c9tat au gym, ne songera pas \u00e0 r\u00e9duire les imp\u00f4ts, investira dans les services publics et gardera la distribution des revenus \u00e0 l\u2019\u0153il. En s\u2019entourant [&hellip;]"}