{"version":"1.0","provider_name":"Policy Options","provider_url":"https:\/\/policyoptions.irpp.org\/fr\/","title":"L\u2019ANASE : le Canada frappe \u00e0 la porte","type":"rich","width":600,"height":338,"html":"<blockquote class=\"wp-embedded-content\" data-secret=\"0oQNZsYRF5\"><a href=\"https:\/\/policyoptions.irpp.org\/fr\/2017\/11\/lanase-le-canada-frappe-a-la-porte\/\">L\u2019ANASE : le Canada frappe \u00e0 la porte<\/a><\/blockquote><iframe sandbox=\"allow-scripts\" security=\"restricted\" src=\"https:\/\/policyoptions.irpp.org\/fr\/2017\/11\/lanase-le-canada-frappe-a-la-porte\/embed\/#?secret=0oQNZsYRF5\" width=\"600\" height=\"338\" title=\"&#8220;L\u2019ANASE : le Canada frappe \u00e0 la porte&#8221; &#8212; Policy Options\" data-secret=\"0oQNZsYRF5\" frameborder=\"0\" marginwidth=\"0\" marginheight=\"0\" scrolling=\"no\" class=\"wp-embedded-content\"><\/iframe><script>\n\/*! This file is auto-generated *\/\n!function(d,l){\"use strict\";l.querySelector&&d.addEventListener&&\"undefined\"!=typeof URL&&(d.wp=d.wp||{},d.wp.receiveEmbedMessage||(d.wp.receiveEmbedMessage=function(e){var t=e.data;if((t||t.secret||t.message||t.value)&&!\/[^a-zA-Z0-9]\/.test(t.secret)){for(var s,r,n,a=l.querySelectorAll('iframe[data-secret=\"'+t.secret+'\"]'),o=l.querySelectorAll('blockquote[data-secret=\"'+t.secret+'\"]'),c=new RegExp(\"^https?:$\",\"i\"),i=0;i<o.length;i++)o[i].style.display=\"none\";for(i=0;i<a.length;i++)s=a[i],e.source===s.contentWindow&&(s.removeAttribute(\"style\"),\"height\"===t.message?(1e3<(r=parseInt(t.value,10))?r=1e3:~~r<200&&(r=200),s.height=r):\"link\"===t.message&&(r=new URL(s.getAttribute(\"src\")),n=new URL(t.value),c.test(n.protocol))&&n.host===r.host&&l.activeElement===s&&(d.top.location.href=t.value))}},d.addEventListener(\"message\",d.wp.receiveEmbedMessage,!1),l.addEventListener(\"DOMContentLoaded\",function(){for(var e,t,s=l.querySelectorAll(\"iframe.wp-embedded-content\"),r=0;r<s.length;r++)(t=(e=s[r]).getAttribute(\"data-secret\"))||(t=Math.random().toString(36).substring(2,12),e.src+=\"#?secret=\"+t,e.setAttribute(\"data-secret\",t)),e.contentWindow.postMessage({message:\"ready\",secret:t},\"*\")},!1)))}(window,document);\n<\/script>\n","thumbnail_url":"https:\/\/policyoptions.irpp.org\/wp-content\/uploads\/2025\/08\/Massot-2.jpg","thumbnail_width":2000,"thumbnail_height":700,"description":"Le premier ministre Justin Trudeau participait, \u00e0 la mi-novembre \u00e0 Manille, au Sommet de l\u2019Asie de l\u2019Est, le forum de dialogue principal de la r\u00e9gion sur la s\u00e9curit\u00e9. C\u2019est une premi\u00e8re pour un premier ministre canadien en exercice et une \u00e9tape cruciale pour le Canada. Le Sommet de l\u2019Asie de l\u2019Est est de loin l\u2019organisation [&hellip;]"}