{"version":"1.0","provider_name":"Policy Options","provider_url":"https:\/\/policyoptions.irpp.org\/fr\/","title":"L\u2019appui du public au&nbsp;march\u00e9 du carbone","type":"rich","width":600,"height":338,"html":"<blockquote class=\"wp-embedded-content\" data-secret=\"xtw2VIMIDZ\"><a href=\"https:\/\/policyoptions.irpp.org\/fr\/2015\/12\/lappui-du-public-aumarche-du-carbone\/\">L\u2019appui du public au&nbsp;march\u00e9 du carbone<\/a><\/blockquote><iframe sandbox=\"allow-scripts\" security=\"restricted\" src=\"https:\/\/policyoptions.irpp.org\/fr\/2015\/12\/lappui-du-public-aumarche-du-carbone\/embed\/#?secret=xtw2VIMIDZ\" width=\"600\" height=\"338\" title=\"&#8220;L\u2019appui du public au&nbsp;march\u00e9 du carbone&#8221; &#8212; Policy Options\" data-secret=\"xtw2VIMIDZ\" frameborder=\"0\" marginwidth=\"0\" marginheight=\"0\" scrolling=\"no\" class=\"wp-embedded-content\"><\/iframe><script>\n\/*! This file is auto-generated *\/\n!function(d,l){\"use strict\";l.querySelector&&d.addEventListener&&\"undefined\"!=typeof URL&&(d.wp=d.wp||{},d.wp.receiveEmbedMessage||(d.wp.receiveEmbedMessage=function(e){var t=e.data;if((t||t.secret||t.message||t.value)&&!\/[^a-zA-Z0-9]\/.test(t.secret)){for(var s,r,n,a=l.querySelectorAll('iframe[data-secret=\"'+t.secret+'\"]'),o=l.querySelectorAll('blockquote[data-secret=\"'+t.secret+'\"]'),c=new RegExp(\"^https?:$\",\"i\"),i=0;i<o.length;i++)o[i].style.display=\"none\";for(i=0;i<a.length;i++)s=a[i],e.source===s.contentWindow&&(s.removeAttribute(\"style\"),\"height\"===t.message?(1e3<(r=parseInt(t.value,10))?r=1e3:~~r<200&&(r=200),s.height=r):\"link\"===t.message&&(r=new URL(s.getAttribute(\"src\")),n=new URL(t.value),c.test(n.protocol))&&n.host===r.host&&l.activeElement===s&&(d.top.location.href=t.value))}},d.addEventListener(\"message\",d.wp.receiveEmbedMessage,!1),l.addEventListener(\"DOMContentLoaded\",function(){for(var e,t,s=l.querySelectorAll(\"iframe.wp-embedded-content\"),r=0;r<s.length;r++)(t=(e=s[r]).getAttribute(\"data-secret\"))||(t=Math.random().toString(36).substring(2,12),e.src+=\"#?secret=\"+t,e.setAttribute(\"data-secret\",t)),e.contentWindow.postMessage({message:\"ready\",secret:t},\"*\")},!1)))}(window,document);\n<\/script>\n","thumbnail_url":"https:\/\/policyoptions.irpp.org\/wp-content\/uploads\/2025\/08\/Lachapelle-fig1_fre2.jpg","thumbnail_width":600,"thumbnail_height":826,"description":"\u00c0 l&#8217;heure o\u00f9 la communaut\u00e9 internationale est rassembl\u00e9e \u00e0 Paris pour participer \u00e0 la 21e\u00a0conf\u00e9rence des Nations unies sur les changements climatiques, les n\u00e9gociations suscitent \u00e0 juste titre une attention m\u00e9diatique soutenue. Cette rencontre est un moment charni\u00e8re de l&#8217;\u00e9volution du r\u00e9gime international de coop\u00e9ration climatique, lequel vise depuis des d\u00e9cennies la signature d&#8217;un accord [&hellip;]"}